{"id":452,"date":"2022-04-06T19:00:36","date_gmt":"2022-04-06T17:00:36","guid":{"rendered":"https:\/\/phsg-jahresbericht.ch\/2025\/?page_id=452"},"modified":"2025-04-15T13:40:36","modified_gmt":"2025-04-15T11:40:36","slug":"ausbildung","status":"publish","type":"page","link":"https:\/\/phsg-jahresbericht.ch\/2024\/berichtsjahr-2024\/ausbildung\/","title":{"rendered":"Ausbildung"},"content":{"rendered":"\t\t<div data-elementor-type=\"wp-page\" data-elementor-id=\"452\" class=\"elementor elementor-452\" data-elementor-post-type=\"page\">\n\t\t\t\t<div class=\"elementor-element elementor-element-5845efb e-flex e-con-boxed e-con e-parent\" data-id=\"5845efb\" data-element_type=\"container\" data-settings=\"{&quot;jet_parallax_layout_list&quot;:[]}\">\n\t\t\t\t\t<div class=\"e-con-inner\">\n\t\t\t\t<div class=\"elementor-element elementor-element-a8c6ebb elementor-widget elementor-widget-heading\" data-id=\"a8c6ebb\" data-element_type=\"widget\" id=\"subtitle-underline\" data-widget_type=\"heading.default\">\n\t\t\t\t<div class=\"elementor-widget-container\">\n\t\t\t\t\t<h3 class=\"elementor-heading-title elementor-size-default\">Berichtsjahr 2024<\/h3>\t\t\t\t<\/div>\n\t\t\t\t<\/div>\n\t\t\t\t<div class=\"elementor-element elementor-element-756a75b elementor-widget elementor-widget-heading\" data-id=\"756a75b\" data-element_type=\"widget\" data-widget_type=\"heading.default\">\n\t\t\t\t<div class=\"elementor-widget-container\">\n\t\t\t\t\t<h3 class=\"elementor-heading-title elementor-size-default\">In der Ausbildung starteten 2024 erstmals die Studieng\u00e4nge f\u00fcr Quereinsteigende (QUEST) auf den Stufen Kindergarten- und Primarstufe sowie Sekundarstufe I. Die neuen Angebote stossen auf Interesse.<\/h3>\t\t\t\t<\/div>\n\t\t\t\t<\/div>\n\t\t\t\t\t<\/div>\n\t\t\t\t<\/div>\n\t\t<div class=\"elementor-element elementor-element-2ca4388 e-con-full e-flex e-con e-parent\" data-id=\"2ca4388\" data-element_type=\"container\" data-settings=\"{&quot;jet_parallax_layout_list&quot;:[],&quot;background_background&quot;:&quot;classic&quot;}\">\n\t\t\t\t<\/div>\n\t\t<div class=\"elementor-element elementor-element-4906fcc e-flex e-con-boxed e-con e-parent\" data-id=\"4906fcc\" data-element_type=\"container\" data-settings=\"{&quot;jet_parallax_layout_list&quot;:[]}\">\n\t\t\t\t\t<div class=\"e-con-inner\">\n\t\t\t\t<div class=\"elementor-element elementor-element-b8bfdf2 elementor-widget elementor-widget-text-editor\" data-id=\"b8bfdf2\" data-element_type=\"widget\" data-widget_type=\"text-editor.default\">\n\t\t\t\t<div class=\"elementor-widget-container\">\n\t\t\t\t\t\t\t\t\t<p>Im Studiengang Kindergarten- und Primarstufe studieren 42 Quereinsteigende \u2013 12 im Diplomtyp A und 30 im Diplomtyp B \u2013 in einer Halbtagesstruktur. Der Stundenplan orientiert sich nicht wie \u00fcblich am Hochschuljahreskalender, sondern am Schuljahreskalender der Volksschule. Die Quereinsteigenden im Alter von 27 bis 56 Jahren haben in der Regel bereits ein Studium abgeschlossen.<br \/>Den QUEST-Studiengang auf Sekundarstufe I absolvieren 27 Studierende. Obwohl auch sie neben dem Studium vielfach Erwerbst\u00e4tigkeiten und Betreuungspflichten nachkommen, haben sie sich an der PHSG gut eingelebt und sind bei Anl\u00e4ssen wie dem Studierendenstammtisch oder als Ansprechpersonen beim Infotag f\u00fcr Studieninteressierte aktiv. Auch die Studierenden des Regelstudiengangs profitieren vom Erfahrungsschatz der Quereinsteigenden, der die Lehre mit neuen Perspektiven bereichert.<\/p><p>Die neuen QUEST-Angebote haben dazu beigetragen, dass bei der Zahl der Studierenden H\u00f6chstst\u00e4nde verzeichnet werden konnten. Per Ende 2024 studierten 1&#8217;467 Personen in den Studieng\u00e4ngen Kindergarten- und Primarstufe (723), Sekundarstufe I (594) und Sekundarstufe II (150). Dies stellt den h\u00f6chsten Bestand an Studierenden in der Geschichte der PHSG dar. Im Studiengang Sek I wurde im Berichtsjahr mit 162 Anmeldungen (plus 26 Prozent) ein H\u00f6chststand bei den Anmeldungen erreicht. F\u00fcr den Studiengang Kindergarten- und Primarstufe haben sich 310 Personen angemeldet, was eine Zunahme um 19 Prozent gegen\u00fcber 2023 bedeutet.<\/p><p><a href=\"https:\/\/www.phsg.ch\/de\/news\/starke-zunahme-der-anmeldezahlen\" target=\"_blank\" rel=\"noopener\">Mehr erfahren<\/a><\/p>\t\t\t\t\t\t\t\t<\/div>\n\t\t\t\t<\/div>\n\t\t\t\t\t<\/div>\n\t\t\t\t<\/div>\n\t\t<div class=\"elementor-element elementor-element-81a0426 e-flex e-con-boxed e-con e-parent\" data-id=\"81a0426\" data-element_type=\"container\" data-settings=\"{&quot;jet_parallax_layout_list&quot;:[]}\">\n\t\t\t\t\t<div class=\"e-con-inner\">\n\t\t\t\t<div class=\"elementor-element elementor-element-5f4c36e elementor-widget elementor-widget-heading\" data-id=\"5f4c36e\" data-element_type=\"widget\" data-widget_type=\"heading.default\">\n\t\t\t\t<div class=\"elementor-widget-container\">\n\t\t\t\t\t<h2 class=\"elementor-heading-title elementor-size-default\">BiS-Studienform erfreut sich zunehmender Beliebtheit<\/h2>\t\t\t\t<\/div>\n\t\t\t\t<\/div>\n\t\t\t\t<div class=\"elementor-element elementor-element-718defb elementor-widget elementor-widget-text-editor\" data-id=\"718defb\" data-element_type=\"widget\" data-widget_type=\"text-editor.default\">\n\t\t\t\t<div class=\"elementor-widget-container\">\n\t\t\t\t\t\t\t\t\t<p>Die Berufsintegrierte Studienform (BiS) etabliert sich weiter. Nach anf\u00e4nglich kleineren Studierendengruppen sind im Herbstsemester 2024 26 Studierende gestartet (Vorjahr: 4). Alle arbeiten als Teilzeitlehrpersonen im Kindergarten oder in der Primarschule. Ihr Studium verl\u00e4ngert sich um ein bis zwei Semester. Diese Studienform zeichnet sich dadurch aus, dass die Studierenden mit einer Teilzeitanstellung einem Lohnerwerb nachgehen und dass sie Studieninhalte und die Themen der Bachelorarbeit mit der Schulpraxis verkn\u00fcpfen k\u00f6nnen. Sie erleben den Schulalltag w\u00e4hrend des gesamten Jahres und k\u00f6nnen so vielf\u00e4ltige Eindr\u00fccke und Aufgaben einer Lehrperson kennenlernen und f\u00fcr abgesprochene Aufgaben Verantwortung \u00fcbernehmen. F\u00fcr das Praxisintegrierte Studium (PriS) haben sich im Berichtsjahr 14 Personen angemeldet (Vorjahr: 28).<\/p>\t\t\t\t\t\t\t\t<\/div>\n\t\t\t\t<\/div>\n\t\t\t\t\t<\/div>\n\t\t\t\t<\/div>\n\t\t<div class=\"elementor-element elementor-element-cb5e396 e-flex e-con-boxed e-con e-parent\" data-id=\"cb5e396\" data-element_type=\"container\" data-settings=\"{&quot;jet_parallax_layout_list&quot;:[]}\">\n\t\t\t\t\t<div class=\"e-con-inner\">\n\t\t\t\t<div class=\"elementor-element elementor-element-88e0a19 elementor-widget elementor-widget-heading\" data-id=\"88e0a19\" data-element_type=\"widget\" data-widget_type=\"heading.default\">\n\t\t\t\t<div class=\"elementor-widget-container\">\n\t\t\t\t\t<h2 class=\"elementor-heading-title elementor-size-default\">Neue Wahlm\u00f6glichkeit f\u00fcr Studierende: Fachvertiefung Sonderp\u00e4dagogik<\/h2>\t\t\t\t<\/div>\n\t\t\t\t<\/div>\n\t\t\t\t<div class=\"elementor-element elementor-element-ad8095d elementor-widget elementor-widget-text-editor\" data-id=\"ad8095d\" data-element_type=\"widget\" data-widget_type=\"text-editor.default\">\n\t\t\t\t<div class=\"elementor-widget-container\">\n\t\t\t\t\t\t\t\t\t<p>Erstmals k\u00f6nnen Studierende des Bachelor-Master-Studiengangs Sek I ab dem 4. Semester die Fachvertiefung \u00abSonderp\u00e4dagogik Sek I \/ Integrative Schule\u00bb w\u00e4hlen. Das neue Angebot ist auch eine Massnahme, um dem Fachkr\u00e4ftemangel entgegenzuwirken. Die Fachvertiefung erg\u00e4nzt die sonderp\u00e4dagogischen Inhalte des Regelstudiums und bereitet die Studierenden intensiv auf die Begleitung und Unterst\u00fctzung von Sch\u00fclerinnen und Sch\u00fclern mit besonderen Lernvoraussetzungen vor. Sie ersetzt nicht die Ausbildung zur schulischen Heilp\u00e4dagogin oder zum schulischen Heilp\u00e4dagogen, bei einem sp\u00e4teren Anschlussstudium im Master Schulische Heilp\u00e4dagogik der PHSG und der Interkantonalen Hochschule f\u00fcr Heilp\u00e4dagogik k\u00f6nnen aber erhebliche Vorleistungen angerechnet werden.<\/p><p><a href=\"https:\/\/www.phsg.ch\/sites\/default\/files\/download\/2024\/PHSG Mediengespr%C3%A4ch 2024 Hintergrundtext Sonderp%C3%A4dagogik.pdf\" target=\"_blank\" rel=\"noopener\">Mehr erfahren<\/a><\/p>\t\t\t\t\t\t\t\t<\/div>\n\t\t\t\t<\/div>\n\t\t\t\t\t<\/div>\n\t\t\t\t<\/div>\n\t\t<div class=\"elementor-element elementor-element-1cd011f e-flex e-con-boxed e-con e-parent\" data-id=\"1cd011f\" data-element_type=\"container\" data-settings=\"{&quot;jet_parallax_layout_list&quot;:[]}\">\n\t\t\t\t\t<div class=\"e-con-inner\">\n\t\t\t\t<div class=\"elementor-element elementor-element-9d8e019 elementor-widget elementor-widget-heading\" data-id=\"9d8e019\" data-element_type=\"widget\" data-widget_type=\"heading.default\">\n\t\t\t\t<div class=\"elementor-widget-container\">\n\t\t\t\t\t<h2 class=\"elementor-heading-title elementor-size-default\">Studierende entwickeln Service Learning-Projekte<\/h2>\t\t\t\t<\/div>\n\t\t\t\t<\/div>\n\t\t\t\t<div class=\"elementor-element elementor-element-9bb6a63 elementor-widget elementor-widget-text-editor\" data-id=\"9bb6a63\" data-element_type=\"widget\" data-widget_type=\"text-editor.default\">\n\t\t\t\t<div class=\"elementor-widget-container\">\n\t\t\t\t\t\t\t\t\t<p>Im Rahmen des Moduls \u00abWirtschaft und M\u00e4rkte\u00bb entwickelten Studierende des Studiengangs Sek I Service Learning-Projekte. Service Learning f\u00f6rdert die Bereitschaft der Studierenden, fachliche und \u00fcberfachliche Kompetenzen zu erwerben sowie Verantwortung f\u00fcr die Gesellschaft zu \u00fcbernehmen, indem sie sich aktiv f\u00fcr gemeinwohlorientierte Anliegen engagieren. Eine Gruppe entschied sich f\u00fcr ein Projekt mit der \u00abRestEssBar\u00bb, einer Initiative zur Lebensmittelrettung. Eine weitere Gruppe initiierte ein interkulturelles Austauschprojekt zwischen asylsuchenden Jugendlichen der Tipiti-Schule sowie Sch\u00fclerinnen und Sch\u00fclern der Oberstufenschule Altst\u00e4tten. Die Studierenden gewannen durch diese Projekte ein vertieftes Verst\u00e4ndnis f\u00fcr gesellschaftliche Verantwortung und die Relevanz ihres Handelns in unterschiedlichen Kontexten.<\/p>\t\t\t\t\t\t\t\t<\/div>\n\t\t\t\t<\/div>\n\t\t\t\t<div class=\"elementor-element elementor-element-1e501a3 elementor-pagination-position-inside elementor-arrows-position-inside elementor-widget elementor-widget-image-carousel\" data-id=\"1e501a3\" data-element_type=\"widget\" data-settings=\"{&quot;slides_to_show&quot;:&quot;1&quot;,&quot;navigation&quot;:&quot;both&quot;,&quot;autoplay&quot;:&quot;yes&quot;,&quot;pause_on_hover&quot;:&quot;yes&quot;,&quot;pause_on_interaction&quot;:&quot;yes&quot;,&quot;autoplay_speed&quot;:5000,&quot;infinite&quot;:&quot;yes&quot;,&quot;effect&quot;:&quot;slide&quot;,&quot;speed&quot;:500}\" data-widget_type=\"image-carousel.default\">\n\t\t\t\t<div class=\"elementor-widget-container\">\n\t\t\t\t\t\t\t<div class=\"elementor-image-carousel-wrapper swiper\" role=\"region\" aria-roledescription=\"carousel\" aria-label=\"Bild Karussell\" dir=\"ltr\">\n\t\t\t<div class=\"elementor-image-carousel swiper-wrapper\" aria-live=\"off\">\n\t\t\t\t\t\t\t\t<div class=\"swiper-slide\" role=\"group\" aria-roledescription=\"slide\" aria-label=\"1 von 2\"><figure class=\"swiper-slide-inner\"><img decoding=\"async\" class=\"swiper-slide-image\" src=\"https:\/\/phsg-jahresbericht.ch\/2024\/wp-content\/uploads\/sites\/5\/phsg-jahresbericht-2024-berichtsjahr-ausbildung-sek-i-service-learning-01.jpg\" alt=\"phsg-jahresbericht-2024-berichtsjahr-ausbildung-sek-i-service-learning-01\" \/><\/figure><\/div><div class=\"swiper-slide\" role=\"group\" aria-roledescription=\"slide\" aria-label=\"2 von 2\"><figure class=\"swiper-slide-inner\"><img decoding=\"async\" class=\"swiper-slide-image\" src=\"https:\/\/phsg-jahresbericht.ch\/2024\/wp-content\/uploads\/sites\/5\/phsg-jahresbericht-2024-berichtsjahr-ausbildung-sek-i-service-learning-02.jpg\" alt=\"phsg-jahresbericht-2024-berichtsjahr-ausbildung-sek-i-service-learning-02\" \/><\/figure><\/div>\t\t\t<\/div>\n\t\t\t\t\t\t\t\t\t\t\t\t<div class=\"elementor-swiper-button elementor-swiper-button-prev\" role=\"button\" tabindex=\"0\">\n\t\t\t\t\t\t<svg xmlns=\"http:\/\/www.w3.org\/2000\/svg\" id=\"Ebene_1\" viewBox=\"0 0 9.55 15.7\"><defs>.cls-1{fill:#fff;fill-rule:evenodd;}<\/defs><path class=\"cls-1\" d=\"M3.39,7.85L9.55,1.7l-1.7-1.7L0,7.85l7.85,7.85,1.7-1.7L3.39,7.85Z\"><\/path><\/svg>\t\t\t\t\t<\/div>\n\t\t\t\t\t<div class=\"elementor-swiper-button elementor-swiper-button-next\" role=\"button\" tabindex=\"0\">\n\t\t\t\t\t\t<svg xmlns=\"http:\/\/www.w3.org\/2000\/svg\" id=\"Ebene_1\" viewBox=\"0 0 9.55 15.7\"><defs>.cls-1{fill:#fff;fill-rule:evenodd;}<\/defs><path class=\"cls-1\" d=\"M6.15,7.85L0,1.7,1.7,0l7.85,7.85L1.7,15.7l-1.7-1.7,6.15-6.15Z\"><\/path><\/svg>\t\t\t\t\t<\/div>\n\t\t\t\t\n\t\t\t\t\t\t\t\t\t<div class=\"swiper-pagination\"><\/div>\n\t\t\t\t\t\t\t\t\t<\/div>\n\t\t\t\t\t\t<\/div>\n\t\t\t\t<\/div>\n\t\t\t\t\t<\/div>\n\t\t\t\t<\/div>\n\t\t<div class=\"elementor-element elementor-element-d48f646 e-flex e-con-boxed e-con e-parent\" data-id=\"d48f646\" data-element_type=\"container\" data-settings=\"{&quot;jet_parallax_layout_list&quot;:[]}\">\n\t\t\t\t\t<div class=\"e-con-inner\">\n\t\t\t\t<div class=\"elementor-element elementor-element-9e6df0f elementor-widget elementor-widget-heading\" data-id=\"9e6df0f\" data-element_type=\"widget\" data-widget_type=\"heading.default\">\n\t\t\t\t<div class=\"elementor-widget-container\">\n\t\t\t\t\t<h2 class=\"elementor-heading-title elementor-size-default\">Innovationsprojekt Umwelt-Lab: Chemie draussen erforschen<\/h2>\t\t\t\t<\/div>\n\t\t\t\t<\/div>\n\t\t\t\t<div class=\"elementor-element elementor-element-e27f25d elementor-widget elementor-widget-text-editor\" data-id=\"e27f25d\" data-element_type=\"widget\" data-widget_type=\"text-editor.default\">\n\t\t\t\t<div class=\"elementor-widget-container\">\n\t\t\t\t\t\t\t\t\t<p>Chemie ist \u00fcberall. Der Mensch steht t\u00e4glich im Austausch mit seiner stofflichen Umwelt und erlebt chemische Prozesse, oft ohne sie zu bemerken. Das Projekt \u00abUmwelt-Lab: Chemie draussen erforschen\u00bb bringt die Chemie zur\u00fcck in ihren nat\u00fcrlichen Kontext. W\u00e4hrend der Vertiefungswoche tauchen angehende Lehrpersonen in die Methodik des Draussen Unterrichtens (DU) ein und entdecken, wie sich chemische Konzepte durch direkte Naturerfahrungen vermitteln lassen. Ob durch sensorische Beobachtungen in \u00d6kosystemen, Dioramen aus Naturmaterialien zur Darstellung von Stoff- und Energiefl\u00fcssen oder Gespr\u00e4che am Lagerfeuer macht DU Chemie greifbar und er\u00f6ffnet neue Perspektiven.<\/p><p>Der Wechsel zwischen Natur und Labor verbindet Naturph\u00e4nomene mit wissenschaftlicher Analyse und unterst\u00fctzt den Transfer ins Unterrichtssetting. Erste Ergebnisse zeigen, dass DU den Zugang zu komplexen Fragestellungen erleichtert, kreative Diskussionen f\u00f6rdert und durch unterschiedliche Sinneswahrnehmungen eine motivierende Lernumgebung schafft.<\/p>\t\t\t\t\t\t\t\t<\/div>\n\t\t\t\t<\/div>\n\t\t\t\t<div class=\"elementor-element elementor-element-0532345 elementor-widget elementor-widget-image\" data-id=\"0532345\" data-element_type=\"widget\" data-widget_type=\"image.default\">\n\t\t\t\t<div class=\"elementor-widget-container\">\n\t\t\t\t\t\t\t\t\t\t\t\t\t\t\t<img fetchpriority=\"high\" decoding=\"async\" width=\"1600\" height=\"1120\" src=\"https:\/\/phsg-jahresbericht.ch\/2024\/wp-content\/uploads\/sites\/5\/phsg-jahresbericht-2024-berichtsjahr-ausbildung-sek-i-umwelt-lab.jpg\" class=\"attachment-large size-large wp-image-5830\" alt=\"\" srcset=\"https:\/\/phsg-jahresbericht.ch\/2024\/wp-content\/uploads\/sites\/5\/phsg-jahresbericht-2024-berichtsjahr-ausbildung-sek-i-umwelt-lab.jpg 1600w, https:\/\/phsg-jahresbericht.ch\/2024\/wp-content\/uploads\/sites\/5\/phsg-jahresbericht-2024-berichtsjahr-ausbildung-sek-i-umwelt-lab-768x538.jpg 768w, https:\/\/phsg-jahresbericht.ch\/2024\/wp-content\/uploads\/sites\/5\/phsg-jahresbericht-2024-berichtsjahr-ausbildung-sek-i-umwelt-lab-1536x1075.jpg 1536w\" sizes=\"(max-width: 1600px) 100vw, 1600px\" \/>\t\t\t\t\t\t\t\t\t\t\t\t\t\t\t<\/div>\n\t\t\t\t<\/div>\n\t\t\t\t\t<\/div>\n\t\t\t\t<\/div>\n\t\t<div class=\"elementor-element elementor-element-c38e2b6 e-flex e-con-boxed e-con e-parent\" data-id=\"c38e2b6\" data-element_type=\"container\" data-settings=\"{&quot;jet_parallax_layout_list&quot;:[]}\">\n\t\t\t\t\t<div class=\"e-con-inner\">\n\t\t\t\t<div class=\"elementor-element elementor-element-f73a03f elementor-widget elementor-widget-heading\" data-id=\"f73a03f\" data-element_type=\"widget\" data-widget_type=\"heading.default\">\n\t\t\t\t<div class=\"elementor-widget-container\">\n\t\t\t\t\t<h2 class=\"elementor-heading-title elementor-size-default\">Studieng\u00e4nge Sek II \u2013 Berufsbildung neu akkreditiert oder rezertifiziert<\/h2>\t\t\t\t<\/div>\n\t\t\t\t<\/div>\n\t\t\t\t<div class=\"elementor-element elementor-element-d7b78bc elementor-widget elementor-widget-text-editor\" data-id=\"d7b78bc\" data-element_type=\"widget\" data-widget_type=\"text-editor.default\">\n\t\t\t\t<div class=\"elementor-widget-container\">\n\t\t\t\t\t\t\t\t\t<p>2024 wurden sieben Studieng\u00e4nge der Sekundarstufe II \u2013 Berufsbildung durch das Staatssekretariat f\u00fcr Bildung, Forschung und Innovation (SBFI) ohne Auflagen und mit positivem Feedback akkreditiert oder rezertifiziert. Die Empfehlungen des SBFI wurden bereits umgesetzt. Damit wurde der Weg frei f\u00fcr die Reform aller Studieng\u00e4nge. Unter dem Arbeitstitel MODIFLEX sollen ab 2026 zw\u00f6lf Studieng\u00e4nge so miteinander synchronisiert werden, dass m\u00f6glichst viele Synergien genutzt und die Studierenden noch besser begleitet werden k\u00f6nnen. Insbesondere wird es neu m\u00f6glich sein, im Studium berufsfelddidaktische Schwerpunkte zu setzen.<\/p><p><a href=\"https:\/\/www.phsg.ch\/de\/studium\/sekundarstufe-ii-berufsbildung\/zertifikats-und-diplomstudiengaenge-sek-ii\" target=\"_blank\" rel=\"noopener\">Zertifikats- und Diplomstudieng\u00e4nge Sek II \u2013 Berufsbildung<\/a><\/p>\t\t\t\t\t\t\t\t<\/div>\n\t\t\t\t<\/div>\n\t\t\t\t<div class=\"elementor-element elementor-element-4bd4b0d elementor-widget elementor-widget-image\" data-id=\"4bd4b0d\" data-element_type=\"widget\" data-widget_type=\"image.default\">\n\t\t\t\t<div class=\"elementor-widget-container\">\n\t\t\t\t\t\t\t\t\t\t\t\t\t\t\t<img decoding=\"async\" width=\"1600\" height=\"1120\" src=\"https:\/\/phsg-jahresbericht.ch\/2024\/wp-content\/uploads\/sites\/5\/phsg-jahresbericht-2024-berichtsjahr-ausbildung-sek-ii.jpg\" class=\"attachment-large size-large wp-image-5832\" alt=\"\" srcset=\"https:\/\/phsg-jahresbericht.ch\/2024\/wp-content\/uploads\/sites\/5\/phsg-jahresbericht-2024-berichtsjahr-ausbildung-sek-ii.jpg 1600w, https:\/\/phsg-jahresbericht.ch\/2024\/wp-content\/uploads\/sites\/5\/phsg-jahresbericht-2024-berichtsjahr-ausbildung-sek-ii-768x538.jpg 768w, https:\/\/phsg-jahresbericht.ch\/2024\/wp-content\/uploads\/sites\/5\/phsg-jahresbericht-2024-berichtsjahr-ausbildung-sek-ii-1536x1075.jpg 1536w\" sizes=\"(max-width: 1600px) 100vw, 1600px\" \/>\t\t\t\t\t\t\t\t\t\t\t\t\t\t\t<\/div>\n\t\t\t\t<\/div>\n\t\t\t\t\t<\/div>\n\t\t\t\t<\/div>\n\t\t<div class=\"elementor-element elementor-element-c041a83 e-flex e-con-boxed e-con e-parent\" data-id=\"c041a83\" data-element_type=\"container\" data-settings=\"{&quot;jet_parallax_layout_list&quot;:[]}\">\n\t\t\t\t\t<div class=\"e-con-inner\">\n\t\t\t\t<div class=\"elementor-element elementor-element-5474d77 elementor-widget elementor-widget-heading\" data-id=\"5474d77\" data-element_type=\"widget\" data-widget_type=\"heading.default\">\n\t\t\t\t<div class=\"elementor-widget-container\">\n\t\t\t\t\t<h2 class=\"elementor-heading-title elementor-size-default\">Master of Arts in Schulischer Heilp\u00e4dagogik<\/h2>\t\t\t\t<\/div>\n\t\t\t\t<\/div>\n\t\t\t\t<div class=\"elementor-element elementor-element-7c36d8e elementor-widget elementor-widget-text-editor\" data-id=\"7c36d8e\" data-element_type=\"widget\" data-widget_type=\"text-editor.default\">\n\t\t\t\t<div class=\"elementor-widget-container\">\n\t\t\t\t\t\t\t\t\t<p>In Kooperation mit der\u00a0Interkantonalen Hochschule f\u00fcr Heilp\u00e4dagogik (HfH)\u00a0bietet die PHSG Studienprogramme des Masters Schulische Heilp\u00e4dagogik an. Seit Herbst 2024 studieren erstmals 30 Studierende nach einem flexibilisierten Curriculum. Neu k\u00f6nnen Module in Rorschach mit Angeboten in Z\u00fcrich und Chur kombiniert werden. Dies erm\u00f6glicht es, Module, die in Rorschach nicht angeboten werden, in Z\u00fcrich zu besuchen. Ein Beispiel daf\u00fcr ist das Modul \u00abHeilp\u00e4dagogik im Bereich geistige Entwicklung\u00bb. Neu kann das Studium in Rorschach nicht nur berufsbegleitend, sondern auch Voll- oder Teilzeit absolviert werden. Flexibler ist auch die Dauer des Studiums (drei bis zw\u00f6lf Semester).<\/p><p><a href=\"https:\/\/www.phsg.ch\/de\/studium\/master-schulische-heilpaedagogik\" target=\"_blank\" rel=\"noopener\">Zum Masterstudiengang SHP<\/a><\/p>\t\t\t\t\t\t\t\t<\/div>\n\t\t\t\t<\/div>\n\t\t\t\t\t<\/div>\n\t\t\t\t<\/div>\n\t\t<div class=\"elementor-element elementor-element-0a519ba e-flex e-con-boxed e-con e-parent\" data-id=\"0a519ba\" data-element_type=\"container\" data-settings=\"{&quot;jet_parallax_layout_list&quot;:[]}\">\n\t\t\t\t\t<div class=\"e-con-inner\">\n\t\t\t\t<div class=\"elementor-element elementor-element-1c4197c elementor-widget elementor-widget-template\" data-id=\"1c4197c\" data-element_type=\"widget\" data-widget_type=\"template.default\">\n\t\t\t\t<div class=\"elementor-widget-container\">\n\t\t\t\t\t\t\t<div class=\"elementor-template\">\n\t\t\t\t\t<div data-elementor-type=\"container\" data-elementor-id=\"5716\" class=\"elementor elementor-5716\" data-elementor-post-type=\"elementor_library\">\n\t\t\t\t<div class=\"elementor-element elementor-element-23c3e09e e-flex e-con-boxed e-con e-parent\" data-id=\"23c3e09e\" data-element_type=\"container\" data-settings=\"{&quot;jet_parallax_layout_list&quot;:[]}\">\n\t\t\t\t\t<div class=\"e-con-inner\">\n\t\t\t\t<div class=\"elementor-element elementor-element-70f02ec elementor-widget elementor-widget-spacer\" data-id=\"70f02ec\" data-element_type=\"widget\" data-widget_type=\"spacer.default\">\n\t\t\t\t<div class=\"elementor-widget-container\">\n\t\t\t\t\t\t\t<div class=\"elementor-spacer\">\n\t\t\t<div class=\"elementor-spacer-inner\"><\/div>\n\t\t<\/div>\n\t\t\t\t\t\t<\/div>\n\t\t\t\t<\/div>\n\t\t\t\t<div class=\"elementor-element elementor-element-296a0c96 elementor-widget elementor-widget-heading\" data-id=\"296a0c96\" data-element_type=\"widget\" data-widget_type=\"heading.default\">\n\t\t\t\t<div class=\"elementor-widget-container\">\n\t\t\t\t\t<h3 class=\"elementor-heading-title elementor-size-default\">Weitere Themen, die Sie interessieren k\u00f6nnten<\/h3>\t\t\t\t<\/div>\n\t\t\t\t<\/div>\n\t\t\t\t<div class=\"elementor-element elementor-element-3c21c8db elementor-hidden-tablet elementor-widget elementor-widget-raven-posts\" data-id=\"3c21c8db\" data-element_type=\"widget\" data-settings=\"{&quot;classic_columns&quot;:&quot;4&quot;,&quot;query_posts_per_page&quot;:4,&quot;_skin&quot;:&quot;classic&quot;,&quot;classic_layout&quot;:&quot;grid&quot;,&quot;classic_columns_tablet&quot;:&quot;2&quot;,&quot;classic_columns_mobile&quot;:&quot;1&quot;,&quot;query_offset&quot;:0}\" data-widget_type=\"raven-posts.classic\">\n\t\t\t\t<div class=\"elementor-widget-container\">\n\t\t\t\t\t\t\t<div class=\"raven-posts raven-grid raven-grid-4 raven-grid-mobile-1 raven-grid-tablet-2\" data-post-id=\"5716\" data-archive-query=\"\" data-lang=\"\">\n\t\t\t\t<div class=\"raven-grid-item raven-post-item post-6125 page type-page status-publish has-post-thumbnail hentry\">\n\t\t\t<div class=\"raven-post elementor-animation-grow\">\n\t\t\t\t\t\t<div class=\"raven-post-image-wrap\">\n\t\t\t<a class=\"raven-post-image raven-image-fit\" href=\"https:\/\/phsg-jahresbericht.ch\/2024\/fokus\/wefo\/\"><img decoding=\"async\" width=\"2560\" height=\"1116\" src=\"https:\/\/phsg-jahresbericht.ch\/2024\/wp-content\/uploads\/sites\/5\/phsg-jahresbericht-2024-fokus-wefo-headerbild.jpg\" class=\"attachment-large size-large wp-image-7339\" alt=\"\" srcset=\"https:\/\/phsg-jahresbericht.ch\/2024\/wp-content\/uploads\/sites\/5\/phsg-jahresbericht-2024-fokus-wefo-headerbild.jpg 2560w, https:\/\/phsg-jahresbericht.ch\/2024\/wp-content\/uploads\/sites\/5\/phsg-jahresbericht-2024-fokus-wefo-headerbild-768x335.jpg 768w, https:\/\/phsg-jahresbericht.ch\/2024\/wp-content\/uploads\/sites\/5\/phsg-jahresbericht-2024-fokus-wefo-headerbild-1536x670.jpg 1536w, https:\/\/phsg-jahresbericht.ch\/2024\/wp-content\/uploads\/sites\/5\/phsg-jahresbericht-2024-fokus-wefo-headerbild-2048x893.jpg 2048w\" sizes=\"(max-width: 2560px) 100vw, 2560px\" \/> <span class=\"raven-post-image-overlay\"><\/span><\/a>\t\t<\/div>\n\t\t\t\t\t\t<div class=\"raven-post-content\">\n\t\t\t\t\t<h3 class=\"raven-post-title\"><a class=\"raven-post-title-link\" href=\"https:\/\/phsg-jahresbericht.ch\/2024\/fokus\/wefo\/\">WEFO<\/a><\/h3>\t\t\t\t<\/div>\n\t\t\t<\/div>\n\t\t<\/div>\n\t\t\t\t<div class=\"raven-grid-item raven-post-item post-1154 page type-page status-publish has-post-thumbnail hentry\">\n\t\t\t<div class=\"raven-post elementor-animation-grow\">\n\t\t\t\t\t\t<div class=\"raven-post-image-wrap\">\n\t\t\t<a class=\"raven-post-image raven-image-fit\" href=\"https:\/\/phsg-jahresbericht.ch\/2024\/zahlen-fakten\/finanzzahlen\/\"><img loading=\"lazy\" decoding=\"async\" width=\"800\" height=\"534\" src=\"https:\/\/phsg-jahresbericht.ch\/2024\/wp-content\/uploads\/sites\/5\/phsg-jahresbericht-2024-weitere-themen-finanzzahlen.jpg\" class=\"attachment-large size-large wp-image-7371\" alt=\"\" srcset=\"https:\/\/phsg-jahresbericht.ch\/2024\/wp-content\/uploads\/sites\/5\/phsg-jahresbericht-2024-weitere-themen-finanzzahlen.jpg 800w, https:\/\/phsg-jahresbericht.ch\/2024\/wp-content\/uploads\/sites\/5\/phsg-jahresbericht-2024-weitere-themen-finanzzahlen-768x513.jpg 768w\" sizes=\"(max-width: 800px) 100vw, 800px\" \/> <span class=\"raven-post-image-overlay\"><\/span><\/a>\t\t<\/div>\n\t\t\t\t\t\t<div class=\"raven-post-content\">\n\t\t\t\t\t<h3 class=\"raven-post-title\"><a class=\"raven-post-title-link\" href=\"https:\/\/phsg-jahresbericht.ch\/2024\/zahlen-fakten\/finanzzahlen\/\">Finanzzahlen<\/a><\/h3>\t\t\t\t<\/div>\n\t\t\t<\/div>\n\t\t<\/div>\n\t\t\t\t<div class=\"raven-grid-item raven-post-item post-3793 page type-page status-publish has-post-thumbnail hentry\">\n\t\t\t<div class=\"raven-post elementor-animation-grow\">\n\t\t\t\t\t\t<div class=\"raven-post-image-wrap\">\n\t\t\t<a class=\"raven-post-image raven-image-fit\" href=\"https:\/\/phsg-jahresbericht.ch\/2024\/fokus\/chronik\/\"><img loading=\"lazy\" decoding=\"async\" width=\"800\" height=\"450\" src=\"https:\/\/phsg-jahresbericht.ch\/2024\/wp-content\/uploads\/sites\/5\/phsg-jahresbericht-2024-weitere-themen-chronik.jpg\" class=\"attachment-large size-large wp-image-7370\" alt=\"\" srcset=\"https:\/\/phsg-jahresbericht.ch\/2024\/wp-content\/uploads\/sites\/5\/phsg-jahresbericht-2024-weitere-themen-chronik.jpg 800w, https:\/\/phsg-jahresbericht.ch\/2024\/wp-content\/uploads\/sites\/5\/phsg-jahresbericht-2024-weitere-themen-chronik-768x432.jpg 768w\" sizes=\"(max-width: 800px) 100vw, 800px\" \/> <span class=\"raven-post-image-overlay\"><\/span><\/a>\t\t<\/div>\n\t\t\t\t\t\t<div class=\"raven-post-content\">\n\t\t\t\t\t<h3 class=\"raven-post-title\"><a class=\"raven-post-title-link\" href=\"https:\/\/phsg-jahresbericht.ch\/2024\/fokus\/chronik\/\">Chronik<\/a><\/h3>\t\t\t\t<\/div>\n\t\t\t<\/div>\n\t\t<\/div>\n\t\t\t\t<div class=\"raven-grid-item raven-post-item post-5971 page type-page status-publish has-post-thumbnail hentry\">\n\t\t\t<div class=\"raven-post elementor-animation-grow\">\n\t\t\t\t\t\t<div class=\"raven-post-image-wrap\">\n\t\t\t<a class=\"raven-post-image raven-image-fit\" href=\"https:\/\/phsg-jahresbericht.ch\/2024\/berichtsjahr-2024\/verwaltung\/\"><img loading=\"lazy\" decoding=\"async\" width=\"2560\" height=\"1116\" src=\"https:\/\/phsg-jahresbericht.ch\/2024\/wp-content\/uploads\/sites\/5\/phsg-jahresbericht-2024-berichtsjahr-verwaltung-headerbild.jpg\" class=\"attachment-large size-large wp-image-7357\" alt=\"\" srcset=\"https:\/\/phsg-jahresbericht.ch\/2024\/wp-content\/uploads\/sites\/5\/phsg-jahresbericht-2024-berichtsjahr-verwaltung-headerbild.jpg 2560w, https:\/\/phsg-jahresbericht.ch\/2024\/wp-content\/uploads\/sites\/5\/phsg-jahresbericht-2024-berichtsjahr-verwaltung-headerbild-768x335.jpg 768w, https:\/\/phsg-jahresbericht.ch\/2024\/wp-content\/uploads\/sites\/5\/phsg-jahresbericht-2024-berichtsjahr-verwaltung-headerbild-1536x670.jpg 1536w, https:\/\/phsg-jahresbericht.ch\/2024\/wp-content\/uploads\/sites\/5\/phsg-jahresbericht-2024-berichtsjahr-verwaltung-headerbild-2048x893.jpg 2048w\" sizes=\"(max-width: 2560px) 100vw, 2560px\" \/> <span class=\"raven-post-image-overlay\"><\/span><\/a>\t\t<\/div>\n\t\t\t\t\t\t<div class=\"raven-post-content\">\n\t\t\t\t\t<h3 class=\"raven-post-title\"><a class=\"raven-post-title-link\" href=\"https:\/\/phsg-jahresbericht.ch\/2024\/berichtsjahr-2024\/verwaltung\/\">Verwaltung<\/a><\/h3>\t\t\t\t<\/div>\n\t\t\t<\/div>\n\t\t<\/div>\n\t\t\t\t<\/div>\n\t\t\t\t\t\t<\/div>\n\t\t\t\t<\/div>\n\t\t\t\t<div class=\"elementor-element elementor-element-39836b63 elementor-hidden-desktop elementor-hidden-mobile elementor-widget elementor-widget-raven-posts\" data-id=\"39836b63\" data-element_type=\"widget\" data-settings=\"{&quot;classic_columns&quot;:&quot;4&quot;,&quot;query_posts_per_page&quot;:3,&quot;classic_columns_tablet&quot;:&quot;3&quot;,&quot;_skin&quot;:&quot;classic&quot;,&quot;classic_layout&quot;:&quot;grid&quot;,&quot;classic_columns_mobile&quot;:&quot;1&quot;,&quot;query_offset&quot;:0}\" data-widget_type=\"raven-posts.classic\">\n\t\t\t\t<div class=\"elementor-widget-container\">\n\t\t\t\t\t\t\t<div class=\"raven-posts raven-grid raven-grid-4 raven-grid-mobile-1 raven-grid-tablet-3\" data-post-id=\"5716\" data-archive-query=\"\" data-lang=\"\">\n\t\t\t\t<div class=\"raven-grid-item raven-post-item post-4035 page type-page status-publish has-post-thumbnail hentry\">\n\t\t\t<div class=\"raven-post elementor-animation-grow\">\n\t\t\t\t\t\t<div class=\"raven-post-image-wrap\">\n\t\t\t<a class=\"raven-post-image raven-image-fit\" href=\"https:\/\/phsg-jahresbericht.ch\/2024\/ueber-uns\/zentren\/\"><img loading=\"lazy\" decoding=\"async\" width=\"2560\" height=\"1116\" src=\"https:\/\/phsg-jahresbericht.ch\/2024\/wp-content\/uploads\/sites\/5\/phsg-jahresbericht-ueber-uns-zentren-headerbild.jpg\" class=\"attachment-large size-large wp-image-6214\" alt=\"\" srcset=\"https:\/\/phsg-jahresbericht.ch\/2024\/wp-content\/uploads\/sites\/5\/phsg-jahresbericht-ueber-uns-zentren-headerbild.jpg 2560w, https:\/\/phsg-jahresbericht.ch\/2024\/wp-content\/uploads\/sites\/5\/phsg-jahresbericht-ueber-uns-zentren-headerbild-768x335.jpg 768w, https:\/\/phsg-jahresbericht.ch\/2024\/wp-content\/uploads\/sites\/5\/phsg-jahresbericht-ueber-uns-zentren-headerbild-1536x670.jpg 1536w, https:\/\/phsg-jahresbericht.ch\/2024\/wp-content\/uploads\/sites\/5\/phsg-jahresbericht-ueber-uns-zentren-headerbild-2048x893.jpg 2048w\" sizes=\"(max-width: 2560px) 100vw, 2560px\" \/> <span class=\"raven-post-image-overlay\"><\/span><\/a>\t\t<\/div>\n\t\t\t\t\t\t<div class=\"raven-post-content\">\n\t\t\t\t\t<h3 class=\"raven-post-title\"><a class=\"raven-post-title-link\" href=\"https:\/\/phsg-jahresbericht.ch\/2024\/ueber-uns\/zentren\/\">Zentren<\/a><\/h3>\t\t\t\t<\/div>\n\t\t\t<\/div>\n\t\t<\/div>\n\t\t\t\t<div class=\"raven-grid-item raven-post-item post-3809 page type-page status-publish has-post-thumbnail hentry\">\n\t\t\t<div class=\"raven-post elementor-animation-grow\">\n\t\t\t\t\t\t<div class=\"raven-post-image-wrap\">\n\t\t\t<a class=\"raven-post-image raven-image-fit\" href=\"https:\/\/phsg-jahresbericht.ch\/2024\/berichtsjahr-2024\/dienstleistung\/\"><img loading=\"lazy\" decoding=\"async\" width=\"2560\" height=\"1116\" src=\"https:\/\/phsg-jahresbericht.ch\/2024\/wp-content\/uploads\/sites\/5\/phsg-jahresbericht-2024-berichtsjahr-dienstleistung-headerbild.jpg\" class=\"attachment-large size-large wp-image-5940\" alt=\"\" srcset=\"https:\/\/phsg-jahresbericht.ch\/2024\/wp-content\/uploads\/sites\/5\/phsg-jahresbericht-2024-berichtsjahr-dienstleistung-headerbild.jpg 2560w, https:\/\/phsg-jahresbericht.ch\/2024\/wp-content\/uploads\/sites\/5\/phsg-jahresbericht-2024-berichtsjahr-dienstleistung-headerbild-768x335.jpg 768w, https:\/\/phsg-jahresbericht.ch\/2024\/wp-content\/uploads\/sites\/5\/phsg-jahresbericht-2024-berichtsjahr-dienstleistung-headerbild-1536x670.jpg 1536w, https:\/\/phsg-jahresbericht.ch\/2024\/wp-content\/uploads\/sites\/5\/phsg-jahresbericht-2024-berichtsjahr-dienstleistung-headerbild-2048x893.jpg 2048w\" sizes=\"(max-width: 2560px) 100vw, 2560px\" \/> <span class=\"raven-post-image-overlay\"><\/span><\/a>\t\t<\/div>\n\t\t\t\t\t\t<div class=\"raven-post-content\">\n\t\t\t\t\t<h3 class=\"raven-post-title\"><a class=\"raven-post-title-link\" href=\"https:\/\/phsg-jahresbericht.ch\/2024\/berichtsjahr-2024\/dienstleistung\/\">Dienstleistung<\/a><\/h3>\t\t\t\t<\/div>\n\t\t\t<\/div>\n\t\t<\/div>\n\t\t\t\t<div class=\"raven-grid-item raven-post-item post-1154 page type-page status-publish has-post-thumbnail hentry\">\n\t\t\t<div class=\"raven-post elementor-animation-grow\">\n\t\t\t\t\t\t<div class=\"raven-post-image-wrap\">\n\t\t\t<a class=\"raven-post-image raven-image-fit\" href=\"https:\/\/phsg-jahresbericht.ch\/2024\/zahlen-fakten\/finanzzahlen\/\"><img loading=\"lazy\" decoding=\"async\" width=\"800\" height=\"534\" src=\"https:\/\/phsg-jahresbericht.ch\/2024\/wp-content\/uploads\/sites\/5\/phsg-jahresbericht-2024-weitere-themen-finanzzahlen.jpg\" class=\"attachment-large size-large wp-image-7371\" alt=\"\" srcset=\"https:\/\/phsg-jahresbericht.ch\/2024\/wp-content\/uploads\/sites\/5\/phsg-jahresbericht-2024-weitere-themen-finanzzahlen.jpg 800w, https:\/\/phsg-jahresbericht.ch\/2024\/wp-content\/uploads\/sites\/5\/phsg-jahresbericht-2024-weitere-themen-finanzzahlen-768x513.jpg 768w\" sizes=\"(max-width: 800px) 100vw, 800px\" \/> <span class=\"raven-post-image-overlay\"><\/span><\/a>\t\t<\/div>\n\t\t\t\t\t\t<div class=\"raven-post-content\">\n\t\t\t\t\t<h3 class=\"raven-post-title\"><a class=\"raven-post-title-link\" href=\"https:\/\/phsg-jahresbericht.ch\/2024\/zahlen-fakten\/finanzzahlen\/\">Finanzzahlen<\/a><\/h3>\t\t\t\t<\/div>\n\t\t\t<\/div>\n\t\t<\/div>\n\t\t\t\t<\/div>\n\t\t\t\t\t\t<\/div>\n\t\t\t\t<\/div>\n\t\t\t\t\t<\/div>\n\t\t\t\t<\/div>\n\t\t\t\t<\/div>\n\t\t\t\t<\/div>\n\t\t\t\t\t\t<\/div>\n\t\t\t\t<\/div>\n\t\t\t\t\t<\/div>\n\t\t\t\t<\/div>\n\t\t\t\t<\/div>\n\t\t","protected":false},"excerpt":{"rendered":"<p>Berichtsjahr 2024 In der Ausbildung starteten 2024 erstmals die Studieng\u00e4nge f\u00fcr Quereinsteigende (QUEST) auf den Stufen Kindergarten- und Primarstufe sowie Sekundarstufe I. Die neuen Angebote stossen auf Interesse. Im Studiengang Kindergarten- und Primarstufe studieren 42 Quereinsteigende \u2013 12 im Diplomtyp A und 30 im Diplomtyp B \u2013 in einer Halbtagesstruktur. Der Stundenplan orientiert sich nicht [&hellip;]<\/p>\n","protected":false},"author":1,"featured_media":5783,"parent":1261,"menu_order":0,"comment_status":"closed","ping_status":"closed","template":"elementor_header_footer","meta":{"_acf_changed":false,"footnotes":""},"class_list":["post-452","page","type-page","status-publish","has-post-thumbnail","hentry"],"acf":[],"_links":{"self":[{"href":"https:\/\/phsg-jahresbericht.ch\/2024\/wp-json\/wp\/v2\/pages\/452","targetHints":{"allow":["GET"]}}],"collection":[{"href":"https:\/\/phsg-jahresbericht.ch\/2024\/wp-json\/wp\/v2\/pages"}],"about":[{"href":"https:\/\/phsg-jahresbericht.ch\/2024\/wp-json\/wp\/v2\/types\/page"}],"author":[{"embeddable":true,"href":"https:\/\/phsg-jahresbericht.ch\/2024\/wp-json\/wp\/v2\/users\/1"}],"replies":[{"embeddable":true,"href":"https:\/\/phsg-jahresbericht.ch\/2024\/wp-json\/wp\/v2\/comments?post=452"}],"version-history":[{"count":385,"href":"https:\/\/phsg-jahresbericht.ch\/2024\/wp-json\/wp\/v2\/pages\/452\/revisions"}],"predecessor-version":[{"id":7409,"href":"https:\/\/phsg-jahresbericht.ch\/2024\/wp-json\/wp\/v2\/pages\/452\/revisions\/7409"}],"up":[{"embeddable":true,"href":"https:\/\/phsg-jahresbericht.ch\/2024\/wp-json\/wp\/v2\/pages\/1261"}],"wp:featuredmedia":[{"embeddable":true,"href":"https:\/\/phsg-jahresbericht.ch\/2024\/wp-json\/wp\/v2\/media\/5783"}],"wp:attachment":[{"href":"https:\/\/phsg-jahresbericht.ch\/2024\/wp-json\/wp\/v2\/media?parent=452"}],"curies":[{"name":"wp","href":"https:\/\/api.w.org\/{rel}","templated":true}]}}