{"id":3787,"date":"2024-03-13T16:53:25","date_gmt":"2024-03-13T15:53:25","guid":{"rendered":"https:\/\/phsg-jahresbericht.ch\/2025\/?page_id=3787"},"modified":"2025-04-22T08:00:38","modified_gmt":"2025-04-22T06:00:38","slug":"thema","status":"publish","type":"page","link":"https:\/\/phsg-jahresbericht.ch\/2024\/fokus\/thema\/","title":{"rendered":"Thema"},"content":{"rendered":"\t\t<div data-elementor-type=\"wp-page\" data-elementor-id=\"3787\" class=\"elementor elementor-3787\" data-elementor-post-type=\"page\">\n\t\t\t\t<div class=\"elementor-element elementor-element-72e6dcc e-flex e-con-boxed e-con e-parent\" data-id=\"72e6dcc\" data-element_type=\"container\" data-settings=\"{&quot;jet_parallax_layout_list&quot;:[]}\">\n\t\t\t\t\t<div class=\"e-con-inner\">\n\t\t\t\t<div class=\"elementor-element elementor-element-e72c5ad elementor-widget elementor-widget-heading\" data-id=\"e72c5ad\" data-element_type=\"widget\" id=\"subtitle-underline\" data-widget_type=\"heading.default\">\n\t\t\t\t<div class=\"elementor-widget-container\">\n\t\t\t\t\t<h3 class=\"elementor-heading-title elementor-size-default\">Fokus<\/h3>\t\t\t\t<\/div>\n\t\t\t\t<\/div>\n\t\t\t\t<div class=\"elementor-element elementor-element-a98a602 elementor-widget elementor-widget-heading\" data-id=\"a98a602\" data-element_type=\"widget\" data-widget_type=\"heading.default\">\n\t\t\t\t<div class=\"elementor-widget-container\">\n\t\t\t\t\t<h1 class=\"elementor-heading-title elementor-size-default\">Zukunft erproben \u2013 Die Rolle der kulturellen und \u00e4sthetischen Bildung<\/h1>\t\t\t\t<\/div>\n\t\t\t\t<\/div>\n\t\t\t\t<div class=\"elementor-element elementor-element-bce295b elementor-widget elementor-widget-heading\" data-id=\"bce295b\" data-element_type=\"widget\" data-widget_type=\"heading.default\">\n\t\t\t\t<div class=\"elementor-widget-container\">\n\t\t\t\t\t<h3 class=\"elementor-heading-title elementor-size-default\">Kulturelle und \u00e4sthetische Bildung vermittelt F\u00e4higkeiten, die sich weit \u00fcber die Felder Kunst und Kultur hinaus anwenden lassen: Future Skills, wie sie f\u00fcr angehende Lehrerinnen und Lehrer und nachfolgende Generationen in Zukunft unverzichtbar&nbsp;sind.<\/h3>\t\t\t\t<\/div>\n\t\t\t\t<\/div>\n\t\t\t\t\t<\/div>\n\t\t\t\t<\/div>\n\t\t<div class=\"elementor-element elementor-element-1d16a01 e-con-full e-flex e-con e-parent\" data-id=\"1d16a01\" data-element_type=\"container\" data-settings=\"{&quot;jet_parallax_layout_list&quot;:[],&quot;background_background&quot;:&quot;classic&quot;}\">\n\t\t\t\t<\/div>\n\t\t<div class=\"elementor-element elementor-element-a8136c8 e-flex e-con-boxed e-con e-parent\" data-id=\"a8136c8\" data-element_type=\"container\" data-settings=\"{&quot;jet_parallax_layout_list&quot;:[]}\">\n\t\t\t\t\t<div class=\"e-con-inner\">\n\t\t\t\t<div class=\"elementor-element elementor-element-30ae3aa elementor-widget elementor-widget-text-editor\" data-id=\"30ae3aa\" data-element_type=\"widget\" data-widget_type=\"text-editor.default\">\n\t\t\t\t<div class=\"elementor-widget-container\">\n\t\t\t\t\t\t\t\t\t<p>Welche Kompetenzen brauchen Kinder und Jugendliche, um sich in einer zunehmend komplexen Welt zu orientieren und diese aktiv mitzugestalten? Der Hochschultag 2024 der PHSG widmete sich unter dem Titel \u00abWir erproben die Zukunft\u00bb der Frage, wie die kulturelle und \u00e4sthetische Bildung dazu beitr\u00e4gt, sogenannte Future Skills zu vermitteln.<\/p><p>Prof. Claudia Sturzenegger, Leiterin des Instituts Kulturelle und \u00c4sthetische Bildung der PHSG, betonte die Bedeutung von kultureller und \u00e4sthetischer Bildung, die weit \u00fcber die Besch\u00e4ftigung mit Kunst und Kultur hinausgeht:<\/p>\t\t\t\t\t\t\t\t<\/div>\n\t\t\t\t<\/div>\n\t\t\t\t\t<\/div>\n\t\t\t\t<\/div>\n\t\t<div class=\"elementor-element elementor-element-c8a10ef e-flex e-con-boxed e-con e-parent\" data-id=\"c8a10ef\" data-element_type=\"container\" data-settings=\"{&quot;jet_parallax_layout_list&quot;:[],&quot;background_background&quot;:&quot;classic&quot;}\">\n\t\t\t\t\t<div class=\"e-con-inner\">\n\t\t\t\t<div class=\"elementor-element elementor-element-2433161 elementor-widget elementor-widget-heading\" data-id=\"2433161\" data-element_type=\"widget\" data-widget_type=\"heading.default\">\n\t\t\t\t<div class=\"elementor-widget-container\">\n\t\t\t\t\t<h4 class=\"elementor-heading-title elementor-size-default\">\u00abLaut OECD Lernkompass 2030 kennt die Forschung nichts, das die kognitive Leistungsf\u00e4higkeit von Kindern in vergleichbarer Weise oder Dimension f\u00f6rdert wie Musik- und Kunstunterricht.\u00bb<\/h4>\t\t\t\t<\/div>\n\t\t\t\t<\/div>\n\t\t\t\t\t<\/div>\n\t\t\t\t<\/div>\n\t\t<div class=\"elementor-element elementor-element-d502e14 e-flex e-con-boxed e-con e-parent\" data-id=\"d502e14\" data-element_type=\"container\" data-settings=\"{&quot;jet_parallax_layout_list&quot;:[]}\">\n\t\t\t\t\t<div class=\"e-con-inner\">\n\t\t\t\t<div class=\"elementor-element elementor-element-78e8efe elementor-widget elementor-widget-text-editor\" data-id=\"78e8efe\" data-element_type=\"widget\" data-widget_type=\"text-editor.default\">\n\t\t\t\t<div class=\"elementor-widget-container\">\n\t\t\t\t\t\t\t\t\t<p>Die pers\u00f6nliche Auseinandersetzung mit Kunst und Kultur erh\u00f6he die Aufmerksamkeit und damit die kognitiven F\u00e4higkeiten, stellte sie mit Verweis auf wissenschaftliche Arbeiten fest.<\/p><p>Laut der deutschen Bundesvereinigung Kulturelle Kinder- und Jugendbildung er\u00f6ffnet die kulturelle und \u00e4sthetische Bildung die Chance, die Welt aus neuen Blickwinkeln zu betrachten: Kinder und Jugendliche erlebten, dass es bereichernd sein k\u00f6nne, Gewohntes zu hinterfragen und ungewohnte Perspektiven einzunehmen, und dass es zu einer Frage verschiedene Antworten, fu\u0308r ein Problem unterschiedliche L\u00f6sungen geben k\u00f6nne.<\/p><p>Die kulturelle und \u00e4sthetische Bildung bietet dar\u00fcber hinaus die Gelegenheit, sich in kreativen Prozessen mit lebensweltlichen Lerninhalten zu besch\u00e4ftigen. Ein Beispiel daf\u00fcr ist das Projekt von Studierenden der Sekundarstufe I, die sich bei der Gestaltung eines rassismuskritischen Glossars mit gesellschaftlichen Themen auseinandersetzten.<\/p>\t\t\t\t\t\t\t\t<\/div>\n\t\t\t\t<\/div>\n\t\t\t\t\t<\/div>\n\t\t\t\t<\/div>\n\t\t<div class=\"elementor-element elementor-element-a686a36 e-flex e-con-boxed e-con e-parent\" data-id=\"a686a36\" data-element_type=\"container\" data-settings=\"{&quot;jet_parallax_layout_list&quot;:[]}\">\n\t\t\t\t\t<div class=\"e-con-inner\">\n\t\t\t\t<div class=\"elementor-element elementor-element-1db52ba elementor-widget elementor-widget-image\" data-id=\"1db52ba\" data-element_type=\"widget\" data-widget_type=\"image.default\">\n\t\t\t\t<div class=\"elementor-widget-container\">\n\t\t\t\t\t\t\t\t\t\t\t\t\t\t\t<img fetchpriority=\"high\" decoding=\"async\" width=\"1600\" height=\"700\" src=\"https:\/\/phsg-jahresbericht.ch\/2024\/wp-content\/uploads\/sites\/5\/phsg-jahresbericht-2024-fokus-thema-rassismuskritisches-glossar.jpg\" class=\"attachment-large size-large wp-image-5728\" alt=\"\" srcset=\"https:\/\/phsg-jahresbericht.ch\/2024\/wp-content\/uploads\/sites\/5\/phsg-jahresbericht-2024-fokus-thema-rassismuskritisches-glossar.jpg 1600w, https:\/\/phsg-jahresbericht.ch\/2024\/wp-content\/uploads\/sites\/5\/phsg-jahresbericht-2024-fokus-thema-rassismuskritisches-glossar-768x336.jpg 768w, https:\/\/phsg-jahresbericht.ch\/2024\/wp-content\/uploads\/sites\/5\/phsg-jahresbericht-2024-fokus-thema-rassismuskritisches-glossar-1536x672.jpg 1536w\" sizes=\"(max-width: 1600px) 100vw, 1600px\" \/>\t\t\t\t\t\t\t\t\t\t\t\t\t\t\t<\/div>\n\t\t\t\t<\/div>\n\t\t\t\t\t<\/div>\n\t\t\t\t<\/div>\n\t\t<div class=\"elementor-element elementor-element-bd196b4 e-flex e-con-boxed e-con e-parent\" data-id=\"bd196b4\" data-element_type=\"container\" data-settings=\"{&quot;jet_parallax_layout_list&quot;:[]}\">\n\t\t\t\t\t<div class=\"e-con-inner\">\n\t\t\t\t<div class=\"elementor-element elementor-element-70a126d elementor-widget elementor-widget-text-editor\" data-id=\"70a126d\" data-element_type=\"widget\" data-widget_type=\"text-editor.default\">\n\t\t\t\t<div class=\"elementor-widget-container\">\n\t\t\t\t\t\t\t\t\t<p>In den verschiedenen Fachbereichen des Instituts Kulturelle und \u00c4sthetische Bildung werden den Studierenden dar\u00fcber hinaus Auftrittskompetenz, ein kritischer Umgang mit Bildern, der Wert eines Zusammengeh\u00f6rigkeitsgef\u00fchls, Kooperation und kreative Probleml\u00f6sung vermittelt, um nur einige der Beispiele zu nennen, die Claudia Sturzenegger anf\u00fchrte.<\/p><p>Kulturelle Bildung ist kein abgeschlossener Zustand, sondern ein kontinuierlicher Prozess der Selbst- und Weltwahrnehmung. \u00abMan ist nicht nach so und so vielen Musikstunden, Theaterbesuchen oder Ausstellungen kulturell gebildet und hat das dann \u2039erledigt\u203a\u00bb, betonte Prof. J\u00e9r\u00f4me Zgraggen, Bereichsleiter Forschung &amp; Entwicklung im Institut Kulturelle und \u00c4sthetische Bildung, anl\u00e4sslich des Hochschultages. Hier setzt die kulturelle und \u00e4sthetische Bildung an: Sie schafft Erfahrungsr\u00e4ume, in denen Irritationen bewusst genutzt werden, um Wahrnehmungs- und Denkprozesse anzuregen.<\/p><p>Ein Beispiel daf\u00fcr ist das PHSG-Projekt \u00abKulturschaffende in Schulen\u00bb, das Schulen mit Kunst- und Kulturschaffenden zusammenbringt. Unkonventionelle Herangehensweisen k\u00f6nnen dabei sowohl Lernende als auch Lehrpersonen herausfordern \u2013 und genau darin liegt das Potenzial.<\/p>\t\t\t\t\t\t\t\t<\/div>\n\t\t\t\t<\/div>\n\t\t\t\t\t<\/div>\n\t\t\t\t<\/div>\n\t\t<div class=\"elementor-element elementor-element-f4d4ecb e-flex e-con-boxed e-con e-parent\" data-id=\"f4d4ecb\" data-element_type=\"container\" data-settings=\"{&quot;jet_parallax_layout_list&quot;:[],&quot;background_background&quot;:&quot;classic&quot;}\">\n\t\t\t\t\t<div class=\"e-con-inner\">\n\t\t\t\t<div class=\"elementor-element elementor-element-d5b9a32 elementor-widget elementor-widget-heading\" data-id=\"d5b9a32\" data-element_type=\"widget\" data-widget_type=\"heading.default\">\n\t\t\t\t<div class=\"elementor-widget-container\">\n\t\t\t\t\t<h4 class=\"elementor-heading-title elementor-size-default\">\u00abIrritationen haben die Macht, unser Denken auf eine neue Spur zu bringen.\u00bb<\/h4>\t\t\t\t<\/div>\n\t\t\t\t<\/div>\n\t\t\t\t\t<\/div>\n\t\t\t\t<\/div>\n\t\t<div class=\"elementor-element elementor-element-319a646 e-flex e-con-boxed e-con e-parent\" data-id=\"319a646\" data-element_type=\"container\" data-settings=\"{&quot;jet_parallax_layout_list&quot;:[]}\">\n\t\t\t\t\t<div class=\"e-con-inner\">\n\t\t\t\t<div class=\"elementor-element elementor-element-e24da04 elementor-widget elementor-widget-text-editor\" data-id=\"e24da04\" data-element_type=\"widget\" data-widget_type=\"text-editor.default\">\n\t\t\t\t<div class=\"elementor-widget-container\">\n\t\t\t\t\t\t\t\t\t<p>Gestaltungsprozesse k\u00f6nnten als Forschungsprozesse betrachtet werden, erkl\u00e4rte J\u00e9r\u00f4me Zgraggen mit Verweis auf den Wissenschaftsrat. Somit kann Lernen durch Gestaltung als forschendes Lernen verstanden werden.<\/p><p>Kreative F\u00e4cher wie die Musik erm\u00f6glichen es beispielsweise in der Improvisation, das spontane Reagieren auf ein Gegen\u00fcber oder eine Gruppe zu erfahren und zu \u00fcben. \u00abDas Miteinander erleben, beteiligt werden, seine Rolle in einer Gruppe finden.\u00bb Als Beispiel diente das Video einer Gruppe Studierender im Kurs Musikpraxis, die sich im Estrich des Hochschulgeb\u00e4udes Hadwig behelfsm\u00e4ssige Instrumente suchen und gemeinsam musizieren.<\/p>\t\t\t\t\t\t\t\t<\/div>\n\t\t\t\t<\/div>\n\t\t\t\t\t<\/div>\n\t\t\t\t<\/div>\n\t\t<div class=\"elementor-element elementor-element-1852805 e-flex e-con-boxed e-con e-parent\" data-id=\"1852805\" data-element_type=\"container\" data-settings=\"{&quot;jet_parallax_layout_list&quot;:[]}\">\n\t\t\t\t\t<div class=\"e-con-inner\">\n\t\t\t\t<div class=\"elementor-element elementor-element-b7c5d8c elementor-widget elementor-widget-video\" data-id=\"b7c5d8c\" data-element_type=\"widget\" data-settings=\"{&quot;youtube_url&quot;:&quot;https:\\\/\\\/youtu.be\\\/gsCn_FPht4Q&quot;,&quot;video_type&quot;:&quot;youtube&quot;,&quot;controls&quot;:&quot;yes&quot;}\" data-widget_type=\"video.default\">\n\t\t\t\t<div class=\"elementor-widget-container\">\n\t\t\t\t\t\t\t<div class=\"elementor-wrapper elementor-open-inline\">\n\t\t\t<div class=\"elementor-video\"><\/div>\t\t<\/div>\n\t\t\t\t\t\t<\/div>\n\t\t\t\t<\/div>\n\t\t\t\t\t<\/div>\n\t\t\t\t<\/div>\n\t\t<div class=\"elementor-element elementor-element-b592189 e-flex e-con-boxed e-con e-parent\" data-id=\"b592189\" data-element_type=\"container\" data-settings=\"{&quot;jet_parallax_layout_list&quot;:[]}\">\n\t\t\t\t\t<div class=\"e-con-inner\">\n\t\t\t\t<div class=\"elementor-element elementor-element-bdd4ad5 elementor-widget elementor-widget-text-editor\" data-id=\"bdd4ad5\" data-element_type=\"widget\" data-widget_type=\"text-editor.default\">\n\t\t\t\t<div class=\"elementor-widget-container\">\n\t\t\t\t\t\t\t\t\t<p>Kulturelle und \u00e4sthetische Bildung vermittelt nicht nur Kompetenzen f\u00fcr kreative Berufe, sondern st\u00e4rkt grundlegende F\u00e4higkeiten, die in allen Lebensbereichen relevant sind: kritisches Denken, Empathie, Teamf\u00e4higkeit und die Bereitschaft, neue Wege zu beschreiten. Diese F\u00e4higkeiten sind f\u00fcr die Lehrpersonen von morgen essenziell. \u00abLehrpersonen gestalten aber nicht \u2039nur\u203a ihre eigene Welt, sondern im Laufe ihrer Karrieren auch die Leben zahlreicher Kinder und Jugendlicher\u00bb, so J\u00e9r\u00f4me Zgraggen. Die PHSG tr\u00e4gt mit ihrer Lehrpersonenbildung dazu bei, dass angehende P\u00e4dagoginnen und P\u00e4dagogen sich dessen bewusstwerden und ihre Sch\u00fclerinnen und Sch\u00fcler dabei unterst\u00fctzen, die eigene Kreativit\u00e4t als Schl\u00fcssel f\u00fcr die Zukunft zu begreifen.<\/p>\t\t\t\t\t\t\t\t<\/div>\n\t\t\t\t<\/div>\n\t\t\t\t\t<\/div>\n\t\t\t\t<\/div>\n\t\t<div class=\"elementor-element elementor-element-906666b e-flex e-con-boxed e-con e-parent\" data-id=\"906666b\" data-element_type=\"container\" data-settings=\"{&quot;jet_parallax_layout_list&quot;:[]}\">\n\t\t\t\t\t<div class=\"e-con-inner\">\n\t\t\t\t<div class=\"elementor-element elementor-element-143b101 elementor-widget elementor-widget-template\" data-id=\"143b101\" data-element_type=\"widget\" data-widget_type=\"template.default\">\n\t\t\t\t<div class=\"elementor-widget-container\">\n\t\t\t\t\t\t\t<div class=\"elementor-template\">\n\t\t\t\t\t<div data-elementor-type=\"container\" data-elementor-id=\"5716\" class=\"elementor elementor-5716\" data-elementor-post-type=\"elementor_library\">\n\t\t\t\t<div class=\"elementor-element elementor-element-23c3e09e e-flex e-con-boxed e-con e-parent\" data-id=\"23c3e09e\" data-element_type=\"container\" data-settings=\"{&quot;jet_parallax_layout_list&quot;:[]}\">\n\t\t\t\t\t<div class=\"e-con-inner\">\n\t\t\t\t<div class=\"elementor-element elementor-element-70f02ec elementor-widget elementor-widget-spacer\" data-id=\"70f02ec\" data-element_type=\"widget\" data-widget_type=\"spacer.default\">\n\t\t\t\t<div class=\"elementor-widget-container\">\n\t\t\t\t\t\t\t<div class=\"elementor-spacer\">\n\t\t\t<div class=\"elementor-spacer-inner\"><\/div>\n\t\t<\/div>\n\t\t\t\t\t\t<\/div>\n\t\t\t\t<\/div>\n\t\t\t\t<div class=\"elementor-element elementor-element-296a0c96 elementor-widget elementor-widget-heading\" data-id=\"296a0c96\" data-element_type=\"widget\" data-widget_type=\"heading.default\">\n\t\t\t\t<div class=\"elementor-widget-container\">\n\t\t\t\t\t<h3 class=\"elementor-heading-title elementor-size-default\">Weitere Themen, die Sie interessieren k\u00f6nnten<\/h3>\t\t\t\t<\/div>\n\t\t\t\t<\/div>\n\t\t\t\t<div class=\"elementor-element elementor-element-3c21c8db elementor-hidden-tablet elementor-widget elementor-widget-raven-posts\" data-id=\"3c21c8db\" data-element_type=\"widget\" data-settings=\"{&quot;classic_columns&quot;:&quot;4&quot;,&quot;query_posts_per_page&quot;:4,&quot;_skin&quot;:&quot;classic&quot;,&quot;classic_layout&quot;:&quot;grid&quot;,&quot;classic_columns_tablet&quot;:&quot;2&quot;,&quot;classic_columns_mobile&quot;:&quot;1&quot;,&quot;query_offset&quot;:0}\" data-widget_type=\"raven-posts.classic\">\n\t\t\t\t<div class=\"elementor-widget-container\">\n\t\t\t\t\t\t\t<div class=\"raven-posts raven-grid raven-grid-4 raven-grid-mobile-1 raven-grid-tablet-2\" data-post-id=\"5716\" data-archive-query=\"\" data-lang=\"\">\n\t\t\t\t<div class=\"raven-grid-item raven-post-item post-3793 page type-page status-publish has-post-thumbnail hentry\">\n\t\t\t<div class=\"raven-post elementor-animation-grow\">\n\t\t\t\t\t\t<div class=\"raven-post-image-wrap\">\n\t\t\t<a class=\"raven-post-image raven-image-fit\" href=\"https:\/\/phsg-jahresbericht.ch\/2024\/fokus\/chronik\/\"><img decoding=\"async\" width=\"800\" height=\"450\" src=\"https:\/\/phsg-jahresbericht.ch\/2024\/wp-content\/uploads\/sites\/5\/phsg-jahresbericht-2024-weitere-themen-chronik.jpg\" class=\"attachment-large size-large wp-image-7370\" alt=\"\" srcset=\"https:\/\/phsg-jahresbericht.ch\/2024\/wp-content\/uploads\/sites\/5\/phsg-jahresbericht-2024-weitere-themen-chronik.jpg 800w, https:\/\/phsg-jahresbericht.ch\/2024\/wp-content\/uploads\/sites\/5\/phsg-jahresbericht-2024-weitere-themen-chronik-768x432.jpg 768w\" sizes=\"(max-width: 800px) 100vw, 800px\" \/> <span class=\"raven-post-image-overlay\"><\/span><\/a>\t\t<\/div>\n\t\t\t\t\t\t<div class=\"raven-post-content\">\n\t\t\t\t\t<h3 class=\"raven-post-title\"><a class=\"raven-post-title-link\" href=\"https:\/\/phsg-jahresbericht.ch\/2024\/fokus\/chronik\/\">Chronik<\/a><\/h3>\t\t\t\t<\/div>\n\t\t\t<\/div>\n\t\t<\/div>\n\t\t\t\t<div class=\"raven-grid-item raven-post-item post-1154 page type-page status-publish has-post-thumbnail hentry\">\n\t\t\t<div class=\"raven-post elementor-animation-grow\">\n\t\t\t\t\t\t<div class=\"raven-post-image-wrap\">\n\t\t\t<a class=\"raven-post-image raven-image-fit\" href=\"https:\/\/phsg-jahresbericht.ch\/2024\/zahlen-fakten\/finanzzahlen\/\"><img decoding=\"async\" width=\"800\" height=\"534\" src=\"https:\/\/phsg-jahresbericht.ch\/2024\/wp-content\/uploads\/sites\/5\/phsg-jahresbericht-2024-weitere-themen-finanzzahlen.jpg\" class=\"attachment-large size-large wp-image-7371\" alt=\"\" srcset=\"https:\/\/phsg-jahresbericht.ch\/2024\/wp-content\/uploads\/sites\/5\/phsg-jahresbericht-2024-weitere-themen-finanzzahlen.jpg 800w, https:\/\/phsg-jahresbericht.ch\/2024\/wp-content\/uploads\/sites\/5\/phsg-jahresbericht-2024-weitere-themen-finanzzahlen-768x513.jpg 768w\" sizes=\"(max-width: 800px) 100vw, 800px\" \/> <span class=\"raven-post-image-overlay\"><\/span><\/a>\t\t<\/div>\n\t\t\t\t\t\t<div class=\"raven-post-content\">\n\t\t\t\t\t<h3 class=\"raven-post-title\"><a class=\"raven-post-title-link\" href=\"https:\/\/phsg-jahresbericht.ch\/2024\/zahlen-fakten\/finanzzahlen\/\">Finanzzahlen<\/a><\/h3>\t\t\t\t<\/div>\n\t\t\t<\/div>\n\t\t<\/div>\n\t\t\t\t<div class=\"raven-grid-item raven-post-item post-1152 page type-page status-publish has-post-thumbnail hentry\">\n\t\t\t<div class=\"raven-post elementor-animation-grow\">\n\t\t\t\t\t\t<div class=\"raven-post-image-wrap\">\n\t\t\t<a class=\"raven-post-image raven-image-fit\" href=\"https:\/\/phsg-jahresbericht.ch\/2024\/zahlen-fakten\/studierendenzahlen\/\"><img loading=\"lazy\" decoding=\"async\" width=\"800\" height=\"534\" src=\"https:\/\/phsg-jahresbericht.ch\/2024\/wp-content\/uploads\/sites\/5\/phsg-jahresbericht-2024-weitere-themen-studierendenzahlen.jpg\" class=\"attachment-large size-large wp-image-7373\" alt=\"\" srcset=\"https:\/\/phsg-jahresbericht.ch\/2024\/wp-content\/uploads\/sites\/5\/phsg-jahresbericht-2024-weitere-themen-studierendenzahlen.jpg 800w, https:\/\/phsg-jahresbericht.ch\/2024\/wp-content\/uploads\/sites\/5\/phsg-jahresbericht-2024-weitere-themen-studierendenzahlen-768x513.jpg 768w\" sizes=\"(max-width: 800px) 100vw, 800px\" \/> <span class=\"raven-post-image-overlay\"><\/span><\/a>\t\t<\/div>\n\t\t\t\t\t\t<div class=\"raven-post-content\">\n\t\t\t\t\t<h3 class=\"raven-post-title\"><a class=\"raven-post-title-link\" href=\"https:\/\/phsg-jahresbericht.ch\/2024\/zahlen-fakten\/studierendenzahlen\/\">Studierendenzahlen<\/a><\/h3>\t\t\t\t<\/div>\n\t\t\t<\/div>\n\t\t<\/div>\n\t\t\t\t<div class=\"raven-grid-item raven-post-item post-597 page type-page status-publish has-post-thumbnail hentry\">\n\t\t\t<div class=\"raven-post elementor-animation-grow\">\n\t\t\t\t\t\t<div class=\"raven-post-image-wrap\">\n\t\t\t<a class=\"raven-post-image raven-image-fit\" href=\"https:\/\/phsg-jahresbericht.ch\/2024\/berichtsjahr-2024\/forschung-entwicklung\/\"><img loading=\"lazy\" decoding=\"async\" width=\"2560\" height=\"1116\" src=\"https:\/\/phsg-jahresbericht.ch\/2024\/wp-content\/uploads\/sites\/5\/phsg-jahresbericht-2024-berichtsjahr-forschung-entwicklung-headerbild.jpg\" class=\"attachment-large size-large wp-image-5909\" alt=\"\" srcset=\"https:\/\/phsg-jahresbericht.ch\/2024\/wp-content\/uploads\/sites\/5\/phsg-jahresbericht-2024-berichtsjahr-forschung-entwicklung-headerbild.jpg 2560w, https:\/\/phsg-jahresbericht.ch\/2024\/wp-content\/uploads\/sites\/5\/phsg-jahresbericht-2024-berichtsjahr-forschung-entwicklung-headerbild-768x335.jpg 768w, https:\/\/phsg-jahresbericht.ch\/2024\/wp-content\/uploads\/sites\/5\/phsg-jahresbericht-2024-berichtsjahr-forschung-entwicklung-headerbild-1536x670.jpg 1536w, https:\/\/phsg-jahresbericht.ch\/2024\/wp-content\/uploads\/sites\/5\/phsg-jahresbericht-2024-berichtsjahr-forschung-entwicklung-headerbild-2048x893.jpg 2048w\" sizes=\"(max-width: 2560px) 100vw, 2560px\" \/> <span class=\"raven-post-image-overlay\"><\/span><\/a>\t\t<\/div>\n\t\t\t\t\t\t<div class=\"raven-post-content\">\n\t\t\t\t\t<h3 class=\"raven-post-title\"><a class=\"raven-post-title-link\" href=\"https:\/\/phsg-jahresbericht.ch\/2024\/berichtsjahr-2024\/forschung-entwicklung\/\">Forschung &amp; Entwicklung<\/a><\/h3>\t\t\t\t<\/div>\n\t\t\t<\/div>\n\t\t<\/div>\n\t\t\t\t<\/div>\n\t\t\t\t\t\t<\/div>\n\t\t\t\t<\/div>\n\t\t\t\t<div class=\"elementor-element elementor-element-39836b63 elementor-hidden-desktop elementor-hidden-mobile elementor-widget elementor-widget-raven-posts\" data-id=\"39836b63\" data-element_type=\"widget\" data-settings=\"{&quot;classic_columns&quot;:&quot;4&quot;,&quot;query_posts_per_page&quot;:3,&quot;classic_columns_tablet&quot;:&quot;3&quot;,&quot;_skin&quot;:&quot;classic&quot;,&quot;classic_layout&quot;:&quot;grid&quot;,&quot;classic_columns_mobile&quot;:&quot;1&quot;,&quot;query_offset&quot;:0}\" data-widget_type=\"raven-posts.classic\">\n\t\t\t\t<div class=\"elementor-widget-container\">\n\t\t\t\t\t\t\t<div class=\"raven-posts raven-grid raven-grid-4 raven-grid-mobile-1 raven-grid-tablet-3\" data-post-id=\"5716\" data-archive-query=\"\" data-lang=\"\">\n\t\t\t\t<div class=\"raven-grid-item raven-post-item post-452 page type-page status-publish has-post-thumbnail hentry\">\n\t\t\t<div class=\"raven-post elementor-animation-grow\">\n\t\t\t\t\t\t<div class=\"raven-post-image-wrap\">\n\t\t\t<a class=\"raven-post-image raven-image-fit\" href=\"https:\/\/phsg-jahresbericht.ch\/2024\/berichtsjahr-2024\/ausbildung\/\"><img loading=\"lazy\" decoding=\"async\" width=\"2560\" height=\"1116\" src=\"https:\/\/phsg-jahresbericht.ch\/2024\/wp-content\/uploads\/sites\/5\/phsg-jahresbericht-2024-berichtsjahr-ausbildung-headerbild.jpg\" class=\"attachment-large size-large wp-image-5783\" alt=\"\" srcset=\"https:\/\/phsg-jahresbericht.ch\/2024\/wp-content\/uploads\/sites\/5\/phsg-jahresbericht-2024-berichtsjahr-ausbildung-headerbild.jpg 2560w, https:\/\/phsg-jahresbericht.ch\/2024\/wp-content\/uploads\/sites\/5\/phsg-jahresbericht-2024-berichtsjahr-ausbildung-headerbild-768x335.jpg 768w, https:\/\/phsg-jahresbericht.ch\/2024\/wp-content\/uploads\/sites\/5\/phsg-jahresbericht-2024-berichtsjahr-ausbildung-headerbild-1536x670.jpg 1536w, https:\/\/phsg-jahresbericht.ch\/2024\/wp-content\/uploads\/sites\/5\/phsg-jahresbericht-2024-berichtsjahr-ausbildung-headerbild-2048x893.jpg 2048w\" sizes=\"(max-width: 2560px) 100vw, 2560px\" \/> <span class=\"raven-post-image-overlay\"><\/span><\/a>\t\t<\/div>\n\t\t\t\t\t\t<div class=\"raven-post-content\">\n\t\t\t\t\t<h3 class=\"raven-post-title\"><a class=\"raven-post-title-link\" href=\"https:\/\/phsg-jahresbericht.ch\/2024\/berichtsjahr-2024\/ausbildung\/\">Ausbildung<\/a><\/h3>\t\t\t\t<\/div>\n\t\t\t<\/div>\n\t\t<\/div>\n\t\t\t\t<div class=\"raven-grid-item raven-post-item post-5954 page type-page status-publish has-post-thumbnail hentry\">\n\t\t\t<div class=\"raven-post elementor-animation-grow\">\n\t\t\t\t\t\t<div class=\"raven-post-image-wrap\">\n\t\t\t<a class=\"raven-post-image raven-image-fit\" href=\"https:\/\/phsg-jahresbericht.ch\/2024\/berichtsjahr-2024\/stabsstellen\/\"><img loading=\"lazy\" decoding=\"async\" width=\"2560\" height=\"1116\" src=\"https:\/\/phsg-jahresbericht.ch\/2024\/wp-content\/uploads\/sites\/5\/phsg-jahresbericht-2024-berichtsjahr-stabsstellen-headerbild-1.jpg\" class=\"attachment-large size-large wp-image-7353\" alt=\"\" srcset=\"https:\/\/phsg-jahresbericht.ch\/2024\/wp-content\/uploads\/sites\/5\/phsg-jahresbericht-2024-berichtsjahr-stabsstellen-headerbild-1.jpg 2560w, https:\/\/phsg-jahresbericht.ch\/2024\/wp-content\/uploads\/sites\/5\/phsg-jahresbericht-2024-berichtsjahr-stabsstellen-headerbild-1-768x335.jpg 768w, https:\/\/phsg-jahresbericht.ch\/2024\/wp-content\/uploads\/sites\/5\/phsg-jahresbericht-2024-berichtsjahr-stabsstellen-headerbild-1-1536x670.jpg 1536w, https:\/\/phsg-jahresbericht.ch\/2024\/wp-content\/uploads\/sites\/5\/phsg-jahresbericht-2024-berichtsjahr-stabsstellen-headerbild-1-2048x893.jpg 2048w\" sizes=\"(max-width: 2560px) 100vw, 2560px\" \/> <span class=\"raven-post-image-overlay\"><\/span><\/a>\t\t<\/div>\n\t\t\t\t\t\t<div class=\"raven-post-content\">\n\t\t\t\t\t<h3 class=\"raven-post-title\"><a class=\"raven-post-title-link\" href=\"https:\/\/phsg-jahresbericht.ch\/2024\/berichtsjahr-2024\/stabsstellen\/\">Stabsstellen<\/a><\/h3>\t\t\t\t<\/div>\n\t\t\t<\/div>\n\t\t<\/div>\n\t\t\t\t<div class=\"raven-grid-item raven-post-item post-1152 page type-page status-publish has-post-thumbnail hentry\">\n\t\t\t<div class=\"raven-post elementor-animation-grow\">\n\t\t\t\t\t\t<div class=\"raven-post-image-wrap\">\n\t\t\t<a class=\"raven-post-image raven-image-fit\" href=\"https:\/\/phsg-jahresbericht.ch\/2024\/zahlen-fakten\/studierendenzahlen\/\"><img loading=\"lazy\" decoding=\"async\" width=\"800\" height=\"534\" src=\"https:\/\/phsg-jahresbericht.ch\/2024\/wp-content\/uploads\/sites\/5\/phsg-jahresbericht-2024-weitere-themen-studierendenzahlen.jpg\" class=\"attachment-large size-large wp-image-7373\" alt=\"\" srcset=\"https:\/\/phsg-jahresbericht.ch\/2024\/wp-content\/uploads\/sites\/5\/phsg-jahresbericht-2024-weitere-themen-studierendenzahlen.jpg 800w, https:\/\/phsg-jahresbericht.ch\/2024\/wp-content\/uploads\/sites\/5\/phsg-jahresbericht-2024-weitere-themen-studierendenzahlen-768x513.jpg 768w\" sizes=\"(max-width: 800px) 100vw, 800px\" \/> <span class=\"raven-post-image-overlay\"><\/span><\/a>\t\t<\/div>\n\t\t\t\t\t\t<div class=\"raven-post-content\">\n\t\t\t\t\t<h3 class=\"raven-post-title\"><a class=\"raven-post-title-link\" href=\"https:\/\/phsg-jahresbericht.ch\/2024\/zahlen-fakten\/studierendenzahlen\/\">Studierendenzahlen<\/a><\/h3>\t\t\t\t<\/div>\n\t\t\t<\/div>\n\t\t<\/div>\n\t\t\t\t<\/div>\n\t\t\t\t\t\t<\/div>\n\t\t\t\t<\/div>\n\t\t\t\t\t<\/div>\n\t\t\t\t<\/div>\n\t\t\t\t<\/div>\n\t\t\t\t<\/div>\n\t\t\t\t\t\t<\/div>\n\t\t\t\t<\/div>\n\t\t\t\t\t<\/div>\n\t\t\t\t<\/div>\n\t\t\t\t<\/div>\n\t\t","protected":false},"excerpt":{"rendered":"<p>Fokus Zukunft erproben \u2013 Die Rolle der kulturellen und \u00e4sthetischen Bildung Kulturelle und \u00e4sthetische Bildung vermittelt F\u00e4higkeiten, die sich weit \u00fcber die Felder Kunst und Kultur hinaus anwenden lassen: Future Skills, wie sie f\u00fcr angehende Lehrerinnen und Lehrer und nachfolgende Generationen in Zukunft unverzichtbar&nbsp;sind. Welche Kompetenzen brauchen Kinder und Jugendliche, um sich in einer zunehmend [&hellip;]<\/p>\n","protected":false},"author":1,"featured_media":5692,"parent":5607,"menu_order":2,"comment_status":"closed","ping_status":"closed","template":"elementor_header_footer","meta":{"_acf_changed":false,"footnotes":""},"class_list":["post-3787","page","type-page","status-publish","has-post-thumbnail","hentry"],"acf":[],"_links":{"self":[{"href":"https:\/\/phsg-jahresbericht.ch\/2024\/wp-json\/wp\/v2\/pages\/3787","targetHints":{"allow":["GET"]}}],"collection":[{"href":"https:\/\/phsg-jahresbericht.ch\/2024\/wp-json\/wp\/v2\/pages"}],"about":[{"href":"https:\/\/phsg-jahresbericht.ch\/2024\/wp-json\/wp\/v2\/types\/page"}],"author":[{"embeddable":true,"href":"https:\/\/phsg-jahresbericht.ch\/2024\/wp-json\/wp\/v2\/users\/1"}],"replies":[{"embeddable":true,"href":"https:\/\/phsg-jahresbericht.ch\/2024\/wp-json\/wp\/v2\/comments?post=3787"}],"version-history":[{"count":132,"href":"https:\/\/phsg-jahresbericht.ch\/2024\/wp-json\/wp\/v2\/pages\/3787\/revisions"}],"predecessor-version":[{"id":7484,"href":"https:\/\/phsg-jahresbericht.ch\/2024\/wp-json\/wp\/v2\/pages\/3787\/revisions\/7484"}],"up":[{"embeddable":true,"href":"https:\/\/phsg-jahresbericht.ch\/2024\/wp-json\/wp\/v2\/pages\/5607"}],"wp:featuredmedia":[{"embeddable":true,"href":"https:\/\/phsg-jahresbericht.ch\/2024\/wp-json\/wp\/v2\/media\/5692"}],"wp:attachment":[{"href":"https:\/\/phsg-jahresbericht.ch\/2024\/wp-json\/wp\/v2\/media?parent=3787"}],"curies":[{"name":"wp","href":"https:\/\/api.w.org\/{rel}","templated":true}]}}