{"id":622,"date":"2022-04-07T18:10:12","date_gmt":"2022-04-07T16:10:12","guid":{"rendered":"https:\/\/phsg-jahresbericht.ch\/2023\/?page_id=622"},"modified":"2024-04-25T09:53:26","modified_gmt":"2024-04-25T07:53:26","slug":"weiterbildung","status":"publish","type":"page","link":"https:\/\/phsg-jahresbericht.ch\/2023\/leistungsbereiche\/weiterbildung\/","title":{"rendered":"Weiterbildung"},"content":{"rendered":"\t\t<div data-elementor-type=\"wp-page\" data-elementor-id=\"622\" class=\"elementor elementor-622\" data-elementor-post-type=\"page\">\n\t\t\t\t<div class=\"elementor-element elementor-element-046634c e-flex e-con-boxed e-con e-parent\" data-id=\"046634c\" data-element_type=\"container\" data-settings=\"{&quot;jet_parallax_layout_list&quot;:[]}\">\n\t\t\t\t\t<div class=\"e-con-inner\">\n\t\t<div class=\"elementor-element elementor-element-db0877d e-con-full e-flex e-con e-child\" data-id=\"db0877d\" data-element_type=\"container\" data-settings=\"{&quot;jet_parallax_layout_list&quot;:[]}\">\n\t\t\t\t<div class=\"elementor-element elementor-element-1268bf9 elementor-widget elementor-widget-heading\" data-id=\"1268bf9\" data-element_type=\"widget\" id=\"subtitle-underline\" data-widget_type=\"heading.default\">\n\t\t\t\t<div class=\"elementor-widget-container\">\n\t\t\t\t\t<h3 class=\"elementor-heading-title elementor-size-default\">Leistungsbereiche<\/h3>\t\t\t\t<\/div>\n\t\t\t\t<\/div>\n\t\t\t\t<div class=\"elementor-element elementor-element-d98e96e elementor-widget elementor-widget-heading\" data-id=\"d98e96e\" data-element_type=\"widget\" data-widget_type=\"heading.default\">\n\t\t\t\t<div class=\"elementor-widget-container\">\n\t\t\t\t\t<h3 class=\"elementor-heading-title elementor-size-default\">Die PHSG verfolgt das Ziel, die wichtigste Weiterbildungspartnerin f\u00fcr Lehrpersonen im Kanton St.Gallen zu sein. Unser Weiterbildungsangebot entwickelt sich st\u00e4ndig weiter und deckt ein breites Spektrum ab, vom Umgang mit Mehrsprachigkeit in Kitas bis hin zum Bau vom Kommunikationsger\u00e4ten. Im Folgenden finden Sie eine \u00dcbersicht.<\/h3>\t\t\t\t<\/div>\n\t\t\t\t<\/div>\n\t\t\t\t<\/div>\n\t\t\t\t\t<\/div>\n\t\t\t\t<\/div>\n\t\t<div class=\"elementor-element elementor-element-dfcbd4c e-con-full e-flex e-con e-parent\" data-id=\"dfcbd4c\" data-element_type=\"container\" data-settings=\"{&quot;jet_parallax_layout_list&quot;:[],&quot;background_background&quot;:&quot;classic&quot;}\">\n\t\t\t\t<\/div>\n\t\t<div class=\"elementor-element elementor-element-7102f77 e-flex e-con-boxed e-con e-parent\" data-id=\"7102f77\" data-element_type=\"container\" data-settings=\"{&quot;jet_parallax_layout_list&quot;:[]}\">\n\t\t\t\t\t<div class=\"e-con-inner\">\n\t\t<div class=\"elementor-element elementor-element-902314f e-con-full e-flex e-con e-child\" data-id=\"902314f\" data-element_type=\"container\" data-settings=\"{&quot;jet_parallax_layout_list&quot;:[]}\">\n\t\t\t\t<div class=\"elementor-element elementor-element-d233086 elementor-widget elementor-widget-heading\" data-id=\"d233086\" data-element_type=\"widget\" data-widget_type=\"heading.default\">\n\t\t\t\t<div class=\"elementor-widget-container\">\n\t\t\t\t\t<h2 class=\"elementor-heading-title elementor-size-default\">Weiterbildungsplattform \u00abaprendo \u2013 digitale Kompetenz\u00bb<\/h2>\t\t\t\t<\/div>\n\t\t\t\t<\/div>\n\t\t\t\t<div class=\"elementor-element elementor-element-396c82f elementor-widget elementor-widget-text-editor\" data-id=\"396c82f\" data-element_type=\"widget\" data-widget_type=\"text-editor.default\">\n\t\t\t\t<div class=\"elementor-widget-container\">\n\t\t\t\t\t\t\t\t\t<p>Die Weiterbildungsplattform \u00abaprendo \u2013 digitale Kompetenz\u00bb wurde im Zuge der IT-Bildungsoffensive des Kantons St.Gallen durch das Kompetenzzentrum Digitalisierung und Bildung der PHSG ins Leben gerufen. Bis Ende 2023 wurden auf der Plattform 9\u2019843 Module erfolgreich abgeschlossen, was 43\u2019000 Weiterbildungsstunden entspricht, welche Lehrpersonen im Kanton St.Gallen absolviert haben. Im Oktober wurde \u00abaprendo \u2013 digitale Kompetenz\u00bb mit dem e-Learning Excellence Award in der Kategorie \u00abVirtual\u00bb der europ\u00e4ischen Konferenz f\u00fcr E-Learning ausgezeichnet. Die Weiterbildungsplattform hat zudem das Interesse anderer Kantone und Organisationen geweckt.<\/p><p><a href=\"https:\/\/aprendo.ch\/\" target=\"_blank\" rel=\"noopener\"><span style=\"color: #fb7d19;\">aprendo.ch<\/span><\/a><\/p>\t\t\t\t\t\t\t\t<\/div>\n\t\t\t\t<\/div>\n\t\t\t\t<div class=\"elementor-element elementor-element-767b473 elementor-widget elementor-widget-heading\" data-id=\"767b473\" data-element_type=\"widget\" data-widget_type=\"heading.default\">\n\t\t\t\t<div class=\"elementor-widget-container\">\n\t\t\t\t\t<h2 class=\"elementor-heading-title elementor-size-default\">Unterwegs im neuen Lehren und Lernen<\/h2>\t\t\t\t<\/div>\n\t\t\t\t<\/div>\n\t\t\t\t<div class=\"elementor-element elementor-element-e6addb5 elementor-widget elementor-widget-text-editor\" data-id=\"e6addb5\" data-element_type=\"widget\" data-widget_type=\"text-editor.default\">\n\t\t\t\t<div class=\"elementor-widget-container\">\n\t\t\t\t\t\t\t\t\t<p>Im Jahr 2023 hat das Institut Berufsbildung der PHSG aktiv zur Umsetzung der Reform 2022+ in den verschiedenen Kaufm\u00e4nnischen Schulen (KV) der Ostschweiz beigetragen. Es bot verschiedene Kurse f\u00fcr Lehrerinnen und Lehrer vom Engadin bis nach Schaffhausen an. Dies unterstreicht das Engagement der PHSG, fl\u00e4chendeckende Unterst\u00fctzung und Schulungen anzubieten, um die Reform 2022+ erfolgreich zu implementieren.<\/p><p>Die PHSG organisierte im August Nachholkurse in St.Gallen, die sich auf Lernaufgaben, Begleitung und Pr\u00fcfungen im Rahmen des CUSTO-Systems konzentrierten. Im Oktober wurde ein speziell konzipierter CUSTO-Kurs am KV Samedan durchgef\u00fchrt, um die Lehrkr\u00e4fte gezielt auf die Anforderungen der Reform vorzubereiten.<\/p><p>Die PHSG hat zudem die Schulen bei der Entwicklung des 2. Lehrjahres unterst\u00fctzt. Dies spiegelt das Bestreben wider, nicht nur die Einf\u00fchrung der Reform zu begleiten, sondern auch die kontinuierliche Weiterentwicklung der Bildungspraxis zu f\u00f6rdern. Daraus ergab sich auch die M\u00f6glichkeit, das Einf\u00fchren des Projektunterrichts im 2. Lehrjahr zu unterst\u00fctzen und f\u00f6rdern.<\/p><p><a href=\"https:\/\/www.phsg.ch\/de\/weiterbildung\/zentrum-weiterbildung\/schulinterne-weiterbildung\/themen-fuer-berufsfachschulen\/reform-verkauf-2022-und-kaufleute-2023\" target=\"_blank\" rel=\"noopener\"><span style=\"color: #fb7d19;\">Mehr erfahren<\/span><\/a><\/p>\t\t\t\t\t\t\t\t<\/div>\n\t\t\t\t<\/div>\n\t\t\t\t<div class=\"elementor-element elementor-element-c6dfa0a elementor-widget elementor-widget-heading\" data-id=\"c6dfa0a\" data-element_type=\"widget\" data-widget_type=\"heading.default\">\n\t\t\t\t<div class=\"elementor-widget-container\">\n\t\t\t\t\t<h2 class=\"elementor-heading-title elementor-size-default\">MATHE imPuls<\/h2>\t\t\t\t<\/div>\n\t\t\t\t<\/div>\n\t\t\t\t<div class=\"elementor-element elementor-element-e2f2af8 elementor-widget elementor-widget-text-editor\" data-id=\"e2f2af8\" data-element_type=\"widget\" data-widget_type=\"text-editor.default\">\n\t\t\t\t<div class=\"elementor-widget-container\">\n\t\t\t\t\t\t\t\t\t<p>Im Oktober f\u00fchrte das Fachteam Mathematik den Weiterbildungshalbtag \u00abMathe imPuls\u00bb mit rund 50 Lehrpersonen vom Kindergarten bis zur Sekundarstufe I durch. Das Impulsreferat \u00abMathematik verstehen \u2013 Muster \u00f6ffnen T\u00fcren\u00bb von Prof. Dr. Anna Susanne Steinweg von der Universit\u00e4t Bamberg gab am Beispiel des Kompetenzbereichs Zahl und Variable Einblick in aktuelle Forschungen und diskutierte unterrichtliche M\u00f6glichkeiten \u00fcber alle Zyklen hinweg. Im Anschluss holten sich die Teilnehmenden an verschiedenen Marktst\u00e4nden Impulse f\u00fcr den Unterricht und tauschten sich untereinander und mit den Mitarbeitenden des Fachbereichs Mathematik der PHSG aus. Schliesslich wurde das Thema eines zeitgem\u00e4ssen, verstehensorientierten Mathematikunterrichts in drei Ateliers vertieft.<\/p>\t\t\t\t\t\t\t\t<\/div>\n\t\t\t\t<\/div>\n\t\t\t\t<div class=\"elementor-element elementor-element-c94179d elementor-widget elementor-widget-image\" data-id=\"c94179d\" data-element_type=\"widget\" data-widget_type=\"image.default\">\n\t\t\t\t<div class=\"elementor-widget-container\">\n\t\t\t\t\t\t\t\t\t\t\t\t\t\t\t<img fetchpriority=\"high\" decoding=\"async\" width=\"1417\" height=\"945\" src=\"https:\/\/phsg-jahresbericht.ch\/2023\/wp-content\/uploads\/sites\/4\/phsg-jahresbericht-2023-weiterbildung-mathe-im-puls.jpg\" class=\"attachment-large size-large wp-image-3953\" alt=\"\" srcset=\"https:\/\/phsg-jahresbericht.ch\/2023\/wp-content\/uploads\/sites\/4\/phsg-jahresbericht-2023-weiterbildung-mathe-im-puls.jpg 1417w, https:\/\/phsg-jahresbericht.ch\/2023\/wp-content\/uploads\/sites\/4\/phsg-jahresbericht-2023-weiterbildung-mathe-im-puls-768x512.jpg 768w\" sizes=\"(max-width: 1417px) 100vw, 1417px\" \/>\t\t\t\t\t\t\t\t\t\t\t\t\t\t\t<\/div>\n\t\t\t\t<\/div>\n\t\t\t\t<div class=\"elementor-element elementor-element-b6bce13 elementor-widget elementor-widget-heading\" data-id=\"b6bce13\" data-element_type=\"widget\" data-widget_type=\"heading.default\">\n\t\t\t\t<div class=\"elementor-widget-container\">\n\t\t\t\t\t<h2 class=\"elementor-heading-title elementor-size-default\">Praxisbegleitung vor Ort in Spielgruppen und Kitas<\/h2>\t\t\t\t<\/div>\n\t\t\t\t<\/div>\n\t\t\t\t<div class=\"elementor-element elementor-element-ab0371a elementor-widget elementor-widget-text-editor\" data-id=\"ab0371a\" data-element_type=\"widget\" data-widget_type=\"text-editor.default\">\n\t\t\t\t<div class=\"elementor-widget-container\">\n\t\t\t\t\t\t\t\t\t<p>Fr\u00fche Sprachf\u00f6rderung in Kitas und Spielgruppen hat zum Ziel, die Chancen aller Kinder zu erh\u00f6hen und erfolgt eingebettet in Spiel- und Alltagsaktivit\u00e4ten. Damit Kinder ausreichende Sprachkenntnisse f\u00fcr den Kindergarteneintritt erwerben, ist es wichtig, dass sie in der Spielgruppe oder der Kita eine qualitativ hochwertige, alltagsintegrierte Sprachf\u00f6rderung erhalten. Mitarbeitende des Instituts Fr\u00fche Bildung 0 bis 8 coachen Fachpersonen vor Ort in den Spielgruppen und Kitas zu Themen rund um den Spracherwerb, die Mehrsprachigkeit und die Zusammenarbeit mit Eltern, damit die Kinder individuell gef\u00f6rdert werden k\u00f6nnen. 2023 nahmen Spielgruppen- und Kita-Fachpersonen in verschiedenen Regionen des Kantons St.Gallen, der Stadt Schaffhausen und neu auch im Kanton Solothurn an der Praxisbegleitung teil.<\/p><p><a href=\"https:\/\/www.phsg.ch\/de\/forschung-entwicklung\/projekte\/praxisbegleitung-vor-ort-kitas-und-spielgruppen\" target=\"_blank\" rel=\"noopener\"><span style=\"color: #fb7d19;\">Mehr erfahren<\/span><\/a><\/p>\t\t\t\t\t\t\t\t<\/div>\n\t\t\t\t<\/div>\n\t\t\t\t<div class=\"elementor-element elementor-element-e3ce1df elementor-widget elementor-widget-video\" data-id=\"e3ce1df\" data-element_type=\"widget\" data-settings=\"{&quot;youtube_url&quot;:&quot;https:\\\/\\\/youtu.be\\\/O6WyzOYPTVw?si=QjtPkrRWqtwMigy4&quot;,&quot;video_type&quot;:&quot;youtube&quot;,&quot;controls&quot;:&quot;yes&quot;}\" data-widget_type=\"video.default\">\n\t\t\t\t<div class=\"elementor-widget-container\">\n\t\t\t\t\t\t\t<div class=\"elementor-wrapper elementor-open-inline\">\n\t\t\t<div class=\"elementor-video\"><\/div>\t\t<\/div>\n\t\t\t\t\t\t<\/div>\n\t\t\t\t<\/div>\n\t\t\t\t<div class=\"elementor-element elementor-element-7ba69c6 elementor-widget elementor-widget-heading\" data-id=\"7ba69c6\" data-element_type=\"widget\" data-widget_type=\"heading.default\">\n\t\t\t\t<div class=\"elementor-widget-container\">\n\t\t\t\t\t<h2 class=\"elementor-heading-title elementor-size-default\">Kommunikationsger\u00e4te bauen im Unterricht<\/h2>\t\t\t\t<\/div>\n\t\t\t\t<\/div>\n\t\t\t\t<div class=\"elementor-element elementor-element-6aeaa5e elementor-widget elementor-widget-text-editor\" data-id=\"6aeaa5e\" data-element_type=\"widget\" data-widget_type=\"text-editor.default\">\n\t\t\t\t<div class=\"elementor-widget-container\">\n\t\t\t\t\t\t\t\t\t<p>Zu den Projektinhalten von KomMINT werden laufend Weiterbildungen f\u00fcr Lehrpersonen der Sekundarstufe I angeboten. Der Projektname setzt sich zusammen aus Kommunikation und MINT. Im Rahmen dieses Projekts erarbeitet ein Team des Instituts Mathematische, Naturwissenschaftliche und Technische Bildung der PHSG zusammen mit dem Institut f\u00fcr Kommunikationssysteme der Fachhochschule OST verschiedene Meilensteine der Kommunikationstechnologie in einem digitalen Kommentar f\u00fcr Lehrpersonen. Im Labor der OST bauen die Lehrpersonen mit fachkundiger Unterst\u00fctzung ein Kommunikationsger\u00e4t, beispielsweise einen Radio- oder GPS-Empf\u00e4nger oder einen elektrischen Telegrafen. Im zweiten Teil der Weiterbildung an der PHSG werden die Ger\u00e4te zusammen mit dem digitalen Kommentar praktisch eingesetzt. Dabei nehmen die Lehrpersonen vielf\u00e4ltige Ideen f\u00fcr den Unterricht mit. Im Zentrum steht dabei die Kompetenz \u00abWesen und Bedeutung von Naturwissenschaften und Technik verstehen\u00bb aus dem Lehrplan 21.<\/p><p><a href=\"https:\/\/www.kommint.ch\" target=\"_blank\" rel=\"noopener\"><span style=\"color: #fb7d19;\">kommint.ch<\/span><\/a><\/p>\t\t\t\t\t\t\t\t<\/div>\n\t\t\t\t<\/div>\n\t\t\t\t<div class=\"elementor-element elementor-element-229dd66 elementor-widget elementor-widget-heading\" data-id=\"229dd66\" data-element_type=\"widget\" data-widget_type=\"heading.default\">\n\t\t\t\t<div class=\"elementor-widget-container\">\n\t\t\t\t\t<h2 class=\"elementor-heading-title elementor-size-default\">Weiterbildungsangebot f\u00fcr Klassenassistenzen<\/h2>\t\t\t\t<\/div>\n\t\t\t\t<\/div>\n\t\t\t\t<div class=\"elementor-element elementor-element-45180e1 elementor-widget elementor-widget-text-editor\" data-id=\"45180e1\" data-element_type=\"widget\" data-widget_type=\"text-editor.default\">\n\t\t\t\t<div class=\"elementor-widget-container\">\n\t\t\t\t\t\t\t\t\t<p>Das Weiterbildungsangebot Klassenassistenzen wird seit knapp zehn Jahren angeboten und bef\u00e4higt Klassenassistenzen, Lehrpersonen zu unterst\u00fctzen und Sch\u00fclerinnen und Sch\u00fcler zu begleiten. Im Jahr 2023 wurde der Kurs doppelt angeboten und von insgesamt 44 Personen erfolgreich absolviert.<\/p><p><a href=\"https:\/\/www.phsg.ch\/de\/weiterbildung\/gesamtuebersicht\/weiterbildungsangebot-fuer-klassenassistenzen\" target=\"_blank\" rel=\"noopener\"><span style=\"color: #fb7d19;\">Mehr erfahren<\/span><\/a><\/p>\t\t\t\t\t\t\t\t<\/div>\n\t\t\t\t<\/div>\n\t\t\t\t<div class=\"elementor-element elementor-element-c7664d6 elementor-widget elementor-widget-heading\" data-id=\"c7664d6\" data-element_type=\"widget\" data-widget_type=\"heading.default\">\n\t\t\t\t<div class=\"elementor-widget-container\">\n\t\t\t\t\t<h2 class=\"elementor-heading-title elementor-size-default\">Weiterbildungsangebot Schul&shy;erg\u00e4nzendes Betreuungspersonal<\/h2>\t\t\t\t<\/div>\n\t\t\t\t<\/div>\n\t\t\t\t<div class=\"elementor-element elementor-element-3f55991 elementor-widget elementor-widget-text-editor\" data-id=\"3f55991\" data-element_type=\"widget\" data-widget_type=\"text-editor.default\">\n\t\t\t\t<div class=\"elementor-widget-container\">\n\t\t\t\t\t\t\t\t\t<p class=\"p1\">Das Weiterbildungsangebot Schulerg\u00e4nzendes Betreuungspersonal wurde von 19 Personen besucht. Diese Weiterbildung thematisiert Fragen von Regeln und Grenzen, von N\u00e4he und Distanz sowie p\u00e4dagogischen Haltungen und Werten in der Betreuung. Ebenfalls wird die Schnittstelle zu Schule und Unterricht beleuchtet.<\/p><p><a href=\"https:\/\/www.phsg.ch\/de\/weiterbildung\/gesamtuebersicht\/weiterbildungsangebot-schulergaenzendes-betreuungspersonal\" target=\"_blank\" rel=\"noopener\"><span style=\"color: #fb7d19;\">Mehr erfahren<\/span><\/a><\/p>\t\t\t\t\t\t\t\t<\/div>\n\t\t\t\t<\/div>\n\t\t\t\t<div class=\"elementor-element elementor-element-f149bf2 elementor-widget elementor-widget-heading\" data-id=\"f149bf2\" data-element_type=\"widget\" data-widget_type=\"heading.default\">\n\t\t\t\t<div class=\"elementor-widget-container\">\n\t\t\t\t\t<h2 class=\"elementor-heading-title elementor-size-default\">Schulinterne Weiter&shy;bildungen \u2013 SchiLW<\/h2>\t\t\t\t<\/div>\n\t\t\t\t<\/div>\n\t\t\t\t<div class=\"elementor-element elementor-element-693fd85 elementor-widget elementor-widget-text-editor\" data-id=\"693fd85\" data-element_type=\"widget\" data-widget_type=\"text-editor.default\">\n\t\t\t\t<div class=\"elementor-widget-container\">\n\t\t\t\t\t\t\t\t\t<p>Im Berichtsjahr wurden verschiedene massgeschneiderte Angebote in der Schulinternen Weiterbildung realisiert. Beispielsweise regte ein Angebot im Themenfeld Klassenf\u00fchrung, Klassenklima und gute Beziehungen an, die eigene Klassenf\u00fchrung zu evaluieren und diese zu reflektieren. Eine Schulgemeinde widmete sich im Rahmen einer Veranstaltung zudem den Themenfeldern Differenzieren, individuelle Lernunterst\u00fctzung und Lerncoaching. Eine Dozentin der PHSG f\u00fchrt durch einen vielf\u00e4ltigen Tag mit Inputs, Workshops und einer Podiumsdiskussion.<\/p><p><a href=\"https:\/\/www.phsg.ch\/de\/weiterbildung\/zentrum-weiterbildung\/schulinterne-weiterbildung\" target=\"_blank\" rel=\"noopener\"><span style=\"color: #fb7d19;\">Mehr erfahren<\/span><\/a><\/p>\t\t\t\t\t\t\t\t<\/div>\n\t\t\t\t<\/div>\n\t\t\t\t<div class=\"elementor-element elementor-element-d5a75a3 elementor-widget elementor-widget-heading\" data-id=\"d5a75a3\" data-element_type=\"widget\" data-widget_type=\"heading.default\">\n\t\t\t\t<div class=\"elementor-widget-container\">\n\t\t\t\t\t<h2 class=\"elementor-heading-title elementor-size-default\">Zusatz&shy;qualifika&shy;tion Deutsch als Zweit&shy;sprache<\/h2>\t\t\t\t<\/div>\n\t\t\t\t<\/div>\n\t\t\t\t<div class=\"elementor-element elementor-element-4ad8ef4 elementor-widget elementor-widget-text-editor\" data-id=\"4ad8ef4\" data-element_type=\"widget\" data-widget_type=\"text-editor.default\">\n\t\t\t\t<div class=\"elementor-widget-container\">\n\t\t\t\t\t\t\t\t\t<p>Die Zusatzqualifikation Deutsch als Zweitsprache f\u00fcr Kindergarten- und Primarstufe bietet sowohl praktische Anleitungen zur F\u00f6rderung der deutschen Sprachkompetenz als auch einen \u00dcberblick \u00fcber die neuesten Unterrichtsmaterialien und didaktischen Methoden. Ebenso werden Evaluationsstrategien thematisiert und das Verst\u00e4ndnis f\u00fcr Grammatik und Linguistik im Bereich des Sprachunterrichts in mehrsprachigen Klassen gef\u00f6rdert.<\/p><p><a href=\"https:\/\/www.phsg.ch\/de\/weiterbildung\/gesamtuebersicht\/zusatzqualifikation-deutsch-als-zweitsprache-kindergarten-und-primarstufe-daz\" target=\"_blank\" rel=\"noopener\"><span style=\"color: #fb7d19;\">Mehr erfahren<\/span><\/a><\/p>\t\t\t\t\t\t\t\t<\/div>\n\t\t\t\t<\/div>\n\t\t\t\t<\/div>\n\t\t\t\t\t<\/div>\n\t\t\t\t<\/div>\n\t\t<div class=\"elementor-element elementor-element-5b71938 e-flex e-con-boxed e-con e-parent\" data-id=\"5b71938\" data-element_type=\"container\" data-settings=\"{&quot;jet_parallax_layout_list&quot;:[]}\">\n\t\t\t\t\t<div class=\"e-con-inner\">\n\t\t<div class=\"elementor-element elementor-element-5649748 e-con-full e-flex e-con e-child\" data-id=\"5649748\" data-element_type=\"container\" data-settings=\"{&quot;jet_parallax_layout_list&quot;:[]}\">\n\t\t\t\t<div class=\"elementor-element elementor-element-aedf454 elementor-widget elementor-widget-template\" data-id=\"aedf454\" data-element_type=\"widget\" data-widget_type=\"template.default\">\n\t\t\t\t<div class=\"elementor-widget-container\">\n\t\t\t\t\t\t\t<div class=\"elementor-template\">\n\t\t\t\t\t<div data-elementor-type=\"section\" data-elementor-id=\"725\" class=\"elementor elementor-725\" data-elementor-post-type=\"elementor_library\">\n\t\t\t<div class=\"elementor-element elementor-element-33977ce e-flex e-con-boxed e-con e-parent\" data-id=\"33977ce\" data-element_type=\"container\" data-settings=\"{&quot;jet_parallax_layout_list&quot;:[]}\">\n\t\t\t\t\t<div class=\"e-con-inner\">\n\t\t<div class=\"elementor-element elementor-element-d3657bc e-con-full e-flex e-con e-child\" data-id=\"d3657bc\" data-element_type=\"container\" data-settings=\"{&quot;jet_parallax_layout_list&quot;:[]}\">\n\t\t\t\t<div class=\"elementor-element elementor-element-c093f84 elementor-widget elementor-widget-spacer\" data-id=\"c093f84\" data-element_type=\"widget\" data-widget_type=\"spacer.default\">\n\t\t\t\t<div class=\"elementor-widget-container\">\n\t\t\t\t\t\t\t<div class=\"elementor-spacer\">\n\t\t\t<div class=\"elementor-spacer-inner\"><\/div>\n\t\t<\/div>\n\t\t\t\t\t\t<\/div>\n\t\t\t\t<\/div>\n\t\t\t\t<div class=\"elementor-element elementor-element-98c0e91 elementor-widget elementor-widget-heading\" data-id=\"98c0e91\" data-element_type=\"widget\" data-widget_type=\"heading.default\">\n\t\t\t\t<div class=\"elementor-widget-container\">\n\t\t\t\t\t<h3 class=\"elementor-heading-title elementor-size-default\">Weitere Themen, die Sie interessieren k\u00f6nnten<\/h3>\t\t\t\t<\/div>\n\t\t\t\t<\/div>\n\t\t\t\t<div class=\"elementor-element elementor-element-7b74da4 elementor-hidden-tablet elementor-widget elementor-widget-raven-posts\" data-id=\"7b74da4\" data-element_type=\"widget\" data-settings=\"{&quot;classic_columns&quot;:&quot;4&quot;,&quot;query_posts_per_page&quot;:4,&quot;_skin&quot;:&quot;classic&quot;,&quot;classic_layout&quot;:&quot;grid&quot;,&quot;classic_columns_tablet&quot;:&quot;2&quot;,&quot;classic_columns_mobile&quot;:&quot;1&quot;,&quot;query_offset&quot;:0}\" data-widget_type=\"raven-posts.classic\">\n\t\t\t\t<div class=\"elementor-widget-container\">\n\t\t\t\t\t\t\t<div class=\"raven-posts raven-grid raven-grid-4 raven-grid-mobile-1 raven-grid-tablet-2\" data-post-id=\"725\" data-archive-query=\"\" data-lang=\"\">\n\t\t\t\t<div class=\"raven-grid-item raven-post-item post-1152 page type-page status-publish has-post-thumbnail hentry\">\n\t\t\t<div class=\"raven-post elementor-animation-grow\">\n\t\t\t\t\t\t<div class=\"raven-post-image-wrap\">\n\t\t\t<a class=\"raven-post-image raven-image-fit\" href=\"https:\/\/phsg-jahresbericht.ch\/2023\/zahlen-fakten\/studierendenzahlen\/\"><img decoding=\"async\" width=\"1200\" height=\"800\" src=\"https:\/\/phsg-jahresbericht.ch\/2023\/wp-content\/uploads\/sites\/4\/phsg-jahresbericht-2022-zahlen-und-fakten-studierendenzahlen-beitragsbild.jpg\" class=\"attachment-large size-large wp-image-3537\" alt=\"\" srcset=\"https:\/\/phsg-jahresbericht.ch\/2023\/wp-content\/uploads\/sites\/4\/phsg-jahresbericht-2022-zahlen-und-fakten-studierendenzahlen-beitragsbild.jpg 1200w, https:\/\/phsg-jahresbericht.ch\/2023\/wp-content\/uploads\/sites\/4\/phsg-jahresbericht-2022-zahlen-und-fakten-studierendenzahlen-beitragsbild-768x512.jpg 768w\" sizes=\"(max-width: 1200px) 100vw, 1200px\" \/> <span class=\"raven-post-image-overlay\"><\/span><\/a>\t\t<\/div>\n\t\t\t\t\t\t<div class=\"raven-post-content\">\n\t\t\t\t\t<h3 class=\"raven-post-title\"><a class=\"raven-post-title-link\" href=\"https:\/\/phsg-jahresbericht.ch\/2023\/zahlen-fakten\/studierendenzahlen\/\">Studierendenzahlen<\/a><\/h3>\t\t\t\t<\/div>\n\t\t\t<\/div>\n\t\t<\/div>\n\t\t\t\t<div class=\"raven-grid-item raven-post-item post-1356 page type-page status-publish has-post-thumbnail hentry\">\n\t\t\t<div class=\"raven-post elementor-animation-grow\">\n\t\t\t\t\t\t<div class=\"raven-post-image-wrap\">\n\t\t\t<a class=\"raven-post-image raven-image-fit\" href=\"https:\/\/phsg-jahresbericht.ch\/2023\/ueber-uns\/\"><img decoding=\"async\" width=\"1200\" height=\"811\" src=\"https:\/\/phsg-jahresbericht.ch\/2023\/wp-content\/uploads\/sites\/4\/phsg-jahresbericht-2022-ueber-uns-beitragsbild.jpg\" class=\"attachment-large size-large wp-image-3538\" alt=\"\" srcset=\"https:\/\/phsg-jahresbericht.ch\/2023\/wp-content\/uploads\/sites\/4\/phsg-jahresbericht-2022-ueber-uns-beitragsbild.jpg 1200w, https:\/\/phsg-jahresbericht.ch\/2023\/wp-content\/uploads\/sites\/4\/phsg-jahresbericht-2022-ueber-uns-beitragsbild-768x519.jpg 768w\" sizes=\"(max-width: 1200px) 100vw, 1200px\" \/> <span class=\"raven-post-image-overlay\"><\/span><\/a>\t\t<\/div>\n\t\t\t\t\t\t<div class=\"raven-post-content\">\n\t\t\t\t\t<h3 class=\"raven-post-title\"><a class=\"raven-post-title-link\" href=\"https:\/\/phsg-jahresbericht.ch\/2023\/ueber-uns\/\">\u00dcber uns<\/a><\/h3>\t\t\t\t<\/div>\n\t\t\t<\/div>\n\t\t<\/div>\n\t\t\t\t<div class=\"raven-grid-item raven-post-item post-762 page type-page status-publish has-post-thumbnail hentry\">\n\t\t\t<div class=\"raven-post elementor-animation-grow\">\n\t\t\t\t\t\t<div class=\"raven-post-image-wrap\">\n\t\t\t<a class=\"raven-post-image raven-image-fit\" href=\"https:\/\/phsg-jahresbericht.ch\/2023\/organisation\/institute\/\"><img loading=\"lazy\" decoding=\"async\" width=\"1200\" height=\"630\" src=\"https:\/\/phsg-jahresbericht.ch\/2023\/wp-content\/uploads\/sites\/4\/Internationale-Vernetzung-PHSG-Jahresbericht.jpg\" class=\"attachment-large size-large wp-image-2125\" alt=\"\" srcset=\"https:\/\/phsg-jahresbericht.ch\/2023\/wp-content\/uploads\/sites\/4\/Internationale-Vernetzung-PHSG-Jahresbericht.jpg 1200w, https:\/\/phsg-jahresbericht.ch\/2023\/wp-content\/uploads\/sites\/4\/Internationale-Vernetzung-PHSG-Jahresbericht-768x403.jpg 768w\" sizes=\"(max-width: 1200px) 100vw, 1200px\" \/> <span class=\"raven-post-image-overlay\"><\/span><\/a>\t\t<\/div>\n\t\t\t\t\t\t<div class=\"raven-post-content\">\n\t\t\t\t\t<h3 class=\"raven-post-title\"><a class=\"raven-post-title-link\" href=\"https:\/\/phsg-jahresbericht.ch\/2023\/organisation\/institute\/\">Institute<\/a><\/h3>\t\t\t\t<\/div>\n\t\t\t<\/div>\n\t\t<\/div>\n\t\t\t\t<div class=\"raven-grid-item raven-post-item post-3793 page type-page status-publish has-post-thumbnail hentry\">\n\t\t\t<div class=\"raven-post elementor-animation-grow\">\n\t\t\t\t\t\t<div class=\"raven-post-image-wrap\">\n\t\t\t<a class=\"raven-post-image raven-image-fit\" href=\"https:\/\/phsg-jahresbericht.ch\/2023\/geschaeftsjahr-2023\/chronik\/\"><img loading=\"lazy\" decoding=\"async\" width=\"1200\" height=\"830\" src=\"https:\/\/phsg-jahresbericht.ch\/2023\/wp-content\/uploads\/sites\/4\/phsg-jahresbericht-2022-chronik-beitragsbild.jpg\" class=\"attachment-large size-large wp-image-3635\" alt=\"\" srcset=\"https:\/\/phsg-jahresbericht.ch\/2023\/wp-content\/uploads\/sites\/4\/phsg-jahresbericht-2022-chronik-beitragsbild.jpg 1200w, https:\/\/phsg-jahresbericht.ch\/2023\/wp-content\/uploads\/sites\/4\/phsg-jahresbericht-2022-chronik-beitragsbild-768x531.jpg 768w\" sizes=\"(max-width: 1200px) 100vw, 1200px\" \/> <span class=\"raven-post-image-overlay\"><\/span><\/a>\t\t<\/div>\n\t\t\t\t\t\t<div class=\"raven-post-content\">\n\t\t\t\t\t<h3 class=\"raven-post-title\"><a class=\"raven-post-title-link\" href=\"https:\/\/phsg-jahresbericht.ch\/2023\/geschaeftsjahr-2023\/chronik\/\">Chronik<\/a><\/h3>\t\t\t\t<\/div>\n\t\t\t<\/div>\n\t\t<\/div>\n\t\t\t\t<\/div>\n\t\t\t\t\t\t<\/div>\n\t\t\t\t<\/div>\n\t\t\t\t<div class=\"elementor-element elementor-element-bfba9f4 elementor-hidden-desktop elementor-hidden-mobile elementor-widget elementor-widget-raven-posts\" data-id=\"bfba9f4\" data-element_type=\"widget\" data-settings=\"{&quot;classic_columns&quot;:&quot;4&quot;,&quot;query_posts_per_page&quot;:3,&quot;classic_columns_tablet&quot;:&quot;3&quot;,&quot;_skin&quot;:&quot;classic&quot;,&quot;classic_layout&quot;:&quot;grid&quot;,&quot;classic_columns_mobile&quot;:&quot;1&quot;,&quot;query_offset&quot;:0}\" data-widget_type=\"raven-posts.classic\">\n\t\t\t\t<div class=\"elementor-widget-container\">\n\t\t\t\t\t\t\t<div class=\"raven-posts raven-grid raven-grid-4 raven-grid-mobile-1 raven-grid-tablet-3\" data-post-id=\"725\" data-archive-query=\"\" data-lang=\"\">\n\t\t\t\t<div class=\"raven-grid-item raven-post-item post-3787 page type-page status-publish has-post-thumbnail hentry\">\n\t\t\t<div class=\"raven-post elementor-animation-grow\">\n\t\t\t\t\t\t<div class=\"raven-post-image-wrap\">\n\t\t\t<a class=\"raven-post-image raven-image-fit\" href=\"https:\/\/phsg-jahresbericht.ch\/2023\/geschaeftsjahr-2023\/fokus\/\"><img loading=\"lazy\" decoding=\"async\" width=\"2560\" height=\"1116\" src=\"https:\/\/phsg-jahresbericht.ch\/2023\/wp-content\/uploads\/sites\/4\/phsg-jahresbericht-2023-fokus-hochschultag-kindergarten.jpg\" class=\"attachment-large size-large wp-image-3817\" alt=\"\" srcset=\"https:\/\/phsg-jahresbericht.ch\/2023\/wp-content\/uploads\/sites\/4\/phsg-jahresbericht-2023-fokus-hochschultag-kindergarten.jpg 2560w, https:\/\/phsg-jahresbericht.ch\/2023\/wp-content\/uploads\/sites\/4\/phsg-jahresbericht-2023-fokus-hochschultag-kindergarten-768x335.jpg 768w, https:\/\/phsg-jahresbericht.ch\/2023\/wp-content\/uploads\/sites\/4\/phsg-jahresbericht-2023-fokus-hochschultag-kindergarten-1536x670.jpg 1536w, https:\/\/phsg-jahresbericht.ch\/2023\/wp-content\/uploads\/sites\/4\/phsg-jahresbericht-2023-fokus-hochschultag-kindergarten-2048x893.jpg 2048w\" sizes=\"(max-width: 2560px) 100vw, 2560px\" \/> <span class=\"raven-post-image-overlay\"><\/span><\/a>\t\t<\/div>\n\t\t\t\t\t\t<div class=\"raven-post-content\">\n\t\t\t\t\t<h3 class=\"raven-post-title\"><a class=\"raven-post-title-link\" href=\"https:\/\/phsg-jahresbericht.ch\/2023\/geschaeftsjahr-2023\/fokus\/\">Fokus<\/a><\/h3>\t\t\t\t<\/div>\n\t\t\t<\/div>\n\t\t<\/div>\n\t\t\t\t<div class=\"raven-grid-item raven-post-item post-1138 page type-page status-publish has-post-thumbnail hentry\">\n\t\t\t<div class=\"raven-post elementor-animation-grow\">\n\t\t\t\t\t\t<div class=\"raven-post-image-wrap\">\n\t\t\t<a class=\"raven-post-image raven-image-fit\" href=\"https:\/\/phsg-jahresbericht.ch\/2023\/ueber-uns\/wissenschaftlicher-beirat\/\"><img loading=\"lazy\" decoding=\"async\" width=\"1200\" height=\"630\" src=\"https:\/\/phsg-jahresbericht.ch\/2023\/wp-content\/uploads\/sites\/4\/Wissenschaftlicher-Beirat-PHSG-Jahresbericht.jpg\" class=\"attachment-large size-large wp-image-1490\" alt=\"\" srcset=\"https:\/\/phsg-jahresbericht.ch\/2023\/wp-content\/uploads\/sites\/4\/Wissenschaftlicher-Beirat-PHSG-Jahresbericht.jpg 1200w, https:\/\/phsg-jahresbericht.ch\/2023\/wp-content\/uploads\/sites\/4\/Wissenschaftlicher-Beirat-PHSG-Jahresbericht-768x403.jpg 768w\" sizes=\"(max-width: 1200px) 100vw, 1200px\" \/> <span class=\"raven-post-image-overlay\"><\/span><\/a>\t\t<\/div>\n\t\t\t\t\t\t<div class=\"raven-post-content\">\n\t\t\t\t\t<h3 class=\"raven-post-title\"><a class=\"raven-post-title-link\" href=\"https:\/\/phsg-jahresbericht.ch\/2023\/ueber-uns\/wissenschaftlicher-beirat\/\">Wissenschaftlicher Beirat<\/a><\/h3>\t\t\t\t<\/div>\n\t\t\t<\/div>\n\t\t<\/div>\n\t\t\t\t<div class=\"raven-grid-item raven-post-item post-1356 page type-page status-publish has-post-thumbnail hentry\">\n\t\t\t<div class=\"raven-post elementor-animation-grow\">\n\t\t\t\t\t\t<div class=\"raven-post-image-wrap\">\n\t\t\t<a class=\"raven-post-image raven-image-fit\" href=\"https:\/\/phsg-jahresbericht.ch\/2023\/ueber-uns\/\"><img decoding=\"async\" width=\"1200\" height=\"811\" src=\"https:\/\/phsg-jahresbericht.ch\/2023\/wp-content\/uploads\/sites\/4\/phsg-jahresbericht-2022-ueber-uns-beitragsbild.jpg\" class=\"attachment-large size-large wp-image-3538\" alt=\"\" srcset=\"https:\/\/phsg-jahresbericht.ch\/2023\/wp-content\/uploads\/sites\/4\/phsg-jahresbericht-2022-ueber-uns-beitragsbild.jpg 1200w, https:\/\/phsg-jahresbericht.ch\/2023\/wp-content\/uploads\/sites\/4\/phsg-jahresbericht-2022-ueber-uns-beitragsbild-768x519.jpg 768w\" sizes=\"(max-width: 1200px) 100vw, 1200px\" \/> <span class=\"raven-post-image-overlay\"><\/span><\/a>\t\t<\/div>\n\t\t\t\t\t\t<div class=\"raven-post-content\">\n\t\t\t\t\t<h3 class=\"raven-post-title\"><a class=\"raven-post-title-link\" href=\"https:\/\/phsg-jahresbericht.ch\/2023\/ueber-uns\/\">\u00dcber uns<\/a><\/h3>\t\t\t\t<\/div>\n\t\t\t<\/div>\n\t\t<\/div>\n\t\t\t\t<\/div>\n\t\t\t\t\t\t<\/div>\n\t\t\t\t<\/div>\n\t\t\t\t<\/div>\n\t\t\t\t\t<\/div>\n\t\t\t\t<\/div>\n\t\t\t\t<\/div>\n\t\t\t\t<\/div>\n\t\t\t\t\t\t<\/div>\n\t\t\t\t<\/div>\n\t\t\t\t<\/div>\n\t\t\t\t\t<\/div>\n\t\t\t\t<\/div>\n\t\t\t\t<\/div>\n\t\t","protected":false},"excerpt":{"rendered":"<p>Leistungsbereiche Die PHSG verfolgt das Ziel, die wichtigste Weiterbildungspartnerin f\u00fcr Lehrpersonen im Kanton St.Gallen zu sein. Unser Weiterbildungsangebot entwickelt sich st\u00e4ndig weiter und deckt ein breites Spektrum ab, vom Umgang mit Mehrsprachigkeit in Kitas bis hin zum Bau vom Kommunikationsger\u00e4ten. Im Folgenden finden Sie eine \u00dcbersicht. Weiterbildungsplattform \u00abaprendo \u2013 digitale Kompetenz\u00bb Die Weiterbildungsplattform \u00abaprendo \u2013 [&hellip;]<\/p>\n","protected":false},"author":1,"featured_media":3944,"parent":1261,"menu_order":0,"comment_status":"closed","ping_status":"closed","template":"elementor_header_footer","meta":{"_acf_changed":false,"footnotes":""},"class_list":["post-622","page","type-page","status-publish","has-post-thumbnail","hentry"],"acf":[],"_links":{"self":[{"href":"https:\/\/phsg-jahresbericht.ch\/2023\/wp-json\/wp\/v2\/pages\/622","targetHints":{"allow":["GET"]}}],"collection":[{"href":"https:\/\/phsg-jahresbericht.ch\/2023\/wp-json\/wp\/v2\/pages"}],"about":[{"href":"https:\/\/phsg-jahresbericht.ch\/2023\/wp-json\/wp\/v2\/types\/page"}],"author":[{"embeddable":true,"href":"https:\/\/phsg-jahresbericht.ch\/2023\/wp-json\/wp\/v2\/users\/1"}],"replies":[{"embeddable":true,"href":"https:\/\/phsg-jahresbericht.ch\/2023\/wp-json\/wp\/v2\/comments?post=622"}],"version-history":[{"count":99,"href":"https:\/\/phsg-jahresbericht.ch\/2023\/wp-json\/wp\/v2\/pages\/622\/revisions"}],"predecessor-version":[{"id":5506,"href":"https:\/\/phsg-jahresbericht.ch\/2023\/wp-json\/wp\/v2\/pages\/622\/revisions\/5506"}],"up":[{"embeddable":true,"href":"https:\/\/phsg-jahresbericht.ch\/2023\/wp-json\/wp\/v2\/pages\/1261"}],"wp:featuredmedia":[{"embeddable":true,"href":"https:\/\/phsg-jahresbericht.ch\/2023\/wp-json\/wp\/v2\/media\/3944"}],"wp:attachment":[{"href":"https:\/\/phsg-jahresbericht.ch\/2023\/wp-json\/wp\/v2\/media?parent=622"}],"curies":[{"name":"wp","href":"https:\/\/api.w.org\/{rel}","templated":true}]}}