{"id":3809,"date":"2024-03-14T09:00:26","date_gmt":"2024-03-14T08:00:26","guid":{"rendered":"https:\/\/phsg-jahresbericht.ch\/2023\/?page_id=3809"},"modified":"2024-05-06T09:50:42","modified_gmt":"2024-05-06T07:50:42","slug":"dienstleistung","status":"publish","type":"page","link":"https:\/\/phsg-jahresbericht.ch\/2023\/leistungsbereiche\/dienstleistung\/","title":{"rendered":"Dienstleistung"},"content":{"rendered":"\t\t<div data-elementor-type=\"wp-page\" data-elementor-id=\"3809\" class=\"elementor elementor-3809\" data-elementor-post-type=\"page\">\n\t\t\t\t<div class=\"elementor-element elementor-element-2b31102 e-flex e-con-boxed e-con e-parent\" data-id=\"2b31102\" data-element_type=\"container\" data-settings=\"{&quot;jet_parallax_layout_list&quot;:[]}\">\n\t\t\t\t\t<div class=\"e-con-inner\">\n\t\t<div class=\"elementor-element elementor-element-e6841f0 e-con-full e-flex e-con e-child\" data-id=\"e6841f0\" data-element_type=\"container\" data-settings=\"{&quot;jet_parallax_layout_list&quot;:[]}\">\n\t\t\t\t<div class=\"elementor-element elementor-element-7253e57 elementor-widget elementor-widget-heading\" data-id=\"7253e57\" data-element_type=\"widget\" id=\"subtitle-underline\" data-widget_type=\"heading.default\">\n\t\t\t\t<div class=\"elementor-widget-container\">\n\t\t\t\t\t<h3 class=\"elementor-heading-title elementor-size-default\">Leistungsbereiche<\/h3>\t\t\t\t<\/div>\n\t\t\t\t<\/div>\n\t\t\t\t<div class=\"elementor-element elementor-element-f933de8 elementor-widget elementor-widget-heading\" data-id=\"f933de8\" data-element_type=\"widget\" data-widget_type=\"heading.default\">\n\t\t\t\t<div class=\"elementor-widget-container\">\n\t\t\t\t\t<h3 class=\"elementor-heading-title elementor-size-default\">Die PHSG unterst\u00fctzt Schulen und Lehrpersonen mit vielf\u00e4ltigen Dienstleistungen im Schulalltag. Hier finden Sie eine Auswahl von Angeboten, die im Jahr 2023 nachgefragt oder weiterentwickelt wurden.<\/h3>\t\t\t\t<\/div>\n\t\t\t\t<\/div>\n\t\t\t\t<\/div>\n\t\t\t\t\t<\/div>\n\t\t\t\t<\/div>\n\t\t<div class=\"elementor-element elementor-element-43eaefa e-con-full e-flex e-con e-parent\" data-id=\"43eaefa\" data-element_type=\"container\" data-settings=\"{&quot;jet_parallax_layout_list&quot;:[],&quot;background_background&quot;:&quot;classic&quot;}\">\n\t\t\t\t<\/div>\n\t\t<div class=\"elementor-element elementor-element-0e19485 e-flex e-con-boxed e-con e-parent\" data-id=\"0e19485\" data-element_type=\"container\" data-settings=\"{&quot;jet_parallax_layout_list&quot;:[]}\">\n\t\t\t\t\t<div class=\"e-con-inner\">\n\t\t<div class=\"elementor-element elementor-element-e130572 e-con-full e-flex e-con e-child\" data-id=\"e130572\" data-element_type=\"container\" data-settings=\"{&quot;jet_parallax_layout_list&quot;:[]}\">\n\t\t\t\t<div class=\"elementor-element elementor-element-2835858 elementor-widget elementor-widget-heading\" data-id=\"2835858\" data-element_type=\"widget\" data-widget_type=\"heading.default\">\n\t\t\t\t<div class=\"elementor-widget-container\">\n\t\t\t\t\t<h2 class=\"elementor-heading-title elementor-size-default\">Berufsbildung as a Service<\/h2>\t\t\t\t<\/div>\n\t\t\t\t<\/div>\n\t\t\t\t<div class=\"elementor-element elementor-element-942edcb elementor-widget elementor-widget-text-editor\" data-id=\"942edcb\" data-element_type=\"widget\" data-widget_type=\"text-editor.default\">\n\t\t\t\t<div class=\"elementor-widget-container\">\n\t\t\t\t\t\t\t\t\t<p>Die Berufsbildung ist f\u00fcr KMU zentral. Weil jedoch die professionelle Begleitung ihrer Berufsbildungsverantwortlichen f\u00fcr KMU einen hohen Aufwand bedeutet, bietet das Institut Berufsbildung der PHSG mit \u00abBerufsbildung as a Service\u00bb fachliche und organisatorische Unterst\u00fctzung an. Dieses Angebot wird im Markt bereits genutzt. So wurden im Berichtsjahr beispielsweise f\u00fcr die Geoinfo AG Weiterbildungen f\u00fcr die Berufsbildenden und ein Teamanlass f\u00fcr Lernende aus den Berufen \u00abInformatiker:in EFZ\u00bb, \u00abGeomatiker:in EFZ\u00bb, \u00abGeoinformatiker:in EFZ\u00bb und \u00abKaufmann\/-frau EFZ\u00bb durchgef\u00fchrt.<\/p><p><a href=\"https:\/\/www.phsg.ch\/de\/weiterbildung\/gesamtuebersicht\/berufsbildung-service\" target=\"_blank\" rel=\"noopener\"><span style=\"color: #fb7d19;\">Mehr erfahren<\/span><\/a><\/p>\t\t\t\t\t\t\t\t<\/div>\n\t\t\t\t<\/div>\n\t\t\t\t<div class=\"elementor-element elementor-element-83ff9c7 elementor-widget elementor-widget-heading\" data-id=\"83ff9c7\" data-element_type=\"widget\" data-widget_type=\"heading.default\">\n\t\t\t\t<div class=\"elementor-widget-container\">\n\t\t\t\t\t<h2 class=\"elementor-heading-title elementor-size-default\">Neukonzeption Lehr&shy;mittel \u00abSt.Gallerland\u00bb<\/h2>\t\t\t\t<\/div>\n\t\t\t\t<\/div>\n\t\t\t\t<div class=\"elementor-element elementor-element-12c3ca0 elementor-widget elementor-widget-text-editor\" data-id=\"12c3ca0\" data-element_type=\"widget\" data-widget_type=\"text-editor.default\">\n\t\t\t\t<div class=\"elementor-widget-container\">\n\t\t\t\t\t\t\t\t\t<p>Im Auftrag des Lehrmittelverlages St.Gallen arbeitete die P\u00e4dagogische Hochschule an der Neukonzeption des Heimatkunde-Lehrmittels \u00abSt.Gallerland\u00bb mit. Mitarbeitende im Fachbereich R\u00e4ume, Zeiten, Gesellschaften im Institut f\u00fcr Gesellschaftswissenschaftliche Bildung verantworteten die fachdidaktische Konzeption und \u00fcbernahmen die Autorenschaft. In der Neubearbeitung des Lehrmittels, das aus sieben einzelnen Arbeitsheften besteht, werden Ans\u00e4tze aus der Geschichts- und Geographiedidaktik angewendet. Augmented Reality und multimediale Inhalte begleiten die offen gehaltenen Aufgabenstellungen, die konsequent auf die gesellschaftswissenschaftlichen Kompetenzen von Natur, Mensch, Gesellschaft (NMG) im Lehrplan 21 ausgerichtet sind.<\/p><p><a href=\"https:\/\/www.lehrmittelverlag.ch\/cms\/verlag\/verlagsprogramm\/das-neue-st-gallerland\/\" target=\"_blank\" rel=\"noopener\"><span style=\"color: #fb7d19;\">Mehr erfahren<\/span><\/a><\/p>\t\t\t\t\t\t\t\t<\/div>\n\t\t\t\t<\/div>\n\t\t\t\t<div class=\"elementor-element elementor-element-9e26c61 elementor-widget elementor-widget-video\" data-id=\"9e26c61\" data-element_type=\"widget\" data-settings=\"{&quot;youtube_url&quot;:&quot;https:\\\/\\\/youtu.be\\\/Ei0Ru-fkA44?si=gVjZEauI8_qojnhD&quot;,&quot;video_type&quot;:&quot;youtube&quot;,&quot;controls&quot;:&quot;yes&quot;}\" data-widget_type=\"video.default\">\n\t\t\t\t<div class=\"elementor-widget-container\">\n\t\t\t\t\t\t\t<div class=\"elementor-wrapper elementor-open-inline\">\n\t\t\t<div class=\"elementor-video\"><\/div>\t\t<\/div>\n\t\t\t\t\t\t<\/div>\n\t\t\t\t<\/div>\n\t\t\t\t<div class=\"elementor-element elementor-element-115f1b3 elementor-widget elementor-widget-heading\" data-id=\"115f1b3\" data-element_type=\"widget\" data-widget_type=\"heading.default\">\n\t\t\t\t<div class=\"elementor-widget-container\">\n\t\t\t\t\t<h2 class=\"elementor-heading-title elementor-size-default\">zITBOx neues Teilprojekt der IT-Bildungsoffensive<\/h2>\t\t\t\t<\/div>\n\t\t\t\t<\/div>\n\t\t\t\t<div class=\"elementor-element elementor-element-0cc7170 elementor-widget elementor-widget-text-editor\" data-id=\"0cc7170\" data-element_type=\"widget\" data-widget_type=\"text-editor.default\">\n\t\t\t\t<div class=\"elementor-widget-container\">\n\t\t\t\t\t\t\t\t\t<p>Das Bildungsdepartement des Kantons St.Gallen hat 2023 die von der PHSG entwickelte zITBOx auf die Stufe eines zus\u00e4tzlichen Teilprojekts der IT-Bildungsoffensive (ITBO) gehoben. Neu richtet sich die Plattform an Schulleitungen und Lehrpersonen der Volksschule, der Mittelschulen und der Berufsfachschulen im Kanton St.Gallen. Die zITBOx stellt Erkenntnisse und Produkte aus der ITBO bereit. Mitwirkende Schulen zeigen auf, welche Erfahrungen sie in der digitalen Transformation im Schullalltag machen. Alle Schulen haben Zugriff auf Berichte, Materialien oder Medienkonzepte, die sich in der Praxis einsetzen lassen. Der Community-Bereich der zITBOx verzeichnete Ende 2023 gegen 8\u2019000 Mitglieder.<\/p><p><a href=\"https:\/\/www.zitbox.ch\" target=\"_blank\" rel=\"noopener\"><span style=\"color: #fb7d19;\">zitbox.ch<\/span><\/a><\/p>\t\t\t\t\t\t\t\t<\/div>\n\t\t\t\t<\/div>\n\t\t\t\t<div class=\"elementor-element elementor-element-0324c03 elementor-widget elementor-widget-heading\" data-id=\"0324c03\" data-element_type=\"widget\" data-widget_type=\"heading.default\">\n\t\t\t\t<div class=\"elementor-widget-container\">\n\t\t\t\t\t<h2 class=\"elementor-heading-title elementor-size-default\">Kantonales Konzept Fr\u00fche Kindheit<\/h2>\t\t\t\t<\/div>\n\t\t\t\t<\/div>\n\t\t\t\t<div class=\"elementor-element elementor-element-a76cf55 elementor-widget elementor-widget-text-editor\" data-id=\"a76cf55\" data-element_type=\"widget\" data-widget_type=\"text-editor.default\">\n\t\t\t\t<div class=\"elementor-widget-container\">\n\t\t\t\t\t\t\t\t\t<p>Im Auftrag des Kantons Appenzell Innerrhoden wurde eine Fach- und Prozessberatung \u00fcber alle Bereiche hinweg und im engen Kontakt mit den Beteiligten durchgef\u00fchrt. Zwei Expertinnen des Instituts Fr\u00fche Bildung 0 bis 8 der PHSG brachten fachliche Inputs ein und unterst\u00fctzten die Spurgruppe bei der Erarbeitung der Ist-Analyse, beim Einbezug der Akteurinnen und Akteure und bei der Definition zentraler Handlungsfelder, Ziele und Massnahmen. Die Akteurinnen und Akteure der fr\u00fchen Kindheit aus Bildung, Beratung, Betreuung und Begegnung im Kanton Appenzell Innerrhoden wurden zu zwei Vernetzungsanl\u00e4ssen eingeladen. Dabei formulierten die rund 50 Teilnehmenden den Bedarf von Familien mit kleinen Kindern und sammelten vielf\u00e4ltige L\u00f6sungsans\u00e4tze. Diese wurden im Bericht strukturiert und verdichtet dargestellt.<\/p>\t\t\t\t\t\t\t\t<\/div>\n\t\t\t\t<\/div>\n\t\t\t\t<div class=\"elementor-element elementor-element-da4bc6f elementor-widget elementor-widget-heading\" data-id=\"da4bc6f\" data-element_type=\"widget\" data-widget_type=\"heading.default\">\n\t\t\t\t<div class=\"elementor-widget-container\">\n\t\t\t\t\t<h2 class=\"elementor-heading-title elementor-size-default\">mobiLLab \u2013 das Hightech-Labor f\u00fcr die Sekundarstufe I<\/h2>\t\t\t\t<\/div>\n\t\t\t\t<\/div>\n\t\t\t\t<div class=\"elementor-element elementor-element-9497b3d elementor-widget elementor-widget-text-editor\" data-id=\"9497b3d\" data-element_type=\"widget\" data-widget_type=\"text-editor.default\">\n\t\t\t\t<div class=\"elementor-widget-container\">\n\t\t\t\t\t\t\t\t\t<p>Das mobiLLab besucht seit 16 Jahren Oberstufenzentren in der Ostschweiz. 2023 wurde das Angebot erweitert: Neu k\u00f6nnen Lehrpersonen das mobiLLab mit ihrer Klasse auch im MINT-Zentrum des Hochschulgeb\u00e4udes Hadwig besuchen.<\/p>\t\t\t\t\t\t\t\t<\/div>\n\t\t\t\t<\/div>\n\t\t\t\t<div class=\"elementor-element elementor-element-6ff1224 elementor-widget elementor-widget-image\" data-id=\"6ff1224\" data-element_type=\"widget\" data-widget_type=\"image.default\">\n\t\t\t\t<div class=\"elementor-widget-container\">\n\t\t\t\t\t\t\t\t\t\t\t\t\t\t\t<img fetchpriority=\"high\" decoding=\"async\" width=\"1386\" height=\"941\" src=\"https:\/\/phsg-jahresbericht.ch\/2023\/wp-content\/uploads\/sites\/4\/phsg-jahresbericht-2023-dienstleistung-mobillab.jpg\" class=\"attachment-large size-large wp-image-3970\" alt=\"\" srcset=\"https:\/\/phsg-jahresbericht.ch\/2023\/wp-content\/uploads\/sites\/4\/phsg-jahresbericht-2023-dienstleistung-mobillab.jpg 1386w, https:\/\/phsg-jahresbericht.ch\/2023\/wp-content\/uploads\/sites\/4\/phsg-jahresbericht-2023-dienstleistung-mobillab-768x521.jpg 768w\" sizes=\"(max-width: 1386px) 100vw, 1386px\" \/>\t\t\t\t\t\t\t\t\t\t\t\t\t\t\t<\/div>\n\t\t\t\t<\/div>\n\t\t\t\t<div class=\"elementor-element elementor-element-8b0c88e elementor-widget elementor-widget-text-editor\" data-id=\"8b0c88e\" data-element_type=\"widget\" data-widget_type=\"text-editor.default\">\n\t\t\t\t<div class=\"elementor-widget-container\">\n\t\t\t\t\t\t\t\t\t<p>Das mobiLLab soll bei den Jugendlichen das Interesse an Naturwissenschaften und Technik f\u00f6rdern. Mit modernen Instrumenten und Methoden untersuchen sie an zw\u00f6lf\u00a0Stationen alltagsnahe Fragestellungen und erhalten so einen Einblick in die aktuelle Forschungs-, Industrie- und Arbeitswelt. Die Jugendlichen werden bei ihrer Arbeit mit den Hightech-Ger\u00e4ten von Studierenden der PHSG unterst\u00fctzt, die im Technik-Modul daf\u00fcr ausgebildet werden. Zur Vorbereitung steht umfangreiches multimediales Unterrichtsmaterial zur Verf\u00fcgung.<\/p><p>Das Projekt mobiLLab ist aus einer Zusammenarbeit der PHSG mit der Metrohm Stiftung entstanden und seit 2008 laufend weiterentwickelt worden. 2023 haben 70 Schulklassen aus der Ostschweiz mit dem mobiLLab gearbeitet.<\/p><p><a href=\"https:\/\/www.mobillab.ch\" target=\"_blank\" rel=\"noopener\"><span style=\"color: #fb7d19;\">mobillab.ch<\/span><\/a><\/p>\t\t\t\t\t\t\t\t<\/div>\n\t\t\t\t<\/div>\n\t\t\t\t<div class=\"elementor-element elementor-element-be2422b elementor-widget elementor-widget-heading\" data-id=\"be2422b\" data-element_type=\"widget\" data-widget_type=\"heading.default\">\n\t\t\t\t<div class=\"elementor-widget-container\">\n\t\t\t\t\t<h2 class=\"elementor-heading-title elementor-size-default\">Gutachten Familien- und Begegnungs&shy;zentrum<\/h2>\t\t\t\t<\/div>\n\t\t\t\t<\/div>\n\t\t\t\t<div class=\"elementor-element elementor-element-f6db118 elementor-widget elementor-widget-text-editor\" data-id=\"f6db118\" data-element_type=\"widget\" data-widget_type=\"text-editor.default\">\n\t\t\t\t<div class=\"elementor-widget-container\">\n\t\t\t\t\t\t\t\t\t<p>Das Institut Fr\u00fche Bildung 0 bis 8 der PHSG unterst\u00fctzt Gemeinden und Tr\u00e4gerorganisationen beim Aufbau und bei der Weiterentwicklung von Familienzentren. Neu bietet es mit finanzieller Unterst\u00fctzung des Kantons St.Gallen eine Evaluation oder ein Gutachten an. Das Familien- und Begegnungszentrum Altst\u00e4tten beauftragte das Institut Fr\u00fche Bildung 0 bis 8 im Jahr 2023 zu untersuchen, ob die intendierten Ziele nach der zweij\u00e4hrigen Aufbauphase erreicht worden sind und wo Weiterentwicklungsbedarf besteht.<\/p><p><a href=\"https:\/\/www.phsg.ch\/de\/forschung-entwicklung\/projekte\/gutachten-familien-und-begegnungszentrum-altstaetten\" target=\"_blank\" rel=\"noopener\"><span style=\"color: #fb7d19;\">Zum Projekt<\/span><\/a><\/p>\t\t\t\t\t\t\t\t<\/div>\n\t\t\t\t<\/div>\n\t\t\t\t<div class=\"elementor-element elementor-element-74ad327 elementor-widget elementor-widget-heading\" data-id=\"74ad327\" data-element_type=\"widget\" data-widget_type=\"heading.default\">\n\t\t\t\t<div class=\"elementor-widget-container\">\n\t\t\t\t\t<h2 class=\"elementor-heading-title elementor-size-default\">Weiterentwicklung Lernf\u00f6rdersysteme<\/h2>\t\t\t\t<\/div>\n\t\t\t\t<\/div>\n\t\t\t\t<div class=\"elementor-element elementor-element-d2bbf6a elementor-widget elementor-widget-text-editor\" data-id=\"d2bbf6a\" data-element_type=\"widget\" data-widget_type=\"text-editor.default\">\n\t\t\t\t<div class=\"elementor-widget-container\">\n\t\t\t\t\t\t\t\t\t<p>Die Lernf\u00f6rdersysteme \u00abLernlupe\u00bb und \u00abLernpass plus\u00bb sind Kooperationsprodukte der Lehrmittelverlage St.Gallen und Z\u00fcrich. Seit August 2021 besteht eine Kooperationsvereinbarung zwischen der Verlagsgemeinschaft, dem Amt f\u00fcr Volksschule St.Gallen und der PHSG, um das Know-how der PHSG in diese Lernf\u00f6rdersysteme einfliessen zu lassen. Ein Teil des Beitrags der PHSG besteht in der Aktualisierung und im Ausbau der bestehenden Aufgabenpools. Nach einer fachdidaktischen und psychometrischen Evaluation der Aufgabenpools wurden seit Mitte 2021 rund 4\u2019000 Aufgaben aktualisiert und \u00fcberarbeitet, und es wurden insgesamt \u00fcber 4\u2019000 neue Aufgaben entwickelt.<\/p><p><a href=\"https:\/\/www.lernfoerdersysteme.ch\/\" target=\"_blank\" rel=\"noopener\"><span style=\"color: #fb7d19;\">Zu den Lernf\u00f6rdersystemen<\/span><\/a><\/p>\t\t\t\t\t\t\t\t<\/div>\n\t\t\t\t<\/div>\n\t\t\t\t<div class=\"elementor-element elementor-element-5c2861f elementor-widget elementor-widget-heading\" data-id=\"5c2861f\" data-element_type=\"widget\" data-widget_type=\"heading.default\">\n\t\t\t\t<div class=\"elementor-widget-container\">\n\t\t\t\t\t<h2 class=\"elementor-heading-title elementor-size-default\">Modell&shy;schulen erproben Unterrichts&shy;szenarien<\/h2>\t\t\t\t<\/div>\n\t\t\t\t<\/div>\n\t\t\t\t<div class=\"elementor-element elementor-element-c1ffbc9 elementor-widget elementor-widget-text-editor\" data-id=\"c1ffbc9\" data-element_type=\"widget\" data-widget_type=\"text-editor.default\">\n\t\t\t\t<div class=\"elementor-widget-container\">\n\t\t\t\t\t\t\t\t\t<p>Im Rahmen der IT-Bildungsoffensive begleitet das Kompetenzzentrum Digitalisierung und Bildung neun Modellschulen, die sich mit verschiedenen Unterrichtsszenarien besch\u00e4ftigen. Seit Sommer 2023 werden alle neun Modellschulen parallel begleitet. W\u00e4hrend aus den Szenarien Blended Learning und One-to-One-Computing bereits erste generalisierte Produkte entstanden sind, sind die Modellschulen aus dem Szenario Adaptives Lernen in der Erprobungsphase. Das letzte Szenario Makerorientiertes Lernen hat im Sommer 2023 gestartet.<\/p>\t\t\t\t\t\t\t\t<\/div>\n\t\t\t\t<\/div>\n\t\t\t\t<div class=\"elementor-element elementor-element-ed6e12e elementor-widget elementor-widget-heading\" data-id=\"ed6e12e\" data-element_type=\"widget\" data-widget_type=\"heading.default\">\n\t\t\t\t<div class=\"elementor-widget-container\">\n\t\t\t\t\t<h2 class=\"elementor-heading-title elementor-size-default\">Netzwerktreffen zu adaptivem Lernen<\/h2>\t\t\t\t<\/div>\n\t\t\t\t<\/div>\n\t\t\t\t<div class=\"elementor-element elementor-element-63c5949 elementor-widget elementor-widget-text-editor\" data-id=\"63c5949\" data-element_type=\"widget\" data-widget_type=\"text-editor.default\">\n\t\t\t\t<div class=\"elementor-widget-container\">\n\t\t\t\t\t\t\t\t\t<p>Am 16. November 2023 hat an der P\u00e4dagogischen Hochschule St.Gallen das Netzwerktreffen zum Thema \u00abAdaptives Lernen \u2013 Wie K\u00fcnstliche Intelligenz die Schule ver\u00e4ndert\u00bb stattgefunden. Rund 140 Schulleitende, ICT-Verantwortliche, Medienp\u00e4dagoginnen und Medienp\u00e4dagogen sowie weitere Interessierte aus dem Bildungsbereich nahmen vor Ort teil. Gleichzeitig verfolgten rund 150 weitere Teilnehmende die Referate, die Diskussionsrunde sowie die Workshops online. Weiter f\u00fchrte das Kompetenzzentrum Digitalisierung und Bildung 18 zITBOx-Talks, in denen niederschwellig und praxisnah \u00fcber Entwicklungen aus verschiedenen Themenbereichen berichtet wird, und in Zusammenarbeit mit der Fachhochschule OST ein Moodle-Barcamp durch.<\/p>\t\t\t\t\t\t\t\t<\/div>\n\t\t\t\t<\/div>\n\t\t\t\t<div class=\"elementor-element elementor-element-e602d2d elementor-widget elementor-widget-video\" data-id=\"e602d2d\" data-element_type=\"widget\" data-settings=\"{&quot;youtube_url&quot;:&quot;https:\\\/\\\/www.youtube.com\\\/watch?v=rgnfbcMks1o&quot;,&quot;video_type&quot;:&quot;youtube&quot;,&quot;controls&quot;:&quot;yes&quot;}\" data-widget_type=\"video.default\">\n\t\t\t\t<div class=\"elementor-widget-container\">\n\t\t\t\t\t\t\t<div class=\"elementor-wrapper elementor-open-inline\">\n\t\t\t<div class=\"elementor-video\"><\/div>\t\t<\/div>\n\t\t\t\t\t\t<\/div>\n\t\t\t\t<\/div>\n\t\t\t\t<\/div>\n\t\t\t\t\t<\/div>\n\t\t\t\t<\/div>\n\t\t<div class=\"elementor-element elementor-element-5b42d6e e-flex e-con-boxed e-con e-parent\" data-id=\"5b42d6e\" data-element_type=\"container\" data-settings=\"{&quot;jet_parallax_layout_list&quot;:[],&quot;background_background&quot;:&quot;classic&quot;}\">\n\t\t\t\t\t<div class=\"e-con-inner\">\n\t\t<div class=\"elementor-element elementor-element-a1c0c50 e-con-full e-flex e-con e-child\" data-id=\"a1c0c50\" data-element_type=\"container\" data-settings=\"{&quot;jet_parallax_layout_list&quot;:[]}\">\n\t\t<div class=\"elementor-element elementor-element-e910882 e-con-full e-flex e-con e-child\" data-id=\"e910882\" data-element_type=\"container\" data-settings=\"{&quot;jet_parallax_layout_list&quot;:[]}\">\n\t\t<div class=\"elementor-element elementor-element-4248c61 e-con-full e-flex e-con e-child\" data-id=\"4248c61\" data-element_type=\"container\" data-settings=\"{&quot;background_background&quot;:&quot;classic&quot;,&quot;jet_parallax_layout_list&quot;:[]}\">\n\t\t\t\t<div class=\"elementor-element elementor-element-3fe4292 elementor-widget elementor-widget-heading\" data-id=\"3fe4292\" data-element_type=\"widget\" data-widget_type=\"heading.default\">\n\t\t\t\t<div class=\"elementor-widget-container\">\n\t\t\t\t\t<h2 class=\"elementor-heading-title elementor-size-default\">Bildungs&shy;evaluation<\/h2>\t\t\t\t<\/div>\n\t\t\t\t<\/div>\n\t\t\t\t<div class=\"elementor-element elementor-element-45c7b07 elementor-widget elementor-widget-text-editor\" data-id=\"45c7b07\" data-element_type=\"widget\" data-widget_type=\"text-editor.default\">\n\t\t\t\t<div class=\"elementor-widget-container\">\n\t\t\t\t\t\t\t\t\t<p>Die Expertise im Bereich Bildungsevaluation ist mit der Einf\u00fchrung der neuen Organisationsstruktur vom Institut Bildungsevaluation, Entwicklung und Beratung an das neue Institut Schule und Profession \u00fcbergegangen. Folglich wurden im Leistungsbereich Dienstleistungen vorwiegend Qualit\u00e4tsprozesse an Schulen begleitet. Zum einen wurden am ISP-PHSG verschiedene Projekte evaluiert und externe Schulevaluationen durchgef\u00fchrt, zum anderen wurden Schulen in ihrem Qualit\u00e4tsprozess beraten:<\/p><ul><li>Die <strong>aprendo-Umsetzungsevaluation<\/strong> evaluiert, wie die Weiterbildungsplattform \u00abaprendo \u2013 digitale Kompetenz\u00bb in Volksschule und Mittelschulen verankert ist.<\/li><li>Die <strong>Einf\u00fchrung schulerg\u00e4nzender Tagesstrukturen<\/strong> wurde in der Bedarfskl\u00e4rung und der Konzeptarbeit beraten und begleitet.<\/li><li><strong>Externe Schulevaluationen<\/strong> mit Fokus Unterricht wurden auf verschiedenen Stufen der Volksschule, an einer Mittelschule und an einer Berufsfachschule realisiert.<\/li><li>Eine <strong>Projektevaluation<\/strong> verfolgte das Ziel, Konzept und Umsetzung des altersdurchmischten Lernens an einer Schule zu analysieren und daraus St\u00e4rken und Entwicklungsm\u00f6glichkeiten abzuleiten. Eine zweite Projektevaluation analysierte ein F\u00f6rderkonzept und dessen Umsetzung aus verschiedenen Perspektiven.<\/li><li>Das PH-interne Programm zur <strong>F\u00f6rderung des \u00abDoppelten Kompetenzprofils\u00bb<\/strong> von Berufsbildungsverantwortlichen wurde in Kooperation mit der Eidgen\u00f6ssischen Hochschule f\u00fcr Berufsbildung evaluiert.<\/li><\/ul><p><span style=\"text-decoration: underline;\"><a style=\"color: #ffffff;\" href=\"https:\/\/www.phsg.ch\/de\/institute\/institut-schule-und-profession\/dienstleistung\/schulevaluation\" target=\"_blank\" rel=\"noopener\"><span class=\"s2\">Mehr erfahren<\/span><\/a><\/span><\/p>\t\t\t\t\t\t\t\t<\/div>\n\t\t\t\t<\/div>\n\t\t\t\t<\/div>\n\t\t\t\t<\/div>\n\t\t\t\t<\/div>\n\t\t\t\t\t<\/div>\n\t\t\t\t<\/div>\n\t\t<div class=\"elementor-element elementor-element-e97a172 e-flex e-con-boxed e-con e-parent\" data-id=\"e97a172\" data-element_type=\"container\" data-settings=\"{&quot;jet_parallax_layout_list&quot;:[]}\">\n\t\t\t\t\t<div class=\"e-con-inner\">\n\t\t<div class=\"elementor-element elementor-element-6a982d8 e-con-full e-flex e-con e-child\" data-id=\"6a982d8\" data-element_type=\"container\" data-settings=\"{&quot;jet_parallax_layout_list&quot;:[]}\">\n\t\t\t\t<div class=\"elementor-element elementor-element-3762c16 elementor-widget elementor-widget-template\" data-id=\"3762c16\" data-element_type=\"widget\" data-widget_type=\"template.default\">\n\t\t\t\t<div class=\"elementor-widget-container\">\n\t\t\t\t\t\t\t<div class=\"elementor-template\">\n\t\t\t\t\t<div data-elementor-type=\"section\" data-elementor-id=\"725\" class=\"elementor elementor-725\" data-elementor-post-type=\"elementor_library\">\n\t\t\t<div class=\"elementor-element elementor-element-33977ce e-flex e-con-boxed e-con e-parent\" data-id=\"33977ce\" data-element_type=\"container\" data-settings=\"{&quot;jet_parallax_layout_list&quot;:[]}\">\n\t\t\t\t\t<div class=\"e-con-inner\">\n\t\t<div class=\"elementor-element elementor-element-d3657bc e-con-full e-flex e-con e-child\" data-id=\"d3657bc\" data-element_type=\"container\" data-settings=\"{&quot;jet_parallax_layout_list&quot;:[]}\">\n\t\t\t\t<div class=\"elementor-element elementor-element-c093f84 elementor-widget elementor-widget-spacer\" data-id=\"c093f84\" data-element_type=\"widget\" data-widget_type=\"spacer.default\">\n\t\t\t\t<div class=\"elementor-widget-container\">\n\t\t\t\t\t\t\t<div class=\"elementor-spacer\">\n\t\t\t<div class=\"elementor-spacer-inner\"><\/div>\n\t\t<\/div>\n\t\t\t\t\t\t<\/div>\n\t\t\t\t<\/div>\n\t\t\t\t<div class=\"elementor-element elementor-element-98c0e91 elementor-widget elementor-widget-heading\" data-id=\"98c0e91\" data-element_type=\"widget\" data-widget_type=\"heading.default\">\n\t\t\t\t<div class=\"elementor-widget-container\">\n\t\t\t\t\t<h3 class=\"elementor-heading-title elementor-size-default\">Weitere Themen, die Sie interessieren k\u00f6nnten<\/h3>\t\t\t\t<\/div>\n\t\t\t\t<\/div>\n\t\t\t\t<div class=\"elementor-element elementor-element-7b74da4 elementor-hidden-tablet elementor-widget elementor-widget-raven-posts\" data-id=\"7b74da4\" data-element_type=\"widget\" data-settings=\"{&quot;classic_columns&quot;:&quot;4&quot;,&quot;query_posts_per_page&quot;:4,&quot;_skin&quot;:&quot;classic&quot;,&quot;classic_layout&quot;:&quot;grid&quot;,&quot;classic_columns_tablet&quot;:&quot;2&quot;,&quot;classic_columns_mobile&quot;:&quot;1&quot;,&quot;query_offset&quot;:0}\" data-widget_type=\"raven-posts.classic\">\n\t\t\t\t<div class=\"elementor-widget-container\">\n\t\t\t\t\t\t\t<div class=\"raven-posts raven-grid raven-grid-4 raven-grid-mobile-1 raven-grid-tablet-2\" data-post-id=\"725\" data-archive-query=\"\" data-lang=\"\">\n\t\t\t\t<div class=\"raven-grid-item raven-post-item post-597 page type-page status-publish has-post-thumbnail hentry\">\n\t\t\t<div class=\"raven-post elementor-animation-grow\">\n\t\t\t\t\t\t<div class=\"raven-post-image-wrap\">\n\t\t\t<a class=\"raven-post-image raven-image-fit\" href=\"https:\/\/phsg-jahresbericht.ch\/2023\/leistungsbereiche\/forschung-entwicklung\/\"><img decoding=\"async\" width=\"2560\" height=\"1116\" src=\"https:\/\/phsg-jahresbericht.ch\/2023\/wp-content\/uploads\/sites\/4\/phsg-jahresbericht-2023-forschung-entwicklung-headerbild.jpg\" class=\"attachment-large size-large wp-image-3926\" alt=\"\" srcset=\"https:\/\/phsg-jahresbericht.ch\/2023\/wp-content\/uploads\/sites\/4\/phsg-jahresbericht-2023-forschung-entwicklung-headerbild.jpg 2560w, https:\/\/phsg-jahresbericht.ch\/2023\/wp-content\/uploads\/sites\/4\/phsg-jahresbericht-2023-forschung-entwicklung-headerbild-768x335.jpg 768w, https:\/\/phsg-jahresbericht.ch\/2023\/wp-content\/uploads\/sites\/4\/phsg-jahresbericht-2023-forschung-entwicklung-headerbild-1536x670.jpg 1536w, https:\/\/phsg-jahresbericht.ch\/2023\/wp-content\/uploads\/sites\/4\/phsg-jahresbericht-2023-forschung-entwicklung-headerbild-2048x893.jpg 2048w\" sizes=\"(max-width: 2560px) 100vw, 2560px\" \/> <span class=\"raven-post-image-overlay\"><\/span><\/a>\t\t<\/div>\n\t\t\t\t\t\t<div class=\"raven-post-content\">\n\t\t\t\t\t<h3 class=\"raven-post-title\"><a class=\"raven-post-title-link\" href=\"https:\/\/phsg-jahresbericht.ch\/2023\/leistungsbereiche\/forschung-entwicklung\/\">Forschung &amp; Entwicklung<\/a><\/h3>\t\t\t\t<\/div>\n\t\t\t<\/div>\n\t\t<\/div>\n\t\t\t\t<div class=\"raven-grid-item raven-post-item post-1133 page type-page status-publish has-post-thumbnail hentry\">\n\t\t\t<div class=\"raven-post elementor-animation-grow\">\n\t\t\t\t\t\t<div class=\"raven-post-image-wrap\">\n\t\t\t<a class=\"raven-post-image raven-image-fit\" href=\"https:\/\/phsg-jahresbericht.ch\/2023\/ueber-uns\/rektorat\/\"><img decoding=\"async\" width=\"1200\" height=\"830\" src=\"https:\/\/phsg-jahresbericht.ch\/2023\/wp-content\/uploads\/sites\/4\/phsg-jahresbericht-2022-ueber-uns-rektorat-beitragsbild.jpg\" class=\"attachment-large size-large wp-image-3539\" alt=\"\" srcset=\"https:\/\/phsg-jahresbericht.ch\/2023\/wp-content\/uploads\/sites\/4\/phsg-jahresbericht-2022-ueber-uns-rektorat-beitragsbild.jpg 1200w, https:\/\/phsg-jahresbericht.ch\/2023\/wp-content\/uploads\/sites\/4\/phsg-jahresbericht-2022-ueber-uns-rektorat-beitragsbild-768x531.jpg 768w\" sizes=\"(max-width: 1200px) 100vw, 1200px\" \/> <span class=\"raven-post-image-overlay\"><\/span><\/a>\t\t<\/div>\n\t\t\t\t\t\t<div class=\"raven-post-content\">\n\t\t\t\t\t<h3 class=\"raven-post-title\"><a class=\"raven-post-title-link\" href=\"https:\/\/phsg-jahresbericht.ch\/2023\/ueber-uns\/rektorat\/\">Rektorat<\/a><\/h3>\t\t\t\t<\/div>\n\t\t\t<\/div>\n\t\t<\/div>\n\t\t\t\t<div class=\"raven-grid-item raven-post-item post-768 page type-page status-publish has-post-thumbnail hentry\">\n\t\t\t<div class=\"raven-post elementor-animation-grow\">\n\t\t\t\t\t\t<div class=\"raven-post-image-wrap\">\n\t\t\t<a class=\"raven-post-image raven-image-fit\" href=\"https:\/\/phsg-jahresbericht.ch\/2023\/zahlen-fakten\/personalbestand\/\"><img loading=\"lazy\" decoding=\"async\" width=\"1200\" height=\"630\" src=\"https:\/\/phsg-jahresbericht.ch\/2023\/wp-content\/uploads\/sites\/4\/Personalbestand-PHSG-Jahresbericht.jpg\" class=\"attachment-large size-large wp-image-2009\" alt=\"\" srcset=\"https:\/\/phsg-jahresbericht.ch\/2023\/wp-content\/uploads\/sites\/4\/Personalbestand-PHSG-Jahresbericht.jpg 1200w, https:\/\/phsg-jahresbericht.ch\/2023\/wp-content\/uploads\/sites\/4\/Personalbestand-PHSG-Jahresbericht-768x403.jpg 768w\" sizes=\"(max-width: 1200px) 100vw, 1200px\" \/> <span class=\"raven-post-image-overlay\"><\/span><\/a>\t\t<\/div>\n\t\t\t\t\t\t<div class=\"raven-post-content\">\n\t\t\t\t\t<h3 class=\"raven-post-title\"><a class=\"raven-post-title-link\" href=\"https:\/\/phsg-jahresbericht.ch\/2023\/zahlen-fakten\/personalbestand\/\">Personalbestand<\/a><\/h3>\t\t\t\t<\/div>\n\t\t\t<\/div>\n\t\t<\/div>\n\t\t\t\t<div class=\"raven-grid-item raven-post-item post-4035 page type-page status-publish has-post-thumbnail hentry\">\n\t\t\t<div class=\"raven-post elementor-animation-grow\">\n\t\t\t\t\t\t<div class=\"raven-post-image-wrap\">\n\t\t\t<a class=\"raven-post-image raven-image-fit\" href=\"https:\/\/phsg-jahresbericht.ch\/2023\/organisation\/zentren\/\"><img loading=\"lazy\" decoding=\"async\" width=\"1200\" height=\"630\" src=\"https:\/\/phsg-jahresbericht.ch\/2023\/wp-content\/uploads\/sites\/4\/Hochschulentw-QM-PHSG-Jahresbericht.jpg\" class=\"attachment-large size-large wp-image-2006\" alt=\"\" srcset=\"https:\/\/phsg-jahresbericht.ch\/2023\/wp-content\/uploads\/sites\/4\/Hochschulentw-QM-PHSG-Jahresbericht.jpg 1200w, https:\/\/phsg-jahresbericht.ch\/2023\/wp-content\/uploads\/sites\/4\/Hochschulentw-QM-PHSG-Jahresbericht-768x403.jpg 768w\" sizes=\"(max-width: 1200px) 100vw, 1200px\" \/> <span class=\"raven-post-image-overlay\"><\/span><\/a>\t\t<\/div>\n\t\t\t\t\t\t<div class=\"raven-post-content\">\n\t\t\t\t\t<h3 class=\"raven-post-title\"><a class=\"raven-post-title-link\" href=\"https:\/\/phsg-jahresbericht.ch\/2023\/organisation\/zentren\/\">Zentren<\/a><\/h3>\t\t\t\t<\/div>\n\t\t\t<\/div>\n\t\t<\/div>\n\t\t\t\t<\/div>\n\t\t\t\t\t\t<\/div>\n\t\t\t\t<\/div>\n\t\t\t\t<div class=\"elementor-element elementor-element-bfba9f4 elementor-hidden-desktop elementor-hidden-mobile elementor-widget elementor-widget-raven-posts\" data-id=\"bfba9f4\" data-element_type=\"widget\" data-settings=\"{&quot;classic_columns&quot;:&quot;4&quot;,&quot;query_posts_per_page&quot;:3,&quot;classic_columns_tablet&quot;:&quot;3&quot;,&quot;_skin&quot;:&quot;classic&quot;,&quot;classic_layout&quot;:&quot;grid&quot;,&quot;classic_columns_mobile&quot;:&quot;1&quot;,&quot;query_offset&quot;:0}\" data-widget_type=\"raven-posts.classic\">\n\t\t\t\t<div class=\"elementor-widget-container\">\n\t\t\t\t\t\t\t<div class=\"raven-posts raven-grid raven-grid-4 raven-grid-mobile-1 raven-grid-tablet-3\" data-post-id=\"725\" data-archive-query=\"\" data-lang=\"\">\n\t\t\t\t<div class=\"raven-grid-item raven-post-item post-3793 page type-page status-publish has-post-thumbnail hentry\">\n\t\t\t<div class=\"raven-post elementor-animation-grow\">\n\t\t\t\t\t\t<div class=\"raven-post-image-wrap\">\n\t\t\t<a class=\"raven-post-image raven-image-fit\" href=\"https:\/\/phsg-jahresbericht.ch\/2023\/geschaeftsjahr-2023\/chronik\/\"><img loading=\"lazy\" decoding=\"async\" width=\"1200\" height=\"830\" src=\"https:\/\/phsg-jahresbericht.ch\/2023\/wp-content\/uploads\/sites\/4\/phsg-jahresbericht-2022-chronik-beitragsbild.jpg\" class=\"attachment-large size-large wp-image-3635\" alt=\"\" srcset=\"https:\/\/phsg-jahresbericht.ch\/2023\/wp-content\/uploads\/sites\/4\/phsg-jahresbericht-2022-chronik-beitragsbild.jpg 1200w, https:\/\/phsg-jahresbericht.ch\/2023\/wp-content\/uploads\/sites\/4\/phsg-jahresbericht-2022-chronik-beitragsbild-768x531.jpg 768w\" sizes=\"(max-width: 1200px) 100vw, 1200px\" \/> <span class=\"raven-post-image-overlay\"><\/span><\/a>\t\t<\/div>\n\t\t\t\t\t\t<div class=\"raven-post-content\">\n\t\t\t\t\t<h3 class=\"raven-post-title\"><a class=\"raven-post-title-link\" href=\"https:\/\/phsg-jahresbericht.ch\/2023\/geschaeftsjahr-2023\/chronik\/\">Chronik<\/a><\/h3>\t\t\t\t<\/div>\n\t\t\t<\/div>\n\t\t<\/div>\n\t\t\t\t<div class=\"raven-grid-item raven-post-item post-3809 page type-page status-publish has-post-thumbnail hentry\">\n\t\t\t<div class=\"raven-post elementor-animation-grow\">\n\t\t\t\t\t\t<div class=\"raven-post-image-wrap\">\n\t\t\t<a class=\"raven-post-image raven-image-fit\" href=\"https:\/\/phsg-jahresbericht.ch\/2023\/leistungsbereiche\/dienstleistung\/\"><img loading=\"lazy\" decoding=\"async\" width=\"2560\" height=\"1116\" src=\"https:\/\/phsg-jahresbericht.ch\/2023\/wp-content\/uploads\/sites\/4\/phsg-jahresbericht-2023-dienstleistung-headerbild.jpg\" class=\"attachment-large size-large wp-image-3964\" alt=\"\" srcset=\"https:\/\/phsg-jahresbericht.ch\/2023\/wp-content\/uploads\/sites\/4\/phsg-jahresbericht-2023-dienstleistung-headerbild.jpg 2560w, https:\/\/phsg-jahresbericht.ch\/2023\/wp-content\/uploads\/sites\/4\/phsg-jahresbericht-2023-dienstleistung-headerbild-768x335.jpg 768w, https:\/\/phsg-jahresbericht.ch\/2023\/wp-content\/uploads\/sites\/4\/phsg-jahresbericht-2023-dienstleistung-headerbild-1536x670.jpg 1536w, https:\/\/phsg-jahresbericht.ch\/2023\/wp-content\/uploads\/sites\/4\/phsg-jahresbericht-2023-dienstleistung-headerbild-2048x893.jpg 2048w\" sizes=\"(max-width: 2560px) 100vw, 2560px\" \/> <span class=\"raven-post-image-overlay\"><\/span><\/a>\t\t<\/div>\n\t\t\t\t\t\t<div class=\"raven-post-content\">\n\t\t\t\t\t<h3 class=\"raven-post-title\"><a class=\"raven-post-title-link\" href=\"https:\/\/phsg-jahresbericht.ch\/2023\/leistungsbereiche\/dienstleistung\/\">Dienstleistung<\/a><\/h3>\t\t\t\t<\/div>\n\t\t\t<\/div>\n\t\t<\/div>\n\t\t\t\t<div class=\"raven-grid-item raven-post-item post-1133 page type-page status-publish has-post-thumbnail hentry\">\n\t\t\t<div class=\"raven-post elementor-animation-grow\">\n\t\t\t\t\t\t<div class=\"raven-post-image-wrap\">\n\t\t\t<a class=\"raven-post-image raven-image-fit\" href=\"https:\/\/phsg-jahresbericht.ch\/2023\/ueber-uns\/rektorat\/\"><img decoding=\"async\" width=\"1200\" height=\"830\" src=\"https:\/\/phsg-jahresbericht.ch\/2023\/wp-content\/uploads\/sites\/4\/phsg-jahresbericht-2022-ueber-uns-rektorat-beitragsbild.jpg\" class=\"attachment-large size-large wp-image-3539\" alt=\"\" srcset=\"https:\/\/phsg-jahresbericht.ch\/2023\/wp-content\/uploads\/sites\/4\/phsg-jahresbericht-2022-ueber-uns-rektorat-beitragsbild.jpg 1200w, https:\/\/phsg-jahresbericht.ch\/2023\/wp-content\/uploads\/sites\/4\/phsg-jahresbericht-2022-ueber-uns-rektorat-beitragsbild-768x531.jpg 768w\" sizes=\"(max-width: 1200px) 100vw, 1200px\" \/> <span class=\"raven-post-image-overlay\"><\/span><\/a>\t\t<\/div>\n\t\t\t\t\t\t<div class=\"raven-post-content\">\n\t\t\t\t\t<h3 class=\"raven-post-title\"><a class=\"raven-post-title-link\" href=\"https:\/\/phsg-jahresbericht.ch\/2023\/ueber-uns\/rektorat\/\">Rektorat<\/a><\/h3>\t\t\t\t<\/div>\n\t\t\t<\/div>\n\t\t<\/div>\n\t\t\t\t<\/div>\n\t\t\t\t\t\t<\/div>\n\t\t\t\t<\/div>\n\t\t\t\t<\/div>\n\t\t\t\t\t<\/div>\n\t\t\t\t<\/div>\n\t\t\t\t<\/div>\n\t\t\t\t<\/div>\n\t\t\t\t\t\t<\/div>\n\t\t\t\t<\/div>\n\t\t\t\t<\/div>\n\t\t\t\t\t<\/div>\n\t\t\t\t<\/div>\n\t\t\t\t<\/div>\n\t\t","protected":false},"excerpt":{"rendered":"<p>Leistungsbereiche Die PHSG unterst\u00fctzt Schulen und Lehrpersonen mit vielf\u00e4ltigen Dienstleistungen im Schulalltag. Hier finden Sie eine Auswahl von Angeboten, die im Jahr 2023 nachgefragt oder weiterentwickelt wurden. Berufsbildung as a Service Die Berufsbildung ist f\u00fcr KMU zentral. Weil jedoch die professionelle Begleitung ihrer Berufsbildungsverantwortlichen f\u00fcr KMU einen hohen Aufwand bedeutet, bietet das Institut Berufsbildung der [&hellip;]<\/p>\n","protected":false},"author":1,"featured_media":3964,"parent":1261,"menu_order":0,"comment_status":"closed","ping_status":"closed","template":"elementor_header_footer","meta":{"_acf_changed":false,"footnotes":""},"class_list":["post-3809","page","type-page","status-publish","has-post-thumbnail","hentry"],"acf":[],"_links":{"self":[{"href":"https:\/\/phsg-jahresbericht.ch\/2023\/wp-json\/wp\/v2\/pages\/3809","targetHints":{"allow":["GET"]}}],"collection":[{"href":"https:\/\/phsg-jahresbericht.ch\/2023\/wp-json\/wp\/v2\/pages"}],"about":[{"href":"https:\/\/phsg-jahresbericht.ch\/2023\/wp-json\/wp\/v2\/types\/page"}],"author":[{"embeddable":true,"href":"https:\/\/phsg-jahresbericht.ch\/2023\/wp-json\/wp\/v2\/users\/1"}],"replies":[{"embeddable":true,"href":"https:\/\/phsg-jahresbericht.ch\/2023\/wp-json\/wp\/v2\/comments?post=3809"}],"version-history":[{"count":55,"href":"https:\/\/phsg-jahresbericht.ch\/2023\/wp-json\/wp\/v2\/pages\/3809\/revisions"}],"predecessor-version":[{"id":5580,"href":"https:\/\/phsg-jahresbericht.ch\/2023\/wp-json\/wp\/v2\/pages\/3809\/revisions\/5580"}],"up":[{"embeddable":true,"href":"https:\/\/phsg-jahresbericht.ch\/2023\/wp-json\/wp\/v2\/pages\/1261"}],"wp:featuredmedia":[{"embeddable":true,"href":"https:\/\/phsg-jahresbericht.ch\/2023\/wp-json\/wp\/v2\/media\/3964"}],"wp:attachment":[{"href":"https:\/\/phsg-jahresbericht.ch\/2023\/wp-json\/wp\/v2\/media?parent=3809"}],"curies":[{"name":"wp","href":"https:\/\/api.w.org\/{rel}","templated":true}]}}