{"id":3787,"date":"2024-03-13T16:53:25","date_gmt":"2024-03-13T15:53:25","guid":{"rendered":"https:\/\/phsg-jahresbericht.ch\/2023\/?page_id=3787"},"modified":"2024-05-06T10:24:57","modified_gmt":"2024-05-06T08:24:57","slug":"fokus","status":"publish","type":"page","link":"https:\/\/phsg-jahresbericht.ch\/2023\/geschaeftsjahr-2023\/fokus\/","title":{"rendered":"Fokus"},"content":{"rendered":"\t\t<div data-elementor-type=\"wp-page\" data-elementor-id=\"3787\" class=\"elementor elementor-3787\" data-elementor-post-type=\"page\">\n\t\t\t\t<div class=\"elementor-element elementor-element-b60e1c6 e-flex e-con-boxed e-con e-parent\" data-id=\"b60e1c6\" data-element_type=\"container\" data-settings=\"{&quot;jet_parallax_layout_list&quot;:[]}\">\n\t\t\t\t\t<div class=\"e-con-inner\">\n\t\t<div class=\"elementor-element elementor-element-9e615c6 e-con-full e-flex e-con e-child\" data-id=\"9e615c6\" data-element_type=\"container\" data-settings=\"{&quot;jet_parallax_layout_list&quot;:[]}\">\n\t\t\t\t<div class=\"elementor-element elementor-element-a80d950 elementor-widget elementor-widget-heading\" data-id=\"a80d950\" data-element_type=\"widget\" id=\"subtitle-underline\" data-widget_type=\"heading.default\">\n\t\t\t\t<div class=\"elementor-widget-container\">\n\t\t\t\t\t<h3 class=\"elementor-heading-title elementor-size-default\">Fokus<\/h3>\t\t\t\t<\/div>\n\t\t\t\t<\/div>\n\t\t\t\t<div class=\"elementor-element elementor-element-6d489eb elementor-widget elementor-widget-heading\" data-id=\"6d489eb\" data-element_type=\"widget\" data-widget_type=\"heading.default\">\n\t\t\t\t<div class=\"elementor-widget-container\">\n\t\t\t\t\t<h1 class=\"elementor-heading-title elementor-size-default\">Der Kindergarten wirkt ein Leben lang<\/h1>\t\t\t\t<\/div>\n\t\t\t\t<\/div>\n\t\t\t\t<div class=\"elementor-element elementor-element-aaa8f4d elementor-widget elementor-widget-heading\" data-id=\"aaa8f4d\" data-element_type=\"widget\" data-widget_type=\"heading.default\">\n\t\t\t\t<div class=\"elementor-widget-container\">\n\t\t\t\t\t<h3 class=\"elementor-heading-title elementor-size-default\">Unterschiede in der fr\u00fchkindlichen Entwicklung k\u00f6nnen sich jahrelang auswirken. Ein moderner Kindergarten, der Kinder mit gutausgebildeten Lehrpersonen individuell f\u00f6rdert, kann dem entgegenwirken und bietet der Gesellschaft grosse Chancen.<\/h3>\t\t\t\t<\/div>\n\t\t\t\t<\/div>\n\t\t\t\t<\/div>\n\t\t\t\t\t<\/div>\n\t\t\t\t<\/div>\n\t\t<div class=\"elementor-element elementor-element-1d16a01 e-con-full e-flex e-con e-parent\" data-id=\"1d16a01\" data-element_type=\"container\" data-settings=\"{&quot;jet_parallax_layout_list&quot;:[],&quot;background_background&quot;:&quot;classic&quot;}\">\n\t\t\t\t<\/div>\n\t\t<div class=\"elementor-element elementor-element-a8136c8 e-flex e-con-boxed e-con e-parent\" data-id=\"a8136c8\" data-element_type=\"container\" data-settings=\"{&quot;jet_parallax_layout_list&quot;:[]}\">\n\t\t\t\t\t<div class=\"e-con-inner\">\n\t\t<div class=\"elementor-element elementor-element-cae15ef e-con-full e-flex e-con e-child\" data-id=\"cae15ef\" data-element_type=\"container\" data-settings=\"{&quot;jet_parallax_layout_list&quot;:[]}\">\n\t\t\t\t<div class=\"elementor-element elementor-element-30ae3aa elementor-widget elementor-widget-text-editor\" data-id=\"30ae3aa\" data-element_type=\"widget\" data-widget_type=\"text-editor.default\">\n\t\t\t\t<div class=\"elementor-widget-container\">\n\t\t\t\t\t\t\t\t\t<p>Vor 150 Jahren wurde das erste Kinderg\u00e4rtnerinnenseminar im Kanton St.Gallen er\u00f6ffnet. Vieles hat sich seither ver\u00e4ndert und es zeichnet sich immer deutlicher ab, welche Bedeutung der Institution Kindergarten zukommt. Denn: \u00abWas in der fr\u00fchen Kindheit verpasst wird, kann nur schwer oder gar nicht mehr aufgeholt werden\u00bb, wie Rektor Prof. Dr. Horst Biedermann am diesj\u00e4hrigen PHSG-Hochschultag feststellte. Wenn es gelingt, Kinder nach ihren individuellen Bed\u00fcrfnissen und Notwendigkeiten zu unterst\u00fctzen, er\u00f6ffnen sich ihnen ganz andere Voraussetzungen f\u00fcr ihre Lebensentw\u00fcrfe, was nicht zuletzt die Befunde der PISA-Studien zeigen.<\/p>\t\t\t\t\t\t\t\t<\/div>\n\t\t\t\t<\/div>\n\t\t\t\t<\/div>\n\t\t\t\t\t<\/div>\n\t\t\t\t<\/div>\n\t\t<div class=\"elementor-element elementor-element-4154c57 e-flex e-con-boxed e-con e-parent\" data-id=\"4154c57\" data-element_type=\"container\" data-settings=\"{&quot;jet_parallax_layout_list&quot;:[],&quot;background_background&quot;:&quot;classic&quot;}\">\n\t\t\t\t\t<div class=\"e-con-inner\">\n\t\t<div class=\"elementor-element elementor-element-86bdb5e e-con-full e-flex e-con e-child\" data-id=\"86bdb5e\" data-element_type=\"container\" data-settings=\"{&quot;jet_parallax_layout_list&quot;:[]}\">\n\t\t\t\t<div class=\"elementor-element elementor-element-e11e184 elementor-widget elementor-widget-heading\" data-id=\"e11e184\" data-element_type=\"widget\" data-widget_type=\"heading.default\">\n\t\t\t\t<div class=\"elementor-widget-container\">\n\t\t\t\t\t<h4 class=\"elementor-heading-title elementor-size-default\">Institutionalisierte Bildungsangebote ab dem fr\u00fchen Kindesalter leisten einen grossen Beitrag zur Chancengerechtigkeit, da sie zur gesellschaftlichen Integration von Kindern mitsamt ihren Familien beitragen.<\/h4>\t\t\t\t<\/div>\n\t\t\t\t<\/div>\n\t\t\t\t<\/div>\n\t\t\t\t\t<\/div>\n\t\t\t\t<\/div>\n\t\t<div class=\"elementor-element elementor-element-73a0762 e-flex e-con-boxed e-con e-parent\" data-id=\"73a0762\" data-element_type=\"container\" data-settings=\"{&quot;jet_parallax_layout_list&quot;:[]}\">\n\t\t\t\t\t<div class=\"e-con-inner\">\n\t\t<div class=\"elementor-element elementor-element-1031430 e-con-full e-flex e-con e-child\" data-id=\"1031430\" data-element_type=\"container\" data-settings=\"{&quot;jet_parallax_layout_list&quot;:[]}\">\n\t\t\t\t<div class=\"elementor-element elementor-element-311dd8a elementor-widget elementor-widget-text-editor\" data-id=\"311dd8a\" data-element_type=\"widget\" data-widget_type=\"text-editor.default\">\n\t\t\t\t<div class=\"elementor-widget-container\">\n\t\t\t\t\t\t\t\t\t<p>Gerade der Kindergarten bietet Kindern einen ersten institutionalisierten Erfahrungsraum, einen gesch\u00fctzten Lern-, Gestaltungs- und Experimentierort, wo sie vielf\u00e4ltige kulturelle M\u00f6glichkeiten und unterschiedliche zwischenmenschliche Beziehungen erleben k\u00f6nnen, damit ein friedliches Miteinander aufgebaut werden kann.<\/p><p>Qualitativ hochstehende und bedingungslos zug\u00e4ngliche Bildung in der fr\u00fchen Kindheit hat nicht nur einen positiven Effekt auf die soziale, kognitive und emotionale Entwicklung von Kindern, sondern steht auch in einem engen Zusammenhang mit besseren Chancen im weiteren Lebensverlauf. Heute ist bekannt, dass sich Kinder in dieser Entwicklung schon sehr fr\u00fch unterscheiden und diese Unterschiede mit steigender kultureller, sprachlicher und demografischer Vielfalt weiter zunehmen k\u00f6nnen. Bleiben diese Unterschiede unbeachtet, k\u00f6nnen sie zu Benachteiligungen f\u00fchren, die Kinder \u00fcber ihre gesamte Bildungslaufbahn mit sich tragen. Ein standardisiertes Bildungsangebot reicht daher nicht aus, um allen Kindern die F\u00f6rderung anzubieten, die ihnen zusteht und ihnen die bestm\u00f6gliche Vorbereitung auf das zuk\u00fcnftige Leben erm\u00f6glicht.<\/p><p>Der Kindergarten hat somit zum einen das Ziel, die Benachteiligungen von Kindern durch gute, individualisierte, barrierefreie und inklusive Bildung zu minimieren und ihnen dadurch gerechte Bedingungen zu erm\u00f6glichen. Das zweite Ziel des Kindergartens liegt in der Sicherung der sozialen und \u00f6konomischen Wohlfahrt der Gesellschaft. Eine fr\u00fche F\u00f6rderung ab der Geburt und sp\u00e4ter auch im Kindergarten bringt bei bildungsbenachteiligten Kindern auch diesbez\u00fcglich starke Effekte, denn die zentralen F\u00e4higkeiten und Kapazit\u00e4ten zur erfolgreichen Fortsetzung des Bildungs- und Berufswegs werden zu einem beachtlichen Teil in den ersten Lebensjahren definiert. Bildungsangebote zu diesem Zeitpunkt sind deshalb multiperspektivisch besonders ertragreich und wichtig.<\/p><p>\u00abUnsere Aufgabe ist es also, den Kindern einen Kindergarten anzubieten, der sie als handlungsf\u00e4hige Subjekte in ihre Bezugsgruppe integriert, ihre Bed\u00fcrfnisse und Interessen ber\u00fccksichtigt und sch\u00fctzt und Vielfalt auf allen Ebenen f\u00f6rdert\u00bb, sagt Horst Biedermann: Einen Kindergarten, der es den Kindern erm\u00f6glicht auch immer wieder selbstbestimmt ihre W\u00fcnsche und Vorstellungen herzustellen. Und einen Kindergarten, der sich als Experimentierfeld f\u00fcr praktische Ver\u00e4nderungen begreift und innovative Methoden einsetzt, um Zukunft nicht nur zu antizipieren, sondern auch aktiv zu gestalten.<\/p><p>Damit leisten gutausgebildete Fachkr\u00e4fte im Kindergarten einen nicht hoch genug zu sch\u00e4tzenden Beitrag zur individuellen Entwicklungsbegleitung der Kinder. F\u00fcr die Vorbereitung und Begleitung dieser Fachpersonen zeichnen sich die P\u00e4dagogischen Hochschulen verantwortlich, welche hierf\u00fcr qualitativ hochstehende, evidenzbasierte Aus- und Weiterbildungen anzubieten haben.<\/p>\t\t\t\t\t\t\t\t<\/div>\n\t\t\t\t<\/div>\n\t\t\t\t<\/div>\n\t\t\t\t\t<\/div>\n\t\t\t\t<\/div>\n\t\t<div class=\"elementor-element elementor-element-450d86c e-flex e-con-boxed e-con e-parent\" data-id=\"450d86c\" data-element_type=\"container\" data-settings=\"{&quot;jet_parallax_layout_list&quot;:[]}\">\n\t\t\t\t\t<div class=\"e-con-inner\">\n\t\t<div class=\"elementor-element elementor-element-7cba981 e-con-full e-flex e-con e-child\" data-id=\"7cba981\" data-element_type=\"container\" data-settings=\"{&quot;jet_parallax_layout_list&quot;:[]}\">\n\t\t\t\t<div class=\"elementor-element elementor-element-caeb67e elementor-widget elementor-widget-video\" data-id=\"caeb67e\" data-element_type=\"widget\" data-settings=\"{&quot;youtube_url&quot;:&quot;https:\\\/\\\/youtu.be\\\/MHAFXVC24Hk&quot;,&quot;video_type&quot;:&quot;youtube&quot;,&quot;controls&quot;:&quot;yes&quot;}\" data-widget_type=\"video.default\">\n\t\t\t\t<div class=\"elementor-widget-container\">\n\t\t\t\t\t\t\t<div class=\"elementor-wrapper elementor-open-inline\">\n\t\t\t<div class=\"elementor-video\"><\/div>\t\t<\/div>\n\t\t\t\t\t\t<\/div>\n\t\t\t\t<\/div>\n\t\t\t\t<\/div>\n\t\t\t\t\t<\/div>\n\t\t\t\t<\/div>\n\t\t<div class=\"elementor-element elementor-element-c174aae e-flex e-con-boxed e-con e-parent\" data-id=\"c174aae\" data-element_type=\"container\" data-settings=\"{&quot;jet_parallax_layout_list&quot;:[]}\">\n\t\t\t\t\t<div class=\"e-con-inner\">\n\t\t<div class=\"elementor-element elementor-element-cbc9cb8 e-con-full e-flex e-con e-child\" data-id=\"cbc9cb8\" data-element_type=\"container\" data-settings=\"{&quot;jet_parallax_layout_list&quot;:[]}\">\n\t\t\t\t<div class=\"elementor-element elementor-element-5d3d90a elementor-widget elementor-widget-text-editor\" data-id=\"5d3d90a\" data-element_type=\"widget\" data-widget_type=\"text-editor.default\">\n\t\t\t\t<div class=\"elementor-widget-container\">\n\t\t\t\t\t\t\t\t\t<p>Das Bewusstsein f\u00fcr die \u00abDoppelaufgabe\u00bb, das Kind individuell zu erziehen, aber auch in die Gemeinschaft einzugliedern, war schon im Ausbildungslehrplan von 1976 verankert, wie Prof. Ruth Lehner in ihrem Vortrag im Rahmen des Hochschultags darlegte.<\/p>\t\t\t\t\t\t\t\t<\/div>\n\t\t\t\t<\/div>\n\t\t\t\t<\/div>\n\t\t\t\t\t<\/div>\n\t\t\t\t<\/div>\n\t\t<div class=\"elementor-element elementor-element-0d04053 e-flex e-con-boxed e-con e-parent\" data-id=\"0d04053\" data-element_type=\"container\" data-settings=\"{&quot;jet_parallax_layout_list&quot;:[],&quot;background_background&quot;:&quot;classic&quot;}\">\n\t\t\t\t\t<div class=\"e-con-inner\">\n\t\t<div class=\"elementor-element elementor-element-c36e3d2 e-con-full e-flex e-con e-child\" data-id=\"c36e3d2\" data-element_type=\"container\" data-settings=\"{&quot;jet_parallax_layout_list&quot;:[]}\">\n\t\t\t\t<div class=\"elementor-element elementor-element-eb55084 elementor-widget elementor-widget-heading\" data-id=\"eb55084\" data-element_type=\"widget\" data-widget_type=\"heading.default\">\n\t\t\t\t<div class=\"elementor-widget-container\">\n\t\t\t\t\t<h4 class=\"elementor-heading-title elementor-size-default\">Der Kindergarten hat sich ver\u00e4ndert. Von einer Betreuungsinstitution ganz zu Beginn zu einer Bildungsinstitution, die viele Inhalte vermittelt und nun im Zyklus I der Volksschule beheimatet ist.<\/h4>\t\t\t\t<\/div>\n\t\t\t\t<\/div>\n\t\t\t\t<\/div>\n\t\t\t\t\t<\/div>\n\t\t\t\t<\/div>\n\t\t<div class=\"elementor-element elementor-element-8455855 e-flex e-con-boxed e-con e-parent\" data-id=\"8455855\" data-element_type=\"container\" data-settings=\"{&quot;jet_parallax_layout_list&quot;:[]}\">\n\t\t\t\t\t<div class=\"e-con-inner\">\n\t\t<div class=\"elementor-element elementor-element-b8c515a e-con-full e-flex e-con e-child\" data-id=\"b8c515a\" data-element_type=\"container\" data-settings=\"{&quot;jet_parallax_layout_list&quot;:[]}\">\n\t\t\t\t<div class=\"elementor-element elementor-element-8d6f836 elementor-widget elementor-widget-text-editor\" data-id=\"8d6f836\" data-element_type=\"widget\" data-widget_type=\"text-editor.default\">\n\t\t\t\t<div class=\"elementor-widget-container\">\n\t\t\t\t\t\t\t\t\t<p>Heute begleite der Kindergarten die Kinder in ihrer Vielfalt, f\u00f6rdere sie professionell in ihrem Spiel- und Lernprozess und erm\u00f6gliche es ihnen, sich im \u00abso tun als ob\u00bb auf ihre Zukunft vorzubereiten, sagte Ruth Lehner.\u00a0Er entwickle sich stetig weiter und halte so den Pioniergeist der Gr\u00fcndungsgeneration am Leben; durch eine fundierte Ausbildung und durch mutige Lehrpersonen.<\/p><p>Diese Lehrpersonen auszubilden und zu ihrer wichtigen Aufgabe zu bef\u00e4higen, ist eine bedeutende Aufgabe der P\u00e4dagogischen Hochschule St.Gallen. Sie leistet damit einen Beitrag, Kindern \u2013 unabh\u00e4ngig von ihrer Biografie \u2013 gute Startvoraussetzungen zu schaffen f\u00fcr eine erfolgreiche schulische, berufliche und gesellschaftliche Laufbahn.<\/p>\t\t\t\t\t\t\t\t<\/div>\n\t\t\t\t<\/div>\n\t\t\t\t<\/div>\n\t\t\t\t\t<\/div>\n\t\t\t\t<\/div>\n\t\t<div class=\"elementor-element elementor-element-24e9502 e-flex e-con-boxed e-con e-parent\" data-id=\"24e9502\" data-element_type=\"container\" data-settings=\"{&quot;jet_parallax_layout_list&quot;:[]}\">\n\t\t\t\t\t<div class=\"e-con-inner\">\n\t\t<div class=\"elementor-element elementor-element-fb301ea e-con-full e-flex e-con e-child\" data-id=\"fb301ea\" data-element_type=\"container\" data-settings=\"{&quot;jet_parallax_layout_list&quot;:[]}\">\n\t\t\t\t<div class=\"elementor-element elementor-element-b2d132d elementor-widget elementor-widget-template\" data-id=\"b2d132d\" data-element_type=\"widget\" data-widget_type=\"template.default\">\n\t\t\t\t<div class=\"elementor-widget-container\">\n\t\t\t\t\t\t\t<div class=\"elementor-template\">\n\t\t\t\t\t<div data-elementor-type=\"section\" data-elementor-id=\"725\" class=\"elementor elementor-725\" data-elementor-post-type=\"elementor_library\">\n\t\t\t<div class=\"elementor-element elementor-element-33977ce e-flex e-con-boxed e-con e-parent\" data-id=\"33977ce\" data-element_type=\"container\" data-settings=\"{&quot;jet_parallax_layout_list&quot;:[]}\">\n\t\t\t\t\t<div class=\"e-con-inner\">\n\t\t<div class=\"elementor-element elementor-element-d3657bc e-con-full e-flex e-con e-child\" data-id=\"d3657bc\" data-element_type=\"container\" data-settings=\"{&quot;jet_parallax_layout_list&quot;:[]}\">\n\t\t\t\t<div class=\"elementor-element elementor-element-c093f84 elementor-widget elementor-widget-spacer\" data-id=\"c093f84\" data-element_type=\"widget\" data-widget_type=\"spacer.default\">\n\t\t\t\t<div class=\"elementor-widget-container\">\n\t\t\t\t\t\t\t<div class=\"elementor-spacer\">\n\t\t\t<div class=\"elementor-spacer-inner\"><\/div>\n\t\t<\/div>\n\t\t\t\t\t\t<\/div>\n\t\t\t\t<\/div>\n\t\t\t\t<div class=\"elementor-element elementor-element-98c0e91 elementor-widget elementor-widget-heading\" data-id=\"98c0e91\" data-element_type=\"widget\" data-widget_type=\"heading.default\">\n\t\t\t\t<div class=\"elementor-widget-container\">\n\t\t\t\t\t<h3 class=\"elementor-heading-title elementor-size-default\">Weitere Themen, die Sie interessieren k\u00f6nnten<\/h3>\t\t\t\t<\/div>\n\t\t\t\t<\/div>\n\t\t\t\t<div class=\"elementor-element elementor-element-7b74da4 elementor-hidden-tablet elementor-widget elementor-widget-raven-posts\" data-id=\"7b74da4\" data-element_type=\"widget\" data-settings=\"{&quot;classic_columns&quot;:&quot;4&quot;,&quot;query_posts_per_page&quot;:4,&quot;_skin&quot;:&quot;classic&quot;,&quot;classic_layout&quot;:&quot;grid&quot;,&quot;classic_columns_tablet&quot;:&quot;2&quot;,&quot;classic_columns_mobile&quot;:&quot;1&quot;,&quot;query_offset&quot;:0}\" data-widget_type=\"raven-posts.classic\">\n\t\t\t\t<div class=\"elementor-widget-container\">\n\t\t\t\t\t\t\t<div class=\"raven-posts raven-grid raven-grid-4 raven-grid-mobile-1 raven-grid-tablet-2\" data-post-id=\"725\" data-archive-query=\"\" data-lang=\"\">\n\t\t\t\t<div class=\"raven-grid-item raven-post-item post-1310 page type-page status-publish has-post-thumbnail hentry\">\n\t\t\t<div class=\"raven-post elementor-animation-grow\">\n\t\t\t\t\t\t<div class=\"raven-post-image-wrap\">\n\t\t\t<a class=\"raven-post-image raven-image-fit\" href=\"https:\/\/phsg-jahresbericht.ch\/2023\/zahlen-fakten\/\"><img fetchpriority=\"high\" decoding=\"async\" width=\"1200\" height=\"630\" src=\"https:\/\/phsg-jahresbericht.ch\/2023\/wp-content\/uploads\/sites\/4\/Zahlen-und-Fakten-PHSG-Jahresbericht.jpg\" class=\"attachment-large size-large wp-image-2019\" alt=\"\" srcset=\"https:\/\/phsg-jahresbericht.ch\/2023\/wp-content\/uploads\/sites\/4\/Zahlen-und-Fakten-PHSG-Jahresbericht.jpg 1200w, https:\/\/phsg-jahresbericht.ch\/2023\/wp-content\/uploads\/sites\/4\/Zahlen-und-Fakten-PHSG-Jahresbericht-768x403.jpg 768w\" sizes=\"(max-width: 1200px) 100vw, 1200px\" \/> <span class=\"raven-post-image-overlay\"><\/span><\/a>\t\t<\/div>\n\t\t\t\t\t\t<div class=\"raven-post-content\">\n\t\t\t\t\t<h3 class=\"raven-post-title\"><a class=\"raven-post-title-link\" href=\"https:\/\/phsg-jahresbericht.ch\/2023\/zahlen-fakten\/\">Zahlen &#038; Fakten<\/a><\/h3>\t\t\t\t<\/div>\n\t\t\t<\/div>\n\t\t<\/div>\n\t\t\t\t<div class=\"raven-grid-item raven-post-item post-762 page type-page status-publish has-post-thumbnail hentry\">\n\t\t\t<div class=\"raven-post elementor-animation-grow\">\n\t\t\t\t\t\t<div class=\"raven-post-image-wrap\">\n\t\t\t<a class=\"raven-post-image raven-image-fit\" href=\"https:\/\/phsg-jahresbericht.ch\/2023\/organisation\/institute\/\"><img decoding=\"async\" width=\"1200\" height=\"630\" src=\"https:\/\/phsg-jahresbericht.ch\/2023\/wp-content\/uploads\/sites\/4\/Internationale-Vernetzung-PHSG-Jahresbericht.jpg\" class=\"attachment-large size-large wp-image-2125\" alt=\"\" srcset=\"https:\/\/phsg-jahresbericht.ch\/2023\/wp-content\/uploads\/sites\/4\/Internationale-Vernetzung-PHSG-Jahresbericht.jpg 1200w, https:\/\/phsg-jahresbericht.ch\/2023\/wp-content\/uploads\/sites\/4\/Internationale-Vernetzung-PHSG-Jahresbericht-768x403.jpg 768w\" sizes=\"(max-width: 1200px) 100vw, 1200px\" \/> <span class=\"raven-post-image-overlay\"><\/span><\/a>\t\t<\/div>\n\t\t\t\t\t\t<div class=\"raven-post-content\">\n\t\t\t\t\t<h3 class=\"raven-post-title\"><a class=\"raven-post-title-link\" href=\"https:\/\/phsg-jahresbericht.ch\/2023\/organisation\/institute\/\">Institute<\/a><\/h3>\t\t\t\t<\/div>\n\t\t\t<\/div>\n\t\t<\/div>\n\t\t\t\t<div class=\"raven-grid-item raven-post-item post-916 page type-page status-publish has-post-thumbnail hentry\">\n\t\t\t<div class=\"raven-post elementor-animation-grow\">\n\t\t\t\t\t\t<div class=\"raven-post-image-wrap\">\n\t\t\t<a class=\"raven-post-image raven-image-fit\" href=\"https:\/\/phsg-jahresbericht.ch\/2023\/organisation\/campus\/\"><img decoding=\"async\" width=\"2120\" height=\"1284\" src=\"https:\/\/phsg-jahresbericht.ch\/2023\/wp-content\/uploads\/sites\/4\/Beleuchtung-Mariaberg-1-PHGS-Jahresbericht.jpg\" class=\"attachment-large size-large wp-image-1609\" alt=\"\" srcset=\"https:\/\/phsg-jahresbericht.ch\/2023\/wp-content\/uploads\/sites\/4\/Beleuchtung-Mariaberg-1-PHGS-Jahresbericht.jpg 2120w, https:\/\/phsg-jahresbericht.ch\/2023\/wp-content\/uploads\/sites\/4\/Beleuchtung-Mariaberg-1-PHGS-Jahresbericht-768x465.jpg 768w, https:\/\/phsg-jahresbericht.ch\/2023\/wp-content\/uploads\/sites\/4\/Beleuchtung-Mariaberg-1-PHGS-Jahresbericht-1536x930.jpg 1536w, https:\/\/phsg-jahresbericht.ch\/2023\/wp-content\/uploads\/sites\/4\/Beleuchtung-Mariaberg-1-PHGS-Jahresbericht-2048x1240.jpg 2048w\" sizes=\"(max-width: 2120px) 100vw, 2120px\" \/> <span class=\"raven-post-image-overlay\"><\/span><\/a>\t\t<\/div>\n\t\t\t\t\t\t<div class=\"raven-post-content\">\n\t\t\t\t\t<h3 class=\"raven-post-title\"><a class=\"raven-post-title-link\" href=\"https:\/\/phsg-jahresbericht.ch\/2023\/organisation\/campus\/\">Campus<\/a><\/h3>\t\t\t\t<\/div>\n\t\t\t<\/div>\n\t\t<\/div>\n\t\t\t\t<div class=\"raven-grid-item raven-post-item post-768 page type-page status-publish has-post-thumbnail hentry\">\n\t\t\t<div class=\"raven-post elementor-animation-grow\">\n\t\t\t\t\t\t<div class=\"raven-post-image-wrap\">\n\t\t\t<a class=\"raven-post-image raven-image-fit\" href=\"https:\/\/phsg-jahresbericht.ch\/2023\/zahlen-fakten\/personalbestand\/\"><img loading=\"lazy\" decoding=\"async\" width=\"1200\" height=\"630\" src=\"https:\/\/phsg-jahresbericht.ch\/2023\/wp-content\/uploads\/sites\/4\/Personalbestand-PHSG-Jahresbericht.jpg\" class=\"attachment-large size-large wp-image-2009\" alt=\"\" srcset=\"https:\/\/phsg-jahresbericht.ch\/2023\/wp-content\/uploads\/sites\/4\/Personalbestand-PHSG-Jahresbericht.jpg 1200w, https:\/\/phsg-jahresbericht.ch\/2023\/wp-content\/uploads\/sites\/4\/Personalbestand-PHSG-Jahresbericht-768x403.jpg 768w\" sizes=\"(max-width: 1200px) 100vw, 1200px\" \/> <span class=\"raven-post-image-overlay\"><\/span><\/a>\t\t<\/div>\n\t\t\t\t\t\t<div class=\"raven-post-content\">\n\t\t\t\t\t<h3 class=\"raven-post-title\"><a class=\"raven-post-title-link\" href=\"https:\/\/phsg-jahresbericht.ch\/2023\/zahlen-fakten\/personalbestand\/\">Personalbestand<\/a><\/h3>\t\t\t\t<\/div>\n\t\t\t<\/div>\n\t\t<\/div>\n\t\t\t\t<\/div>\n\t\t\t\t\t\t<\/div>\n\t\t\t\t<\/div>\n\t\t\t\t<div class=\"elementor-element elementor-element-bfba9f4 elementor-hidden-desktop elementor-hidden-mobile elementor-widget elementor-widget-raven-posts\" data-id=\"bfba9f4\" data-element_type=\"widget\" data-settings=\"{&quot;classic_columns&quot;:&quot;4&quot;,&quot;query_posts_per_page&quot;:3,&quot;classic_columns_tablet&quot;:&quot;3&quot;,&quot;_skin&quot;:&quot;classic&quot;,&quot;classic_layout&quot;:&quot;grid&quot;,&quot;classic_columns_mobile&quot;:&quot;1&quot;,&quot;query_offset&quot;:0}\" data-widget_type=\"raven-posts.classic\">\n\t\t\t\t<div class=\"elementor-widget-container\">\n\t\t\t\t\t\t\t<div class=\"raven-posts raven-grid raven-grid-4 raven-grid-mobile-1 raven-grid-tablet-3\" data-post-id=\"725\" data-archive-query=\"\" data-lang=\"\">\n\t\t\t\t<div class=\"raven-grid-item raven-post-item post-1154 page type-page status-publish has-post-thumbnail hentry\">\n\t\t\t<div class=\"raven-post elementor-animation-grow\">\n\t\t\t\t\t\t<div class=\"raven-post-image-wrap\">\n\t\t\t<a class=\"raven-post-image raven-image-fit\" href=\"https:\/\/phsg-jahresbericht.ch\/2023\/zahlen-fakten\/finanzzahlen\/\"><img loading=\"lazy\" decoding=\"async\" width=\"1200\" height=\"630\" src=\"https:\/\/phsg-jahresbericht.ch\/2023\/wp-content\/uploads\/sites\/4\/Finanzzahlen-PHSG-Jahresbericht.jpg\" class=\"attachment-large size-large wp-image-2005\" alt=\"\" srcset=\"https:\/\/phsg-jahresbericht.ch\/2023\/wp-content\/uploads\/sites\/4\/Finanzzahlen-PHSG-Jahresbericht.jpg 1200w, https:\/\/phsg-jahresbericht.ch\/2023\/wp-content\/uploads\/sites\/4\/Finanzzahlen-PHSG-Jahresbericht-768x403.jpg 768w\" sizes=\"(max-width: 1200px) 100vw, 1200px\" \/> <span class=\"raven-post-image-overlay\"><\/span><\/a>\t\t<\/div>\n\t\t\t\t\t\t<div class=\"raven-post-content\">\n\t\t\t\t\t<h3 class=\"raven-post-title\"><a class=\"raven-post-title-link\" href=\"https:\/\/phsg-jahresbericht.ch\/2023\/zahlen-fakten\/finanzzahlen\/\">Finanzzahlen<\/a><\/h3>\t\t\t\t<\/div>\n\t\t\t<\/div>\n\t\t<\/div>\n\t\t\t\t<div class=\"raven-grid-item raven-post-item post-3787 page type-page status-publish has-post-thumbnail hentry\">\n\t\t\t<div class=\"raven-post elementor-animation-grow\">\n\t\t\t\t\t\t<div class=\"raven-post-image-wrap\">\n\t\t\t<a class=\"raven-post-image raven-image-fit\" href=\"https:\/\/phsg-jahresbericht.ch\/2023\/geschaeftsjahr-2023\/fokus\/\"><img loading=\"lazy\" decoding=\"async\" width=\"2560\" height=\"1116\" src=\"https:\/\/phsg-jahresbericht.ch\/2023\/wp-content\/uploads\/sites\/4\/phsg-jahresbericht-2023-fokus-hochschultag-kindergarten.jpg\" class=\"attachment-large size-large wp-image-3817\" alt=\"\" srcset=\"https:\/\/phsg-jahresbericht.ch\/2023\/wp-content\/uploads\/sites\/4\/phsg-jahresbericht-2023-fokus-hochschultag-kindergarten.jpg 2560w, https:\/\/phsg-jahresbericht.ch\/2023\/wp-content\/uploads\/sites\/4\/phsg-jahresbericht-2023-fokus-hochschultag-kindergarten-768x335.jpg 768w, https:\/\/phsg-jahresbericht.ch\/2023\/wp-content\/uploads\/sites\/4\/phsg-jahresbericht-2023-fokus-hochschultag-kindergarten-1536x670.jpg 1536w, https:\/\/phsg-jahresbericht.ch\/2023\/wp-content\/uploads\/sites\/4\/phsg-jahresbericht-2023-fokus-hochschultag-kindergarten-2048x893.jpg 2048w\" sizes=\"(max-width: 2560px) 100vw, 2560px\" \/> <span class=\"raven-post-image-overlay\"><\/span><\/a>\t\t<\/div>\n\t\t\t\t\t\t<div class=\"raven-post-content\">\n\t\t\t\t\t<h3 class=\"raven-post-title\"><a class=\"raven-post-title-link\" href=\"https:\/\/phsg-jahresbericht.ch\/2023\/geschaeftsjahr-2023\/fokus\/\">Fokus<\/a><\/h3>\t\t\t\t<\/div>\n\t\t\t<\/div>\n\t\t<\/div>\n\t\t\t\t<div class=\"raven-grid-item raven-post-item post-302 page type-page status-publish has-post-thumbnail hentry\">\n\t\t\t<div class=\"raven-post elementor-animation-grow\">\n\t\t\t\t\t\t<div class=\"raven-post-image-wrap\">\n\t\t\t<a class=\"raven-post-image raven-image-fit\" href=\"https:\/\/phsg-jahresbericht.ch\/2023\/geschaeftsjahr-2023\/editorial\/\"><img loading=\"lazy\" decoding=\"async\" width=\"1200\" height=\"630\" src=\"https:\/\/phsg-jahresbericht.ch\/2023\/wp-content\/uploads\/sites\/4\/Editorial-PHSG-Jahresbericht.jpg\" class=\"attachment-large size-large wp-image-1025\" alt=\"\" srcset=\"https:\/\/phsg-jahresbericht.ch\/2023\/wp-content\/uploads\/sites\/4\/Editorial-PHSG-Jahresbericht.jpg 1200w, https:\/\/phsg-jahresbericht.ch\/2023\/wp-content\/uploads\/sites\/4\/Editorial-PHSG-Jahresbericht-768x403.jpg 768w\" sizes=\"(max-width: 1200px) 100vw, 1200px\" \/> <span class=\"raven-post-image-overlay\"><\/span><\/a>\t\t<\/div>\n\t\t\t\t\t\t<div class=\"raven-post-content\">\n\t\t\t\t\t<h3 class=\"raven-post-title\"><a class=\"raven-post-title-link\" href=\"https:\/\/phsg-jahresbericht.ch\/2023\/geschaeftsjahr-2023\/editorial\/\">Editorial<\/a><\/h3>\t\t\t\t<\/div>\n\t\t\t<\/div>\n\t\t<\/div>\n\t\t\t\t<\/div>\n\t\t\t\t\t\t<\/div>\n\t\t\t\t<\/div>\n\t\t\t\t<\/div>\n\t\t\t\t\t<\/div>\n\t\t\t\t<\/div>\n\t\t\t\t<\/div>\n\t\t\t\t<\/div>\n\t\t\t\t\t\t<\/div>\n\t\t\t\t<\/div>\n\t\t\t\t<\/div>\n\t\t\t\t\t<\/div>\n\t\t\t\t<\/div>\n\t\t\t\t<\/div>\n\t\t","protected":false},"excerpt":{"rendered":"<p>Fokus Der Kindergarten wirkt ein Leben lang Unterschiede in der fr\u00fchkindlichen Entwicklung k\u00f6nnen sich jahrelang auswirken. Ein moderner Kindergarten, der Kinder mit gutausgebildeten Lehrpersonen individuell f\u00f6rdert, kann dem entgegenwirken und bietet der Gesellschaft grosse Chancen. Vor 150 Jahren wurde das erste Kinderg\u00e4rtnerinnenseminar im Kanton St.Gallen er\u00f6ffnet. Vieles hat sich seither ver\u00e4ndert und es zeichnet sich [&hellip;]<\/p>\n","protected":false},"author":1,"featured_media":3817,"parent":5607,"menu_order":2,"comment_status":"closed","ping_status":"closed","template":"elementor_header_footer","meta":{"_acf_changed":false,"footnotes":""},"class_list":["post-3787","page","type-page","status-publish","has-post-thumbnail","hentry"],"acf":[],"_links":{"self":[{"href":"https:\/\/phsg-jahresbericht.ch\/2023\/wp-json\/wp\/v2\/pages\/3787","targetHints":{"allow":["GET"]}}],"collection":[{"href":"https:\/\/phsg-jahresbericht.ch\/2023\/wp-json\/wp\/v2\/pages"}],"about":[{"href":"https:\/\/phsg-jahresbericht.ch\/2023\/wp-json\/wp\/v2\/types\/page"}],"author":[{"embeddable":true,"href":"https:\/\/phsg-jahresbericht.ch\/2023\/wp-json\/wp\/v2\/users\/1"}],"replies":[{"embeddable":true,"href":"https:\/\/phsg-jahresbericht.ch\/2023\/wp-json\/wp\/v2\/comments?post=3787"}],"version-history":[{"count":56,"href":"https:\/\/phsg-jahresbericht.ch\/2023\/wp-json\/wp\/v2\/pages\/3787\/revisions"}],"predecessor-version":[{"id":5477,"href":"https:\/\/phsg-jahresbericht.ch\/2023\/wp-json\/wp\/v2\/pages\/3787\/revisions\/5477"}],"up":[{"embeddable":true,"href":"https:\/\/phsg-jahresbericht.ch\/2023\/wp-json\/wp\/v2\/pages\/5607"}],"wp:featuredmedia":[{"embeddable":true,"href":"https:\/\/phsg-jahresbericht.ch\/2023\/wp-json\/wp\/v2\/media\/3817"}],"wp:attachment":[{"href":"https:\/\/phsg-jahresbericht.ch\/2023\/wp-json\/wp\/v2\/media?parent=3787"}],"curies":[{"name":"wp","href":"https:\/\/api.w.org\/{rel}","templated":true}]}}