{"id":636,"date":"2022-04-19T11:39:55","date_gmt":"2022-04-19T09:39:55","guid":{"rendered":"https:\/\/phsg-jahresbericht.ch\/2021\/?page_id=636"},"modified":"2023-02-02T13:05:27","modified_gmt":"2023-02-02T12:05:27","slug":"fokus-2021-digitalisierung","status":"publish","type":"page","link":"https:\/\/phsg-jahresbericht.ch\/2021\/fokus-2021-digitalisierung\/","title":{"rendered":"Schulen digital fit machen"},"content":{"rendered":"\t\t<div data-elementor-type=\"wp-page\" data-elementor-id=\"636\" class=\"elementor elementor-636\" data-elementor-post-type=\"page\">\n\t\t\t\t\t\t<section class=\"elementor-section elementor-top-section elementor-element elementor-element-45a9c11 elementor-section-height-min-height elementor-section-boxed elementor-section-height-default elementor-section-items-middle\" data-id=\"45a9c11\" data-element_type=\"section\" data-settings=\"{&quot;jet_parallax_layout_list&quot;:[]}\">\n\t\t\t\t\t\t<div class=\"elementor-container elementor-column-gap-default\">\n\t\t\t\t\t<div class=\"elementor-column elementor-col-100 elementor-top-column elementor-element elementor-element-9e6c6b6\" data-id=\"9e6c6b6\" data-element_type=\"column\">\n\t\t\t<div class=\"elementor-widget-wrap elementor-element-populated\">\n\t\t\t\t\t\t<div class=\"elementor-element elementor-element-719deeb elementor-widget elementor-widget-heading\" data-id=\"719deeb\" data-element_type=\"widget\" id=\"subtitle-underline\" data-widget_type=\"heading.default\">\n\t\t\t\t<div class=\"elementor-widget-container\">\n\t\t\t\t\t<h3 class=\"elementor-heading-title elementor-size-default\">Fokus 2021<\/h3>\t\t\t\t<\/div>\n\t\t\t\t<\/div>\n\t\t\t\t<div class=\"elementor-element elementor-element-e780e84 elementor-widget elementor-widget-heading\" data-id=\"e780e84\" data-element_type=\"widget\" data-widget_type=\"heading.default\">\n\t\t\t\t<div class=\"elementor-widget-container\">\n\t\t\t\t\t<h3 class=\"elementor-heading-title elementor-size-default\">Die digitale Transformation ver\u00e4ndert unser Leben und unser Arbeiten grundlegend \u2013 und sie stellt auch die Schulen vor die grosse Herausforderung, wie kommende Generationen optimal auf die neue Berufswelt vorbereitet werden.<\/h3>\t\t\t\t<\/div>\n\t\t\t\t<\/div>\n\t\t\t\t\t<\/div>\n\t\t<\/div>\n\t\t\t\t\t<\/div>\n\t\t<\/section>\n\t\t\t\t<section class=\"elementor-section elementor-top-section elementor-element elementor-element-040945e elementor-section-full_width elementor-section-height-default elementor-section-height-default\" data-id=\"040945e\" data-element_type=\"section\" data-settings=\"{&quot;jet_parallax_layout_list&quot;:[]}\">\n\t\t\t\t\t\t<div class=\"elementor-container elementor-column-gap-default\">\n\t\t\t\t\t<div class=\"elementor-column elementor-col-100 elementor-top-column elementor-element elementor-element-be1b5d0\" data-id=\"be1b5d0\" data-element_type=\"column\">\n\t\t\t<div class=\"elementor-widget-wrap elementor-element-populated\">\n\t\t\t\t\t\t<div class=\"elementor-element elementor-element-73b76cc elementor-widget elementor-widget-image\" data-id=\"73b76cc\" data-element_type=\"widget\" data-widget_type=\"image.default\">\n\t\t\t\t<div class=\"elementor-widget-container\">\n\t\t\t\t\t\t\t\t\t\t\t\t\t\t\t<img fetchpriority=\"high\" decoding=\"async\" width=\"2560\" height=\"1116\" src=\"https:\/\/phsg-jahresbericht.ch\/2021\/wp-content\/uploads\/sites\/2\/Fokus-2021-Headerbild-PHSG-Jahresbericht-1-scaled.jpg\" class=\"attachment-large size-large wp-image-1387\" alt=\"\" srcset=\"https:\/\/phsg-jahresbericht.ch\/2021\/wp-content\/uploads\/sites\/2\/Fokus-2021-Headerbild-PHSG-Jahresbericht-1-scaled.jpg 2560w, https:\/\/phsg-jahresbericht.ch\/2021\/wp-content\/uploads\/sites\/2\/Fokus-2021-Headerbild-PHSG-Jahresbericht-1-768x335.jpg 768w, https:\/\/phsg-jahresbericht.ch\/2021\/wp-content\/uploads\/sites\/2\/Fokus-2021-Headerbild-PHSG-Jahresbericht-1-1536x670.jpg 1536w, https:\/\/phsg-jahresbericht.ch\/2021\/wp-content\/uploads\/sites\/2\/Fokus-2021-Headerbild-PHSG-Jahresbericht-1-2048x893.jpg 2048w\" sizes=\"(max-width: 2560px) 100vw, 2560px\" \/>\t\t\t\t\t\t\t\t\t\t\t\t\t\t\t<\/div>\n\t\t\t\t<\/div>\n\t\t\t\t\t<\/div>\n\t\t<\/div>\n\t\t\t\t\t<\/div>\n\t\t<\/section>\n\t\t\t\t<section class=\"elementor-section elementor-top-section elementor-element elementor-element-4eff095 elementor-section-boxed elementor-section-height-default elementor-section-height-default\" data-id=\"4eff095\" data-element_type=\"section\" data-settings=\"{&quot;jet_parallax_layout_list&quot;:[]}\">\n\t\t\t\t\t\t<div class=\"elementor-container elementor-column-gap-default\">\n\t\t\t\t\t<div class=\"elementor-column elementor-col-100 elementor-top-column elementor-element elementor-element-7815453\" data-id=\"7815453\" data-element_type=\"column\">\n\t\t\t<div class=\"elementor-widget-wrap elementor-element-populated\">\n\t\t\t\t\t\t<div class=\"elementor-element elementor-element-5fe07e9 elementor-widget elementor-widget-text-editor\" data-id=\"5fe07e9\" data-element_type=\"widget\" data-widget_type=\"text-editor.default\">\n\t\t\t\t<div class=\"elementor-widget-container\">\n\t\t\t\t\t\t\t\t\t<p>Welche F\u00e4higkeiten soll ein Kind k\u00fcnftig haben, damit es sich in 30 Jahren im Leben zurechtfindet? Und wie sollen diese Fertigkeiten vermittelt werden? In Zeiten der rasant voranschreitenden Digitalisierung sehen sich die Bildungsinstitutionen immer h\u00e4ufiger mit solchen und \u00e4hnlichen Fragen konfrontiert. Auch die PHSG. Am Hochschultag im November 2021 war die digitale Transformation in der Bildung denn auch das Schwerpunktthema. Eine Konsequenz aus diesen Fragen ist die IT-Bildungsoffensive des Kantons St. Gallen. Am Hochschultag wurden unter anderem die Leitinitiativen des Schwerpunkts 1 vorgestellt, welche die PHSG als Leadorganisation umsetzt. Damit unterst\u00fctzt sie die Volksschule und die Mittelschulen bei der digitalen Transformation.<\/p><p>Die Hochschule lehrt und forscht seit Jahren in diesem Bereich, und das auf den verschiedensten Stufen \u2013 von der Fr\u00fchen Bildung und der Volksschule \u00fcber die Weiter- und die Berufsbildung bis hin zur Lehre. Mit ihrer ausgewiesenen Expertise ist die PHSG ein wichtiger Grundpfeiler der digitalen Transformation in Schule und Bildung im Kanton. Die folgenden Statements von PHSG-Verantwortlichen geben einen \u00dcberblick \u00fcber den Stand der aktuellen Entwicklungen.\u00a0Zudem beleuchten zwei Experten das Thema aus externer Sicht\u00a0und bieten dabei auch eine spannende internationale Perspektive.<\/p><p>F\u00fcr PHSG-Rektor Horst Biedermann wird es k\u00fcnftig noch wichtiger,\u00a0dass die Menschen lernen, komplexe Probleme selbstorganisiert zu l\u00f6sen und sich\u00a0eigenverantwortlich weiterzuentwickeln.\u00a0\u00abAnaloge und digitale Realisierungen gilt es dabei dermassen zu nutzen und aufeinander abzustimmen, dass sie h\u00f6chsten Qualit\u00e4ts- und Wirksamkeitsanspr\u00fcchen entsprechen k\u00f6nnen.\u00bb<\/p>\t\t\t\t\t\t\t\t<\/div>\n\t\t\t\t<\/div>\n\t\t\t\t\t<\/div>\n\t\t<\/div>\n\t\t\t\t\t<\/div>\n\t\t<\/section>\n\t\t\t\t<section class=\"elementor-section elementor-top-section elementor-element elementor-element-85acf6c elementor-section-boxed elementor-section-height-default elementor-section-height-default\" data-id=\"85acf6c\" data-element_type=\"section\" data-settings=\"{&quot;jet_parallax_layout_list&quot;:[]}\">\n\t\t\t\t\t\t<div class=\"elementor-container elementor-column-gap-default\">\n\t\t\t\t\t<div class=\"elementor-column elementor-col-50 elementor-top-column elementor-element elementor-element-3b4c7d71\" data-id=\"3b4c7d71\" data-element_type=\"column\">\n\t\t\t<div class=\"elementor-widget-wrap elementor-element-populated\">\n\t\t\t\t\t\t<div class=\"elementor-element elementor-element-71574da1 elementor-widget elementor-widget-jet-team-member\" data-id=\"71574da1\" data-element_type=\"widget\" data-widget_type=\"jet-team-member.default\">\n\t\t\t\t<div class=\"elementor-widget-container\">\n\t\t\t\t\t<div class=\"elementor-jet-team-member jet-elements\"><div class=\"jet-team-member\">\n\t<div class=\"jet-team-member__inner\">\n\t\t<div class=\"jet-team-member__image\">\n\t\t\t<div class=\"jet-team-member__cover\"><\/div>\n\t\t\t<figure class=\"jet-team-member__figure\"><img decoding=\"async\" width=\"765\" height=\"840\" src=\"https:\/\/phsg-jahresbericht.ch\/2021\/wp-content\/uploads\/sites\/2\/portrait-horst-biedermann.jpg\" class=\"jet-team-member__img-tag\" alt=\"portrait-horst-biedermann\" \/><\/figure>\t\t<\/div>\n\t\t<div class=\"jet-team-member__content\"><h3 class=\"jet-team-member__name\"><span class=\"jet-team-member__name-first\">Horst Biedermann<\/span><\/h3><div class=\"jet-team-member__position\"><span>Rektor der P\u00e4dagogischen Hochschule St.Gallen<br>&nbsp;<\/span><\/div><div class=\"jet-team-member__socials\"><div class=\"jet-team-member__socials-item\"><a href=\"#\" aria-label=\"\"><\/a><\/div><\/div><\/div>\n\t<\/div>\n<\/div>\n<\/div>\t\t\t\t<\/div>\n\t\t\t\t<\/div>\n\t\t\t\t<div class=\"elementor-element elementor-element-b0f235a elementor-widget elementor-widget-jet-accordion\" data-id=\"b0f235a\" data-element_type=\"widget\" data-widget_type=\"jet-accordion.default\">\n\t\t\t\t<div class=\"elementor-widget-container\">\n\t\t\t\t\t\t\t<div class=\"jet-accordion\" data-settings=\"{&quot;collapsible&quot;:false,&quot;ajaxTemplate&quot;:false,&quot;switchScrolling&quot;:false,&quot;switchScrollingOffset&quot;:0,&quot;switchScrollingDelay&quot;:500}\">\n\t\t\t<div class=\"jet-accordion__inner\">\n\t\t\t\t<div class=\" jet-accordion__item jet-toggle jet-toggle-move-up-effect \">\n\t\t\t\t\t\t\t<div id=\"jet-toggle-control-1851\" class=\"jet-toggle__control elementor-menu-anchor\" data-toggle=\"1\" role=\"button\" tabindex=\"0\" aria-controls=\"jet-toggle-content-1851\" aria-expanded=\"false\" data-template-id=\"1879\">\n\t\t\t\t\t\t\t\t<div class=\"jet-toggle__label-icon jet-toggle-icon-position-left\"><span class=\"jet-toggle__icon icon-normal jet-tabs-icon\"><i class=\"fas fa-plus\"><\/i><\/span><span class=\"jet-toggle__icon icon-active jet-tabs-icon\"><i class=\"fas fa-minus\"><\/i><\/span><\/div><div class=\"jet-toggle__label-text\">Digitale Transformation an der P\u00e4dagogischen Hochschule St.Gallen<\/div>\t\t\t\t\t\t\t<\/div>\n\t\t\t\t\t\t\t<div id=\"jet-toggle-content-1851\" class=\"jet-toggle__content\" data-toggle=\"1\" role=\"region\" data-template-id=\"1879\">\n\t\t\t\t\t\t\t\t<div class=\"jet-toggle__content-inner\">\t\t<div data-elementor-type=\"page\" data-elementor-id=\"1879\" class=\"elementor elementor-1879\" data-elementor-post-type=\"elementor_library\">\n\t\t\t\t\t\t<section class=\"elementor-section elementor-top-section elementor-element elementor-element-e111f69 elementor-section-boxed elementor-section-height-default elementor-section-height-default\" data-id=\"e111f69\" data-element_type=\"section\" data-settings=\"{&quot;jet_parallax_layout_list&quot;:[],&quot;background_background&quot;:&quot;classic&quot;}\">\n\t\t\t\t\t\t<div class=\"elementor-container elementor-column-gap-default\">\n\t\t\t\t\t<div class=\"elementor-column elementor-col-100 elementor-top-column elementor-element elementor-element-6d04984\" data-id=\"6d04984\" data-element_type=\"column\">\n\t\t\t<div class=\"elementor-widget-wrap elementor-element-populated\">\n\t\t\t\t\t\t<div class=\"elementor-element elementor-element-75e2727 elementor-widget elementor-widget-text-editor\" data-id=\"75e2727\" data-element_type=\"widget\" data-widget_type=\"text-editor.default\">\n\t\t\t\t<div class=\"elementor-widget-container\">\n\t\t\t\t\t\t\t\t\t<p>Angesichts der rasanten und fortdauernden technologischen Entwicklungen und der damit verbundenen zunehmenden Computerisierung unserer Lebens- und Arbeitswelt stellt sich die Frage, wie kommende Generationen auf ein Erwachsenenleben in einer noch wenig voraussehbaren Zukunft vorbereitet werden k\u00f6nnen. Bedeutsam wird sein, dass Personen zunehmend f\u00e4hig sein werden, komplexe Probleme in gemeinschaftsorientierter Verantwortung selbstorganisiert zu l\u00f6sen und sich den wandelnden Anspr\u00fcchen entsprechend eigenverantwortlich weiterzuentwickeln. Die hierf\u00fcr ben\u00f6tigten F\u00e4higkeiten werden unter dem Schlagwort Future Skills zusammengefasst, wozu eine fundierte Digitalkompetenz geh\u00f6rt, aber auch F\u00e4higkeiten wie Innovationskompetenz, Kooperationskompetenz, Lernkompetenz, Initiativ- und Leistungskompetenz, Ambiguit\u00e4tskompetenz, Ethische Kompetenz und Sensemaking. Digitale Transformation bedeutet somit, Lehr-Lernarrangements zunehmend in enger Verschr\u00e4nkung von fachlichen, transformativen, personalen und digitalen Kompetenzen zu konkretisieren. Analoge und digitale Realisierungen gilt es dermassen zu nutzen und aufeinander abzustimmen, dass sie h\u00f6chsten Qualit\u00e4ts- und Wirksamkeitsanspr\u00fcchen entsprechen k\u00f6nnen. Damit eine derartige Lehr-Lernkultur entstehen kann, bedarf es der Entwicklung eines gemeinsamen Verst\u00e4ndnisses, dass Dynamiken als Potential zur eigenen und institutionellen Weiterentwicklung wahrgenommen werden und Agilit\u00e4t gelebt wird, wodurch gegebener Freiraum zur mutigen Gestaltung des eigenen Verantwortungsbereichs in guter Zusammenarbeit zwischen den Expertinnen und Experten genutzt wird. Eine Entwicklung, wie wir sie an der PHSG vorantreiben.<\/p>\t\t\t\t\t\t\t\t<\/div>\n\t\t\t\t<\/div>\n\t\t\t\t\t<\/div>\n\t\t<\/div>\n\t\t\t\t\t<\/div>\n\t\t<\/section>\n\t\t\t\t<\/div>\n\t\t<\/div>\n\t\t\t\t\t\t\t<\/div>\n\t\t\t\t\t\t<\/div>\t\t\t<\/div>\n\t\t<\/div>\n\t\t\t\t\t\t<\/div>\n\t\t\t\t<\/div>\n\t\t\t\t\t<\/div>\n\t\t<\/div>\n\t\t\t\t<div class=\"elementor-column elementor-col-50 elementor-top-column elementor-element elementor-element-614b7068\" data-id=\"614b7068\" data-element_type=\"column\">\n\t\t\t<div class=\"elementor-widget-wrap elementor-element-populated\">\n\t\t\t\t\t\t<div class=\"elementor-element elementor-element-c7017f4 elementor-widget elementor-widget-jet-team-member\" data-id=\"c7017f4\" data-element_type=\"widget\" data-widget_type=\"jet-team-member.default\">\n\t\t\t\t<div class=\"elementor-widget-container\">\n\t\t\t\t\t<div class=\"elementor-jet-team-member jet-elements\"><div class=\"jet-team-member\">\n\t<div class=\"jet-team-member__inner\">\n\t\t<div class=\"jet-team-member__image\">\n\t\t\t<div class=\"jet-team-member__cover\"><\/div>\n\t\t\t<figure class=\"jet-team-member__figure\"><img decoding=\"async\" width=\"765\" height=\"840\" src=\"https:\/\/phsg-jahresbericht.ch\/2021\/wp-content\/uploads\/sites\/2\/portrait-christian-bruehwiler.jpg\" class=\"jet-team-member__img-tag\" alt=\"portrait-christian-bruehwiler\" \/><\/figure>\t\t<\/div>\n\t\t<div class=\"jet-team-member__content\"><h3 class=\"jet-team-member__name\"><span class=\"jet-team-member__name-first\">Christian Br\u00fchwiler<\/span><\/h3><div class=\"jet-team-member__position\"><span>Prorektor Forschung & Entwicklung<br>&nbsp;<\/span><\/div><div class=\"jet-team-member__socials\"><div class=\"jet-team-member__socials-item\"><a href=\"#\" aria-label=\"\"><\/a><\/div><\/div><\/div>\n\t<\/div>\n<\/div>\n<\/div>\t\t\t\t<\/div>\n\t\t\t\t<\/div>\n\t\t\t\t<div class=\"elementor-element elementor-element-12f6fa5 elementor-widget elementor-widget-jet-accordion\" data-id=\"12f6fa5\" data-element_type=\"widget\" data-widget_type=\"jet-accordion.default\">\n\t\t\t\t<div class=\"elementor-widget-container\">\n\t\t\t\t\t\t\t<div class=\"jet-accordion\" data-settings=\"{&quot;collapsible&quot;:false,&quot;ajaxTemplate&quot;:false,&quot;switchScrolling&quot;:false,&quot;switchScrollingOffset&quot;:0,&quot;switchScrollingDelay&quot;:500}\">\n\t\t\t<div class=\"jet-accordion__inner\">\n\t\t\t\t<div class=\" jet-accordion__item jet-toggle jet-toggle-move-up-effect \">\n\t\t\t\t\t\t\t<div id=\"jet-toggle-control-1981\" class=\"jet-toggle__control elementor-menu-anchor\" data-toggle=\"1\" role=\"button\" tabindex=\"0\" aria-controls=\"jet-toggle-content-1981\" aria-expanded=\"false\" data-template-id=\"1882\">\n\t\t\t\t\t\t\t\t<div class=\"jet-toggle__label-icon jet-toggle-icon-position-left\"><span class=\"jet-toggle__icon icon-normal jet-tabs-icon\"><i class=\"fas fa-plus\"><\/i><\/span><span class=\"jet-toggle__icon icon-active jet-tabs-icon\"><i class=\"fas fa-minus\"><\/i><\/span><\/div><div class=\"jet-toggle__label-text\">Digitale Transformation in der Forschung<br>&nbsp;<\/div>\t\t\t\t\t\t\t<\/div>\n\t\t\t\t\t\t\t<div id=\"jet-toggle-content-1981\" class=\"jet-toggle__content\" data-toggle=\"1\" role=\"region\" data-template-id=\"1882\">\n\t\t\t\t\t\t\t\t<div class=\"jet-toggle__content-inner\">\t\t<div data-elementor-type=\"page\" data-elementor-id=\"1882\" class=\"elementor elementor-1882\" data-elementor-post-type=\"elementor_library\">\n\t\t\t\t\t\t<section class=\"elementor-section elementor-top-section elementor-element elementor-element-e111f69 elementor-section-boxed elementor-section-height-default elementor-section-height-default\" data-id=\"e111f69\" data-element_type=\"section\" data-settings=\"{&quot;jet_parallax_layout_list&quot;:[],&quot;background_background&quot;:&quot;classic&quot;}\">\n\t\t\t\t\t\t<div class=\"elementor-container elementor-column-gap-default\">\n\t\t\t\t\t<div class=\"elementor-column elementor-col-100 elementor-top-column elementor-element elementor-element-6d04984\" data-id=\"6d04984\" data-element_type=\"column\">\n\t\t\t<div class=\"elementor-widget-wrap elementor-element-populated\">\n\t\t\t\t\t\t<div class=\"elementor-element elementor-element-75e2727 elementor-widget elementor-widget-text-editor\" data-id=\"75e2727\" data-element_type=\"widget\" data-widget_type=\"text-editor.default\">\n\t\t\t\t<div class=\"elementor-widget-container\">\n\t\t\t\t\t\t\t\t\t<p>Vor rund einem halben Jahrhundert sind computerbegeisterte Wissenschaftlerinnen und Wissenschaftler f\u00fcr die Datenanalyse mit Pioniergeist und Schuhkartons voller Lochkarten in die Rechenzentren ihrer Hochschulen gepilgert. Kaum jemand d\u00fcrfte damals erahnt haben, wie stark die Digitalisierung die Forschungspraxis ver\u00e4ndern w\u00fcrde. Obschon auch heute Prognosen schwierig sind, sollen vier Themenfelder benannt werden, welche die n\u00e4chsten Jahre pr\u00e4gen d\u00fcrften.<\/p><p><strong>(1) Digitale Transformation als Forschungsgegenstand<\/strong><\/p><p>Forschung soll dazu beitragen, Herausforderungen, Chancen und Risiken der Digitalisierung f\u00fcr die Schule und Bildung zu erkennen, besser zu verstehen und Handlungswissen zur Verf\u00fcgung zu stellen, um daraus erfolgreiche Strategien f\u00fcr die Weiterentwicklung des Bildungswesens abzuleiten und negative Auswirkungen zu reduzieren.<\/p><p><strong>(2) Impact auf die Bildungspraxis durch digitale Tools<\/strong><\/p><p>Meist erfolgt der Transfer von Erkenntnissen aus der Forschung in die p\u00e4dagogische Praxis nicht direkt, sondern wird \u00fcber die Entwicklung von Bildungsangeboten oder digitalen Tools, z.B. Lern-Apps, digitale Lehrmittel, Learning Analytics oder Lernf\u00f6rdersysteme, vermittelt.<\/p><p><strong>(3) Nutzung digitaler M\u00f6glichkeiten im Forschungsprozess<\/strong><\/p><p>Die Digitalisierung er\u00f6ffnet bez\u00fcglich Datengewinnung (z.B. computerbasierte Erhebungsverfahren, Videostudien, Eye-Tracking oder adaptive Tests) und Datenanalysen (z.B. komplexe statistische Verfahren, Data-Mining oder Big Data) eine Vielzahl neuer M\u00f6glichkeiten und vereinfacht die internationale Zusammenarbeit.<\/p><p><strong>(4) Neue M\u00f6glichkeiten des Wissensaustauschs<\/strong><\/p><p>Eine gute digitale Infrastruktur ist Voraussetzung f\u00fcr eine freie und offene Wissenschaftskultur im Sinne von Open Science. Diese hat zum Ziel, wissenschaftliche Leistungen wie Methoden, Daten oder Publikationen \u00f6ffentlich zug\u00e4nglich zu machen. \u00dcber neue Formate der Wissenschaftskommunikation, z.B. Podcasts oder Social-Media-Kan\u00e4le, kann sich die interessierte \u00d6ffentlichkeit \u00fcber aktuelle Erkenntnisse aus der Wissenschaft informieren.<\/p>\t\t\t\t\t\t\t\t<\/div>\n\t\t\t\t<\/div>\n\t\t\t\t\t<\/div>\n\t\t<\/div>\n\t\t\t\t\t<\/div>\n\t\t<\/section>\n\t\t\t\t<\/div>\n\t\t<\/div>\n\t\t\t\t\t\t\t<\/div>\n\t\t\t\t\t\t<\/div>\t\t\t<\/div>\n\t\t<\/div>\n\t\t\t\t\t\t<\/div>\n\t\t\t\t<\/div>\n\t\t\t\t\t<\/div>\n\t\t<\/div>\n\t\t\t\t\t<\/div>\n\t\t<\/section>\n\t\t\t\t<section class=\"elementor-section elementor-top-section elementor-element elementor-element-e2f7383 elementor-section-boxed elementor-section-height-default elementor-section-height-default\" data-id=\"e2f7383\" data-element_type=\"section\" data-settings=\"{&quot;jet_parallax_layout_list&quot;:[]}\">\n\t\t\t\t\t\t<div class=\"elementor-container elementor-column-gap-default\">\n\t\t\t\t\t<div class=\"elementor-column elementor-col-50 elementor-top-column elementor-element elementor-element-7d46ec4\" data-id=\"7d46ec4\" data-element_type=\"column\">\n\t\t\t<div class=\"elementor-widget-wrap elementor-element-populated\">\n\t\t\t\t\t\t<div class=\"elementor-element elementor-element-f2a58cd elementor-widget elementor-widget-jet-team-member\" data-id=\"f2a58cd\" data-element_type=\"widget\" data-widget_type=\"jet-team-member.default\">\n\t\t\t\t<div class=\"elementor-widget-container\">\n\t\t\t\t\t<div class=\"elementor-jet-team-member jet-elements\"><div class=\"jet-team-member\">\n\t<div class=\"jet-team-member__inner\">\n\t\t<div class=\"jet-team-member__image\">\n\t\t\t<div class=\"jet-team-member__cover\"><\/div>\n\t\t\t<figure class=\"jet-team-member__figure\"><img loading=\"lazy\" decoding=\"async\" width=\"765\" height=\"840\" src=\"https:\/\/phsg-jahresbericht.ch\/2021\/wp-content\/uploads\/sites\/2\/Franziska-Vogt-PHSG-Jahresbericht.jpg\" class=\"jet-team-member__img-tag\" alt=\"Franziska Vogt PHSG Jahresbericht\" \/><\/figure>\t\t<\/div>\n\t\t<div class=\"jet-team-member__content\"><h3 class=\"jet-team-member__name\"><span class=\"jet-team-member__name-first\">Franziska Vogt<\/span><\/h3><div class=\"jet-team-member__position\"><span>Leiterin Zentrum Fr\u00fche Bildung<br>&nbsp;<\/span><\/div><div class=\"jet-team-member__socials\"><div class=\"jet-team-member__socials-item\"><a href=\"#\" aria-label=\"\"><\/a><\/div><\/div><\/div>\n\t<\/div>\n<\/div>\n<\/div>\t\t\t\t<\/div>\n\t\t\t\t<\/div>\n\t\t\t\t<div class=\"elementor-element elementor-element-05ddbb1 elementor-widget elementor-widget-jet-accordion\" data-id=\"05ddbb1\" data-element_type=\"widget\" data-widget_type=\"jet-accordion.default\">\n\t\t\t\t<div class=\"elementor-widget-container\">\n\t\t\t\t\t\t\t<div class=\"jet-accordion\" data-settings=\"{&quot;collapsible&quot;:false,&quot;ajaxTemplate&quot;:false,&quot;switchScrolling&quot;:false,&quot;switchScrollingOffset&quot;:0,&quot;switchScrollingDelay&quot;:500}\">\n\t\t\t<div class=\"jet-accordion__inner\">\n\t\t\t\t<div class=\" jet-accordion__item jet-toggle jet-toggle-move-up-effect \">\n\t\t\t\t\t\t\t<div id=\"jet-toggle-control-6151\" class=\"jet-toggle__control elementor-menu-anchor\" data-toggle=\"1\" role=\"button\" tabindex=\"0\" aria-controls=\"jet-toggle-content-6151\" aria-expanded=\"false\" data-template-id=\"1891\">\n\t\t\t\t\t\t\t\t<div class=\"jet-toggle__label-icon jet-toggle-icon-position-left\"><span class=\"jet-toggle__icon icon-normal jet-tabs-icon\"><i class=\"fas fa-plus\"><\/i><\/span><span class=\"jet-toggle__icon icon-active jet-tabs-icon\"><i class=\"fas fa-minus\"><\/i><\/span><\/div><div class=\"jet-toggle__label-text\">Digitale Transformation in der fr\u00fchen Bildung<br>&nbsp;<\/div>\t\t\t\t\t\t\t<\/div>\n\t\t\t\t\t\t\t<div id=\"jet-toggle-content-6151\" class=\"jet-toggle__content\" data-toggle=\"1\" role=\"region\" data-template-id=\"1891\">\n\t\t\t\t\t\t\t\t<div class=\"jet-toggle__content-inner\">\t\t<div data-elementor-type=\"page\" data-elementor-id=\"1891\" class=\"elementor elementor-1891\" data-elementor-post-type=\"elementor_library\">\n\t\t\t\t\t\t<section class=\"elementor-section elementor-top-section elementor-element elementor-element-e111f69 elementor-section-boxed elementor-section-height-default elementor-section-height-default\" data-id=\"e111f69\" data-element_type=\"section\" data-settings=\"{&quot;jet_parallax_layout_list&quot;:[],&quot;background_background&quot;:&quot;classic&quot;}\">\n\t\t\t\t\t\t<div class=\"elementor-container elementor-column-gap-default\">\n\t\t\t\t\t<div class=\"elementor-column elementor-col-100 elementor-top-column elementor-element elementor-element-6d04984\" data-id=\"6d04984\" data-element_type=\"column\">\n\t\t\t<div class=\"elementor-widget-wrap elementor-element-populated\">\n\t\t\t\t\t\t<div class=\"elementor-element elementor-element-75e2727 elementor-widget elementor-widget-text-editor\" data-id=\"75e2727\" data-element_type=\"widget\" data-widget_type=\"text-editor.default\">\n\t\t\t\t<div class=\"elementor-widget-container\">\n\t\t\t\t\t\t\t\t\t<p>Digitale Bildung f\u00fcr die ganz jungen Kinder bedeutet nicht, dass die Kinder in Kita und Kindergarten lange vor den Bildschirmen sitzen. Im Gegenteil.<\/p><p>Die zentralen Kompetenzen f\u00fcr die digitale Transformation sind Kreativit\u00e4t, Kommunikation, Kooperation, kritisches Denken und Probleml\u00f6sen. Um die Chancen der Digitalisierung zu nutzen, m\u00fcssen neue, kreative Ideen gemeinsam entwickelt werden. Dies lernen die jungen Kinder am besten im Spiel. Unser Projekt \u00abWir spielen die Zukunft\u00bb bringt das Thema der digitalen Transformation in den Kindergarten, jedoch ohne piepende Apps, fesselnde Videos oder m\u00fchsame Codierung. Auf der Basis des freien Rollenspiels, des So-tun-als-ob, eignen sich die Kinder die zentralen Kompetenzen an. In den Kinderg\u00e4rten wurde hierf\u00fcr zwischen Bau- und Familienecke das \u00abICT Center\u00bb eingerichtet \u2013 mit gebastelten Tablets und ausrangierten Laptops. Die Kinder spielen den Beruf der IT-Spezialistin oder des IT-Spezialisten und tun so, als ob sie Roboter programmieren, Smart Homes einrichten oder Apps entwickeln w\u00fcrden.<\/p><p>Was bedeutet digitale Bildung in der fr\u00fchen Kindheit? Um dies herauszufinden, arbeiten wir mit weiteren Expertinnen und Experten zusammen und entwickeln gemeinsam \u00abErfahrungsbereiche und Lernumgebungen f\u00fcr die digitale Bildung in der Elementarp\u00e4dagogik\u00bb. Diese Erfahrungsbereiche erweitern den oft ausschliesslich medienp\u00e4dagogischen Fokus und thematisieren auch digitale Technologien. In der fr\u00fchen digitalen Bildung sollen Kinder anfangen k\u00f6nnen, digitale Technologien zu entdecken, zu untersuchen und zu verstehen sowie zu \u00fcberlegen, wie diese funktionieren. Die Kinder sollen nicht nur passiv digitale Medien nutzen, sondern sich als aktiv Handelnde verstehen k\u00f6nnen.<\/p><p>Zusammenfassend gesagt, geht es nicht um die Frage, ob die digitale Transformation ein Thema in der fr\u00fchen Bildung sein soll, sondern lediglich, wie sie thematisiert wird. Das Lernen im Spiel ist f\u00fcr die Kompetenzen der Zukunft wegweisend.<\/p>\t\t\t\t\t\t\t\t<\/div>\n\t\t\t\t<\/div>\n\t\t\t\t<div class=\"elementor-element elementor-element-3e1186d elementor-widget elementor-widget-heading\" data-id=\"3e1186d\" data-element_type=\"widget\" data-widget_type=\"heading.default\">\n\t\t\t\t<div class=\"elementor-widget-container\">\n\t\t\t\t\t<h4 class=\"elementor-heading-title elementor-size-default\"><a href=\"http:\/\/www.wirspielendiezukunft.ch\" target=\"_blank\">\u00abWir spielen die Zukunft\u00bb<\/a><\/h4>\t\t\t\t<\/div>\n\t\t\t\t<\/div>\n\t\t\t\t<div class=\"elementor-element elementor-element-1e547e5 elementor-widget elementor-widget-heading\" data-id=\"1e547e5\" data-element_type=\"widget\" data-widget_type=\"heading.default\">\n\t\t\t\t<div class=\"elementor-widget-container\">\n\t\t\t\t\t<h4 class=\"elementor-heading-title elementor-size-default\"><a href=\"https:\/\/www.phsg.ch\/de\/forschung\/projekte\/digitale-bildung-der-elementarpaedagogik\" target=\"_blank\">\u00abErfahrungsbereiche und Lernumgebungen f\u00fcr die digitale Bildung in der Elementarp\u00e4dagogik\u00bb<\/a><\/h4>\t\t\t\t<\/div>\n\t\t\t\t<\/div>\n\t\t\t\t\t<\/div>\n\t\t<\/div>\n\t\t\t\t\t<\/div>\n\t\t<\/section>\n\t\t\t\t<\/div>\n\t\t<\/div>\n\t\t\t\t\t\t\t<\/div>\n\t\t\t\t\t\t<\/div>\t\t\t<\/div>\n\t\t<\/div>\n\t\t\t\t\t\t<\/div>\n\t\t\t\t<\/div>\n\t\t\t\t\t<\/div>\n\t\t<\/div>\n\t\t\t\t<div class=\"elementor-column elementor-col-50 elementor-top-column elementor-element elementor-element-8edbecf\" data-id=\"8edbecf\" data-element_type=\"column\">\n\t\t\t<div class=\"elementor-widget-wrap elementor-element-populated\">\n\t\t\t\t\t\t<div class=\"elementor-element elementor-element-f5cc82f elementor-widget elementor-widget-jet-team-member\" data-id=\"f5cc82f\" data-element_type=\"widget\" data-widget_type=\"jet-team-member.default\">\n\t\t\t\t<div class=\"elementor-widget-container\">\n\t\t\t\t\t<div class=\"elementor-jet-team-member jet-elements\"><div class=\"jet-team-member\">\n\t<div class=\"jet-team-member__inner\">\n\t\t<div class=\"jet-team-member__image\">\n\t\t\t<div class=\"jet-team-member__cover\"><\/div>\n\t\t\t<figure class=\"jet-team-member__figure\"><img loading=\"lazy\" decoding=\"async\" width=\"765\" height=\"840\" src=\"https:\/\/phsg-jahresbericht.ch\/2021\/wp-content\/uploads\/sites\/2\/Ralph-Kugler-PHSG-Jahresbericht.jpg\" class=\"jet-team-member__img-tag\" alt=\"Ralph Kugler PHSG Jahresbericht\" \/><\/figure>\t\t<\/div>\n\t\t<div class=\"jet-team-member__content\"><h3 class=\"jet-team-member__name\"><span class=\"jet-team-member__name-first\">Ralph Kugler<\/span><\/h3><div class=\"jet-team-member__position\"><span>Leiter Kompetenzzentrum Digitalisierung & Bildung<br>&nbsp;<\/span><\/div><div class=\"jet-team-member__socials\"><div class=\"jet-team-member__socials-item\"><a href=\"#\" aria-label=\"\"><\/a><\/div><\/div><\/div>\n\t<\/div>\n<\/div>\n<\/div>\t\t\t\t<\/div>\n\t\t\t\t<\/div>\n\t\t\t\t<div class=\"elementor-element elementor-element-94f01dd elementor-widget elementor-widget-jet-accordion\" data-id=\"94f01dd\" data-element_type=\"widget\" data-widget_type=\"jet-accordion.default\">\n\t\t\t\t<div class=\"elementor-widget-container\">\n\t\t\t\t\t\t\t<div class=\"jet-accordion\" data-settings=\"{&quot;collapsible&quot;:false,&quot;ajaxTemplate&quot;:false,&quot;switchScrolling&quot;:false,&quot;switchScrollingOffset&quot;:0,&quot;switchScrollingDelay&quot;:500}\">\n\t\t\t<div class=\"jet-accordion__inner\">\n\t\t\t\t<div class=\" jet-accordion__item jet-toggle jet-toggle-move-up-effect \">\n\t\t\t\t\t\t\t<div id=\"jet-toggle-control-1561\" class=\"jet-toggle__control elementor-menu-anchor\" data-toggle=\"1\" role=\"button\" tabindex=\"0\" aria-controls=\"jet-toggle-content-1561\" aria-expanded=\"false\" data-template-id=\"1900\">\n\t\t\t\t\t\t\t\t<div class=\"jet-toggle__label-icon jet-toggle-icon-position-left\"><span class=\"jet-toggle__icon icon-normal jet-tabs-icon\"><i class=\"fas fa-plus\"><\/i><\/span><span class=\"jet-toggle__icon icon-active jet-tabs-icon\"><i class=\"fas fa-minus\"><\/i><\/span><\/div><div class=\"jet-toggle__label-text\">Digitale Transformation in der Volksschule und Weiterbildung<\/div>\t\t\t\t\t\t\t<\/div>\n\t\t\t\t\t\t\t<div id=\"jet-toggle-content-1561\" class=\"jet-toggle__content\" data-toggle=\"1\" role=\"region\" data-template-id=\"1900\">\n\t\t\t\t\t\t\t\t<div class=\"jet-toggle__content-inner\">\t\t<div data-elementor-type=\"page\" data-elementor-id=\"1900\" class=\"elementor elementor-1900\" data-elementor-post-type=\"elementor_library\">\n\t\t\t\t\t\t<section class=\"elementor-section elementor-top-section elementor-element elementor-element-e111f69 elementor-section-boxed elementor-section-height-default elementor-section-height-default\" data-id=\"e111f69\" data-element_type=\"section\" data-settings=\"{&quot;jet_parallax_layout_list&quot;:[],&quot;background_background&quot;:&quot;classic&quot;}\">\n\t\t\t\t\t\t<div class=\"elementor-container elementor-column-gap-default\">\n\t\t\t\t\t<div class=\"elementor-column elementor-col-100 elementor-top-column elementor-element elementor-element-6d04984\" data-id=\"6d04984\" data-element_type=\"column\">\n\t\t\t<div class=\"elementor-widget-wrap elementor-element-populated\">\n\t\t\t\t\t\t<div class=\"elementor-element elementor-element-75e2727 elementor-widget elementor-widget-text-editor\" data-id=\"75e2727\" data-element_type=\"widget\" data-widget_type=\"text-editor.default\">\n\t\t\t\t<div class=\"elementor-widget-container\">\n\t\t\t\t\t\t\t\t\t<p>Die neuen technologischen M\u00f6glichkeiten f\u00fchren zu gesellschaftlichen Ver\u00e4nderungen, die neue Anforderungen an die Schule evozieren. Auf curricularer Ebene zeigt sich dies beispielsweise im aktuellen Lehrplan 21 mit dem neuen Fach Medien und Informatik. Die Schule muss den Kindern und Jugendlichen mitunter ein Verst\u00e4ndnis der neuen Lebenswelt und der digitalen Technologien vermitteln und sie generell digital kompetent machen. Die digitale Transformation von Schule ist ein Entwicklungsprozess, welcher in eine komplexe und dynamische In- und Umwelt eingebettet ist und einer Vielzahl von Einfluss- und Gestaltungsfaktoren unterliegt. Schulentwicklung ist in ihrem Kern immer auch Unterrichtsentwicklung. Dabei gilt es die Potenziale der Digitalisierung f\u00fcr das Lernen zu erarbeiten und weiterzuentwickeln, damit sie zu einem festen Bestandteil der Schule werden k\u00f6nnen.<\/p><p>Im Rahmen des Schwerpunkts 1 (Volks- und Mittelschulen) der IT-Bildungsoffensive (ITBO) des Kantons St.Gallen wird die digitale Transformation als Schulentwicklungsprozess gesehen, wobei der Fokus auf den Leitinitiativen digitaleSchule, digitaleKompetenz und digitaleMedien liegt. Als konzeptionelle Grundlage dient ein ganzheitlicher und integrierter Referenzrahmen, auf welchem alle Teilprojekte des Schwerpunkts 1 basieren. Dieser vereint ein B\u00fcndel von Massnahmen, mit Breitenwirkung auf der Volks- und Mittelschulstufe, von dem alle Lehrpersonen und Sch\u00fclerinnen und Sch\u00fcler profitieren k\u00f6nnen.<\/p><p>Die ITBO ist eine Investition in die Zukunft und wird den Kanton St.Gallen zu einem f\u00fchrenden Standort mit \u00fcberregionaler Ausstrahlung bei der digitalen Transformation von Schule und Bildung machen.<\/p>\t\t\t\t\t\t\t\t<\/div>\n\t\t\t\t<\/div>\n\t\t\t\t<div class=\"elementor-element elementor-element-3e1186d elementor-widget elementor-widget-heading\" data-id=\"3e1186d\" data-element_type=\"widget\" data-widget_type=\"heading.default\">\n\t\t\t\t<div class=\"elementor-widget-container\">\n\t\t\t\t\t<h4 class=\"elementor-heading-title elementor-size-default\"><a href=\"http:\/\/www.itbo.sg.ch\" target=\"_blank\">IT-Bildungsoffensive<\/a><\/h4>\t\t\t\t<\/div>\n\t\t\t\t<\/div>\n\t\t\t\t<div class=\"elementor-element elementor-element-1e547e5 elementor-widget elementor-widget-heading\" data-id=\"1e547e5\" data-element_type=\"widget\" data-widget_type=\"heading.default\">\n\t\t\t\t<div class=\"elementor-widget-container\">\n\t\t\t\t\t<h4 class=\"elementor-heading-title elementor-size-default\"><a href=\"https:\/\/www.phsg.ch\/de\/dienstleistung\/zentren\/kompetenzzentrum-digitalisierung-bildung\/konzeptioneller-referenzrahmen-der\" target=\"_blank\">Integrierter Referenzrahmen<\/a><\/h4>\t\t\t\t<\/div>\n\t\t\t\t<\/div>\n\t\t\t\t<div class=\"elementor-element elementor-element-a10e027 elementor-widget elementor-widget-heading\" data-id=\"a10e027\" data-element_type=\"widget\" data-widget_type=\"heading.default\">\n\t\t\t\t<div class=\"elementor-widget-container\">\n\t\t\t\t\t<h4 class=\"elementor-heading-title elementor-size-default\"><a href=\"http:\/\/www.zITBOx.ch\" target=\"_blank\">zITBOx<\/a><\/h4>\t\t\t\t<\/div>\n\t\t\t\t<\/div>\n\t\t\t\t\t<\/div>\n\t\t<\/div>\n\t\t\t\t\t<\/div>\n\t\t<\/section>\n\t\t\t\t<\/div>\n\t\t<\/div>\n\t\t\t\t\t\t\t<\/div>\n\t\t\t\t\t\t<\/div>\t\t\t<\/div>\n\t\t<\/div>\n\t\t\t\t\t\t<\/div>\n\t\t\t\t<\/div>\n\t\t\t\t\t<\/div>\n\t\t<\/div>\n\t\t\t\t\t<\/div>\n\t\t<\/section>\n\t\t\t\t<section class=\"elementor-section elementor-top-section elementor-element elementor-element-40a2f6b elementor-section-boxed elementor-section-height-default elementor-section-height-default\" data-id=\"40a2f6b\" data-element_type=\"section\" data-settings=\"{&quot;jet_parallax_layout_list&quot;:[]}\">\n\t\t\t\t\t\t<div class=\"elementor-container elementor-column-gap-default\">\n\t\t\t\t\t<div class=\"elementor-column elementor-col-50 elementor-top-column elementor-element elementor-element-6443b40\" data-id=\"6443b40\" data-element_type=\"column\">\n\t\t\t<div class=\"elementor-widget-wrap elementor-element-populated\">\n\t\t\t\t\t\t<div class=\"elementor-element elementor-element-07d9284 elementor-widget elementor-widget-jet-team-member\" data-id=\"07d9284\" data-element_type=\"widget\" data-widget_type=\"jet-team-member.default\">\n\t\t\t\t<div class=\"elementor-widget-container\">\n\t\t\t\t\t<div class=\"elementor-jet-team-member jet-elements\"><div class=\"jet-team-member\">\n\t<div class=\"jet-team-member__inner\">\n\t\t<div class=\"jet-team-member__image\">\n\t\t\t<div class=\"jet-team-member__cover\"><\/div>\n\t\t\t<figure class=\"jet-team-member__figure\"><img loading=\"lazy\" decoding=\"async\" width=\"765\" height=\"840\" src=\"https:\/\/phsg-jahresbericht.ch\/2021\/wp-content\/uploads\/sites\/2\/Jose\u0301-Gomez-PHSG-Jahresbericht.jpg\" class=\"jet-team-member__img-tag\" alt=\"Jose\u0301 Gomez PHSG Jahresbericht\" \/><\/figure>\t\t<\/div>\n\t\t<div class=\"jet-team-member__content\"><h3 class=\"jet-team-member__name\"><span class=\"jet-team-member__name-first\">Jos\u00e9 Gomez<\/span><\/h3><div class=\"jet-team-member__position\"><span>Prorektor Weiterbildung und Dienstleistungen<br>&nbsp;<\/span><\/div><div class=\"jet-team-member__socials\"><div class=\"jet-team-member__socials-item\"><a href=\"#\" aria-label=\"\"><\/a><\/div><\/div><\/div>\n\t<\/div>\n<\/div>\n<\/div>\t\t\t\t<\/div>\n\t\t\t\t<\/div>\n\t\t\t\t<div class=\"elementor-element elementor-element-d738616 elementor-widget elementor-widget-jet-accordion\" data-id=\"d738616\" data-element_type=\"widget\" data-widget_type=\"jet-accordion.default\">\n\t\t\t\t<div class=\"elementor-widget-container\">\n\t\t\t\t\t\t\t<div class=\"jet-accordion\" data-settings=\"{&quot;collapsible&quot;:false,&quot;ajaxTemplate&quot;:false,&quot;switchScrolling&quot;:false,&quot;switchScrollingOffset&quot;:0,&quot;switchScrollingDelay&quot;:500}\">\n\t\t\t<div class=\"jet-accordion__inner\">\n\t\t\t\t<div class=\" jet-accordion__item jet-toggle jet-toggle-move-up-effect \">\n\t\t\t\t\t\t\t<div id=\"jet-toggle-control-2251\" class=\"jet-toggle__control elementor-menu-anchor\" data-toggle=\"1\" role=\"button\" tabindex=\"0\" aria-controls=\"jet-toggle-content-2251\" aria-expanded=\"false\" data-template-id=\"1904\">\n\t\t\t\t\t\t\t\t<div class=\"jet-toggle__label-icon jet-toggle-icon-position-left\"><span class=\"jet-toggle__icon icon-normal jet-tabs-icon\"><i class=\"fas fa-plus\"><\/i><\/span><span class=\"jet-toggle__icon icon-active jet-tabs-icon\"><i class=\"fas fa-minus\"><\/i><\/span><\/div><div class=\"jet-toggle__label-text\"><br>Digitale Transformation in der Berufsbildung<br>&nbsp;<\/div>\t\t\t\t\t\t\t<\/div>\n\t\t\t\t\t\t\t<div id=\"jet-toggle-content-2251\" class=\"jet-toggle__content\" data-toggle=\"1\" role=\"region\" data-template-id=\"1904\">\n\t\t\t\t\t\t\t\t<div class=\"jet-toggle__content-inner\">\t\t<div data-elementor-type=\"page\" data-elementor-id=\"1904\" class=\"elementor elementor-1904\" data-elementor-post-type=\"elementor_library\">\n\t\t\t\t\t\t<section class=\"elementor-section elementor-top-section elementor-element elementor-element-e111f69 elementor-section-boxed elementor-section-height-default elementor-section-height-default\" data-id=\"e111f69\" data-element_type=\"section\" data-settings=\"{&quot;jet_parallax_layout_list&quot;:[],&quot;background_background&quot;:&quot;classic&quot;}\">\n\t\t\t\t\t\t<div class=\"elementor-container elementor-column-gap-default\">\n\t\t\t\t\t<div class=\"elementor-column elementor-col-100 elementor-top-column elementor-element elementor-element-6d04984\" data-id=\"6d04984\" data-element_type=\"column\">\n\t\t\t<div class=\"elementor-widget-wrap elementor-element-populated\">\n\t\t\t\t\t\t<div class=\"elementor-element elementor-element-75e2727 elementor-widget elementor-widget-text-editor\" data-id=\"75e2727\" data-element_type=\"widget\" data-widget_type=\"text-editor.default\">\n\t\t\t\t<div class=\"elementor-widget-container\">\n\t\t\t\t\t\t\t\t\t<p>Die mit der Corona-Pandemie innert kurzer Zeit erfolgte Umstellung auf digitalen Fernunterricht hat Schulen, Lehrende und Lernende vor grosse Herausforderungen gestellt. Umso erstaunlicher ist es, wie gut die beteiligten Akteure die Situation gemeistert haben. Angesichts der vielerorts gelungenen Umstellung k\u00f6nnte man schlussfolgern, der digitale Unterricht habe seinen endg\u00fcltigen Durchbruch in der Schulpraxis erlebt: \u00abDer Geist ist aus der Flasche\u00bb.<\/p><p>Was ist von dieser Meinung zu halten? W\u00e4hrend der Corona-Pandemie bestand die Herausforderung prim\u00e4r darin, Ad-hoc-L\u00f6sungen zur digitalen Abbildung des herk\u00f6mmlichen Pr\u00e4senzunterrichts zu finden. Digitale Transformation geht jedoch weiter als die digitale Reproduktion oder Substitution von Bildungsprozessen und bedeutet, Lehren und Lernen sowie die Rollen von Lehrenden und Lernenden neu zu denken. Dies erfordert zum einen, Lehrveranstaltungen in Richtung von Blended Learning weiterzuentwickeln und klarer zwischen unterschiedlichen Lehr-Lern-Szenarien (zentral, dezentral, synchron, asynchron) und Rollen (z.B. Instruktion, Lernbegleitung, Lerncoaching) zu unterscheiden. Digitale Lernangebote sollten im Sinne einer Transformation zudem einen p\u00e4dagogischen Mehrwert schaffen (z.B. Individualisierung, innovative Problembearbeitung, Erh\u00f6hung des Lernerfolgs).<\/p><p>Um die digitale Transformation in der Berufsbildung zu unterst\u00fctzen, entwickelt und erprobt die PHSG im Auftrag des Amtes f\u00fcr Berufsbildung des Kantons St.Gallen an mehreren Berufsfachschulen Blended Learning-Umgebungen. Handlungsleitend sind unter anderem folgende Fragen:<\/p><ul><li>\u00a0Welches Verst\u00e4ndnis von Lehren und Lernen und welches Rollenverst\u00e4ndnis von Lehrenden und Lernenden soll f\u00fcr den Unterricht an den St.Galler Berufsfachschulen handlungsleitend sein?<\/li><li>Wie kann ein Modell zur Entwicklung von Blended Learning-Umgebungen f\u00fcr die St.Galler Berufsfachschulen aussehen?<\/li><li>Wo liegen die Chancen und Risiken von Blended Learning, und worauf ist bei der Einf\u00fchrung von Blended Learning an den Schulen besonders zu achten?<\/li><\/ul><p>2021 wurden die ersten Projekte gestartet. Die Projektlaufzeit dauert bis 2026. Erste Evaluationsergebnisse sind f\u00fcr Mitte 2022 zu erwarten.<\/p>\t\t\t\t\t\t\t\t<\/div>\n\t\t\t\t<\/div>\n\t\t\t\t<div class=\"elementor-element elementor-element-3e1186d elementor-widget elementor-widget-heading\" data-id=\"3e1186d\" data-element_type=\"widget\" data-widget_type=\"heading.default\">\n\t\t\t\t<div class=\"elementor-widget-container\">\n\t\t\t\t\t<h4 class=\"elementor-heading-title elementor-size-default\"><a href=\"https:\/\/www.itbo.sg.ch\/berufsbildung\/unterricht-4-0.html\" target=\"_blank\">Blended Learning Umgebungen<\/a><\/h4>\t\t\t\t<\/div>\n\t\t\t\t<\/div>\n\t\t\t\t\t<\/div>\n\t\t<\/div>\n\t\t\t\t\t<\/div>\n\t\t<\/section>\n\t\t\t\t<\/div>\n\t\t<\/div>\n\t\t\t\t\t\t\t<\/div>\n\t\t\t\t\t\t<\/div>\t\t\t<\/div>\n\t\t<\/div>\n\t\t\t\t\t\t<\/div>\n\t\t\t\t<\/div>\n\t\t\t\t\t<\/div>\n\t\t<\/div>\n\t\t\t\t<div class=\"elementor-column elementor-col-50 elementor-top-column elementor-element elementor-element-031fc3a\" data-id=\"031fc3a\" data-element_type=\"column\">\n\t\t\t<div class=\"elementor-widget-wrap elementor-element-populated\">\n\t\t\t\t\t\t<div class=\"elementor-element elementor-element-2734e9e elementor-widget elementor-widget-jet-team-member\" data-id=\"2734e9e\" data-element_type=\"widget\" data-widget_type=\"jet-team-member.default\">\n\t\t\t\t<div class=\"elementor-widget-container\">\n\t\t\t\t\t<div class=\"elementor-jet-team-member jet-elements\"><div class=\"jet-team-member\">\n\t<div class=\"jet-team-member__inner\">\n\t\t<div class=\"jet-team-member__image\">\n\t\t\t<div class=\"jet-team-member__cover\"><\/div>\n\t\t\t<figure class=\"jet-team-member__figure\"><img loading=\"lazy\" decoding=\"async\" width=\"765\" height=\"840\" src=\"https:\/\/phsg-jahresbericht.ch\/2021\/wp-content\/uploads\/sites\/2\/Doreen-Holtsch-PHSG-Jahresbericht.jpg\" class=\"jet-team-member__img-tag\" alt=\"Doreen Holtsch PHSG Jahresbericht\" \/><\/figure>\t\t<\/div>\n\t\t<div class=\"jet-team-member__content\"><h3 class=\"jet-team-member__name\"><span class=\"jet-team-member__name-first\">Doreen Holtsch<\/span><\/h3><div class=\"jet-team-member__position\"><span>Prorektorin Ausbildung<br>&nbsp;<\/span><\/div><div class=\"jet-team-member__socials\"><div class=\"jet-team-member__socials-item\"><a href=\"#\" aria-label=\"\"><\/a><\/div><\/div><\/div>\n\t<\/div>\n<\/div>\n<\/div>\t\t\t\t<\/div>\n\t\t\t\t<\/div>\n\t\t\t\t<div class=\"elementor-element elementor-element-decbb1f elementor-widget elementor-widget-jet-accordion\" data-id=\"decbb1f\" data-element_type=\"widget\" data-widget_type=\"jet-accordion.default\">\n\t\t\t\t<div class=\"elementor-widget-container\">\n\t\t\t\t\t\t\t<div class=\"jet-accordion\" data-settings=\"{&quot;collapsible&quot;:false,&quot;ajaxTemplate&quot;:false,&quot;switchScrolling&quot;:false,&quot;switchScrollingOffset&quot;:0,&quot;switchScrollingDelay&quot;:500}\">\n\t\t\t<div class=\"jet-accordion__inner\">\n\t\t\t\t<div class=\" jet-accordion__item jet-toggle jet-toggle-move-up-effect \">\n\t\t\t\t\t\t\t<div id=\"jet-toggle-control-2331\" class=\"jet-toggle__control elementor-menu-anchor\" data-toggle=\"1\" role=\"button\" tabindex=\"0\" aria-controls=\"jet-toggle-content-2331\" aria-expanded=\"false\" data-template-id=\"1907\">\n\t\t\t\t\t\t\t\t<div class=\"jet-toggle__label-icon jet-toggle-icon-position-left\"><span class=\"jet-toggle__icon icon-normal jet-tabs-icon\"><i class=\"fas fa-plus\"><\/i><\/span><span class=\"jet-toggle__icon icon-active jet-tabs-icon\"><i class=\"fas fa-minus\"><\/i><\/span><\/div><div class=\"jet-toggle__label-text\">Digitale Transformation in der Lehre der P\u00e4dagogischen Hochschule St.Gallen<\/div>\t\t\t\t\t\t\t<\/div>\n\t\t\t\t\t\t\t<div id=\"jet-toggle-content-2331\" class=\"jet-toggle__content\" data-toggle=\"1\" role=\"region\" data-template-id=\"1907\">\n\t\t\t\t\t\t\t\t<div class=\"jet-toggle__content-inner\">\t\t<div data-elementor-type=\"page\" data-elementor-id=\"1907\" class=\"elementor elementor-1907\" data-elementor-post-type=\"elementor_library\">\n\t\t\t\t\t\t<section class=\"elementor-section elementor-top-section elementor-element elementor-element-e111f69 elementor-section-boxed elementor-section-height-default elementor-section-height-default\" data-id=\"e111f69\" data-element_type=\"section\" data-settings=\"{&quot;jet_parallax_layout_list&quot;:[],&quot;background_background&quot;:&quot;classic&quot;}\">\n\t\t\t\t\t\t<div class=\"elementor-container elementor-column-gap-default\">\n\t\t\t\t\t<div class=\"elementor-column elementor-col-100 elementor-top-column elementor-element elementor-element-6d04984\" data-id=\"6d04984\" data-element_type=\"column\">\n\t\t\t<div class=\"elementor-widget-wrap elementor-element-populated\">\n\t\t\t\t\t\t<div class=\"elementor-element elementor-element-75e2727 elementor-widget elementor-widget-text-editor\" data-id=\"75e2727\" data-element_type=\"widget\" data-widget_type=\"text-editor.default\">\n\t\t\t\t<div class=\"elementor-widget-container\">\n\t\t\t\t\t\t\t\t\t<p>Die pandemiebedingte Umstellung der Hochschullehre in den digitalen Raum diente zun\u00e4chst prim\u00e4r dem Zweck, weiterhin Lerngelegenheiten f\u00fcr angehende Lehrpersonen anzubieten. Im n\u00e4chsten Schritt werden diese Angebote sorgf\u00e4ltig gepr\u00fcft und weiterentwickelt: Welche der digitalen Lehr-Lernarrangements f\u00f6rdern angehende Lehrpersonen besonders wirksam und wie kann die Kompetenzerreichung valide gepr\u00fcft werden?<\/p><p>Die Lehr- und Lernprozesse fanden in den vergangenen zwei Jahren in zahlreichen Settings statt: Distance Teaching und Learning, Pr\u00e4senz, Hybrid. Die Anforderungen an Studierende und Lehrende waren dabei hoch. Es d\u00fcrfte davon ausgegangen werden, dass der \u00abKompetenzsprung\u00bb bei allen Beteiligten riesig war. Dies f\u00fchrt gleichwohl zur Frage, welche Kompetenzen bei angehenden Lehrpersonen auch in Zukunft gef\u00f6rdert werden sollen und welche Rolle dabei Facetten des digitalen Know-hows spielen werden. Einerseits sind (dom\u00e4nenspezifische) digitale Technologien und Werkzeuge selbst Inhalt der Hochschullehre. Andererseits m\u00fcssen Studierende und Lehrpersonen mit diesen Technologien und Werkzeugen versiert umgehen k\u00f6nnen.<\/p><p>Noch wichtiger ist in dem Zusammenhang, f\u00fcr Studierende passende Pr\u00fcfungsformate zu entwickeln, die Aufschluss \u00fcber die erreichten Kompetenzen erm\u00f6glichen. An der PHSG wird k\u00fcnftig ein besonderer Schwerpunkt auf die Entwicklung digitaler Pr\u00fcfungen gelegt. Das Projekt P-8 von swissuniversities unter der Leitung von Charlotte N\u00fcesch und Martin Hoffmann zielt darauf, nicht nur fachliche Kompetenzen, sondern auch umfassende Handlungskompetenzen in verschiedenen Settings zu erfassen. Dabei steht auch die weitere Professionalisierung der Hochschullehrpersonen im Zentrum.<\/p>\t\t\t\t\t\t\t\t<\/div>\n\t\t\t\t<\/div>\n\t\t\t\t<div class=\"elementor-element elementor-element-3e1186d elementor-widget elementor-widget-heading\" data-id=\"3e1186d\" data-element_type=\"widget\" data-widget_type=\"heading.default\">\n\t\t\t\t<div class=\"elementor-widget-container\">\n\t\t\t\t\t<h4 class=\"elementor-heading-title elementor-size-default\"><a href=\"https:\/\/www.swissuniversities.ch\/themen\/digitalisierung\/digital-skills\" target=\"_blank\">Projekt P-8 von swissuniversities<\/a><\/h4>\t\t\t\t<\/div>\n\t\t\t\t<\/div>\n\t\t\t\t\t<\/div>\n\t\t<\/div>\n\t\t\t\t\t<\/div>\n\t\t<\/section>\n\t\t\t\t<\/div>\n\t\t<\/div>\n\t\t\t\t\t\t\t<\/div>\n\t\t\t\t\t\t<\/div>\t\t\t<\/div>\n\t\t<\/div>\n\t\t\t\t\t\t<\/div>\n\t\t\t\t<\/div>\n\t\t\t\t\t<\/div>\n\t\t<\/div>\n\t\t\t\t\t<\/div>\n\t\t<\/section>\n\t\t\t\t<section class=\"elementor-section elementor-top-section elementor-element elementor-element-3668fb0 elementor-section-boxed elementor-section-height-default elementor-section-height-default\" data-id=\"3668fb0\" data-element_type=\"section\" data-settings=\"{&quot;jet_parallax_layout_list&quot;:[]}\">\n\t\t\t\t\t\t<div class=\"elementor-container elementor-column-gap-default\">\n\t\t\t\t\t<div class=\"elementor-column elementor-col-50 elementor-top-column elementor-element elementor-element-fbd270f\" data-id=\"fbd270f\" data-element_type=\"column\">\n\t\t\t<div class=\"elementor-widget-wrap elementor-element-populated\">\n\t\t\t\t\t\t<div class=\"elementor-element elementor-element-208bd5d elementor-widget elementor-widget-jet-team-member\" data-id=\"208bd5d\" data-element_type=\"widget\" data-widget_type=\"jet-team-member.default\">\n\t\t\t\t<div class=\"elementor-widget-container\">\n\t\t\t\t\t<div class=\"elementor-jet-team-member jet-elements\"><div class=\"jet-team-member\">\n\t<div class=\"jet-team-member__inner\">\n\t\t<div class=\"jet-team-member__image\">\n\t\t\t<div class=\"jet-team-member__cover\"><\/div>\n\t\t\t<figure class=\"jet-team-member__figure\"><img loading=\"lazy\" decoding=\"async\" width=\"765\" height=\"840\" src=\"https:\/\/phsg-jahresbericht.ch\/2021\/wp-content\/uploads\/sites\/2\/Dominik-Petko-PHSG-Jahresbericht-1.jpg\" class=\"jet-team-member__img-tag\" alt=\"Dominik Petko PHSG Jahresbericht\" \/><\/figure>\t\t<\/div>\n\t\t<div class=\"jet-team-member__content\"><h3 class=\"jet-team-member__name\"><span class=\"jet-team-member__name-first\">Dominik Petko<\/span><\/h3><div class=\"jet-team-member__position\"><span>Professor f\u00fcr Allgemeine Didaktik und Mediendidaktik, Universit\u00e4t Z\u00fcrich<br>Wissenschaftlicher Beirat der P\u00e4dagogischen Hochschule St.Gallen<\/span><\/div><div class=\"jet-team-member__socials\"><div class=\"jet-team-member__socials-item\"><a href=\"#\" aria-label=\"\"><\/a><\/div><\/div><\/div>\n\t<\/div>\n<\/div>\n<\/div>\t\t\t\t<\/div>\n\t\t\t\t<\/div>\n\t\t\t\t<div class=\"elementor-element elementor-element-a5a162f elementor-widget elementor-widget-jet-accordion\" data-id=\"a5a162f\" data-element_type=\"widget\" data-widget_type=\"jet-accordion.default\">\n\t\t\t\t<div class=\"elementor-widget-container\">\n\t\t\t\t\t\t\t<div class=\"jet-accordion\" data-settings=\"{&quot;collapsible&quot;:false,&quot;ajaxTemplate&quot;:false,&quot;switchScrolling&quot;:false,&quot;switchScrollingOffset&quot;:0,&quot;switchScrollingDelay&quot;:500}\">\n\t\t\t<div class=\"jet-accordion__inner\">\n\t\t\t\t<div class=\" jet-accordion__item jet-toggle jet-toggle-move-up-effect \">\n\t\t\t\t\t\t\t<div id=\"jet-toggle-control-1731\" class=\"jet-toggle__control elementor-menu-anchor\" data-toggle=\"1\" role=\"button\" tabindex=\"0\" aria-controls=\"jet-toggle-content-1731\" aria-expanded=\"false\" data-template-id=\"1910\">\n\t\t\t\t\t\t\t\t<div class=\"jet-toggle__label-icon jet-toggle-icon-position-left\"><span class=\"jet-toggle__icon icon-normal jet-tabs-icon\"><i class=\"fas fa-plus\"><\/i><\/span><span class=\"jet-toggle__icon icon-active jet-tabs-icon\"><i class=\"fas fa-minus\"><\/i><\/span><\/div><div class=\"jet-toggle__label-text\"><br>Digitale Transformation in Schule und Bildung<br>&nbsp;<\/div>\t\t\t\t\t\t\t<\/div>\n\t\t\t\t\t\t\t<div id=\"jet-toggle-content-1731\" class=\"jet-toggle__content\" data-toggle=\"1\" role=\"region\" data-template-id=\"1910\">\n\t\t\t\t\t\t\t\t<div class=\"jet-toggle__content-inner\">\t\t<div data-elementor-type=\"page\" data-elementor-id=\"1910\" class=\"elementor elementor-1910\" data-elementor-post-type=\"elementor_library\">\n\t\t\t\t\t\t<section class=\"elementor-section elementor-top-section elementor-element elementor-element-e111f69 elementor-section-boxed elementor-section-height-default elementor-section-height-default\" data-id=\"e111f69\" data-element_type=\"section\" data-settings=\"{&quot;jet_parallax_layout_list&quot;:[],&quot;background_background&quot;:&quot;classic&quot;}\">\n\t\t\t\t\t\t<div class=\"elementor-container elementor-column-gap-default\">\n\t\t\t\t\t<div class=\"elementor-column elementor-col-100 elementor-top-column elementor-element elementor-element-6d04984\" data-id=\"6d04984\" data-element_type=\"column\">\n\t\t\t<div class=\"elementor-widget-wrap elementor-element-populated\">\n\t\t\t\t\t\t<div class=\"elementor-element elementor-element-75e2727 elementor-widget elementor-widget-text-editor\" data-id=\"75e2727\" data-element_type=\"widget\" data-widget_type=\"text-editor.default\">\n\t\t\t\t<div class=\"elementor-widget-container\">\n\t\t\t\t\t\t\t\t\t<p>Man muss kein Prophet sein, um in die digitale Zukunft zu blicken. Es gen\u00fcgt, die heutigen Entwicklungen weiterzudenken. Digitale Technologien werden uns auch k\u00fcnftig immer komplexere Aufgaben abnehmen. Deshalb muss es in der Bildung der Zukunft um Wissen und F\u00e4higkeiten gehen, die nicht einfach computerisiert werden k\u00f6nnen. Dazu geh\u00f6ren nicht nur vertiefte Anwender- und Programmierkenntnisse, sondern vor allem Kompetenzen in den Bereichen Kreativit\u00e4t, kritisches Denken, Probleml\u00f6sen, selbstgesteuertes Lernen, Empathie und Kommunikation. Diese Kompetenzen sind weder neu noch spezifisch digital, doch sie erhalten im Zusammenhang mit digitalen Technologien eine neue Bedeutung und sie umfassen auch neue digitale Praktiken.<\/p><p>Ob dies alles in Schulen gef\u00f6rdert werden kann, entscheidet sich weniger in den Unterrichtsinhalten als vielmehr in den Unterrichtsformen. Schule muss hierf\u00fcr den Weg fortsetzen, der in vielen Schulen schon eingeschlagen wurde: Weniger kleinschrittiger Frontalunterricht und mehr problembasiertes, projektorientiertes und selbstgesteuertes Lernen. Weniger Lernen im Klassenzimmer und mehr in der Werkstatt, im Labor und auf Exkursion. Weniger 45-Minuten-Lektionen und daf\u00fcr gr\u00f6ssere Lernsequenzen, bei denen Lehrpersonen unterschiedlicher F\u00e4cher zusammenarbeiten. So wird Schule zu einem Lern- und Erfahrungsraum, in dem Sch\u00fclerinnen und Sch\u00fcler Kompetenzen f\u00fcr eine Zukunft aufbauen, in der Menschen im Tandem mit Computern denken und trotzdem noch den Ton angeben.<\/p>\t\t\t\t\t\t\t\t<\/div>\n\t\t\t\t<\/div>\n\t\t\t\t\t<\/div>\n\t\t<\/div>\n\t\t\t\t\t<\/div>\n\t\t<\/section>\n\t\t\t\t<\/div>\n\t\t<\/div>\n\t\t\t\t\t\t\t<\/div>\n\t\t\t\t\t\t<\/div>\t\t\t<\/div>\n\t\t<\/div>\n\t\t\t\t\t\t<\/div>\n\t\t\t\t<\/div>\n\t\t\t\t\t<\/div>\n\t\t<\/div>\n\t\t\t\t<div class=\"elementor-column elementor-col-50 elementor-top-column elementor-element elementor-element-4d0bad9\" data-id=\"4d0bad9\" data-element_type=\"column\">\n\t\t\t<div class=\"elementor-widget-wrap elementor-element-populated\">\n\t\t\t\t\t\t<div class=\"elementor-element elementor-element-ec87b60 elementor-widget elementor-widget-jet-team-member\" data-id=\"ec87b60\" data-element_type=\"widget\" data-widget_type=\"jet-team-member.default\">\n\t\t\t\t<div class=\"elementor-widget-container\">\n\t\t\t\t\t<div class=\"elementor-jet-team-member jet-elements\"><div class=\"jet-team-member\">\n\t<div class=\"jet-team-member__inner\">\n\t\t<div class=\"jet-team-member__image\">\n\t\t\t<div class=\"jet-team-member__cover\"><\/div>\n\t\t\t<figure class=\"jet-team-member__figure\"><img loading=\"lazy\" decoding=\"async\" width=\"765\" height=\"840\" src=\"https:\/\/phsg-jahresbericht.ch\/2021\/wp-content\/uploads\/sites\/2\/Roland-Hachmann-PHSG-Jahresbericht.jpg\" class=\"jet-team-member__img-tag\" alt=\"Roland Hachmann PHSG Jahresbericht\" \/><\/figure>\t\t<\/div>\n\t\t<div class=\"jet-team-member__content\"><h3 class=\"jet-team-member__name\"><span class=\"jet-team-member__name-first\">Roland Hachmann<\/span><\/h3><div class=\"jet-team-member__position\"><span>Ass. Prof. Ict & Learning, University College South Denmark<br>Referent am Hochschultag 2021 der P\u00e4dagogischen Hochschule St.Gallen<\/span><\/div><div class=\"jet-team-member__socials\"><div class=\"jet-team-member__socials-item\"><a href=\"#\" aria-label=\"\"><\/a><\/div><\/div><\/div>\n\t<\/div>\n<\/div>\n<\/div>\t\t\t\t<\/div>\n\t\t\t\t<\/div>\n\t\t\t\t<div class=\"elementor-element elementor-element-4403f1c elementor-widget elementor-widget-jet-accordion\" data-id=\"4403f1c\" data-element_type=\"widget\" data-widget_type=\"jet-accordion.default\">\n\t\t\t\t<div class=\"elementor-widget-container\">\n\t\t\t\t\t\t\t<div class=\"jet-accordion\" data-settings=\"{&quot;collapsible&quot;:false,&quot;ajaxTemplate&quot;:false,&quot;switchScrolling&quot;:false,&quot;switchScrollingOffset&quot;:0,&quot;switchScrollingDelay&quot;:500}\">\n\t\t\t<div class=\"jet-accordion__inner\">\n\t\t\t\t<div class=\" jet-accordion__item jet-toggle jet-toggle-move-up-effect \">\n\t\t\t\t\t\t\t<div id=\"jet-toggle-control-7131\" class=\"jet-toggle__control elementor-menu-anchor\" data-toggle=\"1\" role=\"button\" tabindex=\"0\" aria-controls=\"jet-toggle-content-7131\" aria-expanded=\"false\" data-template-id=\"1913\">\n\t\t\t\t\t\t\t\t<div class=\"jet-toggle__label-icon jet-toggle-icon-position-left\"><span class=\"jet-toggle__icon icon-normal jet-tabs-icon\"><i class=\"fas fa-plus\"><\/i><\/span><span class=\"jet-toggle__icon icon-active jet-tabs-icon\"><i class=\"fas fa-minus\"><\/i><\/span><\/div><div class=\"jet-toggle__label-text\">Digitale Transformation in Schule und Bildung: Eine internationale Perspektive<\/div>\t\t\t\t\t\t\t<\/div>\n\t\t\t\t\t\t\t<div id=\"jet-toggle-content-7131\" class=\"jet-toggle__content\" data-toggle=\"1\" role=\"region\" data-template-id=\"1913\">\n\t\t\t\t\t\t\t\t<div class=\"jet-toggle__content-inner\">\t\t<div data-elementor-type=\"page\" data-elementor-id=\"1913\" class=\"elementor elementor-1913\" data-elementor-post-type=\"elementor_library\">\n\t\t\t\t\t\t<section class=\"elementor-section elementor-top-section elementor-element elementor-element-e111f69 elementor-section-boxed elementor-section-height-default elementor-section-height-default\" data-id=\"e111f69\" data-element_type=\"section\" data-settings=\"{&quot;jet_parallax_layout_list&quot;:[],&quot;background_background&quot;:&quot;classic&quot;}\">\n\t\t\t\t\t\t<div class=\"elementor-container elementor-column-gap-default\">\n\t\t\t\t\t<div class=\"elementor-column elementor-col-100 elementor-top-column elementor-element elementor-element-6d04984\" data-id=\"6d04984\" data-element_type=\"column\">\n\t\t\t<div class=\"elementor-widget-wrap elementor-element-populated\">\n\t\t\t\t\t\t<div class=\"elementor-element elementor-element-75e2727 elementor-widget elementor-widget-text-editor\" data-id=\"75e2727\" data-element_type=\"widget\" data-widget_type=\"text-editor.default\">\n\t\t\t\t<div class=\"elementor-widget-container\">\n\t\t\t\t\t\t\t\t\t<p>Der digitale Wandel hat in den vergangenen 30 Jahren seine Spuren im d\u00e4nischen Bildungssystem hinterlassen. Grosse Investitionen in die technologische Entwicklung haben zu einer digitalen Bereitschaft sowohl bei Fachleuten als auch bei B\u00fcrgerinnen und B\u00fcrgern gef\u00fchrt. In den letzten Jahren hat sich der Fokus von der Nutzung digitaler Technologien zum Verst\u00e4ndnis digitaler Technologien hin verschoben. Mit anderen Worten: eine digitale Erm\u00e4chtigung.<\/p>\n<p>In D\u00e4nemark sollen Sch\u00fclerinnen und Sch\u00fcler sowie Studierende von der Grundschule bis zur Universit\u00e4t ein Technologieverst\u00e4ndnis entwickeln. Sie m\u00fcssen erkennen, wie sie beispielsweise von Robotertechnologien, Automatisierung, Programmierung, maschinellem Lernen, Computermodellierung und ethischen Aspekten des Online-Lebens betroffen sind. Sie sollen nicht nur lernen, digitale Technologien zu nutzen, sondern auch verstehen, wie sie funktionieren, welche Absichten ihnen zugrunde liegen und was f\u00fcr Folgen ihre Nutzung hat.<br>In weiten Teilen des politischen Systems besteht die \u00dcberzeugung, dass der Einsatz digitaler Technologien die Professionalit\u00e4t st\u00e4rkt und bef\u00e4higt. Dazu kommt, dass eine verst\u00e4rkte Digitalisierung als Voraussetzung f\u00fcr die Schaffung von Arbeitspl\u00e4tzen und die globale Wettbewerbsf\u00e4higkeit gesehen wird. Dies sind grundlegende Herausforderungen. Denn nur die wenigsten verstehen, was eine SQL-Datenbank ist und k\u00f6nnen Excel kaum richtig bedienen. Trotzdem jubeln alle, sobald jemand Big Data oder Learning Analytics erw\u00e4hnt.<\/p>\n<p>Daher ist in D\u00e4nemarks Schulen das Technologieverst\u00e4ndnis sowohl eine grundlegende als auch eine allgemeine Fachlichkeit, so wie das Lesen, Schreiben und Rechnen. Gleichzeitig gibt es eine spezifische Fachlichkeit f\u00fcr jene wenigen, die sich auf Informatik konzentrieren.<\/p>\n<p>Die Vision ist, dass jede und jeder Einzelne auf diese Weise bef\u00e4higt wird, zur Frage Stellung zu beziehen: \u00abWillst du programmieren oder programmiert werden?\u00bb<\/p>\t\t\t\t\t\t\t\t<\/div>\n\t\t\t\t<\/div>\n\t\t\t\t\t<\/div>\n\t\t<\/div>\n\t\t\t\t\t<\/div>\n\t\t<\/section>\n\t\t\t\t<\/div>\n\t\t<\/div>\n\t\t\t\t\t\t\t<\/div>\n\t\t\t\t\t\t<\/div>\t\t\t<\/div>\n\t\t<\/div>\n\t\t\t\t\t\t<\/div>\n\t\t\t\t<\/div>\n\t\t\t\t\t<\/div>\n\t\t<\/div>\n\t\t\t\t\t<\/div>\n\t\t<\/section>\n\t\t\t\t<section class=\"elementor-section elementor-top-section elementor-element elementor-element-47b7088 elementor-section-boxed elementor-section-height-default elementor-section-height-default\" data-id=\"47b7088\" data-element_type=\"section\" data-settings=\"{&quot;jet_parallax_layout_list&quot;:[]}\">\n\t\t\t\t\t\t<div class=\"elementor-container elementor-column-gap-default\">\n\t\t\t\t\t<div class=\"elementor-column elementor-col-100 elementor-top-column elementor-element elementor-element-d4e6039\" data-id=\"d4e6039\" data-element_type=\"column\">\n\t\t\t<div class=\"elementor-widget-wrap elementor-element-populated\">\n\t\t\t\t\t\t<div class=\"elementor-element elementor-element-e94ddaf elementor-widget elementor-widget-template\" data-id=\"e94ddaf\" data-element_type=\"widget\" data-widget_type=\"template.default\">\n\t\t\t\t<div class=\"elementor-widget-container\">\n\t\t\t\t\t\t\t<div class=\"elementor-template\">\n\t\t\t\t\t<div data-elementor-type=\"section\" data-elementor-id=\"725\" class=\"elementor elementor-725\" data-elementor-post-type=\"elementor_library\">\n\t\t\t\t\t<section class=\"elementor-section elementor-top-section elementor-element elementor-element-e859500 elementor-hidden-tablet elementor-section-boxed elementor-section-height-default elementor-section-height-default\" data-id=\"e859500\" data-element_type=\"section\" data-settings=\"{&quot;jet_parallax_layout_list&quot;:[]}\">\n\t\t\t\t\t\t<div class=\"elementor-container elementor-column-gap-default\">\n\t\t\t\t\t<div class=\"elementor-column elementor-col-100 elementor-top-column elementor-element elementor-element-3b80195\" data-id=\"3b80195\" data-element_type=\"column\">\n\t\t\t<div class=\"elementor-widget-wrap elementor-element-populated\">\n\t\t\t\t\t\t<div class=\"elementor-element elementor-element-2e5f9a6 elementor-widget elementor-widget-spacer\" data-id=\"2e5f9a6\" data-element_type=\"widget\" data-widget_type=\"spacer.default\">\n\t\t\t\t<div class=\"elementor-widget-container\">\n\t\t\t\t\t\t\t<div class=\"elementor-spacer\">\n\t\t\t<div class=\"elementor-spacer-inner\"><\/div>\n\t\t<\/div>\n\t\t\t\t\t\t<\/div>\n\t\t\t\t<\/div>\n\t\t\t\t<div class=\"elementor-element elementor-element-9a8ad9d elementor-widget elementor-widget-heading\" data-id=\"9a8ad9d\" data-element_type=\"widget\" data-widget_type=\"heading.default\">\n\t\t\t\t<div class=\"elementor-widget-container\">\n\t\t\t\t\t<h3 class=\"elementor-heading-title elementor-size-default\">Weitere Themen, die Sie interessieren k\u00f6nnten<\/h3>\t\t\t\t<\/div>\n\t\t\t\t<\/div>\n\t\t\t\t<div class=\"elementor-element elementor-element-d4120cf elementor-hidden-tablet elementor-widget elementor-widget-raven-posts\" data-id=\"d4120cf\" data-element_type=\"widget\" data-settings=\"{&quot;classic_columns&quot;:&quot;4&quot;,&quot;query_posts_per_page&quot;:4,&quot;_skin&quot;:&quot;classic&quot;,&quot;classic_layout&quot;:&quot;grid&quot;,&quot;classic_columns_tablet&quot;:&quot;2&quot;,&quot;classic_columns_mobile&quot;:&quot;1&quot;,&quot;query_offset&quot;:0}\" data-widget_type=\"raven-posts.classic\">\n\t\t\t\t<div class=\"elementor-widget-container\">\n\t\t\t\t\t\t\t<div class=\"raven-posts raven-grid raven-grid-4 raven-grid-mobile-1 raven-grid-tablet-2\" data-post-id=\"725\" data-archive-query=\"\" data-lang=\"\">\n\t\t\t\t<div class=\"raven-grid-item raven-post-item post-1152 page type-page status-publish has-post-thumbnail hentry\">\n\t\t\t<div class=\"raven-post elementor-animation-grow\">\n\t\t\t\t\t\t<div class=\"raven-post-image-wrap\">\n\t\t\t<a class=\"raven-post-image raven-image-fit\" href=\"https:\/\/phsg-jahresbericht.ch\/2021\/zahlen-fakten\/studierendenzahlen\/\"><img loading=\"lazy\" decoding=\"async\" width=\"1200\" height=\"630\" src=\"https:\/\/phsg-jahresbericht.ch\/2021\/wp-content\/uploads\/sites\/2\/Studierendenzahlen-PHSG-Jahresbericht.jpg\" class=\"attachment-large size-large wp-image-2010\" alt=\"\" srcset=\"https:\/\/phsg-jahresbericht.ch\/2021\/wp-content\/uploads\/sites\/2\/Studierendenzahlen-PHSG-Jahresbericht.jpg 1200w, https:\/\/phsg-jahresbericht.ch\/2021\/wp-content\/uploads\/sites\/2\/Studierendenzahlen-PHSG-Jahresbericht-768x403.jpg 768w\" sizes=\"(max-width: 1200px) 100vw, 1200px\" \/> <span class=\"raven-post-image-overlay\"><\/span><\/a>\t\t<\/div>\n\t\t\t\t\t\t<div class=\"raven-post-content\">\n\t\t\t\t\t<h3 class=\"raven-post-title\"><a class=\"raven-post-title-link\" href=\"https:\/\/phsg-jahresbericht.ch\/2021\/zahlen-fakten\/studierendenzahlen\/\">Studierendenzahlen<\/a><\/h3>\t\t\t\t<\/div>\n\t\t\t<\/div>\n\t\t<\/div>\n\t\t\t\t<div class=\"raven-grid-item raven-post-item post-1138 page type-page status-publish has-post-thumbnail hentry\">\n\t\t\t<div class=\"raven-post elementor-animation-grow\">\n\t\t\t\t\t\t<div class=\"raven-post-image-wrap\">\n\t\t\t<a class=\"raven-post-image raven-image-fit\" href=\"https:\/\/phsg-jahresbericht.ch\/2021\/ueber-uns\/wissenschaftlicher-beirat\/\"><img loading=\"lazy\" decoding=\"async\" width=\"1200\" height=\"630\" src=\"https:\/\/phsg-jahresbericht.ch\/2021\/wp-content\/uploads\/sites\/2\/Wissenschaftlicher-Beirat-PHSG-Jahresbericht.jpg\" class=\"attachment-large size-large wp-image-1490\" alt=\"\" srcset=\"https:\/\/phsg-jahresbericht.ch\/2021\/wp-content\/uploads\/sites\/2\/Wissenschaftlicher-Beirat-PHSG-Jahresbericht.jpg 1200w, https:\/\/phsg-jahresbericht.ch\/2021\/wp-content\/uploads\/sites\/2\/Wissenschaftlicher-Beirat-PHSG-Jahresbericht-768x403.jpg 768w\" sizes=\"(max-width: 1200px) 100vw, 1200px\" \/> <span class=\"raven-post-image-overlay\"><\/span><\/a>\t\t<\/div>\n\t\t\t\t\t\t<div class=\"raven-post-content\">\n\t\t\t\t\t<h3 class=\"raven-post-title\"><a class=\"raven-post-title-link\" href=\"https:\/\/phsg-jahresbericht.ch\/2021\/ueber-uns\/wissenschaftlicher-beirat\/\">Wissenschaftlicher Beirat<\/a><\/h3>\t\t\t\t<\/div>\n\t\t\t<\/div>\n\t\t<\/div>\n\t\t\t\t<div class=\"raven-grid-item raven-post-item post-1356 page type-page status-publish has-post-thumbnail hentry\">\n\t\t\t<div class=\"raven-post elementor-animation-grow\">\n\t\t\t\t\t\t<div class=\"raven-post-image-wrap\">\n\t\t\t<a class=\"raven-post-image raven-image-fit\" href=\"https:\/\/phsg-jahresbericht.ch\/2021\/ueber-uns\/\"><img loading=\"lazy\" decoding=\"async\" width=\"1200\" height=\"800\" src=\"https:\/\/phsg-jahresbericht.ch\/2021\/wp-content\/uploads\/sites\/2\/Rektorat-PHSG-Jahresbericht.jpg\" class=\"attachment-large size-large wp-image-1499\" alt=\"\" srcset=\"https:\/\/phsg-jahresbericht.ch\/2021\/wp-content\/uploads\/sites\/2\/Rektorat-PHSG-Jahresbericht.jpg 1200w, https:\/\/phsg-jahresbericht.ch\/2021\/wp-content\/uploads\/sites\/2\/Rektorat-PHSG-Jahresbericht-768x512.jpg 768w\" sizes=\"(max-width: 1200px) 100vw, 1200px\" \/> <span class=\"raven-post-image-overlay\"><\/span><\/a>\t\t<\/div>\n\t\t\t\t\t\t<div class=\"raven-post-content\">\n\t\t\t\t\t<h3 class=\"raven-post-title\"><a class=\"raven-post-title-link\" href=\"https:\/\/phsg-jahresbericht.ch\/2021\/ueber-uns\/\">\u00dcber uns<\/a><\/h3>\t\t\t\t<\/div>\n\t\t\t<\/div>\n\t\t<\/div>\n\t\t\t\t<div class=\"raven-grid-item raven-post-item post-622 page type-page status-publish has-post-thumbnail hentry\">\n\t\t\t<div class=\"raven-post elementor-animation-grow\">\n\t\t\t\t\t\t<div class=\"raven-post-image-wrap\">\n\t\t\t<a class=\"raven-post-image raven-image-fit\" href=\"https:\/\/phsg-jahresbericht.ch\/2021\/leistungsbereiche\/weiterbildung-dienstleistungen\/\"><img loading=\"lazy\" decoding=\"async\" width=\"1200\" height=\"630\" src=\"https:\/\/phsg-jahresbericht.ch\/2021\/wp-content\/uploads\/sites\/2\/Weiterbildung-und-Dienstleistung-PHSG-Jahresbericht-1.jpg\" class=\"attachment-large size-large wp-image-1568\" alt=\"\" srcset=\"https:\/\/phsg-jahresbericht.ch\/2021\/wp-content\/uploads\/sites\/2\/Weiterbildung-und-Dienstleistung-PHSG-Jahresbericht-1.jpg 1200w, https:\/\/phsg-jahresbericht.ch\/2021\/wp-content\/uploads\/sites\/2\/Weiterbildung-und-Dienstleistung-PHSG-Jahresbericht-1-768x403.jpg 768w\" sizes=\"(max-width: 1200px) 100vw, 1200px\" \/> <span class=\"raven-post-image-overlay\"><\/span><\/a>\t\t<\/div>\n\t\t\t\t\t\t<div class=\"raven-post-content\">\n\t\t\t\t\t<h3 class=\"raven-post-title\"><a class=\"raven-post-title-link\" href=\"https:\/\/phsg-jahresbericht.ch\/2021\/leistungsbereiche\/weiterbildung-dienstleistungen\/\">Weiterbildung und Dienstleistungen<\/a><\/h3>\t\t\t\t<\/div>\n\t\t\t<\/div>\n\t\t<\/div>\n\t\t\t\t<\/div>\n\t\t\t\t\t\t<\/div>\n\t\t\t\t<\/div>\n\t\t\t\t<div class=\"elementor-element elementor-element-cc3fb93 elementor-widget elementor-widget-spacer\" data-id=\"cc3fb93\" data-element_type=\"widget\" data-widget_type=\"spacer.default\">\n\t\t\t\t<div class=\"elementor-widget-container\">\n\t\t\t\t\t\t\t<div class=\"elementor-spacer\">\n\t\t\t<div class=\"elementor-spacer-inner\"><\/div>\n\t\t<\/div>\n\t\t\t\t\t\t<\/div>\n\t\t\t\t<\/div>\n\t\t\t\t\t<\/div>\n\t\t<\/div>\n\t\t\t\t\t<\/div>\n\t\t<\/section>\n\t\t\t\t<section class=\"elementor-section elementor-top-section elementor-element elementor-element-d79f90a elementor-hidden-desktop elementor-hidden-mobile elementor-section-boxed elementor-section-height-default elementor-section-height-default\" data-id=\"d79f90a\" data-element_type=\"section\" data-settings=\"{&quot;jet_parallax_layout_list&quot;:[]}\">\n\t\t\t\t\t\t<div class=\"elementor-container elementor-column-gap-default\">\n\t\t\t\t\t<div class=\"elementor-column elementor-col-100 elementor-top-column elementor-element elementor-element-26d8139\" data-id=\"26d8139\" data-element_type=\"column\">\n\t\t\t<div class=\"elementor-widget-wrap elementor-element-populated\">\n\t\t\t\t\t\t<div class=\"elementor-element elementor-element-ddeddba elementor-widget elementor-widget-spacer\" data-id=\"ddeddba\" data-element_type=\"widget\" data-widget_type=\"spacer.default\">\n\t\t\t\t<div class=\"elementor-widget-container\">\n\t\t\t\t\t\t\t<div class=\"elementor-spacer\">\n\t\t\t<div class=\"elementor-spacer-inner\"><\/div>\n\t\t<\/div>\n\t\t\t\t\t\t<\/div>\n\t\t\t\t<\/div>\n\t\t\t\t<div class=\"elementor-element elementor-element-e9e4ac2 elementor-widget elementor-widget-heading\" data-id=\"e9e4ac2\" data-element_type=\"widget\" data-widget_type=\"heading.default\">\n\t\t\t\t<div class=\"elementor-widget-container\">\n\t\t\t\t\t<h3 class=\"elementor-heading-title elementor-size-default\">Weitere Themen, die Sie interessieren k\u00f6nnten<\/h3>\t\t\t\t<\/div>\n\t\t\t\t<\/div>\n\t\t\t\t<div class=\"elementor-element elementor-element-f755ef8 elementor-widget elementor-widget-raven-posts\" data-id=\"f755ef8\" data-element_type=\"widget\" data-settings=\"{&quot;classic_columns&quot;:&quot;4&quot;,&quot;query_posts_per_page&quot;:3,&quot;classic_columns_tablet&quot;:&quot;3&quot;,&quot;_skin&quot;:&quot;classic&quot;,&quot;classic_layout&quot;:&quot;grid&quot;,&quot;classic_columns_mobile&quot;:&quot;1&quot;,&quot;query_offset&quot;:0}\" data-widget_type=\"raven-posts.classic\">\n\t\t\t\t<div class=\"elementor-widget-container\">\n\t\t\t\t\t\t\t<div class=\"raven-posts raven-grid raven-grid-4 raven-grid-mobile-1 raven-grid-tablet-3\" data-post-id=\"725\" data-archive-query=\"\" data-lang=\"\">\n\t\t\t\t<div class=\"raven-grid-item raven-post-item post-302 page type-page status-publish has-post-thumbnail hentry\">\n\t\t\t<div class=\"raven-post elementor-animation-grow\">\n\t\t\t\t\t\t<div class=\"raven-post-image-wrap\">\n\t\t\t<a class=\"raven-post-image raven-image-fit\" href=\"https:\/\/phsg-jahresbericht.ch\/2021\/editorial\/\"><img loading=\"lazy\" decoding=\"async\" width=\"1200\" height=\"630\" src=\"https:\/\/phsg-jahresbericht.ch\/2021\/wp-content\/uploads\/sites\/2\/Editorial-PHSG-Jahresbericht.jpg\" class=\"attachment-large size-large wp-image-1025\" alt=\"\" srcset=\"https:\/\/phsg-jahresbericht.ch\/2021\/wp-content\/uploads\/sites\/2\/Editorial-PHSG-Jahresbericht.jpg 1200w, https:\/\/phsg-jahresbericht.ch\/2021\/wp-content\/uploads\/sites\/2\/Editorial-PHSG-Jahresbericht-768x403.jpg 768w\" sizes=\"(max-width: 1200px) 100vw, 1200px\" \/> <span class=\"raven-post-image-overlay\"><\/span><\/a>\t\t<\/div>\n\t\t\t\t\t\t<div class=\"raven-post-content\">\n\t\t\t\t\t<h3 class=\"raven-post-title\"><a class=\"raven-post-title-link\" href=\"https:\/\/phsg-jahresbericht.ch\/2021\/editorial\/\">Editorial<\/a><\/h3>\t\t\t\t<\/div>\n\t\t\t<\/div>\n\t\t<\/div>\n\t\t\t\t<div class=\"raven-grid-item raven-post-item post-452 page type-page status-publish has-post-thumbnail hentry\">\n\t\t\t<div class=\"raven-post elementor-animation-grow\">\n\t\t\t\t\t\t<div class=\"raven-post-image-wrap\">\n\t\t\t<a class=\"raven-post-image raven-image-fit\" href=\"https:\/\/phsg-jahresbericht.ch\/2021\/leistungsbereiche\/ausbildung\/\"><img loading=\"lazy\" decoding=\"async\" width=\"2560\" height=\"1116\" src=\"https:\/\/phsg-jahresbericht.ch\/2021\/wp-content\/uploads\/sites\/2\/Ausbildung-Headerbild-PHSG-Jahresbericht-3-scaled.jpg\" class=\"attachment-large size-large wp-image-1811\" alt=\"\" srcset=\"https:\/\/phsg-jahresbericht.ch\/2021\/wp-content\/uploads\/sites\/2\/Ausbildung-Headerbild-PHSG-Jahresbericht-3-scaled.jpg 2560w, https:\/\/phsg-jahresbericht.ch\/2021\/wp-content\/uploads\/sites\/2\/Ausbildung-Headerbild-PHSG-Jahresbericht-3-768x335.jpg 768w, https:\/\/phsg-jahresbericht.ch\/2021\/wp-content\/uploads\/sites\/2\/Ausbildung-Headerbild-PHSG-Jahresbericht-3-1536x670.jpg 1536w, https:\/\/phsg-jahresbericht.ch\/2021\/wp-content\/uploads\/sites\/2\/Ausbildung-Headerbild-PHSG-Jahresbericht-3-2048x893.jpg 2048w\" sizes=\"(max-width: 2560px) 100vw, 2560px\" \/> <span class=\"raven-post-image-overlay\"><\/span><\/a>\t\t<\/div>\n\t\t\t\t\t\t<div class=\"raven-post-content\">\n\t\t\t\t\t<h3 class=\"raven-post-title\"><a class=\"raven-post-title-link\" href=\"https:\/\/phsg-jahresbericht.ch\/2021\/leistungsbereiche\/ausbildung\/\">Ausbildung<\/a><\/h3>\t\t\t\t<\/div>\n\t\t\t<\/div>\n\t\t<\/div>\n\t\t\t\t<div class=\"raven-grid-item raven-post-item post-762 page type-page status-publish has-post-thumbnail hentry\">\n\t\t\t<div class=\"raven-post elementor-animation-grow\">\n\t\t\t\t\t\t<div class=\"raven-post-image-wrap\">\n\t\t\t<a class=\"raven-post-image raven-image-fit\" href=\"https:\/\/phsg-jahresbericht.ch\/2021\/leistungsbereiche\/internationale-vernetzung\/\"><img loading=\"lazy\" decoding=\"async\" width=\"1200\" height=\"630\" src=\"https:\/\/phsg-jahresbericht.ch\/2021\/wp-content\/uploads\/sites\/2\/Internationale-Vernetzung-PHSG-Jahresbericht.jpg\" class=\"attachment-large size-large wp-image-2125\" alt=\"\" srcset=\"https:\/\/phsg-jahresbericht.ch\/2021\/wp-content\/uploads\/sites\/2\/Internationale-Vernetzung-PHSG-Jahresbericht.jpg 1200w, https:\/\/phsg-jahresbericht.ch\/2021\/wp-content\/uploads\/sites\/2\/Internationale-Vernetzung-PHSG-Jahresbericht-768x403.jpg 768w\" sizes=\"(max-width: 1200px) 100vw, 1200px\" \/> <span class=\"raven-post-image-overlay\"><\/span><\/a>\t\t<\/div>\n\t\t\t\t\t\t<div class=\"raven-post-content\">\n\t\t\t\t\t<h3 class=\"raven-post-title\"><a class=\"raven-post-title-link\" href=\"https:\/\/phsg-jahresbericht.ch\/2021\/leistungsbereiche\/internationale-vernetzung\/\">Internationale Vernetzung<\/a><\/h3>\t\t\t\t<\/div>\n\t\t\t<\/div>\n\t\t<\/div>\n\t\t\t\t<\/div>\n\t\t\t\t\t\t<\/div>\n\t\t\t\t<\/div>\n\t\t\t\t<div class=\"elementor-element elementor-element-8fd49b2 elementor-widget elementor-widget-spacer\" data-id=\"8fd49b2\" data-element_type=\"widget\" data-widget_type=\"spacer.default\">\n\t\t\t\t<div class=\"elementor-widget-container\">\n\t\t\t\t\t\t\t<div class=\"elementor-spacer\">\n\t\t\t<div class=\"elementor-spacer-inner\"><\/div>\n\t\t<\/div>\n\t\t\t\t\t\t<\/div>\n\t\t\t\t<\/div>\n\t\t\t\t\t<\/div>\n\t\t<\/div>\n\t\t\t\t\t<\/div>\n\t\t<\/section>\n\t\t\t\t<\/div>\n\t\t\t\t<\/div>\n\t\t\t\t\t\t<\/div>\n\t\t\t\t<\/div>\n\t\t\t\t\t<\/div>\n\t\t<\/div>\n\t\t\t\t\t<\/div>\n\t\t<\/section>\n\t\t\t\t<\/div>\n\t\t","protected":false},"excerpt":{"rendered":"<p>Fokus 2021 Die digitale Transformation ver\u00e4ndert unser Leben und unser Arbeiten grundlegend \u2013 und sie stellt auch die Schulen vor die grosse Herausforderung, wie kommende Generationen optimal auf die neue Berufswelt vorbereitet werden. Welche F\u00e4higkeiten soll ein Kind k\u00fcnftig haben, damit es sich in 30 Jahren im Leben zurechtfindet? Und wie sollen diese Fertigkeiten vermittelt [&hellip;]<\/p>\n","protected":false},"author":1,"featured_media":1029,"parent":0,"menu_order":0,"comment_status":"closed","ping_status":"closed","template":"elementor_header_footer","meta":{"_acf_changed":false,"footnotes":""},"class_list":["post-636","page","type-page","status-publish","has-post-thumbnail","hentry"],"acf":[],"_links":{"self":[{"href":"https:\/\/phsg-jahresbericht.ch\/2021\/wp-json\/wp\/v2\/pages\/636","targetHints":{"allow":["GET"]}}],"collection":[{"href":"https:\/\/phsg-jahresbericht.ch\/2021\/wp-json\/wp\/v2\/pages"}],"about":[{"href":"https:\/\/phsg-jahresbericht.ch\/2021\/wp-json\/wp\/v2\/types\/page"}],"author":[{"embeddable":true,"href":"https:\/\/phsg-jahresbericht.ch\/2021\/wp-json\/wp\/v2\/users\/1"}],"replies":[{"embeddable":true,"href":"https:\/\/phsg-jahresbericht.ch\/2021\/wp-json\/wp\/v2\/comments?post=636"}],"version-history":[{"count":84,"href":"https:\/\/phsg-jahresbericht.ch\/2021\/wp-json\/wp\/v2\/pages\/636\/revisions"}],"predecessor-version":[{"id":2716,"href":"https:\/\/phsg-jahresbericht.ch\/2021\/wp-json\/wp\/v2\/pages\/636\/revisions\/2716"}],"wp:featuredmedia":[{"embeddable":true,"href":"https:\/\/phsg-jahresbericht.ch\/2021\/wp-json\/wp\/v2\/media\/1029"}],"wp:attachment":[{"href":"https:\/\/phsg-jahresbericht.ch\/2021\/wp-json\/wp\/v2\/media?parent=636"}],"curies":[{"name":"wp","href":"https:\/\/api.w.org\/{rel}","templated":true}]}}