{"id":622,"date":"2022-04-07T18:10:12","date_gmt":"2022-04-07T16:10:12","guid":{"rendered":"https:\/\/phsg-jahresbericht.ch\/2021\/?page_id=622"},"modified":"2023-02-02T13:03:59","modified_gmt":"2023-02-02T12:03:59","slug":"weiterbildung-dienstleistungen","status":"publish","type":"page","link":"https:\/\/phsg-jahresbericht.ch\/2021\/leistungsbereiche\/weiterbildung-dienstleistungen\/","title":{"rendered":"Weiterbildung und Dienstleistungen"},"content":{"rendered":"\t\t<div data-elementor-type=\"wp-page\" data-elementor-id=\"622\" class=\"elementor elementor-622\" data-elementor-post-type=\"page\">\n\t\t\t\t\t\t<section class=\"elementor-section elementor-top-section elementor-element elementor-element-45a9c11 elementor-section-height-min-height elementor-section-boxed elementor-section-height-default elementor-section-items-middle\" data-id=\"45a9c11\" data-element_type=\"section\" data-settings=\"{&quot;jet_parallax_layout_list&quot;:[]}\">\n\t\t\t\t\t\t<div class=\"elementor-container elementor-column-gap-default\">\n\t\t\t\t\t<div class=\"elementor-column elementor-col-100 elementor-top-column elementor-element elementor-element-9e6c6b6\" data-id=\"9e6c6b6\" data-element_type=\"column\">\n\t\t\t<div class=\"elementor-widget-wrap elementor-element-populated\">\n\t\t\t\t\t\t<div class=\"elementor-element elementor-element-719deeb elementor-widget elementor-widget-heading\" data-id=\"719deeb\" data-element_type=\"widget\" id=\"subtitle-underline\" data-widget_type=\"heading.default\">\n\t\t\t\t<div class=\"elementor-widget-container\">\n\t\t\t\t\t<h3 class=\"elementor-heading-title elementor-size-default\">Leistungsbereiche<\/h3>\t\t\t\t<\/div>\n\t\t\t\t<\/div>\n\t\t\t\t<div class=\"elementor-element elementor-element-e780e84 elementor-widget elementor-widget-heading\" data-id=\"e780e84\" data-element_type=\"widget\" data-widget_type=\"heading.default\">\n\t\t\t\t<div class=\"elementor-widget-container\">\n\t\t\t\t\t<h3 class=\"elementor-heading-title elementor-size-default\">Die Angebote, Projekte und Akteure in den Bereichen Weiterbildung und Dienstleistungen sind vielf\u00e4ltig. Der intensive Austausch innerhalb der PHSG, mit anderen Hochschulen und der Praxis sowie die Zusammenarbeit mit externen Kooperationspartnern leisten einen wichtigen Beitrag zur Weiterentwicklung und fortlaufenden Professionalisierung von Lehrpersonen und Schulen.<\/h3>\t\t\t\t<\/div>\n\t\t\t\t<\/div>\n\t\t\t\t\t<\/div>\n\t\t<\/div>\n\t\t\t\t\t<\/div>\n\t\t<\/section>\n\t\t\t\t<section class=\"elementor-section elementor-top-section elementor-element elementor-element-040945e elementor-section-full_width elementor-section-height-default elementor-section-height-default\" data-id=\"040945e\" data-element_type=\"section\" data-settings=\"{&quot;jet_parallax_layout_list&quot;:[]}\">\n\t\t\t\t\t\t<div class=\"elementor-container elementor-column-gap-default\">\n\t\t\t\t\t<div class=\"elementor-column elementor-col-100 elementor-top-column elementor-element elementor-element-be1b5d0\" data-id=\"be1b5d0\" data-element_type=\"column\">\n\t\t\t<div class=\"elementor-widget-wrap elementor-element-populated\">\n\t\t\t\t\t\t<div class=\"elementor-element elementor-element-73b76cc elementor-widget elementor-widget-image\" data-id=\"73b76cc\" data-element_type=\"widget\" data-widget_type=\"image.default\">\n\t\t\t\t<div class=\"elementor-widget-container\">\n\t\t\t\t\t\t\t\t\t\t\t\t\t\t\t<img fetchpriority=\"high\" decoding=\"async\" width=\"2560\" height=\"1116\" src=\"https:\/\/phsg-jahresbericht.ch\/2021\/wp-content\/uploads\/sites\/2\/Weiterbildung-und-Dienstleistungen-2021-Headerbild-PHSG-Jahresbericht-scaled.jpg\" class=\"attachment-large size-large wp-image-1564\" alt=\"\" srcset=\"https:\/\/phsg-jahresbericht.ch\/2021\/wp-content\/uploads\/sites\/2\/Weiterbildung-und-Dienstleistungen-2021-Headerbild-PHSG-Jahresbericht-scaled.jpg 2560w, https:\/\/phsg-jahresbericht.ch\/2021\/wp-content\/uploads\/sites\/2\/Weiterbildung-und-Dienstleistungen-2021-Headerbild-PHSG-Jahresbericht-768x335.jpg 768w, https:\/\/phsg-jahresbericht.ch\/2021\/wp-content\/uploads\/sites\/2\/Weiterbildung-und-Dienstleistungen-2021-Headerbild-PHSG-Jahresbericht-1536x670.jpg 1536w, https:\/\/phsg-jahresbericht.ch\/2021\/wp-content\/uploads\/sites\/2\/Weiterbildung-und-Dienstleistungen-2021-Headerbild-PHSG-Jahresbericht-2048x893.jpg 2048w\" sizes=\"(max-width: 2560px) 100vw, 2560px\" \/>\t\t\t\t\t\t\t\t\t\t\t\t\t\t\t<\/div>\n\t\t\t\t<\/div>\n\t\t\t\t\t<\/div>\n\t\t<\/div>\n\t\t\t\t\t<\/div>\n\t\t<\/section>\n\t\t\t\t<section class=\"elementor-section elementor-top-section elementor-element elementor-element-8370cdd elementor-section-boxed elementor-section-height-default elementor-section-height-default\" data-id=\"8370cdd\" data-element_type=\"section\" data-settings=\"{&quot;jet_parallax_layout_list&quot;:[]}\">\n\t\t\t\t\t\t<div class=\"elementor-container elementor-column-gap-default\">\n\t\t\t\t\t<div class=\"elementor-column elementor-col-100 elementor-top-column elementor-element elementor-element-58a79a6\" data-id=\"58a79a6\" data-element_type=\"column\">\n\t\t\t<div class=\"elementor-widget-wrap elementor-element-populated\">\n\t\t\t\t\t\t<div class=\"elementor-element elementor-element-6eeadf4 elementor-widget elementor-widget-jet-accordion\" data-id=\"6eeadf4\" data-element_type=\"widget\" data-widget_type=\"jet-accordion.default\">\n\t\t\t\t<div class=\"elementor-widget-container\">\n\t\t\t\t\t\t\t<div class=\"jet-accordion\" data-settings=\"{&quot;collapsible&quot;:false,&quot;ajaxTemplate&quot;:false,&quot;switchScrolling&quot;:false,&quot;switchScrollingOffset&quot;:0,&quot;switchScrollingDelay&quot;:500}\">\n\t\t\t<div class=\"jet-accordion__inner\">\n\t\t\t\t<div class=\" jet-accordion__item jet-toggle jet-toggle-move-up-effect \">\n\t\t\t\t\t\t\t<div id=\"jet-toggle-control-1161\" class=\"jet-toggle__control elementor-menu-anchor\" data-toggle=\"1\" role=\"button\" tabindex=\"0\" aria-controls=\"jet-toggle-content-1161\" aria-expanded=\"false\" data-template-id=\"552\">\n\t\t\t\t\t\t\t\t<div class=\"jet-toggle__label-icon jet-toggle-icon-position-left\"><span class=\"jet-toggle__icon icon-normal jet-tabs-icon\"><i class=\"fas fa-plus\"><\/i><\/span><span class=\"jet-toggle__icon icon-active jet-tabs-icon\"><i class=\"fas fa-minus\"><\/i><\/span><\/div><div class=\"jet-toggle__label-text\">Institut Weiterbildung und Beratung<\/div>\t\t\t\t\t\t\t<\/div>\n\t\t\t\t\t\t\t<div id=\"jet-toggle-content-1161\" class=\"jet-toggle__content\" data-toggle=\"1\" role=\"region\" data-template-id=\"552\">\n\t\t\t\t\t\t\t\t<div class=\"jet-toggle__content-inner\">\t\t<div data-elementor-type=\"section\" data-elementor-id=\"552\" class=\"elementor elementor-552\" data-elementor-post-type=\"elementor_library\">\n\t\t\t\t\t<section class=\"elementor-section elementor-top-section elementor-element elementor-element-408b6fb elementor-section-boxed elementor-section-height-default elementor-section-height-default\" data-id=\"408b6fb\" data-element_type=\"section\" data-settings=\"{&quot;jet_parallax_layout_list&quot;:[],&quot;background_background&quot;:&quot;classic&quot;}\">\n\t\t\t\t\t\t<div class=\"elementor-container elementor-column-gap-default\">\n\t\t\t\t\t<div class=\"elementor-column elementor-col-100 elementor-top-column elementor-element elementor-element-93fcf40\" data-id=\"93fcf40\" data-element_type=\"column\">\n\t\t\t<div class=\"elementor-widget-wrap elementor-element-populated\">\n\t\t\t\t\t\t<div class=\"elementor-element elementor-element-ee78183 elementor-widget elementor-widget-text-editor\" data-id=\"ee78183\" data-element_type=\"widget\" data-widget_type=\"text-editor.default\">\n\t\t\t\t<div class=\"elementor-widget-container\">\n\t\t\t\t\t\t\t\t\t<p class=\"p3\"><span class=\"s1\">Das Jahr 2021 stand im Institut Weiterbildung und Beratung im Zeichen von erfolgreichen Kooperationen.<\/span><\/p>\t\t\t\t\t\t\t\t<\/div>\n\t\t\t\t<\/div>\n\t\t\t\t<div class=\"elementor-element elementor-element-f254e84 elementor-widget elementor-widget-heading\" data-id=\"f254e84\" data-element_type=\"widget\" data-widget_type=\"heading.default\">\n\t\t\t\t<div class=\"elementor-widget-container\">\n\t\t\t\t\t<h4 class=\"elementor-heading-title elementor-size-default\">MAS SCOB Supervision, Coaching und Organisationsberatung<\/h4>\t\t\t\t<\/div>\n\t\t\t\t<\/div>\n\t\t\t\t<div class=\"elementor-element elementor-element-14c856e elementor-widget elementor-widget-text-editor\" data-id=\"14c856e\" data-element_type=\"widget\" data-widget_type=\"text-editor.default\">\n\t\t\t\t<div class=\"elementor-widget-container\">\n\t\t\t\t\t\t\t\t\t<p class=\"p1\"><span class=\"s1\">Der Studiengang in Supervision, Coaching und Organisationsberatung ist eine Kooperation mit der Akademie f\u00fcr Erwachsenenbildung (aeB) und bietet seit 25 Jahren eine solide Ausbildung f\u00fcr Personen, die in Organisationen beratend t\u00e4tig sein wollen. Trotz des guten Rufes und der hohen Zufriedenheit mit den Inhalten sanken in den vergangenen Jahren die Anmeldezahlen. Eine umfassende Evaluation f\u00fchrte vor zwei Jahren zu einer Neuausrichtung des Studiengangs. Der Erfolg liess nicht lange auf sich warten. Bereits im ersten Jahr verdoppelte sich die Zahl der Anmeldungen f\u00fcr den Einstiegs-CAS von 10 auf 21 Personen, und im zweiten Jahr waren es 19 Studierende. Nicht nur die Anmeldezahlen, auch die R\u00fcckmeldungen sind ermutigend: Die Inhalte seien praxisrelevant und didaktisch gut aufbereitet, heisst es, die klare Struktur schaffe Orientierung und die Vielfalt der Dozierenden sei sehr inspirierend.<\/span><\/p><p class=\"p1\"><span class=\"s1\">Der CAS Beratung bietet somit genau das, was die Analysen als Bedarf ermittelt haben: einen perspektivischen Einstieg in die prozessorientierte Beratung. F\u00fcr die einen ist es eine solide Basis f\u00fcr Mentorate und Coachings, f\u00fcr die anderen der Einstieg in neue und verantwortungsvolle Aufgaben oder gar der Anfang einer Selbst\u00e4ndigkeit in Supervision oder Organisationsberatung.<\/span><\/p><p class=\"p3\"><span class=\"s2\" style=\"color: #5fac22;\"><a href=\"http:\/\/www.aeb.ch\/shop\/innovation-beratung\/mas-scob-supervision-coaching-und-organisationsberatung\/\" target=\"_blank\" rel=\"noopener\"><span style=\"color: #fb7d19;\">Zum MAS SCOB<\/span><\/a><br \/><a href=\"http:\/\/www.aeb.ch\/shop\/innovation-beratung\/cas-beratung\/\" target=\"_blank\" rel=\"noopener\"><span style=\"color: #fb7d19;\">Zum CAS Beratung<\/span><\/a><br \/><\/span><\/p>\t\t\t\t\t\t\t\t<\/div>\n\t\t\t\t<\/div>\n\t\t\t\t<div class=\"elementor-element elementor-element-7ad9a3e elementor-widget elementor-widget-heading\" data-id=\"7ad9a3e\" data-element_type=\"widget\" data-widget_type=\"heading.default\">\n\t\t\t\t<div class=\"elementor-widget-container\">\n\t\t\t\t\t<h4 class=\"elementor-heading-title elementor-size-default\">Vertiefungsangebot Beurteilung<\/h4>\t\t\t\t<\/div>\n\t\t\t\t<\/div>\n\t\t\t\t<div class=\"elementor-element elementor-element-4caffeb elementor-widget elementor-widget-text-editor\" data-id=\"4caffeb\" data-element_type=\"widget\" data-widget_type=\"text-editor.default\">\n\t\t\t\t<div class=\"elementor-widget-container\">\n\t\t\t\t\t\t\t\t\t<p>Das Institut Weiterbildung und Beratung stellt den Schulen im Auftrag des kantonalen Amtes f\u00fcr Volksschule das \u00abVertiefungsangebot Beurteilung\u00bb zur Verf\u00fcgung. Unter fachkundiger Anleitung lernen die Teilnehmenden, die eigene Beurteilungspraxis zu reflektieren und weiterzuentwickeln. Schulinterne Weiterbildungen vorab erm\u00f6glichen eine gemeinsame Auseinandersetzung im Team. Dank unterschiedlicher Beratungsformate besteht die M\u00f6glichkeit, Schulleitungen und\/oder deren Teams fachlich oder prozessorientiert zu unterst\u00fctzen.\u00a0<\/p><p>Mit 18 Beratungen unterschiedlichen Charakters und 162 schulinternen Weiterbildungen fand das \u00abVertiefungsangebot Beurteilung\u00bb im Jahr 2021 regen Zuspruch. Dabei wurden \u00fcber 90 verschiedene Schulen (oder Schuleinheiten) in ihrer Auseinandersetzung mit kompetenzorientierter Beurteilung durch die PHSG unterst\u00fctzt. Im Vordergrund standen dabei Fragen zur Bewertung des Arbeits-, Lern- und Sozialverhaltens, zur Gesamtbeurteilung von Fachleistungen (Zeugnisnoten), zur Zusammenarbeit mit Eltern sowie die thematische Auseinandersetzung aus fachdidaktischer Perspektive.<\/p><p>Im Rahmen der kantonalen Lehrerinnen- und Lehrerweiterbildung wurde w\u00e4hrend 20 Halbtagen an allgemein- und fachdidaktischen Fragestellungen gearbeitet.<\/p>\t\t\t\t\t\t\t\t<\/div>\n\t\t\t\t<\/div>\n\t\t\t\t<div class=\"elementor-element elementor-element-b5abf76 elementor-widget elementor-widget-jet-accordion\" data-id=\"b5abf76\" data-element_type=\"widget\" data-widget_type=\"jet-accordion.default\">\n\t\t\t\t<div class=\"elementor-widget-container\">\n\t\t\t\t\t\t\t<div class=\"jet-accordion\" data-settings=\"{&quot;collapsible&quot;:false,&quot;ajaxTemplate&quot;:false,&quot;switchScrolling&quot;:false,&quot;switchScrollingOffset&quot;:0,&quot;switchScrollingDelay&quot;:500}\">\n\t\t\t<div class=\"jet-accordion__inner\">\n\t\t\t\t<div class=\" jet-accordion__item jet-toggle jet-toggle-move-up-effect \">\n\t\t\t\t\t\t\t<div id=\"jet-toggle-control-1901\" class=\"jet-toggle__control elementor-menu-anchor\" data-toggle=\"1\" role=\"button\" tabindex=\"0\" aria-controls=\"jet-toggle-content-1901\" aria-expanded=\"false\" data-template-id=\"false\">\n\t\t\t\t\t\t\t\t<div class=\"jet-toggle__label-icon jet-toggle-icon-position-left\"><span class=\"jet-toggle__icon icon-normal jet-tabs-icon\"><svg xmlns=\"http:\/\/www.w3.org\/2000\/svg\" xmlns:xlink=\"http:\/\/www.w3.org\/1999\/xlink\" width=\"44px\" height=\"44px\" viewBox=\"0 0 44 44\"><title>Minus<\/title><g id=\"Website\" stroke=\"none\" stroke-width=\"1\" fill=\"none\" fill-rule=\"evenodd\"><g id=\"2_PHSG-GB_Leistungsbereiche_Lehre_KGPS_SEK_MA_offen\" transform=\"translate(-199.000000, -7010.000000)\"><g id=\"Minus\" transform=\"translate(199.000000, 7002.000000)\"><circle id=\"Oval-Copy-2\" fill=\"#FFFFFF\" cx=\"22\" cy=\"30\" r=\"22\"><\/circle><text id=\"&#x2013;\" font-family=\"FedraSansStd-Demi, Fedra Sans Std\" font-size=\"35\" font-weight=\"normal\"><\/text><\/g><\/g><\/g><\/svg><\/span><span class=\"jet-toggle__icon icon-active jet-tabs-icon\"><svg xmlns=\"http:\/\/www.w3.org\/2000\/svg\" xmlns:xlink=\"http:\/\/www.w3.org\/1999\/xlink\" width=\"44px\" height=\"44px\" viewBox=\"0 0 44 44\"><title>Minus<\/title><g id=\"Website\" stroke=\"none\" stroke-width=\"1\" fill=\"none\" fill-rule=\"evenodd\"><g id=\"2_PHSG-GB_Leistungsbereiche_Lehre_KGPS_SEK_MA_offen\" transform=\"translate(-199.000000, -7010.000000)\"><g id=\"Minus\" transform=\"translate(199.000000, 7002.000000)\"><circle id=\"Oval-Copy-2\" fill=\"#FFFFFF\" cx=\"22\" cy=\"30\" r=\"22\"><\/circle><text id=\"&#x2013;\" font-family=\"FedraSansStd-Demi, Fedra Sans Std\" font-size=\"35\" font-weight=\"normal\"><\/text><\/g><\/g><\/g><\/svg><\/span><\/div><div class=\"jet-toggle__label-text\">Beratungen: 10<\/div>\t\t\t\t\t\t\t<\/div>\n\t\t\t\t\t\t\t<div id=\"jet-toggle-content-1901\" class=\"jet-toggle__content\" data-toggle=\"1\" role=\"region\" data-template-id=\"false\">\n\t\t\t\t\t\t\t\t<div class=\"jet-toggle__content-inner\"><\/div>\n\t\t\t\t\t\t\t<\/div>\n\t\t\t\t\t\t<\/div>\t\t\t<\/div>\n\t\t<\/div>\n\t\t\t\t\t\t<\/div>\n\t\t\t\t<\/div>\n\t\t\t\t<div class=\"elementor-element elementor-element-c88b5d0 elementor-widget elementor-widget-jet-accordion\" data-id=\"c88b5d0\" data-element_type=\"widget\" data-widget_type=\"jet-accordion.default\">\n\t\t\t\t<div class=\"elementor-widget-container\">\n\t\t\t\t\t\t\t<div class=\"jet-accordion\" data-settings=\"{&quot;collapsible&quot;:false,&quot;ajaxTemplate&quot;:false,&quot;switchScrolling&quot;:false,&quot;switchScrollingOffset&quot;:0,&quot;switchScrollingDelay&quot;:500}\">\n\t\t\t<div class=\"jet-accordion__inner\">\n\t\t\t\t<div class=\" jet-accordion__item jet-toggle jet-toggle-move-up-effect \">\n\t\t\t\t\t\t\t<div id=\"jet-toggle-control-2101\" class=\"jet-toggle__control elementor-menu-anchor\" data-toggle=\"1\" role=\"button\" tabindex=\"0\" aria-controls=\"jet-toggle-content-2101\" aria-expanded=\"false\" data-template-id=\"1691\">\n\t\t\t\t\t\t\t\t<div class=\"jet-toggle__label-icon jet-toggle-icon-position-left\"><span class=\"jet-toggle__icon icon-normal jet-tabs-icon\"><i class=\"fas fa-plus\"><\/i><\/span><span class=\"jet-toggle__icon icon-active jet-tabs-icon\"><i class=\"fas fa-minus\"><\/i><\/span><\/div><div class=\"jet-toggle__label-text\">Schulinterne Weiterbildungen: 162<\/div>\t\t\t\t\t\t\t<\/div>\n\t\t\t\t\t\t\t<div id=\"jet-toggle-content-2101\" class=\"jet-toggle__content\" data-toggle=\"1\" role=\"region\" data-template-id=\"1691\">\n\t\t\t\t\t\t\t\t<div class=\"jet-toggle__content-inner\">\t\t<div data-elementor-type=\"page\" data-elementor-id=\"1691\" class=\"elementor elementor-1691\" data-elementor-post-type=\"elementor_library\">\n\t\t\t\t\t\t<section class=\"elementor-section elementor-top-section elementor-element elementor-element-1099497 elementor-section-boxed elementor-section-height-default elementor-section-height-default\" data-id=\"1099497\" data-element_type=\"section\" data-settings=\"{&quot;jet_parallax_layout_list&quot;:[],&quot;background_background&quot;:&quot;classic&quot;}\">\n\t\t\t\t\t\t<div class=\"elementor-container elementor-column-gap-default\">\n\t\t\t\t\t<div class=\"elementor-column elementor-col-100 elementor-top-column elementor-element elementor-element-ad2569c\" data-id=\"ad2569c\" data-element_type=\"column\">\n\t\t\t<div class=\"elementor-widget-wrap elementor-element-populated\">\n\t\t\t\t\t\t<div class=\"elementor-element elementor-element-7c1b57d elementor-widget elementor-widget-jet-table\" data-id=\"7c1b57d\" data-element_type=\"widget\" data-widget_type=\"jet-table.default\">\n\t\t\t\t<div class=\"elementor-widget-container\">\n\t\t\t\t\t<div class=\"elementor-jet-table jet-elements\">\n\t\t<div class=\"jet-table-wrapper jet-table-responsive-mobile\">\n\t\t\t<table class=\"jet-table jet-table--fa5-compat\">\n\t\t\t\t<thead class=\"jet-table__head\"><tr class=\"jet-table__head-row\"><th class=\"jet-table__cell elementor-repeater-item-99c24e1 jet-table__head-cell\" scope=\"col\"><div class=\"jet-table__cell-inner\"><div class=\"jet-table__cell-content\"><div class=\"jet-table__cell-text\">Art der Weiterbildung<\/div><\/div><\/div><\/th><th class=\"jet-table__cell elementor-repeater-item-89197ca jet-table__head-cell\" scope=\"col\"><div class=\"jet-table__cell-inner\"><div class=\"jet-table__cell-content\"><div class=\"jet-table__cell-text\">Anzahl Kurse<\/div><\/div><\/div><\/th><\/tr><\/thead>\n\t\t\t\t\t\t\t\t<tbody class=\"jet-table__body\"><tr class=\"jet-table__body-row elementor-repeater-item-be190cf\"><\/tr><\/tbody>\n\t\t\t<\/table>\n\t\t<\/div>\n\n\t\t<\/div>\t\t\t\t<\/div>\n\t\t\t\t<\/div>\n\t\t\t\t<div class=\"elementor-element elementor-element-5818456 elementor-widget elementor-widget-jet-table\" data-id=\"5818456\" data-element_type=\"widget\" data-widget_type=\"jet-table.default\">\n\t\t\t\t<div class=\"elementor-widget-container\">\n\t\t\t\t\t<div class=\"elementor-jet-table jet-elements\">\n\t\t<div class=\"jet-table-wrapper jet-table-responsive-mobile\">\n\t\t\t<table class=\"jet-table jet-table--fa5-compat\">\n\t\t\t\t<thead class=\"jet-table__head\"><tr class=\"jet-table__head-row\"><th class=\"jet-table__cell elementor-repeater-item-99c24e1 jet-table__head-cell\" scope=\"col\"><div class=\"jet-table__cell-inner\"><div class=\"jet-table__cell-content\"><div class=\"jet-table__cell-text\">Allgemeine Didaktik<\/div><\/div><\/div><\/th><th class=\"jet-table__cell elementor-repeater-item-89197ca jet-table__head-cell\" scope=\"col\"><div class=\"jet-table__cell-inner\"><div class=\"jet-table__cell-content\"><div class=\"jet-table__cell-text\">144<\/div><\/div><\/div><\/th><\/tr><\/thead>\n\t\t\t\t\t\t\t\t<tbody class=\"jet-table__body\"><tr class=\"jet-table__body-row elementor-repeater-item-be190cf\"><td class=\"jet-table__cell elementor-repeater-item-101d9c9 jet-table__body-cell\"><div class=\"jet-table__cell-inner\"><div class=\"jet-table__cell-content\"><div class=\"jet-table__cell-text\">Bewertung des Arbeits-, Lern- und Sozialverhaltens<\/div><\/div><\/div><\/td><td class=\"jet-table__cell elementor-repeater-item-25ad4e3 jet-table__body-cell\"><div class=\"jet-table__cell-inner\"><div class=\"jet-table__cell-content\"><div class=\"jet-table__cell-text\">54<\/div><\/div><\/div><\/td><\/tr><tr class=\"jet-table__body-row elementor-repeater-item-434c501\"><td class=\"jet-table__cell elementor-repeater-item-76db22f jet-table__body-cell\"><div class=\"jet-table__cell-inner\"><div class=\"jet-table__cell-content\"><div class=\"jet-table__cell-text\">(Jahres-) Zeugnisnoten als Ergebnis<br>einer Gesamtbeurteilung (Z1+2)<\/div><\/div><\/div><\/td><td class=\"jet-table__cell elementor-repeater-item-1432b07 jet-table__body-cell\"><div class=\"jet-table__cell-inner\"><div class=\"jet-table__cell-content\"><div class=\"jet-table__cell-text\">29<\/div><\/div><\/div><\/td><\/tr><tr class=\"jet-table__body-row elementor-repeater-item-4abb78d\"><td class=\"jet-table__cell elementor-repeater-item-4cbf22d jet-table__body-cell\"><div class=\"jet-table__cell-inner\"><div class=\"jet-table__cell-content\"><div class=\"jet-table__cell-text\">Zeugnisnoten als Ergebnis einer Gesamtbeurteilung (Z3)<\/div><\/div><\/div><\/td><td class=\"jet-table__cell elementor-repeater-item-0c16d78 jet-table__body-cell\"><div class=\"jet-table__cell-inner\"><div class=\"jet-table__cell-content\"><div class=\"jet-table__cell-text\">20<\/div><\/div><\/div><\/td><\/tr><tr class=\"jet-table__body-row elementor-repeater-item-dbd2856\"><td class=\"jet-table__cell elementor-repeater-item-f76dd94 jet-table__body-cell\"><div class=\"jet-table__cell-inner\"><div class=\"jet-table__cell-content\"><div class=\"jet-table__cell-text\">Mit Eltern \u00fcber Beurteilung sprechen<\/div><\/div><\/div><\/td><td class=\"jet-table__cell elementor-repeater-item-020856e jet-table__body-cell\"><div class=\"jet-table__cell-inner\"><div class=\"jet-table__cell-content\"><div class=\"jet-table__cell-text\">10<\/div><\/div><\/div><\/td><\/tr><tr class=\"jet-table__body-row elementor-repeater-item-e127e79\"><td class=\"jet-table__cell elementor-repeater-item-f03a30c jet-table__body-cell\"><div class=\"jet-table__cell-inner\"><div class=\"jet-table__cell-content\"><div class=\"jet-table__cell-text\">Das Beurteilungsgespr\u00e4ch im Zyklus 3<\/div><\/div><\/div><\/td><td class=\"jet-table__cell elementor-repeater-item-554b717 jet-table__body-cell\"><div class=\"jet-table__cell-inner\"><div class=\"jet-table__cell-content\"><div class=\"jet-table__cell-text\">8<\/div><\/div><\/div><\/td><\/tr><tr class=\"jet-table__body-row elementor-repeater-item-560cd6a\"><td class=\"jet-table__cell elementor-repeater-item-cc972d4 jet-table__body-cell\"><div class=\"jet-table__cell-inner\"><div class=\"jet-table__cell-content\"><div class=\"jet-table__cell-text\">Weitere Angebote<\/div><\/div><\/div><\/td><td class=\"jet-table__cell elementor-repeater-item-0e3edff jet-table__body-cell\"><div class=\"jet-table__cell-inner\"><div class=\"jet-table__cell-content\"><div class=\"jet-table__cell-text\">23<\/div><\/div><\/div><\/td><\/tr><\/tbody>\n\t\t\t<\/table>\n\t\t<\/div>\n\n\t\t<\/div>\t\t\t\t<\/div>\n\t\t\t\t<\/div>\n\t\t\t\t<div class=\"elementor-element elementor-element-e191bd8 elementor-widget elementor-widget-jet-table\" data-id=\"e191bd8\" data-element_type=\"widget\" data-widget_type=\"jet-table.default\">\n\t\t\t\t<div class=\"elementor-widget-container\">\n\t\t\t\t\t<div class=\"elementor-jet-table jet-elements\">\n\t\t<div class=\"jet-table-wrapper jet-table-responsive-mobile\">\n\t\t\t<table class=\"jet-table jet-table--fa5-compat\">\n\t\t\t\t<thead class=\"jet-table__head\"><tr class=\"jet-table__head-row\"><th class=\"jet-table__cell elementor-repeater-item-99c24e1 jet-table__head-cell\" scope=\"col\"><div class=\"jet-table__cell-inner\"><div class=\"jet-table__cell-content\"><div class=\"jet-table__cell-text\">Fachdidaktik<\/div><\/div><\/div><\/th><th class=\"jet-table__cell elementor-repeater-item-89197ca jet-table__head-cell\" scope=\"col\"><div class=\"jet-table__cell-inner\"><div class=\"jet-table__cell-content\"><div class=\"jet-table__cell-text\">18<\/div><\/div><\/div><\/th><\/tr><\/thead>\n\t\t\t\t\t\t\t\t<tbody class=\"jet-table__body\"><tr class=\"jet-table__body-row elementor-repeater-item-be190cf\"><td class=\"jet-table__cell elementor-repeater-item-101d9c9 jet-table__body-cell\"><div class=\"jet-table__cell-inner\"><div class=\"jet-table__cell-content\"><div class=\"jet-table__cell-text\">Kompetenzorientierte Beurteilung in NMG<\/div><\/div><\/div><\/td><td class=\"jet-table__cell elementor-repeater-item-25ad4e3 jet-table__body-cell\"><div class=\"jet-table__cell-inner\"><div class=\"jet-table__cell-content\"><div class=\"jet-table__cell-text\">5<\/div><\/div><\/div><\/td><\/tr><tr class=\"jet-table__body-row elementor-repeater-item-434c501\"><td class=\"jet-table__cell elementor-repeater-item-76db22f jet-table__body-cell\"><div class=\"jet-table__cell-inner\"><div class=\"jet-table__cell-content\"><div class=\"jet-table__cell-text\">Wie lernen Kinder im Zyklus 2 Texte schreiben?<br>Wie beurteilen?<\/div><\/div><\/div><\/td><td class=\"jet-table__cell elementor-repeater-item-1432b07 jet-table__body-cell\"><div class=\"jet-table__cell-inner\"><div class=\"jet-table__cell-content\"><div class=\"jet-table__cell-text\">2<\/div><\/div><\/div><\/td><\/tr><tr class=\"jet-table__body-row elementor-repeater-item-4abb78d\"><td class=\"jet-table__cell elementor-repeater-item-f76dd94 jet-table__body-cell\"><div class=\"jet-table__cell-inner\"><div class=\"jet-table__cell-content\"><div class=\"jet-table__cell-text\">Weitere Angebote<\/div><\/div><\/div><\/td><td class=\"jet-table__cell elementor-repeater-item-020856e jet-table__body-cell\"><div class=\"jet-table__cell-inner\"><div class=\"jet-table__cell-content\"><div class=\"jet-table__cell-text\">11<\/div><\/div><\/div><\/td><\/tr><\/tbody>\n\t\t\t<\/table>\n\t\t<\/div>\n\n\t\t<\/div>\t\t\t\t<\/div>\n\t\t\t\t<\/div>\n\t\t\t\t\t<\/div>\n\t\t<\/div>\n\t\t\t\t\t<\/div>\n\t\t<\/section>\n\t\t\t\t<\/div>\n\t\t<\/div>\n\t\t\t\t\t\t\t<\/div>\n\t\t\t\t\t\t<\/div><div class=\" jet-accordion__item jet-toggle jet-toggle-move-up-effect \">\n\t\t\t\t\t\t\t<div id=\"jet-toggle-control-2102\" class=\"jet-toggle__control elementor-menu-anchor\" data-toggle=\"2\" role=\"button\" tabindex=\"0\" aria-controls=\"jet-toggle-content-2102\" aria-expanded=\"false\" data-template-id=\"1738\">\n\t\t\t\t\t\t\t\t<div class=\"jet-toggle__label-icon jet-toggle-icon-position-left\"><span class=\"jet-toggle__icon icon-normal jet-tabs-icon\"><i class=\"fas fa-plus\"><\/i><\/span><span class=\"jet-toggle__icon icon-active jet-tabs-icon\"><i class=\"fas fa-minus\"><\/i><\/span><\/div><div class=\"jet-toggle__label-text\">Weiterbildungen im Rahmen des kantonalen Kursprogramms: 20<\/div>\t\t\t\t\t\t\t<\/div>\n\t\t\t\t\t\t\t<div id=\"jet-toggle-content-2102\" class=\"jet-toggle__content\" data-toggle=\"2\" role=\"region\" data-template-id=\"1738\">\n\t\t\t\t\t\t\t\t<div class=\"jet-toggle__content-inner\">\t\t<div data-elementor-type=\"page\" data-elementor-id=\"1738\" class=\"elementor elementor-1738\" data-elementor-post-type=\"elementor_library\">\n\t\t\t\t\t\t<section class=\"elementor-section elementor-top-section elementor-element elementor-element-d2c82ae elementor-section-boxed elementor-section-height-default elementor-section-height-default\" data-id=\"d2c82ae\" data-element_type=\"section\" data-settings=\"{&quot;jet_parallax_layout_list&quot;:[]}\">\n\t\t\t\t\t\t<div class=\"elementor-container elementor-column-gap-default\">\n\t\t\t\t\t<div class=\"elementor-column elementor-col-100 elementor-top-column elementor-element elementor-element-6ca84d6\" data-id=\"6ca84d6\" data-element_type=\"column\">\n\t\t\t<div class=\"elementor-widget-wrap elementor-element-populated\">\n\t\t\t\t\t\t<div class=\"elementor-element elementor-element-7444d51 elementor-widget elementor-widget-jet-table\" data-id=\"7444d51\" data-element_type=\"widget\" data-widget_type=\"jet-table.default\">\n\t\t\t\t<div class=\"elementor-widget-container\">\n\t\t\t\t\t<div class=\"elementor-jet-table jet-elements\">\n\t\t<div class=\"jet-table-wrapper jet-table-responsive-mobile\">\n\t\t\t<table class=\"jet-table jet-table--fa5-compat\">\n\t\t\t\t<thead class=\"jet-table__head\"><tr class=\"jet-table__head-row\"><th class=\"jet-table__cell elementor-repeater-item-99c24e1 jet-table__head-cell\" scope=\"col\"><div class=\"jet-table__cell-inner\"><div class=\"jet-table__cell-content\"><div class=\"jet-table__cell-text\">Art der Weiterbildung<\/div><\/div><\/div><\/th><th class=\"jet-table__cell elementor-repeater-item-89197ca jet-table__head-cell\" scope=\"col\"><div class=\"jet-table__cell-inner\"><div class=\"jet-table__cell-content\"><div class=\"jet-table__cell-text\">Halbe Tage<\/div><\/div><\/div><\/th><\/tr><\/thead>\n\t\t\t\t\t\t\t\t<tbody class=\"jet-table__body\"><tr class=\"jet-table__body-row elementor-repeater-item-be190cf\"><\/tr><\/tbody>\n\t\t\t<\/table>\n\t\t<\/div>\n\n\t\t<\/div>\t\t\t\t<\/div>\n\t\t\t\t<\/div>\n\t\t\t\t<div class=\"elementor-element elementor-element-5a0c324 elementor-widget elementor-widget-jet-table\" data-id=\"5a0c324\" data-element_type=\"widget\" data-widget_type=\"jet-table.default\">\n\t\t\t\t<div class=\"elementor-widget-container\">\n\t\t\t\t\t<div class=\"elementor-jet-table jet-elements\">\n\t\t<div class=\"jet-table-wrapper jet-table-responsive-mobile\">\n\t\t\t<table class=\"jet-table jet-table--fa5-compat\">\n\t\t\t\t<thead class=\"jet-table__head\"><tr class=\"jet-table__head-row\"><th class=\"jet-table__cell elementor-repeater-item-99c24e1 jet-table__head-cell\" scope=\"col\"><div class=\"jet-table__cell-inner\"><div class=\"jet-table__cell-content\"><div class=\"jet-table__cell-text\">Allgemeine Didaktik<\/div><\/div><\/div><\/th><th class=\"jet-table__cell elementor-repeater-item-89197ca jet-table__head-cell\" scope=\"col\"><div class=\"jet-table__cell-inner\"><div class=\"jet-table__cell-content\"><div class=\"jet-table__cell-text\">9<\/div><\/div><\/div><\/th><\/tr><\/thead>\n\t\t\t\t\t\t\t\t<tbody class=\"jet-table__body\"><tr class=\"jet-table__body-row elementor-repeater-item-be190cf\"><td class=\"jet-table__cell elementor-repeater-item-101d9c9 jet-table__body-cell\"><div class=\"jet-table__cell-inner\"><div class=\"jet-table__cell-content\"><div class=\"jet-table__cell-text\">Komplexe Leistungen summativ beurteilen<\/div><\/div><\/div><\/td><td class=\"jet-table__cell elementor-repeater-item-25ad4e3 jet-table__body-cell\"><div class=\"jet-table__cell-inner\"><div class=\"jet-table__cell-content\"><div class=\"jet-table__cell-text\">4<\/div><\/div><\/div><\/td><\/tr><tr class=\"jet-table__body-row elementor-repeater-item-434c501\"><td class=\"jet-table__cell elementor-repeater-item-76db22f jet-table__body-cell\"><div class=\"jet-table__cell-inner\"><div class=\"jet-table__cell-content\"><div class=\"jet-table__cell-text\">Leistbar und wirksam f\u00f6rderorientiert beurteilen<\/div><\/div><\/div><\/td><td class=\"jet-table__cell elementor-repeater-item-1432b07 jet-table__body-cell\"><div class=\"jet-table__cell-inner\"><div class=\"jet-table__cell-content\"><div class=\"jet-table__cell-text\">2<\/div><\/div><\/div><\/td><\/tr><tr class=\"jet-table__body-row elementor-repeater-item-4abb78d\"><td class=\"jet-table__cell elementor-repeater-item-f76dd94 jet-table__body-cell\"><div class=\"jet-table__cell-inner\"><div class=\"jet-table__cell-content\"><div class=\"jet-table__cell-text\">Weitere Angebote<\/div><\/div><\/div><\/td><td class=\"jet-table__cell elementor-repeater-item-020856e jet-table__body-cell\"><div class=\"jet-table__cell-inner\"><div class=\"jet-table__cell-content\"><div class=\"jet-table__cell-text\">3<\/div><\/div><\/div><\/td><\/tr><\/tbody>\n\t\t\t<\/table>\n\t\t<\/div>\n\n\t\t<\/div>\t\t\t\t<\/div>\n\t\t\t\t<\/div>\n\t\t\t\t<div class=\"elementor-element elementor-element-d47cc7f elementor-widget elementor-widget-jet-table\" data-id=\"d47cc7f\" data-element_type=\"widget\" data-widget_type=\"jet-table.default\">\n\t\t\t\t<div class=\"elementor-widget-container\">\n\t\t\t\t\t<div class=\"elementor-jet-table jet-elements\">\n\t\t<div class=\"jet-table-wrapper jet-table-responsive-mobile\">\n\t\t\t<table class=\"jet-table jet-table--fa5-compat\">\n\t\t\t\t<thead class=\"jet-table__head\"><tr class=\"jet-table__head-row\"><th class=\"jet-table__cell elementor-repeater-item-99c24e1 jet-table__head-cell\" scope=\"col\"><div class=\"jet-table__cell-inner\"><div class=\"jet-table__cell-content\"><div class=\"jet-table__cell-text\">Fachdidaktik<\/div><\/div><\/div><\/th><th class=\"jet-table__cell elementor-repeater-item-89197ca jet-table__head-cell\" scope=\"col\"><div class=\"jet-table__cell-inner\"><div class=\"jet-table__cell-content\"><div class=\"jet-table__cell-text\">11<\/div><\/div><\/div><\/th><\/tr><\/thead>\n\t\t\t\t\t\t\t\t<tbody class=\"jet-table__body\"><tr class=\"jet-table__body-row elementor-repeater-item-be190cf\"><td class=\"jet-table__cell elementor-repeater-item-101d9c9 jet-table__body-cell\"><div class=\"jet-table__cell-inner\"><div class=\"jet-table__cell-content\"><div class=\"jet-table__cell-text\">Kompetenz- und designorientierte Beurteilung<\/div><\/div><\/div><\/td><td class=\"jet-table__cell elementor-repeater-item-25ad4e3 jet-table__body-cell\"><div class=\"jet-table__cell-inner\"><div class=\"jet-table__cell-content\"><div class=\"jet-table__cell-text\">3<\/div><\/div><\/div><\/td><\/tr><tr class=\"jet-table__body-row elementor-repeater-item-434c501\"><td class=\"jet-table__cell elementor-repeater-item-76db22f jet-table__body-cell\"><div class=\"jet-table__cell-inner\"><div class=\"jet-table__cell-content\"><div class=\"jet-table__cell-text\">Musikalisches Spiel Kiga<\/div><\/div><\/div><\/td><td class=\"jet-table__cell elementor-repeater-item-1432b07 jet-table__body-cell\"><div class=\"jet-table__cell-inner\"><div class=\"jet-table__cell-content\"><div class=\"jet-table__cell-text\">2<\/div><\/div><\/div><\/td><\/tr><tr class=\"jet-table__body-row elementor-repeater-item-4abb78d\"><td class=\"jet-table__cell elementor-repeater-item-f76dd94 jet-table__body-cell\"><div class=\"jet-table__cell-inner\"><div class=\"jet-table__cell-content\"><div class=\"jet-table__cell-text\">Weitere Angebote<\/div><\/div><\/div><\/td><td class=\"jet-table__cell elementor-repeater-item-020856e jet-table__body-cell\"><div class=\"jet-table__cell-inner\"><div class=\"jet-table__cell-content\"><div class=\"jet-table__cell-text\">6<\/div><\/div><\/div><\/td><\/tr><\/tbody>\n\t\t\t<\/table>\n\t\t<\/div>\n\n\t\t<\/div>\t\t\t\t<\/div>\n\t\t\t\t<\/div>\n\t\t\t\t\t<\/div>\n\t\t<\/div>\n\t\t\t\t\t<\/div>\n\t\t<\/section>\n\t\t\t\t<\/div>\n\t\t<\/div>\n\t\t\t\t\t\t\t<\/div>\n\t\t\t\t\t\t<\/div>\t\t\t<\/div>\n\t\t<\/div>\n\t\t\t\t\t\t<\/div>\n\t\t\t\t<\/div>\n\t\t\t\t<div class=\"elementor-element elementor-element-173f7bf elementor-widget elementor-widget-spacer\" data-id=\"173f7bf\" data-element_type=\"widget\" data-widget_type=\"spacer.default\">\n\t\t\t\t<div class=\"elementor-widget-container\">\n\t\t\t\t\t\t\t<div class=\"elementor-spacer\">\n\t\t\t<div class=\"elementor-spacer-inner\"><\/div>\n\t\t<\/div>\n\t\t\t\t\t\t<\/div>\n\t\t\t\t<\/div>\n\t\t\t\t<div class=\"elementor-element elementor-element-d2791f4 elementor-widget elementor-widget-heading\" data-id=\"d2791f4\" data-element_type=\"widget\" data-widget_type=\"heading.default\">\n\t\t\t\t<div class=\"elementor-widget-container\">\n\t\t\t\t\t<h4 class=\"elementor-heading-title elementor-size-default\">Reformen Verkauf 2022+ und Kaufleute 2023<\/h4>\t\t\t\t<\/div>\n\t\t\t\t<\/div>\n\t\t\t\t<div class=\"elementor-element elementor-element-97dcea0 elementor-widget elementor-widget-text-editor\" data-id=\"97dcea0\" data-element_type=\"widget\" data-widget_type=\"text-editor.default\">\n\t\t\t\t<div class=\"elementor-widget-container\">\n\t\t\t\t\t\t\t\t\t<p class=\"p1\"><span class=\"s1\">Im Zentrum des Bereichs Fachdidaktik &amp; Spezialisierungen stand die Weiterbildung von Lehrpersonen an kaufm\u00e4nnischen Berufsfachschulen, die im August 2022 (Verkauf) bzw. im August 2023 (Kaufleute) mit der Reform 2022+ starten.<span class=\"Apple-converted-space\">\u00a0<\/span><\/span><\/p><p class=\"p1\"><span class=\"s1\">Der Wechsel auf ein konsequent handlungskompetenzorientiertes Ausbildungsmodell erfordert beim Lehrpersonal eine didaktisch-p\u00e4dagogische Umstellung. In Zusammenarbeit mit drei P\u00e4dagogischen Hochschulen (EHB, PHLU, PHZH), mit denen die PHSG ein Konsortium zur Qualifizierung von Berufsbildungsverantwortlichen eingegangen ist, wurden vier vom nationalen Koordinationsgremium der Berufsreformen in den Berufen der kaufm\u00e4nnischen Grundbildung und des Detailhandels (NKG) initiierte Kurse entwickelt. Der Entwicklungsprozess erwies sich als komplex und zugleich intensiv und bereichernd f\u00fcr alle Beteiligten. Eine Besonderheit war und ist f\u00fcr die Hochschulen auch die Zusammenarbeit mit der Ectaveo AG, einer privaten Bildungsanbieterin, welche die Inhalte und Materialien f\u00fcr die Berufsfachschulen \u00fcber die Plattform Konvink zur Verf\u00fcgung stellt.<span class=\"Apple-converted-space\">\u00a0<\/span><\/span><\/p><p class=\"p1\"><span class=\"s1\">Erste Weiterbildungen in der Region Ostschweiz wurden im November 2021 als schulinterne Kurse in Glarus, Sargans und St.Gallen durchgef\u00fchrt. Die aktuellen Kurse, die vorwiegend von Lehrpersonen im Verkauf (DH) absolviert werden, laufen bis Juni 2022. In der zweiten Welle ab Mitte 2022 sollen die Lehrpersonen, welche die k\u00fcnftigen Kaufleute unterrichten und im August 2023 im Reformmodell starten, weitergebildet werden.<\/span><\/p><p><a href=\"http:\/\/www.phsg.ch\/de\/weiterbildung\/gesamtuebersicht\/reformen-verkauf-2022-und-kaufleute-2023\" target=\"_blank\" rel=\"noopener\"><span style=\"color: #fb7d19;\">Mehr erfahren<\/span><\/a><\/p>\t\t\t\t\t\t\t\t<\/div>\n\t\t\t\t<\/div>\n\t\t\t\t\t<\/div>\n\t\t<\/div>\n\t\t\t\t\t<\/div>\n\t\t<\/section>\n\t\t\t\t<\/div>\n\t\t<\/div>\n\t\t\t\t\t\t\t<\/div>\n\t\t\t\t\t\t<\/div><div class=\" jet-accordion__item jet-toggle jet-toggle-move-up-effect \">\n\t\t\t\t\t\t\t<div id=\"jet-toggle-control-1162\" class=\"jet-toggle__control elementor-menu-anchor\" data-toggle=\"2\" role=\"button\" tabindex=\"0\" aria-controls=\"jet-toggle-content-1162\" aria-expanded=\"false\" data-template-id=\"569\">\n\t\t\t\t\t\t\t\t<div class=\"jet-toggle__label-icon jet-toggle-icon-position-left\"><span class=\"jet-toggle__icon icon-normal jet-tabs-icon\"><i class=\"fas fa-plus\"><\/i><\/span><span class=\"jet-toggle__icon icon-active jet-tabs-icon\"><i class=\"fas fa-minus\"><\/i><\/span><\/div><div class=\"jet-toggle__label-text\">Institut ICT & Medien<\/div>\t\t\t\t\t\t\t<\/div>\n\t\t\t\t\t\t\t<div id=\"jet-toggle-content-1162\" class=\"jet-toggle__content\" data-toggle=\"2\" role=\"region\" data-template-id=\"569\">\n\t\t\t\t\t\t\t\t<div class=\"jet-toggle__content-inner\">\t\t<div data-elementor-type=\"section\" data-elementor-id=\"569\" class=\"elementor elementor-569\" data-elementor-post-type=\"elementor_library\">\n\t\t\t\t\t<section class=\"elementor-section elementor-top-section elementor-element elementor-element-9fa6669 elementor-section-boxed elementor-section-height-default elementor-section-height-default\" data-id=\"9fa6669\" data-element_type=\"section\" data-settings=\"{&quot;jet_parallax_layout_list&quot;:[],&quot;background_background&quot;:&quot;classic&quot;}\">\n\t\t\t\t\t\t<div class=\"elementor-container elementor-column-gap-default\">\n\t\t\t\t\t<div class=\"elementor-column elementor-col-100 elementor-top-column elementor-element elementor-element-3823b48\" data-id=\"3823b48\" data-element_type=\"column\">\n\t\t\t<div class=\"elementor-widget-wrap elementor-element-populated\">\n\t\t\t\t\t\t<div class=\"elementor-element elementor-element-9392234 elementor-widget elementor-widget-text-editor\" data-id=\"9392234\" data-element_type=\"widget\" data-widget_type=\"text-editor.default\">\n\t\t\t\t<div class=\"elementor-widget-container\">\n\t\t\t\t\t\t\t\t\t<p>\u00a0<\/p><p>Das Institut ICT &amp; Medien war im Jahr 2021 stark mit der Umsetzung der Teilprojekte aus der IT-Bildungsoffensive besch\u00e4ftigt, was zu einem Zuwachs von sechs Mitarbeitenden f\u00fchrte. Durch die geltenden COVID-19 Bestimmungen nahmen die Zahl und der Unterst\u00fctzungsaufwand f\u00fcr digital durchgef\u00fchrte Veranstaltungen in der Lehre und Weiterbildung zu. Verschiedene Fachbereiche konnten in Zusammenarbeit mit dem eCampus erfolgreich digitale Pr\u00fcfungen mit bis zu 280 Studierenden durchf\u00fchren und klassische Pr\u00fcfungsformate ins Digitale transformieren.\u00a0<\/p><p>Im Projekt \u00abLernen 4.0\u00bb im Berufs- und Weiterbildungszentrum Wil-Uzwil (BZWU) wurden f\u00fcr alle Abteilungen bereichsspezifische Konzepte erstellt. Dazu wurde zuvor ein Entscheidungsbaum entwickelt, der das Konzept anhand bestehender Textbausteine \u00abvorkonfiguriert\u00bb. Ziel der neuen Konzepte ist es, den Unterricht weiter zu individualisieren, zu flexibilisieren und zu digitalisieren.<\/p>\t\t\t\t\t\t\t\t<\/div>\n\t\t\t\t<\/div>\n\t\t\t\t\t<\/div>\n\t\t<\/div>\n\t\t\t\t\t<\/div>\n\t\t<\/section>\n\t\t\t\t<section class=\"elementor-section elementor-top-section elementor-element elementor-element-90cb1e9 elementor-section-boxed elementor-section-height-default elementor-section-height-default\" data-id=\"90cb1e9\" data-element_type=\"section\" data-settings=\"{&quot;jet_parallax_layout_list&quot;:[],&quot;background_background&quot;:&quot;classic&quot;}\">\n\t\t\t\t\t\t<div class=\"elementor-container elementor-column-gap-default\">\n\t\t\t\t\t<div class=\"elementor-column elementor-col-100 elementor-top-column elementor-element elementor-element-f953a6f\" data-id=\"f953a6f\" data-element_type=\"column\">\n\t\t\t<div class=\"elementor-widget-wrap elementor-element-populated\">\n\t\t\t\t\t\t<div class=\"elementor-element elementor-element-e690831 elementor-widget elementor-widget-image\" data-id=\"e690831\" data-element_type=\"widget\" data-widget_type=\"image.default\">\n\t\t\t\t<div class=\"elementor-widget-container\">\n\t\t\t\t\t\t\t\t\t\t\t\t\t\t\t<img decoding=\"async\" width=\"2160\" height=\"1190\" src=\"https:\/\/phsg-jahresbericht.ch\/2021\/wp-content\/uploads\/sites\/2\/ict-impressionen-fuehrungsworkshop.jpg\" class=\"attachment-large size-large wp-image-571\" alt=\"\" srcset=\"https:\/\/phsg-jahresbericht.ch\/2021\/wp-content\/uploads\/sites\/2\/ict-impressionen-fuehrungsworkshop.jpg 2160w, https:\/\/phsg-jahresbericht.ch\/2021\/wp-content\/uploads\/sites\/2\/ict-impressionen-fuehrungsworkshop-768x423.jpg 768w, https:\/\/phsg-jahresbericht.ch\/2021\/wp-content\/uploads\/sites\/2\/ict-impressionen-fuehrungsworkshop-1536x846.jpg 1536w, https:\/\/phsg-jahresbericht.ch\/2021\/wp-content\/uploads\/sites\/2\/ict-impressionen-fuehrungsworkshop-2048x1128.jpg 2048w\" sizes=\"(max-width: 2160px) 100vw, 2160px\" \/>\t\t\t\t\t\t\t\t\t\t\t\t\t\t\t<\/div>\n\t\t\t\t<\/div>\n\t\t\t\t\t<\/div>\n\t\t<\/div>\n\t\t\t\t\t<\/div>\n\t\t<\/section>\n\t\t\t\t<section class=\"elementor-section elementor-top-section elementor-element elementor-element-2776de6 elementor-section-boxed elementor-section-height-default elementor-section-height-default\" data-id=\"2776de6\" data-element_type=\"section\" data-settings=\"{&quot;jet_parallax_layout_list&quot;:[],&quot;background_background&quot;:&quot;classic&quot;}\">\n\t\t\t\t\t\t<div class=\"elementor-container elementor-column-gap-default\">\n\t\t\t\t\t<div class=\"elementor-column elementor-col-100 elementor-top-column elementor-element elementor-element-b95c4e4\" data-id=\"b95c4e4\" data-element_type=\"column\">\n\t\t\t<div class=\"elementor-widget-wrap elementor-element-populated\">\n\t\t\t\t\t\t<div class=\"elementor-element elementor-element-75741da elementor-widget elementor-widget-heading\" data-id=\"75741da\" data-element_type=\"widget\" data-widget_type=\"heading.default\">\n\t\t\t\t<div class=\"elementor-widget-container\">\n\t\t\t\t\t<h4 class=\"elementor-heading-title elementor-size-default\">Einblick in einen F\u00fchrungsworkshop, in welchem der Entscheidungsbaum entwickelt wurde.<\/h4>\t\t\t\t<\/div>\n\t\t\t\t<\/div>\n\t\t\t\t<div class=\"elementor-element elementor-element-6240a45 elementor-widget elementor-widget-text-editor\" data-id=\"6240a45\" data-element_type=\"widget\" data-widget_type=\"text-editor.default\">\n\t\t\t\t<div class=\"elementor-widget-container\">\n\t\t\t\t\t\t\t\t\t<p>Das Institut ICT &amp; Medien f\u00fchrte die zweit\u00e4gige internationale Konferenz FabLearn Europe \/ MakeEd 2021 online mit rund 80 Teilnehmenden aus der ganzen Welt durch. Das After-Event-Video gibt einen Einblick in den virtuellen Campus mit Gather.Town, der speziell f\u00fcr diese Veranstaltung aufgebaut wurde.<\/p><p><a href=\"http:\/\/fablearn.eu\/2021\/\" target=\"_blank\" rel=\"noopener\"><span style=\"color: #fb7d19;\">Mehr erfahren<\/span><\/a><\/p>\t\t\t\t\t\t\t\t<\/div>\n\t\t\t\t<\/div>\n\t\t\t\t\t<\/div>\n\t\t<\/div>\n\t\t\t\t\t<\/div>\n\t\t<\/section>\n\t\t\t\t<section class=\"elementor-section elementor-top-section elementor-element elementor-element-2530243 elementor-section-boxed elementor-section-height-default elementor-section-height-default\" data-id=\"2530243\" data-element_type=\"section\" data-settings=\"{&quot;jet_parallax_layout_list&quot;:[],&quot;background_background&quot;:&quot;classic&quot;}\">\n\t\t\t\t\t\t<div class=\"elementor-container elementor-column-gap-default\">\n\t\t\t\t\t<div class=\"elementor-column elementor-col-100 elementor-top-column elementor-element elementor-element-a00cf47\" data-id=\"a00cf47\" data-element_type=\"column\">\n\t\t\t<div class=\"elementor-widget-wrap elementor-element-populated\">\n\t\t\t\t\t\t<div class=\"elementor-element elementor-element-383ebfa elementor-widget elementor-widget-video\" data-id=\"383ebfa\" data-element_type=\"widget\" data-settings=\"{&quot;youtube_url&quot;:&quot;https:\\\/\\\/www.youtu.be\\\/7ML_q5pWATQ&quot;,&quot;video_type&quot;:&quot;youtube&quot;,&quot;controls&quot;:&quot;yes&quot;}\" data-widget_type=\"video.default\">\n\t\t\t\t<div class=\"elementor-widget-container\">\n\t\t\t\t\t\t\t<div class=\"elementor-wrapper elementor-open-inline\">\n\t\t\t<div class=\"elementor-video\"><\/div>\t\t<\/div>\n\t\t\t\t\t\t<\/div>\n\t\t\t\t<\/div>\n\t\t\t\t\t<\/div>\n\t\t<\/div>\n\t\t\t\t\t<\/div>\n\t\t<\/section>\n\t\t\t\t<section class=\"elementor-section elementor-top-section elementor-element elementor-element-4be3c05 elementor-section-boxed elementor-section-height-default elementor-section-height-default\" data-id=\"4be3c05\" data-element_type=\"section\" data-settings=\"{&quot;jet_parallax_layout_list&quot;:[],&quot;background_background&quot;:&quot;classic&quot;}\">\n\t\t\t\t\t\t<div class=\"elementor-container elementor-column-gap-default\">\n\t\t\t\t\t<div class=\"elementor-column elementor-col-100 elementor-top-column elementor-element elementor-element-87d714b\" data-id=\"87d714b\" data-element_type=\"column\">\n\t\t\t<div class=\"elementor-widget-wrap elementor-element-populated\">\n\t\t\t\t\t\t<div class=\"elementor-element elementor-element-eb6d304 elementor-widget elementor-widget-text-editor\" data-id=\"eb6d304\" data-element_type=\"widget\" data-widget_type=\"text-editor.default\">\n\t\t\t\t<div class=\"elementor-widget-container\">\n\t\t\t\t\t\t\t\t\t<p class=\"p1\"><span class=\"s1\">Das zehnte Netzwerktreffen fand als hybride Tagung statt und widmete sich den Projekten der IT-Bildungsoffensive. \u00dcber 170 Teilnehmende erhielten vor Ort im Hochschulgeb\u00e4ude Stella Maris oder virtuell Einblick in die neusten Entwicklungen der ITBO-Projekte. Zudem wurden sie in die neue Transfer- und Vernetzungsplattform \u00abzITBOx\u00bb eingef\u00fchrt und beteiligten sich anschliessend in unterschiedlichen Barcamps.<\/span><\/p>\t\t\t\t\t\t\t\t<\/div>\n\t\t\t\t<\/div>\n\t\t\t\t\t<\/div>\n\t\t<\/div>\n\t\t\t\t\t<\/div>\n\t\t<\/section>\n\t\t\t\t<section class=\"elementor-section elementor-top-section elementor-element elementor-element-a589db5 elementor-section-boxed elementor-section-height-default elementor-section-height-default\" data-id=\"a589db5\" data-element_type=\"section\" data-settings=\"{&quot;jet_parallax_layout_list&quot;:[],&quot;background_background&quot;:&quot;classic&quot;}\">\n\t\t\t\t\t\t<div class=\"elementor-container elementor-column-gap-default\">\n\t\t\t\t\t<div class=\"elementor-column elementor-col-100 elementor-top-column elementor-element elementor-element-16a8343\" data-id=\"16a8343\" data-element_type=\"column\">\n\t\t\t<div class=\"elementor-widget-wrap elementor-element-populated\">\n\t\t\t\t\t\t<div class=\"elementor-element elementor-element-190afd5 elementor-widget elementor-widget-video\" data-id=\"190afd5\" data-element_type=\"widget\" data-settings=\"{&quot;youtube_url&quot;:&quot;https:\\\/\\\/www.youtu.be\\\/K1FfJIdI-lA&quot;,&quot;video_type&quot;:&quot;youtube&quot;,&quot;controls&quot;:&quot;yes&quot;}\" data-widget_type=\"video.default\">\n\t\t\t\t<div class=\"elementor-widget-container\">\n\t\t\t\t\t\t\t<div class=\"elementor-wrapper elementor-open-inline\">\n\t\t\t<div class=\"elementor-video\"><\/div>\t\t<\/div>\n\t\t\t\t\t\t<\/div>\n\t\t\t\t<\/div>\n\t\t\t\t\t<\/div>\n\t\t<\/div>\n\t\t\t\t\t<\/div>\n\t\t<\/section>\n\t\t\t\t<\/div>\n\t\t<\/div>\n\t\t\t\t\t\t\t<\/div>\n\t\t\t\t\t\t<\/div><div class=\" jet-accordion__item jet-toggle jet-toggle-move-up-effect \">\n\t\t\t\t\t\t\t<div id=\"jet-toggle-control-1163\" class=\"jet-toggle__control elementor-menu-anchor\" data-toggle=\"3\" role=\"button\" tabindex=\"0\" aria-controls=\"jet-toggle-content-1163\" aria-expanded=\"false\" data-template-id=\"574\">\n\t\t\t\t\t\t\t\t<div class=\"jet-toggle__label-icon jet-toggle-icon-position-left\"><span class=\"jet-toggle__icon icon-normal jet-tabs-icon\"><i class=\"fas fa-plus\"><\/i><\/span><span class=\"jet-toggle__icon icon-active jet-tabs-icon\"><i class=\"fas fa-minus\"><\/i><\/span><\/div><div class=\"jet-toggle__label-text\">Kompetenzzentrum Digitalisierung & Bildung<br>(IT-Bildungsoffensive)<\/div>\t\t\t\t\t\t\t<\/div>\n\t\t\t\t\t\t\t<div id=\"jet-toggle-content-1163\" class=\"jet-toggle__content\" data-toggle=\"3\" role=\"region\" data-template-id=\"574\">\n\t\t\t\t\t\t\t\t<div class=\"jet-toggle__content-inner\">\t\t<div data-elementor-type=\"section\" data-elementor-id=\"574\" class=\"elementor elementor-574\" data-elementor-post-type=\"elementor_library\">\n\t\t\t\t\t<section class=\"elementor-section elementor-top-section elementor-element elementor-element-a30d064 elementor-section-boxed elementor-section-height-default elementor-section-height-default\" data-id=\"a30d064\" data-element_type=\"section\" data-settings=\"{&quot;jet_parallax_layout_list&quot;:[],&quot;background_background&quot;:&quot;classic&quot;}\">\n\t\t\t\t\t\t<div class=\"elementor-container elementor-column-gap-default\">\n\t\t\t\t\t<div class=\"elementor-column elementor-col-100 elementor-top-column elementor-element elementor-element-16f240b\" data-id=\"16f240b\" data-element_type=\"column\">\n\t\t\t<div class=\"elementor-widget-wrap elementor-element-populated\">\n\t\t\t\t\t\t<div class=\"elementor-element elementor-element-e95fd0b elementor-widget elementor-widget-text-editor\" data-id=\"e95fd0b\" data-element_type=\"widget\" data-widget_type=\"text-editor.default\">\n\t\t\t\t<div class=\"elementor-widget-container\">\n\t\t\t\t\t\t\t\t\t<p class=\"p1\"><span class=\"s1\">Nach mehreren Monaten der Umsetzung der sechs Teilprojekte der IT-Bildungsoffensive (ITBO) Schwerpunkt Volksschule und Mittelschulen konnten erste Erkenntnisse gewonnen und erste Produkte lanciert werden:<\/span><\/p><p class=\"p1\"><span class=\"s1\">Ende 2021 wurde die Transfer- und Vernetzungsplattform \u00abzITBOx\u00bb aufgeschaltet. Sie richtet sich an alle Schulleitungen und Lehrpersonen der Volksschule und der Mittelschulen des Kantons St.Gallen. Auf der \u00abzITBOx\u00bb werden Erkenntnisse und Produkte aus den einzelnen Teilprojekten der ITBO den Schulen zeitnah zur Verf\u00fcgung gestellt. Sie erm\u00f6glicht zudem den Austausch und die Zusammenarbeit \u00fcber die Schultr\u00e4ger hinweg und f\u00f6rdert die stufen- und zyklen\u00fcbergreifende Vernetzung im ganzen Kanton.<\/span><\/p><p><a href=\"http:\/\/www.zitbox.ch\" target=\"_blank\" rel=\"noopener\"><span style=\"color: #fb7d19;\">Zur Webseite<\/span><\/a><\/p>\t\t\t\t\t\t\t\t<\/div>\n\t\t\t\t<\/div>\n\t\t\t\t<div class=\"elementor-element elementor-element-f4b4c45 elementor-widget elementor-widget-text-editor\" data-id=\"f4b4c45\" data-element_type=\"widget\" data-widget_type=\"text-editor.default\">\n\t\t\t\t<div class=\"elementor-widget-container\">\n\t\t\t\t\t\t\t\t\t<p class=\"p1\"><span class=\"s1\">Im Teilprojekt \u00abModellschulen VS\u00bb nahmen im Sommer 2021 die ersten Modellschulen mit dem Entwicklungsschwerpunkt \u00abBlended Learning\u00bb ihre Arbeit auf. Die mitwirkenden Schulen teilen ihre Erkenntnisse in Form von Stories auf der \u00abzITBOx\u00bb und zeigen auf, welche Erfahrungen sie in der konkreten Umsetzung der digitalen Transformation im Schulalltag machen.<\/span><\/p><p><a href=\"http:\/\/www.zitbox.ch\/stories\" target=\"_blank\" rel=\"noopener\"><span style=\"color: #fb7d19;\">Zur Webseite<\/span><\/a><\/p>\t\t\t\t\t\t\t\t<\/div>\n\t\t\t\t<\/div>\n\t\t\t\t<div class=\"elementor-element elementor-element-fb5db42 elementor-widget elementor-widget-text-editor\" data-id=\"fb5db42\" data-element_type=\"widget\" data-widget_type=\"text-editor.default\">\n\t\t\t\t<div class=\"elementor-widget-container\">\n\t\t\t\t\t\t\t\t\t<p class=\"p1\"><span class=\"s1\">Im Teilprojekt \u00abDigitale Kompetenz\u00bb wurde intensiv an der technischen Umsetzung der Weiterbildungsplattform \u00abaprendo\u00bb gearbeitet, und die ersten Module wurden entwickelt. Das Weiterbildungsprogramm \u00abaprendo\u00bb startete Mitte Mai 2022.<\/span><\/p><p><a href=\"https:\/\/aprendo.ch\/\" target=\"_blank\" rel=\"noopener\"><span style=\"color: #fb7d19;\">Zur Webseite<\/span><\/a><\/p>\t\t\t\t\t\t\t\t<\/div>\n\t\t\t\t<\/div>\n\t\t\t\t\t<\/div>\n\t\t<\/div>\n\t\t\t\t\t<\/div>\n\t\t<\/section>\n\t\t\t\t<section class=\"elementor-section elementor-top-section elementor-element elementor-element-c1e8b8a elementor-section-boxed elementor-section-height-default elementor-section-height-default\" data-id=\"c1e8b8a\" data-element_type=\"section\" data-settings=\"{&quot;jet_parallax_layout_list&quot;:[],&quot;background_background&quot;:&quot;classic&quot;}\">\n\t\t\t\t\t\t<div class=\"elementor-container elementor-column-gap-default\">\n\t\t\t\t\t<div class=\"elementor-column elementor-col-100 elementor-top-column elementor-element elementor-element-249284c\" data-id=\"249284c\" data-element_type=\"column\">\n\t\t\t<div class=\"elementor-widget-wrap elementor-element-populated\">\n\t\t\t\t\t\t<div class=\"elementor-element elementor-element-20df481 elementor-widget elementor-widget-video\" data-id=\"20df481\" data-element_type=\"widget\" data-settings=\"{&quot;youtube_url&quot;:&quot;https:\\\/\\\/www.youtube.com\\\/watch?v=9VYmB_Rh4vc&quot;,&quot;video_type&quot;:&quot;youtube&quot;,&quot;controls&quot;:&quot;yes&quot;}\" data-widget_type=\"video.default\">\n\t\t\t\t<div class=\"elementor-widget-container\">\n\t\t\t\t\t\t\t<div class=\"elementor-wrapper elementor-open-inline\">\n\t\t\t<div class=\"elementor-video\"><\/div>\t\t<\/div>\n\t\t\t\t\t\t<\/div>\n\t\t\t\t<\/div>\n\t\t\t\t\t<\/div>\n\t\t<\/div>\n\t\t\t\t\t<\/div>\n\t\t<\/section>\n\t\t\t\t<section class=\"elementor-section elementor-top-section elementor-element elementor-element-88332a1 elementor-section-boxed elementor-section-height-default elementor-section-height-default\" data-id=\"88332a1\" data-element_type=\"section\" data-settings=\"{&quot;jet_parallax_layout_list&quot;:[],&quot;background_background&quot;:&quot;classic&quot;}\">\n\t\t\t\t\t\t<div class=\"elementor-container elementor-column-gap-default\">\n\t\t\t\t\t<div class=\"elementor-column elementor-col-100 elementor-top-column elementor-element elementor-element-61bbf7a\" data-id=\"61bbf7a\" data-element_type=\"column\">\n\t\t\t<div class=\"elementor-widget-wrap elementor-element-populated\">\n\t\t\t\t\t\t<div class=\"elementor-element elementor-element-bfbcea4 elementor-widget elementor-widget-text-editor\" data-id=\"bfbcea4\" data-element_type=\"widget\" data-widget_type=\"text-editor.default\">\n\t\t\t\t<div class=\"elementor-widget-container\">\n\t\t\t\t\t\t\t\t\t<p class=\"p1\"><span class=\"s1\">Im Teilprojekt \u00abDigitale Medien VS\u00bb wurde unter der Federf\u00fchrung des Instituts Bildungsevaluation, Entwicklung und Beratung die aktuelle Lehrmittelsituation im Kanton St.Gallen analysiert. Der Fokus der Befragung von 926 Lehrpersonen und<span class=\"Apple-converted-space\">&nbsp;<\/span><\/span><span class=\"s1\">2\u2019562 Sch\u00fclerinnen und Sch\u00fclern der St. Galler Volksschule lag auf einer Standortbestimmung hinsichtlich der Lehrmittel und deren Nutzung. Erg\u00e4nzend<span class=\"Apple-converted-space\">&nbsp;<\/span><\/span><span class=\"s1\">wurden aktuelle und innovative Entwicklungen im Rahmen einer Markterhebung erfasst. Die Ergebnisse sind in einem Analysebericht zusammengefasst, der auch Entwicklungslinien im Themenfeld digitale Lehr- und Lernangebote aufzeigt.<\/span><\/p>\n<p class=\"p1\"><span class=\"s1\">Auch der diesj\u00e4hrige Hochschultag stand im Zeichen der digitalen Transformation in<span class=\"Apple-converted-space\">&nbsp;<\/span><\/span><span class=\"s1\">der Bildung. Das Kompetenzzentrum Digitalisierung &amp; Bildung durfte Einblick in die laufenden Projekte der ITBO Schwerpunkt Volksschule und Mittelschulen geben.<\/span><\/p>\n<p><a href=\"https:\/\/www.phsg.ch\/de\/dienstleistung\/zentren\/kompetenzzentrum-digitalisierung-bildung\" target=\"_blank\" rel=\"noopener\"><span style=\"color: #fb7d19;\">Mehr Informationen zu allen sechs Teilprojekten der ITBO<\/span><\/a><\/p>\t\t\t\t\t\t\t\t<\/div>\n\t\t\t\t<\/div>\n\t\t\t\t\t<\/div>\n\t\t<\/div>\n\t\t\t\t\t<\/div>\n\t\t<\/section>\n\t\t\t\t<\/div>\n\t\t<\/div>\n\t\t\t\t\t\t\t<\/div>\n\t\t\t\t\t\t<\/div><div class=\" jet-accordion__item jet-toggle jet-toggle-move-up-effect \">\n\t\t\t\t\t\t\t<div id=\"jet-toggle-control-1164\" class=\"jet-toggle__control elementor-menu-anchor\" data-toggle=\"4\" role=\"button\" tabindex=\"0\" aria-controls=\"jet-toggle-content-1164\" aria-expanded=\"false\" data-template-id=\"577\">\n\t\t\t\t\t\t\t\t<div class=\"jet-toggle__label-icon jet-toggle-icon-position-left\"><span class=\"jet-toggle__icon icon-normal jet-tabs-icon\"><i class=\"fas fa-plus\"><\/i><\/span><span class=\"jet-toggle__icon icon-active jet-tabs-icon\"><i class=\"fas fa-minus\"><\/i><\/span><\/div><div class=\"jet-toggle__label-text\">Institut Bildungsevaluation, Entwicklung und Beratung<\/div>\t\t\t\t\t\t\t<\/div>\n\t\t\t\t\t\t\t<div id=\"jet-toggle-content-1164\" class=\"jet-toggle__content\" data-toggle=\"4\" role=\"region\" data-template-id=\"577\">\n\t\t\t\t\t\t\t\t<div class=\"jet-toggle__content-inner\">\t\t<div data-elementor-type=\"section\" data-elementor-id=\"577\" class=\"elementor elementor-577\" data-elementor-post-type=\"elementor_library\">\n\t\t\t\t\t<section class=\"elementor-section elementor-top-section elementor-element elementor-element-5219777 elementor-section-boxed elementor-section-height-default elementor-section-height-default\" data-id=\"5219777\" data-element_type=\"section\" data-settings=\"{&quot;jet_parallax_layout_list&quot;:[],&quot;background_background&quot;:&quot;classic&quot;}\">\n\t\t\t\t\t\t<div class=\"elementor-container elementor-column-gap-default\">\n\t\t\t\t\t<div class=\"elementor-column elementor-col-100 elementor-top-column elementor-element elementor-element-8f67201\" data-id=\"8f67201\" data-element_type=\"column\">\n\t\t\t<div class=\"elementor-widget-wrap elementor-element-populated\">\n\t\t\t\t\t\t<div class=\"elementor-element elementor-element-d32a801 elementor-widget elementor-widget-text-editor\" data-id=\"d32a801\" data-element_type=\"widget\" data-widget_type=\"text-editor.default\">\n\t\t\t\t<div class=\"elementor-widget-container\">\n\t\t\t\t\t\t\t\t\t<p class=\"p1\"><span class=\"s1\">Das Institut Bildungsevaluation, Entwicklung und Beratung widmete sich im Jahr 2021 insbesondere den Evaluationen in Zusammenhang mit der IT-Bildungsoffensive (vgl. Kompetenzzentrum Digitalisierung &amp; Bildung). Daneben wurden folgende schulspezifischen Evaluationen und PHSG-interne Erhebungen durchgef\u00fchrt:<\/span><\/p>\n<ul>\n<li><span class=\"s1\">Erhebung des IST-Zustandes an einer Kantonsschule und Ableitung von Entwicklungsfeldern f\u00fcr die Weiterentwicklung in Richtung \u00abSchule der Zukunft\u00bb<\/span><\/li>\n<li><span class=\"s1\">Evaluation der Angebote im Bereich der fr\u00fchen F\u00f6rderung in einer Schulgemeinde und Erhebung des Bedarfs an schulerg\u00e4nzender Betreuung<\/span><\/li>\n<li><span class=\"s1\">Mitwirkung beim Verfassen eines Berichts im Rahmen des Projekts QuaPri (Qualifizierung von Primarschullehrpersonen) von swissuniversities <\/span><span style=\"color: #fb7d19;\"><br><a style=\"color: #fb7d19;\" href=\"http:\/\/www.swissuniversities.ch\/organisation\/gremien\/kammer-paedagogische-hochschulen\/projekte\/projekt-weiterentwicklung-der-qualifikation-von-primarlehrpersonen-quapri-2018-2021\" target=\"_blank\" rel=\"noopener\">Mehr erfahren<\/a><\/span><\/li>\n<li><span class=\"s1\">Evaluation eines neuen, kantonalen Konzeptes f\u00fcr die Oberstufe<\/span><\/li>\n<li><span class=\"s1\">Evaluation im Bereich Neukonzeption 9. Schuljahr<\/span><\/li>\n<li><span class=\"s1\">L\u00e4ngsschnitt-Erhebungen \u00fcber vier Jahre f\u00fcr die PHSG mit Studierenden w\u00e4hrend des Studiums und nach der Berufseinf\u00fchrungsphase<\/span><\/li>\n<\/ul>\t\t\t\t\t\t\t\t<\/div>\n\t\t\t\t<\/div>\n\t\t\t\t<div class=\"elementor-element elementor-element-25d14c4 elementor-widget elementor-widget-text-editor\" data-id=\"25d14c4\" data-element_type=\"widget\" data-widget_type=\"text-editor.default\">\n\t\t\t\t<div class=\"elementor-widget-container\">\n\t\t\t\t\t\t\t\t\t<p class=\"p1\"><span class=\"s1\"><b>Selbstorganisiertes Lernen (SOL) in der Oberstufe<\/b><\/span><\/p><p class=\"p1\"><span class=\"s1\">Besonders zu erw\u00e4hnen ist die Evaluation einer neu konzipierten Oberstufe. Im Rahmen des Evaluationsauftrags wurden die kantonalen konzeptionellen Eckpfeiler und deren Umsetzung im Schulalltag analysiert. Unter anderem interessierte, ob und wie das Gef\u00e4ss f\u00fcr selbstorganisiertes Lernen (SOL) in den Schulen umgesetzt wird und ob Anpassungsbedarf besteht. Es zeigte sich, dass die Individualisierung trotz SOL anspruchsvoll ist und die Unterschiede zwischen den Schulen gross sind. Das Evaluationsteam b\u00fcndelte die Ergebnisse in Schlussfolgerungen und formulierte konkrete Empfehlungen dazu.<\/span><\/p>\t\t\t\t\t\t\t\t<\/div>\n\t\t\t\t<\/div>\n\t\t\t\t\t<\/div>\n\t\t<\/div>\n\t\t\t\t\t<\/div>\n\t\t<\/section>\n\t\t\t\t<\/div>\n\t\t<\/div>\n\t\t\t\t\t\t\t<\/div>\n\t\t\t\t\t\t<\/div><div class=\" jet-accordion__item jet-toggle jet-toggle-move-up-effect \">\n\t\t\t\t\t\t\t<div id=\"jet-toggle-control-1165\" class=\"jet-toggle__control elementor-menu-anchor\" data-toggle=\"5\" role=\"button\" tabindex=\"0\" aria-controls=\"jet-toggle-content-1165\" aria-expanded=\"false\" data-template-id=\"581\">\n\t\t\t\t\t\t\t\t<div class=\"jet-toggle__label-icon jet-toggle-icon-position-left\"><span class=\"jet-toggle__icon icon-normal jet-tabs-icon\"><i class=\"fas fa-plus\"><\/i><\/span><span class=\"jet-toggle__icon icon-active jet-tabs-icon\"><i class=\"fas fa-minus\"><\/i><\/span><\/div><div class=\"jet-toggle__label-text\">Regionale Didaktische Zentren<\/div>\t\t\t\t\t\t\t<\/div>\n\t\t\t\t\t\t\t<div id=\"jet-toggle-content-1165\" class=\"jet-toggle__content\" data-toggle=\"5\" role=\"region\" data-template-id=\"581\">\n\t\t\t\t\t\t\t\t<div class=\"jet-toggle__content-inner\">\t\t<div data-elementor-type=\"section\" data-elementor-id=\"581\" class=\"elementor elementor-581\" data-elementor-post-type=\"elementor_library\">\n\t\t\t\t\t<section class=\"elementor-section elementor-top-section elementor-element elementor-element-d13cdab elementor-section-boxed elementor-section-height-default elementor-section-height-default\" data-id=\"d13cdab\" data-element_type=\"section\" data-settings=\"{&quot;jet_parallax_layout_list&quot;:[],&quot;background_background&quot;:&quot;classic&quot;}\">\n\t\t\t\t\t\t<div class=\"elementor-container elementor-column-gap-default\">\n\t\t\t\t\t<div class=\"elementor-column elementor-col-100 elementor-top-column elementor-element elementor-element-dc03da7\" data-id=\"dc03da7\" data-element_type=\"column\">\n\t\t\t<div class=\"elementor-widget-wrap elementor-element-populated\">\n\t\t\t\t\t\t<div class=\"elementor-element elementor-element-3b57be6 elementor-widget elementor-widget-text-editor\" data-id=\"3b57be6\" data-element_type=\"widget\" data-widget_type=\"text-editor.default\">\n\t\t\t\t<div class=\"elementor-widget-container\">\n\t\t\t\t\t\t\t\t\t<p class=\"p1\">Im Jahr 2021 konnten die Regionalen Didaktischen Zentren (RDZ)<span class=\"s1\"> vielf\u00e4ltige Angebote f\u00fcr Lehrpersonen, Schulteams, Schulleitungen und Studierende zur Verf\u00fcgung stellen und damit einen wichtigen Beitrag zur Unterrichtsentwicklung leisten. Ebenso pflegten sie vielf\u00e4ltige Kooperationen mit regionalen, nationalen und internationalen Partnern.<span class=\"Apple-converted-space\">\u00a0<\/span><\/span><\/p>\t\t\t\t\t\t\t\t<\/div>\n\t\t\t\t<\/div>\n\t\t\t\t\t<\/div>\n\t\t<\/div>\n\t\t\t\t\t<\/div>\n\t\t<\/section>\n\t\t\t\t<section class=\"elementor-section elementor-top-section elementor-element elementor-element-c4556f2 elementor-section-boxed elementor-section-height-default elementor-section-height-default\" data-id=\"c4556f2\" data-element_type=\"section\" data-settings=\"{&quot;jet_parallax_layout_list&quot;:[],&quot;background_background&quot;:&quot;classic&quot;}\">\n\t\t\t\t\t\t<div class=\"elementor-container elementor-column-gap-default\">\n\t\t\t\t\t<div class=\"elementor-column elementor-col-100 elementor-top-column elementor-element elementor-element-621ccd3\" data-id=\"621ccd3\" data-element_type=\"column\">\n\t\t\t<div class=\"elementor-widget-wrap elementor-element-populated\">\n\t\t\t\t\t\t<div class=\"elementor-element elementor-element-1596a83 elementor-widget elementor-widget-jet-table\" data-id=\"1596a83\" data-element_type=\"widget\" data-widget_type=\"jet-table.default\">\n\t\t\t\t<div class=\"elementor-widget-container\">\n\t\t\t\t\t<div class=\"elementor-jet-table jet-elements\">\n\t\t<div class=\"jet-table-wrapper jet-table-responsive-mobile\">\n\t\t\t<table class=\"jet-table jet-table--fa5-compat\">\n\t\t\t\t<thead class=\"jet-table__head\"><tr class=\"jet-table__head-row\"><th class=\"jet-table__cell elementor-repeater-item-99c24e1 jet-table__head-cell\" scope=\"col\"><div class=\"jet-table__cell-inner\"><div class=\"jet-table__cell-content\"><div class=\"jet-table__cell-text\">Jahr<\/div><\/div><\/div><\/th><th class=\"jet-table__cell elementor-repeater-item-89197ca jet-table__head-cell\" scope=\"col\"><div class=\"jet-table__cell-inner\"><div class=\"jet-table__cell-content\"><div class=\"jet-table__cell-text\">2020<\/div><\/div><\/div><\/th><th class=\"jet-table__cell elementor-repeater-item-3e98f0d jet-table__head-cell\" scope=\"col\"><div class=\"jet-table__cell-inner\"><div class=\"jet-table__cell-content\"><div class=\"jet-table__cell-text\">2021<\/div><\/div><\/div><\/th><\/tr><\/thead>\n\t\t\t\t\t\t\t\t<tfoot class=\"jet-table__foot\"><tr class=\"jet-table__foot-row\"><th class=\"jet-table__cell elementor-repeater-item-7ffdfd3 jet-table__foot-cell\" scope=\"col\"><div class=\"jet-table__cell-inner\"><div class=\"jet-table__cell-content\"><div class=\"jet-table__cell-text\">Total<\/div><\/div><\/div><\/th><th class=\"jet-table__cell elementor-repeater-item-a2b3e06 jet-table__foot-cell\" scope=\"col\"><div class=\"jet-table__cell-inner\"><div class=\"jet-table__cell-content\"><div class=\"jet-table__cell-text\">5685<\/div><\/div><\/div><\/th><th class=\"jet-table__cell elementor-repeater-item-56d3016 jet-table__foot-cell\" scope=\"col\"><div class=\"jet-table__cell-inner\"><div class=\"jet-table__cell-content\"><div class=\"jet-table__cell-text\">7803<\/div><\/div><\/div><\/th><\/tr><\/tfoot>\n\t\t\t\t\t\t\t\t<tbody class=\"jet-table__body jet-table__body_no-border-radius\"><tr class=\"jet-table__body-row elementor-repeater-item-be190cf\"><td class=\"jet-table__cell elementor-repeater-item-101d9c9 jet-table__body-cell\"><div class=\"jet-table__cell-inner\"><div class=\"jet-table__cell-content\"><div class=\"jet-table__cell-text\">Sch\u00fclerinnen und Sch\u00fcler<\/div><\/div><\/div><\/td><td class=\"jet-table__cell elementor-repeater-item-25ad4e3 jet-table__body-cell\"><div class=\"jet-table__cell-inner\"><div class=\"jet-table__cell-content\"><div class=\"jet-table__cell-text\">3164<\/div><\/div><\/div><\/td><td class=\"jet-table__cell elementor-repeater-item-dcf8ae4 jet-table__body-cell\"><div class=\"jet-table__cell-inner\"><div class=\"jet-table__cell-content\"><div class=\"jet-table__cell-text\">4375<\/div><\/div><\/div><\/td><\/tr><tr class=\"jet-table__body-row elementor-repeater-item-434c501\"><td class=\"jet-table__cell elementor-repeater-item-76db22f jet-table__body-cell\"><div class=\"jet-table__cell-inner\"><div class=\"jet-table__cell-content\"><div class=\"jet-table__cell-text\">Studierende<\/div><\/div><\/div><\/td><td class=\"jet-table__cell elementor-repeater-item-1432b07 jet-table__body-cell\"><div class=\"jet-table__cell-inner\"><div class=\"jet-table__cell-content\"><div class=\"jet-table__cell-text\">835<\/div><\/div><\/div><\/td><td class=\"jet-table__cell elementor-repeater-item-2ffb84f jet-table__body-cell\"><div class=\"jet-table__cell-inner\"><div class=\"jet-table__cell-content\"><div class=\"jet-table__cell-text\">1213<\/div><\/div><\/div><\/td><\/tr><tr class=\"jet-table__body-row elementor-repeater-item-4abb78d\"><td class=\"jet-table__cell elementor-repeater-item-f76dd94 jet-table__body-cell\"><div class=\"jet-table__cell-inner\"><div class=\"jet-table__cell-content\"><div class=\"jet-table__cell-text\">Lehrpersonen<\/div><\/div><\/div><\/td><td class=\"jet-table__cell elementor-repeater-item-020856e jet-table__body-cell\"><div class=\"jet-table__cell-inner\"><div class=\"jet-table__cell-content\"><div class=\"jet-table__cell-text\">548<\/div><\/div><\/div><\/td><td class=\"jet-table__cell elementor-repeater-item-3f408ec jet-table__body-cell\"><div class=\"jet-table__cell-inner\"><div class=\"jet-table__cell-content\"><div class=\"jet-table__cell-text\">617<\/div><\/div><\/div><\/td><\/tr><tr class=\"jet-table__body-row elementor-repeater-item-e127e79\"><td class=\"jet-table__cell elementor-repeater-item-f03a30c jet-table__body-cell\"><div class=\"jet-table__cell-inner\"><div class=\"jet-table__cell-content\"><div class=\"jet-table__cell-text\">Besucherinnen und Besucher<\/div><\/div><\/div><\/td><td class=\"jet-table__cell elementor-repeater-item-554b717 jet-table__body-cell\"><div class=\"jet-table__cell-inner\"><div class=\"jet-table__cell-content\"><div class=\"jet-table__cell-text\">323<\/div><\/div><\/div><\/td><td class=\"jet-table__cell elementor-repeater-item-6860ba1 jet-table__body-cell\"><div class=\"jet-table__cell-inner\"><div class=\"jet-table__cell-content\"><div class=\"jet-table__cell-text\">526<\/div><\/div><\/div><\/td><\/tr><tr class=\"jet-table__body-row elementor-repeater-item-560cd6a\"><td class=\"jet-table__cell elementor-repeater-item-cc972d4 jet-table__body-cell\"><div class=\"jet-table__cell-inner\"><div class=\"jet-table__cell-content\"><div class=\"jet-table__cell-text\">Teilnehmende Weiterbildungskurse<\/div><\/div><\/div><\/td><td class=\"jet-table__cell elementor-repeater-item-0e3edff jet-table__body-cell\"><div class=\"jet-table__cell-inner\"><div class=\"jet-table__cell-content\"><div class=\"jet-table__cell-text\">815<\/div><\/div><\/div><\/td><td class=\"jet-table__cell elementor-repeater-item-61b621d jet-table__body-cell\"><div class=\"jet-table__cell-inner\"><div class=\"jet-table__cell-content\"><div class=\"jet-table__cell-text\">1072<\/div><\/div><\/div><\/td><\/tr><\/tbody>\n\t\t\t<\/table>\n\t\t<\/div>\n\n\t\t<\/div>\t\t\t\t<\/div>\n\t\t\t\t<\/div>\n\t\t\t\t\t<\/div>\n\t\t<\/div>\n\t\t\t\t\t<\/div>\n\t\t<\/section>\n\t\t\t\t<section class=\"elementor-section elementor-top-section elementor-element elementor-element-b077f66 elementor-section-boxed elementor-section-height-default elementor-section-height-default\" data-id=\"b077f66\" data-element_type=\"section\" data-settings=\"{&quot;jet_parallax_layout_list&quot;:[],&quot;background_background&quot;:&quot;classic&quot;}\">\n\t\t\t\t\t\t<div class=\"elementor-container elementor-column-gap-default\">\n\t\t\t\t\t<div class=\"elementor-column elementor-col-100 elementor-top-column elementor-element elementor-element-0fc80db\" data-id=\"0fc80db\" data-element_type=\"column\">\n\t\t\t<div class=\"elementor-widget-wrap elementor-element-populated\">\n\t\t\t\t\t\t<div class=\"elementor-element elementor-element-590517c elementor-widget elementor-widget-text-editor\" data-id=\"590517c\" data-element_type=\"widget\" data-widget_type=\"text-editor.default\">\n\t\t\t\t<div class=\"elementor-widget-container\">\n\t\t\t\t\t\t\t\t\t<p class=\"p1\"><span class=\"s1\"><b>Angebote im Themenfeld Digitalisierung<\/b><\/span><\/p><p class=\"p1\"><span class=\"s1\">Die RDZ bieten einen idealen Erfahrungsraum, um neue Technologien begreifbar zu machen. Zum Thema Digitalisierung konnten mehrere Inhalte und Projekte umgesetzt werden:<\/span><\/p><ul class=\"ul1\"><li class=\"li1\"><span class=\"s1\">Lernarrangement zum Thema \u00abanalog+digital\u00bb (RDZ Rorschach)<\/span><\/li><li class=\"li1\"><span class=\"s1\">Zusatzangebot: Roboter programmieren \u2013 die spannende Welt<span class=\"Apple-converted-space\">\u00a0<\/span><\/span><span class=\"s1\">der Informatik erleben<\/span><\/li><li class=\"li1\"><span class=\"s1\">Bonneum: Weiterbildungsangebot f\u00fcr Lehrpersonen, Beh\u00f6rden, Schulinspektorate sowie Vertreterinnen und Vertreter der Telekom-Stiftung der Stadt Bonn (RDZ Gossau und Rorschach)<br \/><span style=\"color: #fb7d19;\"><a style=\"color: #fb7d19;\" href=\"http:\/\/www.phsg.ch\/de\/zwischen-super-mario-und-marsmission-bonner-lehrpersonen-zu-gast-am-rdz\" target=\"_blank\" rel=\"noopener\">Mehr erfahren<\/a><\/span><\/span><\/li><li class=\"li1\"><span class=\"s1\">Erarbeitung des Projekts Mars Mission f\u00fcr die RDZ Gossau und Rorschach<\/span><\/li><li class=\"li1\"><span class=\"s1\">Mit dem \u00abAction Bound\u00bb das Bahnhofareal Jona erkunden (RDZ Rapperswil-Jona)<\/span><\/li><li class=\"li1\"><span class=\"s1\">3D-Drucker an allen RDZ-Standorten und Kurse f\u00fcr Lehrpersonen<span class=\"Apple-converted-space\">\u00a0<\/span><\/span><span class=\"s1\">(RDZ Rapperswil-Jona)<span class=\"Apple-converted-space\">\u00a0<\/span><\/span><\/li><li class=\"li1\"><span class=\"s1\">Kooperation mit der PH Schwyz im Projekt iMake-IT<\/span><\/li><\/ul>\t\t\t\t\t\t\t\t<\/div>\n\t\t\t\t<\/div>\n\t\t\t\t\t<\/div>\n\t\t<\/div>\n\t\t\t\t\t<\/div>\n\t\t<\/section>\n\t\t\t\t<section class=\"elementor-section elementor-top-section elementor-element elementor-element-fa53da5 elementor-section-boxed elementor-section-height-default elementor-section-height-default\" data-id=\"fa53da5\" data-element_type=\"section\" data-settings=\"{&quot;jet_parallax_layout_list&quot;:[],&quot;background_background&quot;:&quot;classic&quot;}\">\n\t\t\t\t\t\t<div class=\"elementor-container elementor-column-gap-default\">\n\t\t\t\t\t<div class=\"elementor-column elementor-col-100 elementor-top-column elementor-element elementor-element-b8dbade\" data-id=\"b8dbade\" data-element_type=\"column\">\n\t\t\t<div class=\"elementor-widget-wrap elementor-element-populated\">\n\t\t\t\t\t\t<div class=\"elementor-element elementor-element-54a75e2 elementor-widget elementor-widget-image\" data-id=\"54a75e2\" data-element_type=\"widget\" data-widget_type=\"image.default\">\n\t\t\t\t<div class=\"elementor-widget-container\">\n\t\t\t\t\t\t\t\t\t\t\t\t\t\t\t<img decoding=\"async\" width=\"2160\" height=\"1190\" src=\"https:\/\/phsg-jahresbericht.ch\/2021\/wp-content\/uploads\/sites\/2\/regionale-didaktische-zentren-bild-1.jpg\" class=\"attachment-large size-large wp-image-582\" alt=\"\" srcset=\"https:\/\/phsg-jahresbericht.ch\/2021\/wp-content\/uploads\/sites\/2\/regionale-didaktische-zentren-bild-1.jpg 2160w, https:\/\/phsg-jahresbericht.ch\/2021\/wp-content\/uploads\/sites\/2\/regionale-didaktische-zentren-bild-1-768x423.jpg 768w, https:\/\/phsg-jahresbericht.ch\/2021\/wp-content\/uploads\/sites\/2\/regionale-didaktische-zentren-bild-1-1536x846.jpg 1536w, https:\/\/phsg-jahresbericht.ch\/2021\/wp-content\/uploads\/sites\/2\/regionale-didaktische-zentren-bild-1-2048x1128.jpg 2048w\" sizes=\"(max-width: 2160px) 100vw, 2160px\" \/>\t\t\t\t\t\t\t\t\t\t\t\t\t\t\t<\/div>\n\t\t\t\t<\/div>\n\t\t\t\t\t<\/div>\n\t\t<\/div>\n\t\t\t\t\t<\/div>\n\t\t<\/section>\n\t\t\t\t<section class=\"elementor-section elementor-top-section elementor-element elementor-element-81deb09 elementor-section-boxed elementor-section-height-default elementor-section-height-default\" data-id=\"81deb09\" data-element_type=\"section\" data-settings=\"{&quot;jet_parallax_layout_list&quot;:[],&quot;background_background&quot;:&quot;classic&quot;}\">\n\t\t\t\t\t\t<div class=\"elementor-container elementor-column-gap-default\">\n\t\t\t\t\t<div class=\"elementor-column elementor-col-100 elementor-top-column elementor-element elementor-element-26c0c37\" data-id=\"26c0c37\" data-element_type=\"column\">\n\t\t\t<div class=\"elementor-widget-wrap elementor-element-populated\">\n\t\t\t\t\t\t<div class=\"elementor-element elementor-element-959ea86 elementor-widget elementor-widget-text-editor\" data-id=\"959ea86\" data-element_type=\"widget\" data-widget_type=\"text-editor.default\">\n\t\t\t\t<div class=\"elementor-widget-container\">\n\t\t\t\t\t\t\t\t\t<p class=\"p1\"><span class=\"s1\"><b>Angebote im Themenfeld Nachhaltige Entwicklung<span class=\"Apple-converted-space\">\u00a0<\/span><\/b><\/span><\/p><p class=\"p1\"><span class=\"s1\">Auch das Themenfeld Bildung f\u00fcr Nachhaltige Entwicklung ist von grosser Bedeutung. Folgende Angebote wurden zur Verf\u00fcgung gestellt:<\/span><\/p><ul class=\"ul1\"><li class=\"li1\"><span class=\"s1\">Lernarrangement \u00abheute f\u00fcr morgen handeln\u00bb (RDZ Wattwil)<br \/><span style=\"color: #fb7d19;\"><a style=\"color: #fb7d19;\" href=\"http:\/\/blogs.phsg.ch\/rdz-heute-fuer-morgen\/\" target=\"_blank\" rel=\"noopener\">Mehr erfahren<\/a><\/span><\/span><\/li><li class=\"li1\"><span class=\"s1\">Lernarrangement \u00abWas ist ein guter Apfel\u00bb? (RDZ Sargans)<\/span><\/li><li class=\"li1\"><span class=\"s1\">Kooperation mit dem F\u00f6rderverein \u00abEnergietal Toggenburg\u00bb<\/span><\/li><li class=\"li1\"><span class=\"s1\">Kooperation mit den Kraftwerken Buchs, dem Elektrizit\u00e4tswerk Vilters-Wangs, dem NTB Buchs und der Oberstufe Sargans zur Umsetzung des MINT-Projekts \u00abLade dein Handy erneuerbar\u00bb<\/span><\/li><li class=\"li1\"><span class=\"s1\">Kooperation mit lokalen Imkerinnen und Imkern<\/span><\/li><\/ul>\t\t\t\t\t\t\t\t<\/div>\n\t\t\t\t<\/div>\n\t\t\t\t\t<\/div>\n\t\t<\/div>\n\t\t\t\t\t<\/div>\n\t\t<\/section>\n\t\t\t\t<section class=\"elementor-section elementor-top-section elementor-element elementor-element-5ca2543 elementor-section-boxed elementor-section-height-default elementor-section-height-default\" data-id=\"5ca2543\" data-element_type=\"section\" data-settings=\"{&quot;jet_parallax_layout_list&quot;:[],&quot;background_background&quot;:&quot;classic&quot;}\">\n\t\t\t\t\t\t<div class=\"elementor-container elementor-column-gap-extended\">\n\t\t\t\t\t<div class=\"elementor-column elementor-col-50 elementor-top-column elementor-element elementor-element-86bbcc9\" data-id=\"86bbcc9\" data-element_type=\"column\">\n\t\t\t<div class=\"elementor-widget-wrap elementor-element-populated\">\n\t\t\t\t\t\t<div class=\"elementor-element elementor-element-8e1e72a elementor-widget elementor-widget-image\" data-id=\"8e1e72a\" data-element_type=\"widget\" data-widget_type=\"image.default\">\n\t\t\t\t<div class=\"elementor-widget-container\">\n\t\t\t\t\t\t\t\t\t\t\t\t\t\t\t<img loading=\"lazy\" decoding=\"async\" width=\"1060\" height=\"668\" src=\"https:\/\/phsg-jahresbericht.ch\/2021\/wp-content\/uploads\/sites\/2\/regionale-didaktische-zentren-bild-2.jpg\" class=\"attachment-large size-large wp-image-583\" alt=\"\" srcset=\"https:\/\/phsg-jahresbericht.ch\/2021\/wp-content\/uploads\/sites\/2\/regionale-didaktische-zentren-bild-2.jpg 1060w, https:\/\/phsg-jahresbericht.ch\/2021\/wp-content\/uploads\/sites\/2\/regionale-didaktische-zentren-bild-2-768x484.jpg 768w\" sizes=\"(max-width: 1060px) 100vw, 1060px\" \/>\t\t\t\t\t\t\t\t\t\t\t\t\t\t\t<\/div>\n\t\t\t\t<\/div>\n\t\t\t\t\t<\/div>\n\t\t<\/div>\n\t\t\t\t<div class=\"elementor-column elementor-col-50 elementor-top-column elementor-element elementor-element-4d07732\" data-id=\"4d07732\" data-element_type=\"column\">\n\t\t\t<div class=\"elementor-widget-wrap elementor-element-populated\">\n\t\t\t\t\t\t<div class=\"elementor-element elementor-element-08f8e30 elementor-widget elementor-widget-image\" data-id=\"08f8e30\" data-element_type=\"widget\" data-widget_type=\"image.default\">\n\t\t\t\t<div class=\"elementor-widget-container\">\n\t\t\t\t\t\t\t\t\t\t\t\t\t\t\t<img loading=\"lazy\" decoding=\"async\" width=\"1060\" height=\"668\" src=\"https:\/\/phsg-jahresbericht.ch\/2021\/wp-content\/uploads\/sites\/2\/regionale-didaktische-zentren-bild-3.jpg\" class=\"attachment-large size-large wp-image-584\" alt=\"\" srcset=\"https:\/\/phsg-jahresbericht.ch\/2021\/wp-content\/uploads\/sites\/2\/regionale-didaktische-zentren-bild-3.jpg 1060w, https:\/\/phsg-jahresbericht.ch\/2021\/wp-content\/uploads\/sites\/2\/regionale-didaktische-zentren-bild-3-768x484.jpg 768w\" sizes=\"(max-width: 1060px) 100vw, 1060px\" \/>\t\t\t\t\t\t\t\t\t\t\t\t\t\t\t<\/div>\n\t\t\t\t<\/div>\n\t\t\t\t\t<\/div>\n\t\t<\/div>\n\t\t\t\t\t<\/div>\n\t\t<\/section>\n\t\t\t\t<section class=\"elementor-section elementor-top-section elementor-element elementor-element-ac09a1b elementor-section-boxed elementor-section-height-default elementor-section-height-default\" data-id=\"ac09a1b\" data-element_type=\"section\" data-settings=\"{&quot;jet_parallax_layout_list&quot;:[],&quot;background_background&quot;:&quot;classic&quot;}\">\n\t\t\t\t\t\t<div class=\"elementor-container elementor-column-gap-default\">\n\t\t\t\t\t<div class=\"elementor-column elementor-col-100 elementor-top-column elementor-element elementor-element-9de5181\" data-id=\"9de5181\" data-element_type=\"column\">\n\t\t\t<div class=\"elementor-widget-wrap elementor-element-populated\">\n\t\t\t\t\t\t<div class=\"elementor-element elementor-element-db802bd elementor-widget elementor-widget-text-editor\" data-id=\"db802bd\" data-element_type=\"widget\" data-widget_type=\"text-editor.default\">\n\t\t\t\t<div class=\"elementor-widget-container\">\n\t\t\t\t\t\t\t\t\t<p class=\"p1\"><span class=\"s1\"><b>Angebot im Themenfeld Mathematik<span class=\"Apple-converted-space\">\u00a0<\/span><\/b><\/span><\/p><p class=\"p1\"><span class=\"s1\">Mit dem Lernarrangement ZAHL:reich hat das RDZ Gossau ein stark handlungsorientiertes Angebot zum Fachbereich Mathematik er\u00f6ffnet.<\/span><\/p>\t\t\t\t\t\t\t\t<\/div>\n\t\t\t\t<\/div>\n\t\t\t\t\t<\/div>\n\t\t<\/div>\n\t\t\t\t\t<\/div>\n\t\t<\/section>\n\t\t\t\t<section class=\"elementor-section elementor-top-section elementor-element elementor-element-5defd3c elementor-section-boxed elementor-section-height-default elementor-section-height-default\" data-id=\"5defd3c\" data-element_type=\"section\" data-settings=\"{&quot;jet_parallax_layout_list&quot;:[],&quot;background_background&quot;:&quot;classic&quot;}\">\n\t\t\t\t\t\t<div class=\"elementor-container elementor-column-gap-default\">\n\t\t\t\t\t<div class=\"elementor-column elementor-col-100 elementor-top-column elementor-element elementor-element-63fee7c\" data-id=\"63fee7c\" data-element_type=\"column\">\n\t\t\t<div class=\"elementor-widget-wrap elementor-element-populated\">\n\t\t\t\t\t\t<div class=\"elementor-element elementor-element-ab39a8f elementor-widget elementor-widget-video\" data-id=\"ab39a8f\" data-element_type=\"widget\" data-settings=\"{&quot;youtube_url&quot;:&quot;https:\\\/\\\/youtu.be\\\/7XiJ1_ot76c&quot;,&quot;video_type&quot;:&quot;youtube&quot;,&quot;controls&quot;:&quot;yes&quot;}\" data-widget_type=\"video.default\">\n\t\t\t\t<div class=\"elementor-widget-container\">\n\t\t\t\t\t\t\t<div class=\"elementor-wrapper elementor-open-inline\">\n\t\t\t<div class=\"elementor-video\"><\/div>\t\t<\/div>\n\t\t\t\t\t\t<\/div>\n\t\t\t\t<\/div>\n\t\t\t\t\t<\/div>\n\t\t<\/div>\n\t\t\t\t\t<\/div>\n\t\t<\/section>\n\t\t\t\t<section class=\"elementor-section elementor-top-section elementor-element elementor-element-8285adf elementor-section-boxed elementor-section-height-default elementor-section-height-default\" data-id=\"8285adf\" data-element_type=\"section\" data-settings=\"{&quot;jet_parallax_layout_list&quot;:[],&quot;background_background&quot;:&quot;classic&quot;}\">\n\t\t\t\t\t\t<div class=\"elementor-container elementor-column-gap-default\">\n\t\t\t\t\t<div class=\"elementor-column elementor-col-100 elementor-top-column elementor-element elementor-element-38d1dce\" data-id=\"38d1dce\" data-element_type=\"column\">\n\t\t\t<div class=\"elementor-widget-wrap elementor-element-populated\">\n\t\t\t\t\t\t<div class=\"elementor-element elementor-element-3ebc4f7 elementor-widget elementor-widget-text-editor\" data-id=\"3ebc4f7\" data-element_type=\"widget\" data-widget_type=\"text-editor.default\">\n\t\t\t\t<div class=\"elementor-widget-container\">\n\t\t\t\t\t\t\t\t\t<p class=\"p1\"><b style=\"color: var( --e-global-color-primary ); font-family: var( --e-global-typography-text-font-family ), Sans-serif;\">Weitere Kooperationen und G\u00e4ste in den RDZ<\/b><\/p><ul class=\"ul1\"><li class=\"li1\"><span class=\"s1\">Kooperation im Auftrag des Schultr\u00e4gerverbands und des Bildungsdepartements zur F\u00f6rderung der Mobilit\u00e4tsaktivit\u00e4ten auf der Volksschule ab der 5. Klasse<\/span><\/li><li class=\"li1\"><span class=\"s1\">Kooperation mit Schulgemeinden im Bereich Begabungsf\u00f6rderung<\/span><\/li><li class=\"li1\"><span class=\"s1\">Auftrag Tourismus Toggenburg zur Erstellung von Lernmaterialien f\u00fcr die Region<\/span><\/li><li class=\"li1\"><span class=\"s1\">Kooperation mit Elternvereinen Toggenburg<\/span><\/li><li class=\"li1\"><span class=\"s1\">Kooperationsvertr\u00e4ge mit den Kantonen Graub\u00fcnden und Appenzell Ausserrhoden zur Nutzung der RDZ-Angebote<\/span><\/li><li class=\"li1\"><span class=\"s1\">Kooperation mit der PH Luzern zur Erarbeitung von innovativen Lehr- und Lernangeboten im Bereich der Menschenrechtsbildung<\/span><\/li><li class=\"li1\"><span class=\"s1\">Besuch einer Delegation des Amtes f\u00fcr Hochschulen des Kantons St.Gallen (RDZ Gossau) <\/span><\/li><li class=\"li1\"><span class=\"s1\">Schulleitungen aus Polen (RDZ Gossau)<\/span><\/li><\/ul>\t\t\t\t\t\t\t\t<\/div>\n\t\t\t\t<\/div>\n\t\t\t\t\t<\/div>\n\t\t<\/div>\n\t\t\t\t\t<\/div>\n\t\t<\/section>\n\t\t\t\t<\/div>\n\t\t<\/div>\n\t\t\t\t\t\t\t<\/div>\n\t\t\t\t\t\t<\/div><div class=\" jet-accordion__item jet-toggle jet-toggle-move-up-effect \">\n\t\t\t\t\t\t\t<div id=\"jet-toggle-control-1166\" class=\"jet-toggle__control elementor-menu-anchor\" data-toggle=\"6\" role=\"button\" tabindex=\"0\" aria-controls=\"jet-toggle-content-1166\" aria-expanded=\"false\" data-template-id=\"566\">\n\t\t\t\t\t\t\t\t<div class=\"jet-toggle__label-icon jet-toggle-icon-position-left\"><span class=\"jet-toggle__icon icon-normal jet-tabs-icon\"><i class=\"fas fa-plus\"><\/i><\/span><span class=\"jet-toggle__icon icon-active jet-tabs-icon\"><i class=\"fas fa-minus\"><\/i><\/span><\/div><div class=\"jet-toggle__label-text\">Berufseinf\u00fchrung<\/div>\t\t\t\t\t\t\t<\/div>\n\t\t\t\t\t\t\t<div id=\"jet-toggle-content-1166\" class=\"jet-toggle__content\" data-toggle=\"6\" role=\"region\" data-template-id=\"566\">\n\t\t\t\t\t\t\t\t<div class=\"jet-toggle__content-inner\">\t\t<div data-elementor-type=\"section\" data-elementor-id=\"566\" class=\"elementor elementor-566\" data-elementor-post-type=\"elementor_library\">\n\t\t\t\t\t<section class=\"elementor-section elementor-top-section elementor-element elementor-element-5ef1187 elementor-section-boxed elementor-section-height-default elementor-section-height-default\" data-id=\"5ef1187\" data-element_type=\"section\" data-settings=\"{&quot;jet_parallax_layout_list&quot;:[],&quot;background_background&quot;:&quot;classic&quot;}\">\n\t\t\t\t\t\t<div class=\"elementor-container elementor-column-gap-default\">\n\t\t\t\t\t<div class=\"elementor-column elementor-col-100 elementor-top-column elementor-element elementor-element-afa14e3\" data-id=\"afa14e3\" data-element_type=\"column\">\n\t\t\t<div class=\"elementor-widget-wrap elementor-element-populated\">\n\t\t\t\t\t\t<div class=\"elementor-element elementor-element-0fd7e7f elementor-widget elementor-widget-text-editor\" data-id=\"0fd7e7f\" data-element_type=\"widget\" data-widget_type=\"text-editor.default\">\n\t\t\t\t<div class=\"elementor-widget-container\">\n\t\t\t\t\t\t\t\t\t<p class=\"p1\"><span class=\"s1\">Die Berufseinf\u00fchrung des Kantons St.Gallen wird neu nicht mehr in Kindergarten- und Primarstufe sowie Sekundarstufe I unterteilt, sondern vereint als Berufseinf\u00fchrung Volksschule gef\u00fchrt. Die Leitung ist weiterhin bei Isabelle Bischof und Sara Helfenstein.<\/span><\/p>\n<p class=\"p1\"><span class=\"s1\">Im Schuljahr 2021\/22 werden insgesamt 224 Berufseinsteigende in 30 regionalen Gruppen begleitet. Die Zahl der Berufseinsteigenden ist in den letzten zehn Jahren konstant gestiegen, seit 2011 hat sie sich nahezu verdoppelt.<span class=\"Apple-converted-space\">&nbsp;<\/span><\/span><\/p>\t\t\t\t\t\t\t\t<\/div>\n\t\t\t\t<\/div>\n\t\t\t\t\t<\/div>\n\t\t<\/div>\n\t\t\t\t\t<\/div>\n\t\t<\/section>\n\t\t\t\t<section class=\"elementor-section elementor-top-section elementor-element elementor-element-ca810fd elementor-section-boxed elementor-section-height-default elementor-section-height-default\" data-id=\"ca810fd\" data-element_type=\"section\" data-settings=\"{&quot;jet_parallax_layout_list&quot;:[],&quot;background_background&quot;:&quot;classic&quot;}\">\n\t\t\t\t\t\t<div class=\"elementor-container elementor-column-gap-default\">\n\t\t\t\t\t<div class=\"elementor-column elementor-col-100 elementor-top-column elementor-element elementor-element-2d534e6\" data-id=\"2d534e6\" data-element_type=\"column\">\n\t\t\t<div class=\"elementor-widget-wrap elementor-element-populated\">\n\t\t\t\t\t\t<div class=\"elementor-element elementor-element-3762c1a elementor-widget elementor-widget-line_chart\" data-id=\"3762c1a\" data-element_type=\"widget\" data-widget_type=\"line_chart.default\">\n\t\t\t\t<div class=\"elementor-widget-container\">\n\t\t\t\t\t\t<div class=\"\">\n\t\t<div class=\"\">\n\t\t\t\t\t<\/div>\n\t\t\t\t\t\t\t<div class=\"chart-box\">\n\t\t\t\t\t\t\t\t\t<div class=\"chart-texture line-chart-3762c1a\"\n\t\t\t\t\t\tstyle=\"min-height:350px;\"\n\t\t\t\t\t\tid='line_chart3762c1a'><\/div>\n\t\t\t\t\t\t\t\t<\/div>\n\t\t\t\t\t<div style=\"height:350px;\t\t\t\tdisplay: flex;justify-content: center;align-items: center;\"\n\t\t\tclass=\"d-none area-texture line-chart-3762c1a-loader\" >\n\t\t\t\t\t\t<p class=\"graphina-filter-notext d-none\" style=\"text-align: center;\">\n\t\t\t\tNo Data Found\t\t\t<\/p>\n\t\t<\/div>\n\t<\/div>\n\t\t\t\t<script>\n\t\t\t\t(function (){\n\t\t\t\t\tif (typeof isInit === 'undefined') {\n\t\t\t\t\t\tvar isInit = {};\n\t\t\t\t\t}\n\t\t\t\t\tisInit['3762c1a'] = false;\n\n\t\t\t\t\tconst myElement = document.querySelector(\".line-chart-3762c1a\");\n\n\t\t\t\t\tconst lineOptions = {\n\t\t\t\t\t\tseries: [{\"name\":\"Element 1\",\"data\":[170,160,217,207,204,214,199,200,224]}],\n\t\t\t\t\t\tchart: {\n\t\t\t\t\t\t\tbackground: '',\n\t\t\t\t\t\t\theight: parseInt('350'),\n\t\t\t\t\t\t\ttype: 'line',\n\t\t\t\t\t\t\tfontFamily: 'Univers',\n\t\t\t\t\t\t\tlocales: [JSON.parse('{\"name\":\"en\",\"options\":{\"toolbar\":{\"download\":\"Download SVG\",\"selection\":\"Selection\",\"selectionZoom\":\"Selection Zoom\",\"zoomIn\":\"Zoom In\",\"zoomOut\":\"Zoom Out\",\"pan\":\"Panning\",\"reset\":\"Reset Zoom\",\"menu\":\"Menu\",\"exportToSVG\":\"Download SVG\",\"exportToPNG\":\"Download PNG\",\"exportToCSV\":\"Download CSV\"}}}')],\n\t\t\t\t\t\t\tdefaultLocale: \"en\",\n\t\t\t\t\t\t\tstacked:'',\n\t\t\t\t\t\t\tanimations: {\n\t\t\t\t\t\t\t\tenabled: '1',\n\t\t\t\t\t\t\t\tspeed: '800',\n\t\t\t\t\t\t\t\tdelay: '150',\n\t\t\t\t\t\t\t\tdynamicAnimation: {\n\t\t\t\t\t\t\t\t\tenabled: true\n\t\t\t\t\t\t\t\t}\n\t\t\t\t\t\t\t},\n\t\t\t\t\t\t\ttoolbar: {\n\t\t\t\t\t\t\t\toffsetX: parseInt('0') || 0,\n\t\t\t\t\t\t\t\toffsetY: parseInt('0')|| 0,\n\t\t\t\t\t\t\t\tshow: '',\n\t\t\t\t\t\t\t\texport: {\n\t\t\t\t\t\t\t\t\tcsv: {\n\t\t\t\t\t\t\t\t\t\tfilename: \"3762c1a\"\n\t\t\t\t\t\t\t\t\t},\n\t\t\t\t\t\t\t\t\tsvg: {\n\t\t\t\t\t\t\t\t\t\tfilename: \"3762c1a\"\n\t\t\t\t\t\t\t\t\t},\n\t\t\t\t\t\t\t\t\tpng: {\n\t\t\t\t\t\t\t\t\t\tfilename: \"3762c1a\"\n\t\t\t\t\t\t\t\t\t}\n\t\t\t\t\t\t\t\t},\n\t\t\t\t\t\t\t\ttools:{\n\t\t\t\t\t\t\t\t\tdownload: 0,\n\t\t\t\t\t\t\t\t}\n\t\t\t\t\t\t\t},\n\t\t\t\t\t\t\tdropShadow: {\n\t\t\t\t\t\t\t\tenabled: '',\n\t\t\t\t\t\t\t\tenabledOnSeries: [0],\n\t\t\t\t\t\t\t\ttop: parseInt(''),\n\t\t\t\t\t\t\t\tleft: parseInt(''),\n\t\t\t\t\t\t\t\tblur: parseInt(''),\n\t\t\t\t\t\t\t\tcolor: '',\n\t\t\t\t\t\t\t\topacity: parseFloat('')\n\t\t\t\t\t\t\t}\n\t\t\t\t\t\t},\n\t\t\t\t\t\tnoData: {\n\t\t\t\t\t\t\ttext: 'No Data Available',\n\t\t\t\t\t\t\talign: 'center',\n\t\t\t\t\t\t\tverticalAlign: 'middle',\n\t\t\t\t\t\t\tstyle: {\n\t\t\t\t\t\t\t\tfontSize: '16px',\n\t\t\t\t\t\t\t\tfontFamily: 'Univers',\n\t\t\t\t\t\t\t\tcolor: '#000000'\n\t\t\t\t\t\t\t}\n\t\t\t\t\t\t},\n\t\t\t\t\t\tdataLabels: {\n\t\t\t\t\t\t\tenabled: '',\n\t\t\t\t\t\t\tstyle: {\n\t\t\t\t\t\t\t\tfontSize: '16px',\n\t\t\t\t\t\t\t\tfontFamily: 'Univers',\n\t\t\t\t\t\t\t\tfontWeight: '',\n\t\t\t\t\t\t\t\tcolors: ['']\n\t\t\t\t\t\t\t},\n\t\t\t\t\t\t\tbackground: {\n\t\t\t\t\t\t\t\tenabled: '',\n\t\t\t\t\t\t\t\tborderRadius:parseInt('0'),\n\t\t\t\t\t\t\t\tforeColor: [''],\n\t\t\t\t\t\t\t\tborderWidth: parseInt(''),\n\t\t\t\t\t\t\t\tborderColor: ''\n\t\t\t\t\t\t\t},\n\t\t\t\t\t\t\tformatter: function (val) {\n\t\t\t\t\t\t\t\tif(typeof val !== \"number\"   ){\n\t\t\t\t\t\t\t\t\treturn ;\n\t\t\t\t\t\t\t\t}\n\t\t\t\t\t\t\t\tif(\"\" ){\n\t\t\t\t\t\t\t\t\tval = graphinNumberWithCommas(val,',')\n\t\t\t\t\t\t\t\t}\n\t\t\t\t\t\t\t\telse if(\"\"\n\t\t\t\t\t\t\t\t\t&&  typeof graphinaAbbrNum  !== \"undefined\"){\n\t\t\t\t\t\t\t\t\tval = graphinaAbbrNum(val ,  parseInt(\"\") || 0 );\n\t\t\t\t\t\t\t\t}\n\t\t\t\t\t\t\t\treturn '' + val + '';\n\t\t\t\t\t\t\t},\n\t\t\t\t\t\t\toffsetY: parseInt('0'),\n\t\t\t\t\t\t\toffsetX: parseInt('0'),\n\t\t\t\t\t\t},\n\t\t\t\t\t\tstroke: {\n\t\t\t\t\t\t\tcurve: 'straight',\n\t\t\t\t\t\t\twidth: '5'.split('_,_'),\n\t\t\t\t\t\t\tdashArray: '0'.split('_,_')\n\t\t\t\t\t\t},\n\t\t\t\t\t\tgrid: {\n\t\t\t\t\t\t\tborderColor: '#90A4AE',\n\t\t\t\t\t\t\tyaxis: {\n\t\t\t\t\t\t\t\tlines: {\n\t\t\t\t\t\t\t\t\tshow: '1'\n\t\t\t\t\t\t\t\t}\n\t\t\t\t\t\t\t}\n\t\t\t\t\t\t},\n\t\t\t\t\t\txaxis: {\n\t\t\t\t\t\t\tcategories: \"2013\/14_,_2014\/15_,_2015\/16_,_2016\/17_,_2017\/18_,_2018\/19_,_2019\/20_,_2020\/21_,_2021\/22\".split('_,_'),\n\t\t\t\t\t\t\tposition: 'bottom',\n\t\t\t\t\t\t\ttickAmount: parseInt(\"6\"),\n\t\t\t\t\t\t\ttickPlacement: \"on\",\n\t\t\t\t\t\t\tlabels: {\n\t\t\t\t\t\t\t\tshow: '1',\n\t\t\t\t\t\t\t\trotateAlways: '',\n\t\t\t\t\t\t\t\trotate: parseInt('') || 0,\n\t\t\t\t\t\t\t\toffsetX: parseInt('0') || 0,\n\t\t\t\t\t\t\t\toffsetY: parseInt('0') || 0,\n\t\t\t\t\t\t\t\thideOverlappingLabels: true,\n\t\t\t\t\t\t\t\ttrim: true,\n\t\t\t\t\t\t\t\tstyle: {\n\t\t\t\t\t\t\t\t\tcolors: '#000000',\n\t\t\t\t\t\t\t\t\tfontSize: '16px',\n\t\t\t\t\t\t\t\t\tfontFamily: 'Univers',\n\t\t\t\t\t\t\t\t\tfontWeight: ''\n\t\t\t\t\t\t\t\t},\n\t\t\t\t\t\t\t\tformatter: function (val) {\n\t\t\t\t\t\t\t\t\tif(''){\n\t\t\t\t\t\t\t\t\t\tval = '' + val + '';\n\t\t\t\t\t\t\t\t\t}\n\t\t\t\t\t\t\t\t\tif(val){\n\t\t\t\t\t\t\t\t\t\tval = val.split(',')\n\t\t\t\t\t\t\t\t\t}\n\t\t\t\t\t\t\t\t\treturn val\n\t\t\t\t\t\t\t\t}\n\t\t\t\t\t\t\t},\n\t\t\t\t\t\t\ttooltip: {\n\t\t\t\t\t\t\t\tenabled: \"\"\n\t\t\t\t\t\t\t},\n\t\t\t\t\t\t\tcrosshairs: {\n\t\t\t\t\t\t\t\tshow: \"\"\n\t\t\t\t\t\t\t}\n\t\t\t\t\t\t},\n\t\t\t\t\t\tyaxis: {\n\t\t\t\t\t\t\topposite: '',\n\t\t\t\t\t\t\ttickAmount: parseInt(\"6\"),\n\t\t\t\t\t\t\tdecimalsInFloat: parseInt(\"2\"),\n\t\t\t\t\t\t\tlabels: {\n\t\t\t\t\t\t\t\tshow: '1',\n\t\t\t\t\t\t\t\trotate: parseInt('0') || 0,\n\t\t\t\t\t\t\t\toffsetX: parseInt('0') || 0,\n\t\t\t\t\t\t\t\toffsetY: parseInt('0') || 0,\n\t\t\t\t\t\t\t\ttrim: true,\n\t\t\t\t\t\t\t\tstyle: {\n\t\t\t\t\t\t\t\t\tcolors: '#000000',\n\t\t\t\t\t\t\t\t\tfontSize: '16px',\n\t\t\t\t\t\t\t\t\tfontFamily: 'Univers',\n\t\t\t\t\t\t\t\t\tfontWeight: ''\n\t\t\t\t\t\t\t\t},\n\t\t\t\t\t\t\t},\n\t\t\t\t\t\t\ttooltip: {\n\t\t\t\t\t\t\t\tenabled: \"\"\n\t\t\t\t\t\t\t},\n\t\t\t\t\t\t\tcrosshairs: {\n\t\t\t\t\t\t\t\tshow: \"\"\n\t\t\t\t\t\t\t}\n\t\t\t\t\t\t},\n\t\t\t\t\t\tcolors: '#FB7D19'.split('_,_'),\n\t\t\t\t\t\tfill: {\n\t\t\t\t\t\t\ttype: 'classic',\n\t\t\t\t\t\t\topacity: 1,\n\t\t\t\t\t\t\tcolors: '#FB7D19'.split('_,_'),\n\t\t\t\t\t\t\tgradient: {\n\t\t\t\t\t\t\t\tgradientToColors: '#FB7D19'.split('_,_'),\n\t\t\t\t\t\t\t\ttype: '',\n\t\t\t\t\t\t\t\tinverseColors: '',\n\t\t\t\t\t\t\t\topacityFrom: parseFloat(''),\n\t\t\t\t\t\t\t\topacityTo: parseFloat('')\n\t\t\t\t\t\t\t}\n\t\t\t\t\t\t},\n\t\t\t\t\t\tlegend: {\n\t\t\t\t\t\t\tshowForSingleSeries:true,\n\t\t\t\t\t\t\tshow: '' === 'yes',\n\t\t\t\t\t\t\tposition: 'bottom',\n\t\t\t\t\t\t\thorizontalAlign: 'center',\n\t\t\t\t\t\t\tfontSize: '16px',\n\t\t\t\t\t\t\tfontFamily: 'Univers',\n\t\t\t\t\t\t\tfontWeight: '',\n\t\t\t\t\t\t\tlabels: {\n\t\t\t\t\t\t\t\tcolors: '#000000'\n\t\t\t\t\t\t\t},\n\t\t\t\t\t\t\ttooltipHoverFormatter: function(seriesName, opts) {\n\t\t\t\t\t\t\t\tif(''){\n\t\t\t\t\t\t\t\t\tlet divEl= document.createElement(\"div\");\n\t\t\t\t\t\t\t\t\tdivEl.classList.add(\"legend-info\");\n\t\t\t\t\t\t\t\t\tdivEl.append(document.createElement(\"span\").innerText=seriesName,\":\",document.createElement(\"strong\").innerText=opts.w.globals.series[opts.seriesIndex])\n\t\t\t\t\t\t\t\t\treturn divEl.outerHTML;\n\t\t\t\t\t\t\t\t}\n\t\t\t\t\t\t\t\treturn seriesName\n\t\t\t\t\t\t\t}\n\t\t\t\t\t\t},\n\t\t\t\t\t\ttooltip: {\n\t\t\t\t\t\t\tenabled: '',\n\t\t\t\t\t\t\tshared: '' === \"yes\",\n\t\t\t\t\t\t\tintersect: !('' === \"yes\"),\n\t\t\t\t\t\t\ttheme: '',\n\t\t\t\t\t\t\tstyle: {\n\t\t\t\t\t\t\t\tfontSize: '16px',\n\t\t\t\t\t\t\t\tfontFamily: 'Univers'\n\t\t\t\t\t\t\t}\n\t\t\t\t\t\t},\n\t\t\t\t\t\tresponsive: [{\n\t\t\t\t\t\t\tbreakpoint: 1024,\n\t\t\t\t\t\t\toptions: {\n\t\t\t\t\t\t\t\tchart: {\n\t\t\t\t\t\t\t\t\theight: parseInt('350')\n\t\t\t\t\t\t\t\t}\n\t\t\t\t\t\t\t}\n\t\t\t\t\t\t},\n\t\t\t\t\t\t\t{\n\t\t\t\t\t\t\t\tbreakpoint: 674,\n\t\t\t\t\t\t\t\toptions: {\n\t\t\t\t\t\t\t\t\tchart: {\n\t\t\t\t\t\t\t\t\t\theight: parseInt('350')\n\t\t\t\t\t\t\t\t\t}\n\t\t\t\t\t\t\t\t}\n\t\t\t\t\t\t\t}\n\t\t\t\t\t\t]\n\t\t\t\t\t};\n\n\t\t\t\t\tif (\"\" || \"\" ) {\n\t\t\t\t\t\tlineOptions.yaxis.labels.formatter = function (val) {\n\t\t\t\t\t\t\tlet decimal = parseInt('0') || 0;\n\t\t\t\t\t\t\tif (\"\") {\n\t\t\t\t\t\t\t\tval = graphinNumberWithCommas(val, ',', decimal);\n\t\t\t\t\t\t\t} else if (\"\" && typeof graphinaAbbrNum !== \"undefined\") {\n\t\t\t\t\t\t\t\tval = graphinaAbbrNum(val, parseInt(\"\") || 0);\n\t\t\t\t\t\t\t} else {\n\t\t\t\t\t\t\t\tval = parseFloat(val).toFixed(decimal);\n\t\t\t\t\t\t\t}\n\t\t\t\t\t\t\treturn '' + val + '';\n\t\t\t\t\t\t};\n\t\t\t\t\t}\n\n\t\t\t\t\tif (\"\" ) {\n\t\t\t\t\t\tlineOptions.tooltip['enabledOnSeries'] = [];\n\t\t\t\t\t}\n\t\t\t\t\tif (\"\" ) {\n\t\t\t\t\t\tlineOptions['annotations'] = {\n\t\t\t\t\t\t\tyaxis: [\n\t\t\t\t\t\t\t\t{\n\t\t\t\t\t\t\t\t\ty: 0,\n\t\t\t\t\t\t\t\t\tstrokeDashArray: parseInt(\"0\"),\n\t\t\t\t\t\t\t\t\tborderColor: '#000000'\n\t\t\t\t\t\t\t\t}\n\t\t\t\t\t\t\t]\n\t\t\t\t\t\t};\n\t\t\t\t\t}\n\t\t\t\t\tlineOptions['markers'] ={\n\t\t\t\t\t\tsize: '1'.split('_,_'),\n\t\t\t\t\t\tstrokeColors: '#fff'.split('_,_'),\n\t\t\t\t\t\tstrokeWidth: '5'.split('_,_'),\n\t\t\t\t\t\tshape: 'circle'.split('_,_'),\n\t\t\t\t\t\tshowNullDataPoints: true,\n\t\t\t\t\t\thover: {\n\t\t\t\t\t\t\tsize: 3,\n\t\t\t\t\t\t\tsizeOffset: 1\n\t\t\t\t\t\t}\n\t\t\t\t\t};\n\n\t\t\t\t\tif(\"\"){\n\t\t\t\t\t\tlet style ={\n\t\t\t\t\t\t\tcolor:'#000000',\n\t\t\t\t\t\t\tfontSize: '16px',\n\t\t\t\t\t\t\tfontFamily: 'Univers',\n\t\t\t\t\t\t\tfontWeight: '',\n\t\t\t\t\t\t}\n\t\t\t\t\t\tlet title = '';\n\t\t\t\t\t\tlet xaxisYoffset =''  ? -95 : 0;\n\t\t\t\t\t\tif(typeof axisTitle !== \"undefined\"){\n\t\t\t\t\t\t\taxisTitle(lineOptions, 'xaxis' ,title, style,xaxisYoffset );\n\t\t\t\t\t\t}\n\t\t\t\t\t}\n\n\t\t\t\t\tif(\"\"){\n\t\t\t\t\t\tlet style ={\n\t\t\t\t\t\t\tcolor:'',\n\t\t\t\t\t\t\tcolors:'#000000',\n\t\t\t\t\t\t\tfontSize: '16px',\n\t\t\t\t\t\t\tfontFamily: 'Univers',\n\t\t\t\t\t\t\tfontWeight: '',\n\t\t\t\t\t\t}\n\t\t\t\t\t\tlet title = '';\n\t\t\t\t\t\tif(typeof axisTitle !== \"undefined\"){\n\t\t\t\t\t\t\taxisTitle(lineOptions, 'yaxis' ,title, style );\n\t\t\t\t\t\t}\n\t\t\t\t\t}\n\n\t\t\t\t\tif(''){\n\t\t\t\t\t\tlineOptions.yaxis.tickAmount = parseInt(\"6\") || 6;\n\t\t\t\t\t\tlineOptions.yaxis.min = parseFloat('0') || 0;\n\t\t\t\t\t\tlineOptions.yaxis.max = parseFloat('0') || 200;\n\t\t\t\t\t}\n\n\t\t\t\t\tif(\"\"){\n\t\t\t\t\t\tlet style = {\n\t\t\t\t\t\t\tcolor:'',\n\t\t\t\t\t\t\tcolors:'#000000',\n\t\t\t\t\t\t\tfontSize: '16px',\n\t\t\t\t\t\t\tfontFamily: 'Univers',\n\t\t\t\t\t\t\tfontWeight: '',\n\t\t\t\t\t\t}\n\t\t\t\t\t\tlineOptions['yaxis'] = [lineOptions.yaxis]\n\t\t\t\t\t\tlet lineYaxisTemp = {\n\t\t\t\t\t\t\topposite: '1',\n\t\t\t\t\t\t\tlabels: {\n\t\t\t\t\t\t\t\tshow: '',\n\t\t\t\t\t\t\t\tformatter: function (val) {\n\t\t\t\t\t\t\t\t\tif(\"\" ){\n\t\t\t\t\t\t\t\t\t\tval = graphinNumberWithCommas(val,',')\n\t\t\t\t\t\t\t\t\t}\n\t\t\t\t\t\t\t\t\treturn ''  + val + ''\n\t\t\t\t\t\t\t\t},\n\t\t\t\t\t\t\t\tstyle\n\t\t\t\t\t\t\t},\n\t\t\t\t\t\t\ttickAmount: parseInt(''),\n\t\t\t\t\t\t\ttitle: {\n\t\t\t\t\t\t\t\ttext: '',\n\t\t\t\t\t\t\t\tstyle\n\t\t\t\t\t\t\t}\n\t\t\t\t\t\t}\n\t\t\t\t\t\tif(''){\n\t\t\t\t\t\t\tlineYaxisTemp.tickAmount = parseInt('') || 6;\n\t\t\t\t\t\t\tlineYaxisTemp.min = parseFloat('0') || 0;\n\t\t\t\t\t\t\tlineYaxisTemp.max = parseFloat('0') || 200;\n\t\t\t\t\t\t}\n\n\t\t\t\t\t\tlineOptions.yaxis.push(lineYaxisTemp)\n\t\t\t\t\t}\n\n\n\t\t\t\t\tif (typeof initNowGraphina !== \"undefined\") {\n\n\t\t\t\t\t\tinitNowGraphina(\n\t\t\t\t\t\t\tmyElement,\n\t\t\t\t\t\t\t{\n\t\t\t\t\t\t\t\tele: document.querySelector(\".line-chart-3762c1a\"),\n\t\t\t\t\t\t\t\toptions: lineOptions,\n\t\t\t\t\t\t\t\tseries: [{name: '', data: []}],\n\t\t\t\t\t\t\t\tanimation: true,\n\t\t\t\t\t\t\t\tsetting_date:{\"iq_line_can_chart_reload_ajax\":\"\",\"iq_line_interval_data_refresh\":10,\"iq_line_chart_filter_enable\":\"\"}\t\t\t\t\t\t\t},\n\t\t\t\t\t\t\t'3762c1a'\n\t\t\t\t\t\t);\n\t\t\t\t\t}\n\t\t\t\t\tif (window.ajaxIntervalGraphina_3762c1a !== undefined) {\n\t\t\t\t\t\tclearInterval(window.ajaxIntervalGraphina_3762c1a)\n\t\t\t\t\t}\n\n\t\t\t\t})()\n\n\t\t\t<\/script>\n\t\t\t\t\t\t\t<\/div>\n\t\t\t\t<\/div>\n\t\t\t\t\t<\/div>\n\t\t<\/div>\n\t\t\t\t\t<\/div>\n\t\t<\/section>\n\t\t\t\t<\/div>\n\t\t<\/div>\n\t\t\t\t\t\t\t<\/div>\n\t\t\t\t\t\t<\/div>\t\t\t<\/div>\n\t\t<\/div>\n\t\t\t\t\t\t<\/div>\n\t\t\t\t<\/div>\n\t\t\t\t\t<\/div>\n\t\t<\/div>\n\t\t\t\t\t<\/div>\n\t\t<\/section>\n\t\t\t\t<section class=\"elementor-section elementor-top-section elementor-element elementor-element-2e4f4cc elementor-section-boxed elementor-section-height-default elementor-section-height-default\" data-id=\"2e4f4cc\" data-element_type=\"section\" data-settings=\"{&quot;jet_parallax_layout_list&quot;:[]}\">\n\t\t\t\t\t\t<div class=\"elementor-container elementor-column-gap-default\">\n\t\t\t\t\t<div class=\"elementor-column elementor-col-100 elementor-top-column elementor-element elementor-element-26bc142\" data-id=\"26bc142\" data-element_type=\"column\">\n\t\t\t<div class=\"elementor-widget-wrap elementor-element-populated\">\n\t\t\t\t\t\t<div class=\"elementor-element elementor-element-ed3033c elementor-widget elementor-widget-template\" data-id=\"ed3033c\" data-element_type=\"widget\" data-widget_type=\"template.default\">\n\t\t\t\t<div class=\"elementor-widget-container\">\n\t\t\t\t\t\t\t<div class=\"elementor-template\">\n\t\t\t\t\t<div data-elementor-type=\"section\" data-elementor-id=\"725\" class=\"elementor elementor-725\" data-elementor-post-type=\"elementor_library\">\n\t\t\t\t\t<section class=\"elementor-section elementor-top-section elementor-element elementor-element-e859500 elementor-hidden-tablet elementor-section-boxed elementor-section-height-default elementor-section-height-default\" data-id=\"e859500\" data-element_type=\"section\" data-settings=\"{&quot;jet_parallax_layout_list&quot;:[]}\">\n\t\t\t\t\t\t<div class=\"elementor-container elementor-column-gap-default\">\n\t\t\t\t\t<div class=\"elementor-column elementor-col-100 elementor-top-column elementor-element elementor-element-3b80195\" data-id=\"3b80195\" data-element_type=\"column\">\n\t\t\t<div class=\"elementor-widget-wrap elementor-element-populated\">\n\t\t\t\t\t\t<div class=\"elementor-element elementor-element-2e5f9a6 elementor-widget elementor-widget-spacer\" data-id=\"2e5f9a6\" data-element_type=\"widget\" data-widget_type=\"spacer.default\">\n\t\t\t\t<div class=\"elementor-widget-container\">\n\t\t\t\t\t\t\t<div class=\"elementor-spacer\">\n\t\t\t<div class=\"elementor-spacer-inner\"><\/div>\n\t\t<\/div>\n\t\t\t\t\t\t<\/div>\n\t\t\t\t<\/div>\n\t\t\t\t<div class=\"elementor-element elementor-element-9a8ad9d elementor-widget elementor-widget-heading\" data-id=\"9a8ad9d\" data-element_type=\"widget\" data-widget_type=\"heading.default\">\n\t\t\t\t<div class=\"elementor-widget-container\">\n\t\t\t\t\t<h3 class=\"elementor-heading-title elementor-size-default\">Weitere Themen, die Sie interessieren k\u00f6nnten<\/h3>\t\t\t\t<\/div>\n\t\t\t\t<\/div>\n\t\t\t\t<div class=\"elementor-element elementor-element-d4120cf elementor-hidden-tablet elementor-widget elementor-widget-raven-posts\" data-id=\"d4120cf\" data-element_type=\"widget\" data-settings=\"{&quot;classic_columns&quot;:&quot;4&quot;,&quot;query_posts_per_page&quot;:4,&quot;_skin&quot;:&quot;classic&quot;,&quot;classic_layout&quot;:&quot;grid&quot;,&quot;classic_columns_tablet&quot;:&quot;2&quot;,&quot;classic_columns_mobile&quot;:&quot;1&quot;,&quot;query_offset&quot;:0}\" data-widget_type=\"raven-posts.classic\">\n\t\t\t\t<div class=\"elementor-widget-container\">\n\t\t\t\t\t\t\t<div class=\"raven-posts raven-grid raven-grid-4 raven-grid-mobile-1 raven-grid-tablet-2\" data-post-id=\"725\" data-archive-query=\"\" data-lang=\"\">\n\t\t\t\t<div class=\"raven-grid-item raven-post-item post-636 page type-page status-publish has-post-thumbnail hentry\">\n\t\t\t<div class=\"raven-post elementor-animation-grow\">\n\t\t\t\t\t\t<div class=\"raven-post-image-wrap\">\n\t\t\t<a class=\"raven-post-image raven-image-fit\" href=\"https:\/\/phsg-jahresbericht.ch\/2021\/fokus-2021-digitalisierung\/\"><img loading=\"lazy\" decoding=\"async\" width=\"1200\" height=\"630\" src=\"https:\/\/phsg-jahresbericht.ch\/2021\/wp-content\/uploads\/sites\/2\/Fokus-2021-PHSG-Jahresbericht-1.jpg\" class=\"attachment-large size-large wp-image-1029\" alt=\"\" srcset=\"https:\/\/phsg-jahresbericht.ch\/2021\/wp-content\/uploads\/sites\/2\/Fokus-2021-PHSG-Jahresbericht-1.jpg 1200w, https:\/\/phsg-jahresbericht.ch\/2021\/wp-content\/uploads\/sites\/2\/Fokus-2021-PHSG-Jahresbericht-1-768x403.jpg 768w\" sizes=\"(max-width: 1200px) 100vw, 1200px\" \/> <span class=\"raven-post-image-overlay\"><\/span><\/a>\t\t<\/div>\n\t\t\t\t\t\t<div class=\"raven-post-content\">\n\t\t\t\t\t<h3 class=\"raven-post-title\"><a class=\"raven-post-title-link\" href=\"https:\/\/phsg-jahresbericht.ch\/2021\/fokus-2021-digitalisierung\/\">Schulen digital fit machen<\/a><\/h3>\t\t\t\t<\/div>\n\t\t\t<\/div>\n\t\t<\/div>\n\t\t\t\t<div class=\"raven-grid-item raven-post-item post-341 page type-page status-publish has-post-thumbnail hentry\">\n\t\t\t<div class=\"raven-post elementor-animation-grow\">\n\t\t\t\t\t\t<div class=\"raven-post-image-wrap\">\n\t\t\t<a class=\"raven-post-image raven-image-fit\" href=\"https:\/\/phsg-jahresbericht.ch\/2021\/chronik-2021\/\"><img loading=\"lazy\" decoding=\"async\" width=\"1200\" height=\"630\" src=\"https:\/\/phsg-jahresbericht.ch\/2021\/wp-content\/uploads\/sites\/2\/Chronik-PHSG-Jahresbericht.jpg\" class=\"attachment-large size-large wp-image-1028\" alt=\"\" srcset=\"https:\/\/phsg-jahresbericht.ch\/2021\/wp-content\/uploads\/sites\/2\/Chronik-PHSG-Jahresbericht.jpg 1200w, https:\/\/phsg-jahresbericht.ch\/2021\/wp-content\/uploads\/sites\/2\/Chronik-PHSG-Jahresbericht-768x403.jpg 768w\" sizes=\"(max-width: 1200px) 100vw, 1200px\" \/> <span class=\"raven-post-image-overlay\"><\/span><\/a>\t\t<\/div>\n\t\t\t\t\t\t<div class=\"raven-post-content\">\n\t\t\t\t\t<h3 class=\"raven-post-title\"><a class=\"raven-post-title-link\" href=\"https:\/\/phsg-jahresbericht.ch\/2021\/chronik-2021\/\">Chronik 2021<\/a><\/h3>\t\t\t\t<\/div>\n\t\t\t<\/div>\n\t\t<\/div>\n\t\t\t\t<div class=\"raven-grid-item raven-post-item post-1114 page type-page status-publish has-post-thumbnail hentry\">\n\t\t\t<div class=\"raven-post elementor-animation-grow\">\n\t\t\t\t\t\t<div class=\"raven-post-image-wrap\">\n\t\t\t<a class=\"raven-post-image raven-image-fit\" href=\"https:\/\/phsg-jahresbericht.ch\/2021\/ueber-uns\/hochschulrat\/\"><img loading=\"lazy\" decoding=\"async\" width=\"1200\" height=\"630\" src=\"https:\/\/phsg-jahresbericht.ch\/2021\/wp-content\/uploads\/sites\/2\/Hochschulrat-PHSG-Jahresbericht-1.jpg\" class=\"attachment-large size-large wp-image-1391\" alt=\"\" srcset=\"https:\/\/phsg-jahresbericht.ch\/2021\/wp-content\/uploads\/sites\/2\/Hochschulrat-PHSG-Jahresbericht-1.jpg 1200w, https:\/\/phsg-jahresbericht.ch\/2021\/wp-content\/uploads\/sites\/2\/Hochschulrat-PHSG-Jahresbericht-1-768x403.jpg 768w\" sizes=\"(max-width: 1200px) 100vw, 1200px\" \/> <span class=\"raven-post-image-overlay\"><\/span><\/a>\t\t<\/div>\n\t\t\t\t\t\t<div class=\"raven-post-content\">\n\t\t\t\t\t<h3 class=\"raven-post-title\"><a class=\"raven-post-title-link\" href=\"https:\/\/phsg-jahresbericht.ch\/2021\/ueber-uns\/hochschulrat\/\">Hochschulrat<\/a><\/h3>\t\t\t\t<\/div>\n\t\t\t<\/div>\n\t\t<\/div>\n\t\t\t\t<div class=\"raven-grid-item raven-post-item post-916 page type-page status-publish has-post-thumbnail hentry\">\n\t\t\t<div class=\"raven-post elementor-animation-grow\">\n\t\t\t\t\t\t<div class=\"raven-post-image-wrap\">\n\t\t\t<a class=\"raven-post-image raven-image-fit\" href=\"https:\/\/phsg-jahresbericht.ch\/2021\/organisation\/campus\/\"><img loading=\"lazy\" decoding=\"async\" width=\"2120\" height=\"1284\" src=\"https:\/\/phsg-jahresbericht.ch\/2021\/wp-content\/uploads\/sites\/2\/Beleuchtung-Mariaberg-1-PHGS-Jahresbericht.jpg\" class=\"attachment-large size-large wp-image-1609\" alt=\"\" srcset=\"https:\/\/phsg-jahresbericht.ch\/2021\/wp-content\/uploads\/sites\/2\/Beleuchtung-Mariaberg-1-PHGS-Jahresbericht.jpg 2120w, https:\/\/phsg-jahresbericht.ch\/2021\/wp-content\/uploads\/sites\/2\/Beleuchtung-Mariaberg-1-PHGS-Jahresbericht-768x465.jpg 768w, https:\/\/phsg-jahresbericht.ch\/2021\/wp-content\/uploads\/sites\/2\/Beleuchtung-Mariaberg-1-PHGS-Jahresbericht-1536x930.jpg 1536w, https:\/\/phsg-jahresbericht.ch\/2021\/wp-content\/uploads\/sites\/2\/Beleuchtung-Mariaberg-1-PHGS-Jahresbericht-2048x1240.jpg 2048w\" sizes=\"(max-width: 2120px) 100vw, 2120px\" \/> <span class=\"raven-post-image-overlay\"><\/span><\/a>\t\t<\/div>\n\t\t\t\t\t\t<div class=\"raven-post-content\">\n\t\t\t\t\t<h3 class=\"raven-post-title\"><a class=\"raven-post-title-link\" href=\"https:\/\/phsg-jahresbericht.ch\/2021\/organisation\/campus\/\">Campus<\/a><\/h3>\t\t\t\t<\/div>\n\t\t\t<\/div>\n\t\t<\/div>\n\t\t\t\t<\/div>\n\t\t\t\t\t\t<\/div>\n\t\t\t\t<\/div>\n\t\t\t\t<div class=\"elementor-element elementor-element-cc3fb93 elementor-widget elementor-widget-spacer\" data-id=\"cc3fb93\" data-element_type=\"widget\" data-widget_type=\"spacer.default\">\n\t\t\t\t<div class=\"elementor-widget-container\">\n\t\t\t\t\t\t\t<div class=\"elementor-spacer\">\n\t\t\t<div class=\"elementor-spacer-inner\"><\/div>\n\t\t<\/div>\n\t\t\t\t\t\t<\/div>\n\t\t\t\t<\/div>\n\t\t\t\t\t<\/div>\n\t\t<\/div>\n\t\t\t\t\t<\/div>\n\t\t<\/section>\n\t\t\t\t<section class=\"elementor-section elementor-top-section elementor-element elementor-element-d79f90a elementor-hidden-desktop elementor-hidden-mobile elementor-section-boxed elementor-section-height-default elementor-section-height-default\" data-id=\"d79f90a\" data-element_type=\"section\" data-settings=\"{&quot;jet_parallax_layout_list&quot;:[]}\">\n\t\t\t\t\t\t<div class=\"elementor-container elementor-column-gap-default\">\n\t\t\t\t\t<div class=\"elementor-column elementor-col-100 elementor-top-column elementor-element elementor-element-26d8139\" data-id=\"26d8139\" data-element_type=\"column\">\n\t\t\t<div class=\"elementor-widget-wrap elementor-element-populated\">\n\t\t\t\t\t\t<div class=\"elementor-element elementor-element-ddeddba elementor-widget elementor-widget-spacer\" data-id=\"ddeddba\" data-element_type=\"widget\" data-widget_type=\"spacer.default\">\n\t\t\t\t<div class=\"elementor-widget-container\">\n\t\t\t\t\t\t\t<div class=\"elementor-spacer\">\n\t\t\t<div class=\"elementor-spacer-inner\"><\/div>\n\t\t<\/div>\n\t\t\t\t\t\t<\/div>\n\t\t\t\t<\/div>\n\t\t\t\t<div class=\"elementor-element elementor-element-e9e4ac2 elementor-widget elementor-widget-heading\" data-id=\"e9e4ac2\" data-element_type=\"widget\" data-widget_type=\"heading.default\">\n\t\t\t\t<div class=\"elementor-widget-container\">\n\t\t\t\t\t<h3 class=\"elementor-heading-title elementor-size-default\">Weitere Themen, die Sie interessieren k\u00f6nnten<\/h3>\t\t\t\t<\/div>\n\t\t\t\t<\/div>\n\t\t\t\t<div class=\"elementor-element elementor-element-f755ef8 elementor-widget elementor-widget-raven-posts\" data-id=\"f755ef8\" data-element_type=\"widget\" data-settings=\"{&quot;classic_columns&quot;:&quot;4&quot;,&quot;query_posts_per_page&quot;:3,&quot;classic_columns_tablet&quot;:&quot;3&quot;,&quot;_skin&quot;:&quot;classic&quot;,&quot;classic_layout&quot;:&quot;grid&quot;,&quot;classic_columns_mobile&quot;:&quot;1&quot;,&quot;query_offset&quot;:0}\" data-widget_type=\"raven-posts.classic\">\n\t\t\t\t<div class=\"elementor-widget-container\">\n\t\t\t\t\t\t\t<div class=\"raven-posts raven-grid raven-grid-4 raven-grid-mobile-1 raven-grid-tablet-3\" data-post-id=\"725\" data-archive-query=\"\" data-lang=\"\">\n\t\t\t\t<div class=\"raven-grid-item raven-post-item post-1133 page type-page status-publish has-post-thumbnail hentry\">\n\t\t\t<div class=\"raven-post elementor-animation-grow\">\n\t\t\t\t\t\t<div class=\"raven-post-image-wrap\">\n\t\t\t<a class=\"raven-post-image raven-image-fit\" href=\"https:\/\/phsg-jahresbericht.ch\/2021\/ueber-uns\/rektorat\/\"><img loading=\"lazy\" decoding=\"async\" width=\"1200\" height=\"800\" src=\"https:\/\/phsg-jahresbericht.ch\/2021\/wp-content\/uploads\/sites\/2\/Rektorat-PHSG-Jahresbericht.jpg\" class=\"attachment-large size-large wp-image-1499\" alt=\"\" srcset=\"https:\/\/phsg-jahresbericht.ch\/2021\/wp-content\/uploads\/sites\/2\/Rektorat-PHSG-Jahresbericht.jpg 1200w, https:\/\/phsg-jahresbericht.ch\/2021\/wp-content\/uploads\/sites\/2\/Rektorat-PHSG-Jahresbericht-768x512.jpg 768w\" sizes=\"(max-width: 1200px) 100vw, 1200px\" \/> <span class=\"raven-post-image-overlay\"><\/span><\/a>\t\t<\/div>\n\t\t\t\t\t\t<div class=\"raven-post-content\">\n\t\t\t\t\t<h3 class=\"raven-post-title\"><a class=\"raven-post-title-link\" href=\"https:\/\/phsg-jahresbericht.ch\/2021\/ueber-uns\/rektorat\/\">Rektorat<\/a><\/h3>\t\t\t\t<\/div>\n\t\t\t<\/div>\n\t\t<\/div>\n\t\t\t\t<div class=\"raven-grid-item raven-post-item post-768 page type-page status-publish has-post-thumbnail hentry\">\n\t\t\t<div class=\"raven-post elementor-animation-grow\">\n\t\t\t\t\t\t<div class=\"raven-post-image-wrap\">\n\t\t\t<a class=\"raven-post-image raven-image-fit\" href=\"https:\/\/phsg-jahresbericht.ch\/2021\/zahlen-fakten\/personalbestand\/\"><img loading=\"lazy\" decoding=\"async\" width=\"1200\" height=\"630\" src=\"https:\/\/phsg-jahresbericht.ch\/2021\/wp-content\/uploads\/sites\/2\/Personalbestand-PHSG-Jahresbericht.jpg\" class=\"attachment-large size-large wp-image-2009\" alt=\"\" srcset=\"https:\/\/phsg-jahresbericht.ch\/2021\/wp-content\/uploads\/sites\/2\/Personalbestand-PHSG-Jahresbericht.jpg 1200w, https:\/\/phsg-jahresbericht.ch\/2021\/wp-content\/uploads\/sites\/2\/Personalbestand-PHSG-Jahresbericht-768x403.jpg 768w\" sizes=\"(max-width: 1200px) 100vw, 1200px\" \/> <span class=\"raven-post-image-overlay\"><\/span><\/a>\t\t<\/div>\n\t\t\t\t\t\t<div class=\"raven-post-content\">\n\t\t\t\t\t<h3 class=\"raven-post-title\"><a class=\"raven-post-title-link\" href=\"https:\/\/phsg-jahresbericht.ch\/2021\/zahlen-fakten\/personalbestand\/\">Personalbestand<\/a><\/h3>\t\t\t\t<\/div>\n\t\t\t<\/div>\n\t\t<\/div>\n\t\t\t\t<div class=\"raven-grid-item raven-post-item post-1152 page type-page status-publish has-post-thumbnail hentry\">\n\t\t\t<div class=\"raven-post elementor-animation-grow\">\n\t\t\t\t\t\t<div class=\"raven-post-image-wrap\">\n\t\t\t<a class=\"raven-post-image raven-image-fit\" href=\"https:\/\/phsg-jahresbericht.ch\/2021\/zahlen-fakten\/studierendenzahlen\/\"><img loading=\"lazy\" decoding=\"async\" width=\"1200\" height=\"630\" src=\"https:\/\/phsg-jahresbericht.ch\/2021\/wp-content\/uploads\/sites\/2\/Studierendenzahlen-PHSG-Jahresbericht.jpg\" class=\"attachment-large size-large wp-image-2010\" alt=\"\" srcset=\"https:\/\/phsg-jahresbericht.ch\/2021\/wp-content\/uploads\/sites\/2\/Studierendenzahlen-PHSG-Jahresbericht.jpg 1200w, https:\/\/phsg-jahresbericht.ch\/2021\/wp-content\/uploads\/sites\/2\/Studierendenzahlen-PHSG-Jahresbericht-768x403.jpg 768w\" sizes=\"(max-width: 1200px) 100vw, 1200px\" \/> <span class=\"raven-post-image-overlay\"><\/span><\/a>\t\t<\/div>\n\t\t\t\t\t\t<div class=\"raven-post-content\">\n\t\t\t\t\t<h3 class=\"raven-post-title\"><a class=\"raven-post-title-link\" href=\"https:\/\/phsg-jahresbericht.ch\/2021\/zahlen-fakten\/studierendenzahlen\/\">Studierendenzahlen<\/a><\/h3>\t\t\t\t<\/div>\n\t\t\t<\/div>\n\t\t<\/div>\n\t\t\t\t<\/div>\n\t\t\t\t\t\t<\/div>\n\t\t\t\t<\/div>\n\t\t\t\t<div class=\"elementor-element elementor-element-8fd49b2 elementor-widget elementor-widget-spacer\" data-id=\"8fd49b2\" data-element_type=\"widget\" data-widget_type=\"spacer.default\">\n\t\t\t\t<div class=\"elementor-widget-container\">\n\t\t\t\t\t\t\t<div class=\"elementor-spacer\">\n\t\t\t<div class=\"elementor-spacer-inner\"><\/div>\n\t\t<\/div>\n\t\t\t\t\t\t<\/div>\n\t\t\t\t<\/div>\n\t\t\t\t\t<\/div>\n\t\t<\/div>\n\t\t\t\t\t<\/div>\n\t\t<\/section>\n\t\t\t\t<\/div>\n\t\t\t\t<\/div>\n\t\t\t\t\t\t<\/div>\n\t\t\t\t<\/div>\n\t\t\t\t\t<\/div>\n\t\t<\/div>\n\t\t\t\t\t<\/div>\n\t\t<\/section>\n\t\t\t\t<\/div>\n\t\t","protected":false},"excerpt":{"rendered":"<p>Leistungsbereiche Die Angebote, Projekte und Akteure in den Bereichen Weiterbildung und Dienstleistungen sind vielf\u00e4ltig. Der intensive Austausch innerhalb der PHSG, mit anderen Hochschulen und der Praxis sowie die Zusammenarbeit mit externen Kooperationspartnern leisten einen wichtigen Beitrag zur Weiterentwicklung und fortlaufenden Professionalisierung von Lehrpersonen und Schulen. Institut Weiterbildung und Beratung Das Jahr 2021 stand im Institut [&hellip;]<\/p>\n","protected":false},"author":1,"featured_media":1568,"parent":1261,"menu_order":0,"comment_status":"closed","ping_status":"closed","template":"elementor_header_footer","meta":{"_acf_changed":false,"footnotes":""},"class_list":["post-622","page","type-page","status-publish","has-post-thumbnail","hentry"],"acf":[],"_links":{"self":[{"href":"https:\/\/phsg-jahresbericht.ch\/2021\/wp-json\/wp\/v2\/pages\/622","targetHints":{"allow":["GET"]}}],"collection":[{"href":"https:\/\/phsg-jahresbericht.ch\/2021\/wp-json\/wp\/v2\/pages"}],"about":[{"href":"https:\/\/phsg-jahresbericht.ch\/2021\/wp-json\/wp\/v2\/types\/page"}],"author":[{"embeddable":true,"href":"https:\/\/phsg-jahresbericht.ch\/2021\/wp-json\/wp\/v2\/users\/1"}],"replies":[{"embeddable":true,"href":"https:\/\/phsg-jahresbericht.ch\/2021\/wp-json\/wp\/v2\/comments?post=622"}],"version-history":[{"count":56,"href":"https:\/\/phsg-jahresbericht.ch\/2021\/wp-json\/wp\/v2\/pages\/622\/revisions"}],"predecessor-version":[{"id":2757,"href":"https:\/\/phsg-jahresbericht.ch\/2021\/wp-json\/wp\/v2\/pages\/622\/revisions\/2757"}],"up":[{"embeddable":true,"href":"https:\/\/phsg-jahresbericht.ch\/2021\/wp-json\/wp\/v2\/pages\/1261"}],"wp:featuredmedia":[{"embeddable":true,"href":"https:\/\/phsg-jahresbericht.ch\/2021\/wp-json\/wp\/v2\/media\/1568"}],"wp:attachment":[{"href":"https:\/\/phsg-jahresbericht.ch\/2021\/wp-json\/wp\/v2\/media?parent=622"}],"curies":[{"name":"wp","href":"https:\/\/api.w.org\/{rel}","templated":true}]}}