{"id":452,"date":"2022-04-06T19:00:36","date_gmt":"2022-04-06T17:00:36","guid":{"rendered":"https:\/\/phsg-jahresbericht.ch\/2021\/?page_id=452"},"modified":"2023-02-02T13:02:34","modified_gmt":"2023-02-02T12:02:34","slug":"ausbildung","status":"publish","type":"page","link":"https:\/\/phsg-jahresbericht.ch\/2021\/leistungsbereiche\/ausbildung\/","title":{"rendered":"Ausbildung"},"content":{"rendered":"\t\t<div data-elementor-type=\"wp-page\" data-elementor-id=\"452\" class=\"elementor elementor-452\" data-elementor-post-type=\"page\">\n\t\t\t\t\t\t<section class=\"elementor-section elementor-top-section elementor-element elementor-element-45a9c11 elementor-section-height-min-height elementor-section-boxed elementor-section-height-default elementor-section-items-middle\" data-id=\"45a9c11\" data-element_type=\"section\" data-settings=\"{&quot;jet_parallax_layout_list&quot;:[]}\">\n\t\t\t\t\t\t<div class=\"elementor-container elementor-column-gap-default\">\n\t\t\t\t\t<div class=\"elementor-column elementor-col-100 elementor-top-column elementor-element elementor-element-9e6c6b6\" data-id=\"9e6c6b6\" data-element_type=\"column\">\n\t\t\t<div class=\"elementor-widget-wrap elementor-element-populated\">\n\t\t\t\t\t\t<div class=\"elementor-element elementor-element-719deeb elementor-widget elementor-widget-heading\" data-id=\"719deeb\" data-element_type=\"widget\" id=\"subtitle-underline\" data-widget_type=\"heading.default\">\n\t\t\t\t<div class=\"elementor-widget-container\">\n\t\t\t\t\t<h3 class=\"elementor-heading-title elementor-size-default\">Leistungsbereiche<\/h3>\t\t\t\t<\/div>\n\t\t\t\t<\/div>\n\t\t\t\t<div class=\"elementor-element elementor-element-e780e84 elementor-widget elementor-widget-heading\" data-id=\"e780e84\" data-element_type=\"widget\" data-widget_type=\"heading.default\">\n\t\t\t\t<div class=\"elementor-widget-container\">\n\t\t\t\t\t<h3 class=\"elementor-heading-title elementor-size-default\">Im Bereich der Ausbildung wurden an der PHSG strukturelle Anpassungen vorgenommen. S\u00e4mtliche Studieng\u00e4nge sind in einem Prorektorat zusammengef\u00fchrt worden.<\/h3>\t\t\t\t<\/div>\n\t\t\t\t<\/div>\n\t\t\t\t\t<\/div>\n\t\t<\/div>\n\t\t\t\t\t<\/div>\n\t\t<\/section>\n\t\t\t\t<section class=\"elementor-section elementor-top-section elementor-element elementor-element-040945e elementor-section-full_width elementor-section-height-default elementor-section-height-default\" data-id=\"040945e\" data-element_type=\"section\" data-settings=\"{&quot;jet_parallax_layout_list&quot;:[]}\">\n\t\t\t\t\t\t<div class=\"elementor-container elementor-column-gap-default\">\n\t\t\t\t\t<div class=\"elementor-column elementor-col-100 elementor-top-column elementor-element elementor-element-be1b5d0\" data-id=\"be1b5d0\" data-element_type=\"column\">\n\t\t\t<div class=\"elementor-widget-wrap elementor-element-populated\">\n\t\t\t\t\t\t<div class=\"elementor-element elementor-element-73b76cc elementor-widget elementor-widget-image\" data-id=\"73b76cc\" data-element_type=\"widget\" data-widget_type=\"image.default\">\n\t\t\t\t<div class=\"elementor-widget-container\">\n\t\t\t\t\t\t\t\t\t\t\t\t\t\t\t<img fetchpriority=\"high\" decoding=\"async\" width=\"2560\" height=\"1116\" src=\"https:\/\/phsg-jahresbericht.ch\/2021\/wp-content\/uploads\/sites\/2\/Ausbildung-Headerbild-PHSG-Jahresbericht-3-scaled.jpg\" class=\"attachment-large size-large wp-image-1811\" alt=\"\" srcset=\"https:\/\/phsg-jahresbericht.ch\/2021\/wp-content\/uploads\/sites\/2\/Ausbildung-Headerbild-PHSG-Jahresbericht-3-scaled.jpg 2560w, https:\/\/phsg-jahresbericht.ch\/2021\/wp-content\/uploads\/sites\/2\/Ausbildung-Headerbild-PHSG-Jahresbericht-3-768x335.jpg 768w, https:\/\/phsg-jahresbericht.ch\/2021\/wp-content\/uploads\/sites\/2\/Ausbildung-Headerbild-PHSG-Jahresbericht-3-1536x670.jpg 1536w, https:\/\/phsg-jahresbericht.ch\/2021\/wp-content\/uploads\/sites\/2\/Ausbildung-Headerbild-PHSG-Jahresbericht-3-2048x893.jpg 2048w\" sizes=\"(max-width: 2560px) 100vw, 2560px\" \/>\t\t\t\t\t\t\t\t\t\t\t\t\t\t\t<\/div>\n\t\t\t\t<\/div>\n\t\t\t\t\t<\/div>\n\t\t<\/div>\n\t\t\t\t\t<\/div>\n\t\t<\/section>\n\t\t\t\t<section class=\"elementor-section elementor-top-section elementor-element elementor-element-50e362cb elementor-section-boxed elementor-section-height-default elementor-section-height-default\" data-id=\"50e362cb\" data-element_type=\"section\" data-settings=\"{&quot;jet_parallax_layout_list&quot;:[]}\">\n\t\t\t\t\t\t<div class=\"elementor-container elementor-column-gap-default\">\n\t\t\t\t\t<div class=\"elementor-column elementor-col-100 elementor-top-column elementor-element elementor-element-3f2d81ce\" data-id=\"3f2d81ce\" data-element_type=\"column\">\n\t\t\t<div class=\"elementor-widget-wrap elementor-element-populated\">\n\t\t\t\t\t\t<div class=\"elementor-element elementor-element-29eed528 elementor-widget elementor-widget-text-editor\" data-id=\"29eed528\" data-element_type=\"widget\" data-widget_type=\"text-editor.default\">\n\t\t\t\t<div class=\"elementor-widget-container\">\n\t\t\t\t\t\t\t\t\t<p class=\"p1\">\nIm September 2021 konnte das neu gebildete Prorektorat Ausbildung unter der Leitung von Prof. Dr. Doreen Holtsch starten. Darin vereint sind die beiden ehemaligen Prorektorate Kindergarten- und Primarstufe und Sekundarstufe I und II sowie die Masterprogramme. Mit der Zusammenf\u00fchrung aller Studieng\u00e4nge in einem Prorektorat sind Ziele wie die Weiterentwicklung der Zusammenarbeit und der Ausbau von Synergien zwischen den Studieng\u00e4ngen verbunden.<\/p>\t\t\t\t\t\t\t\t<\/div>\n\t\t\t\t<\/div>\n\t\t\t\t\t<\/div>\n\t\t<\/div>\n\t\t\t\t\t<\/div>\n\t\t<\/section>\n\t\t\t\t<section class=\"elementor-section elementor-top-section elementor-element elementor-element-8370cdd elementor-section-boxed elementor-section-height-default elementor-section-height-default\" data-id=\"8370cdd\" data-element_type=\"section\" data-settings=\"{&quot;jet_parallax_layout_list&quot;:[]}\">\n\t\t\t\t\t\t<div class=\"elementor-container elementor-column-gap-default\">\n\t\t\t\t\t<div class=\"elementor-column elementor-col-100 elementor-top-column elementor-element elementor-element-58a79a6\" data-id=\"58a79a6\" data-element_type=\"column\">\n\t\t\t<div class=\"elementor-widget-wrap elementor-element-populated\">\n\t\t\t\t\t\t<div class=\"elementor-element elementor-element-6eeadf4 elementor-widget elementor-widget-jet-accordion\" data-id=\"6eeadf4\" data-element_type=\"widget\" data-widget_type=\"jet-accordion.default\">\n\t\t\t\t<div class=\"elementor-widget-container\">\n\t\t\t\t\t\t\t<div class=\"jet-accordion\" data-settings=\"{&quot;collapsible&quot;:false,&quot;ajaxTemplate&quot;:false,&quot;switchScrolling&quot;:false,&quot;switchScrollingOffset&quot;:0,&quot;switchScrollingDelay&quot;:500}\">\n\t\t\t<div class=\"jet-accordion__inner\">\n\t\t\t\t<div class=\" jet-accordion__item jet-toggle jet-toggle-move-up-effect \">\n\t\t\t\t\t\t\t<div id=\"jet-toggle-control-1161\" class=\"jet-toggle__control elementor-menu-anchor\" data-toggle=\"1\" role=\"button\" tabindex=\"0\" aria-controls=\"jet-toggle-content-1161\" aria-expanded=\"false\" data-template-id=\"465\">\n\t\t\t\t\t\t\t\t<div class=\"jet-toggle__label-icon jet-toggle-icon-position-left\"><span class=\"jet-toggle__icon icon-normal jet-tabs-icon\"><i class=\"fas fa-plus\"><\/i><\/span><span class=\"jet-toggle__icon icon-active jet-tabs-icon\"><i class=\"fas fa-minus\"><\/i><\/span><\/div><div class=\"jet-toggle__label-text\">Studiengang Kindergarten- und Primarstufe<\/div>\t\t\t\t\t\t\t<\/div>\n\t\t\t\t\t\t\t<div id=\"jet-toggle-content-1161\" class=\"jet-toggle__content\" data-toggle=\"1\" role=\"region\" data-template-id=\"465\">\n\t\t\t\t\t\t\t\t<div class=\"jet-toggle__content-inner\">\t\t<div data-elementor-type=\"section\" data-elementor-id=\"465\" class=\"elementor elementor-465\" data-elementor-post-type=\"elementor_library\">\n\t\t\t\t\t<section class=\"elementor-section elementor-top-section elementor-element elementor-element-763924b elementor-section-boxed elementor-section-height-default elementor-section-height-default\" data-id=\"763924b\" data-element_type=\"section\" data-settings=\"{&quot;jet_parallax_layout_list&quot;:[],&quot;background_background&quot;:&quot;classic&quot;}\">\n\t\t\t\t\t\t<div class=\"elementor-container elementor-column-gap-default\">\n\t\t\t\t\t<div class=\"elementor-column elementor-col-100 elementor-top-column elementor-element elementor-element-3d36a9c\" data-id=\"3d36a9c\" data-element_type=\"column\">\n\t\t\t<div class=\"elementor-widget-wrap elementor-element-populated\">\n\t\t\t\t\t\t<div class=\"elementor-element elementor-element-bf81a25 elementor-widget elementor-widget-heading\" data-id=\"bf81a25\" data-element_type=\"widget\" data-widget_type=\"heading.default\">\n\t\t\t\t<div class=\"elementor-widget-container\">\n\t\t\t\t\t<h4 class=\"elementor-heading-title elementor-size-default\">Im vergangenen Jahr konnte im Studiengang Kindergarten- und Primarstufe das neue Schwerpunktstudium \u00abFilm ab!\u00bb zum ersten Mal durchgef\u00fchrt werden. Zudem wurden spannende kulturelle Angebote im digitalen Bereich entwickelt, die ohne die pandemiebedingten Einschr\u00e4nkungen nicht entstanden w\u00e4ren.<\/h4>\t\t\t\t<\/div>\n\t\t\t\t<\/div>\n\t\t\t\t<div class=\"elementor-element elementor-element-362df2e elementor-widget elementor-widget-text-editor\" data-id=\"362df2e\" data-element_type=\"widget\" data-widget_type=\"text-editor.default\">\n\t\t\t\t<div class=\"elementor-widget-container\">\n\t\t\t\t\t\t\t\t\t<p class=\"p1\"><strong>Neues Schwerpunktstudium<\/strong><br \/>Im Schwerpunktstudium \u00abFilm ab!\u00bb setzen sich die Studierenden mit verschiedenen Filmarten und Techniken auseinander. Sie erarbeiten die Inhalte ihrer Filme selbst und gestalten sie so, wie sie auch in der Volksschule entwickelt werden k\u00f6nnten. Das Schwerpunktstudium \u00abFilm ab!\u00bb wurde 2021 erstmals angeboten. Das Interesse der Studierenden war\u00a0gross, und die Filme wurden\u00a0im Cin\u00e9treff in Herisau gezeigt. Mit \u00abFilm ab!\u00bb konnte im Studiengang ein weiteres kulturelles Angebot geschaffen und eine Verbindung zum Kulturtag hergestellt werden.<\/p><p><strong>Zeit f\u00fcr eine \u00abkulturpause\u00bb<\/strong><br \/>Als Alternative zu abgesagten und verschobenen Veranstaltungen haben die Verantwortlichen von \u00abKultur@phsg Rorschach\u00bb in Zusammenarbeit mit zahlreichen Studierenden das Gef\u00e4ss \u00abkulturpause\u00bb geschaffen. Studierende und Dozierende gestalteten insgesamt 21 vielf\u00e4ltige, k\u00fcnstlerische Kulturpausen, die jeweils dienstags auf YouTube, Facebook und Instagram ver\u00f6ffentlicht wurden. Sie waren eine wunderbare, stimmungsvolle und willkommene Abwechslung und Bereicherung im Studien- und Arbeitsalltag.<\/p>\t\t\t\t\t\t\t\t<\/div>\n\t\t\t\t<\/div>\n\t\t\t\t\t<\/div>\n\t\t<\/div>\n\t\t\t\t\t<\/div>\n\t\t<\/section>\n\t\t\t\t<section class=\"elementor-section elementor-top-section elementor-element elementor-element-586dcea elementor-section-boxed elementor-section-height-default elementor-section-height-default\" data-id=\"586dcea\" data-element_type=\"section\" data-settings=\"{&quot;jet_parallax_layout_list&quot;:[],&quot;background_background&quot;:&quot;classic&quot;}\">\n\t\t\t\t\t\t<div class=\"elementor-container elementor-column-gap-default\">\n\t\t\t\t\t<div class=\"elementor-column elementor-col-100 elementor-top-column elementor-element elementor-element-45aba3f\" data-id=\"45aba3f\" data-element_type=\"column\">\n\t\t\t<div class=\"elementor-widget-wrap elementor-element-populated\">\n\t\t\t\t\t\t<div class=\"elementor-element elementor-element-e72b99f elementor-widget elementor-widget-video\" data-id=\"e72b99f\" data-element_type=\"widget\" data-settings=\"{&quot;youtube_url&quot;:&quot;https:\\\/\\\/youtu.be\\\/d0igH9e67Vs&quot;,&quot;video_type&quot;:&quot;youtube&quot;,&quot;controls&quot;:&quot;yes&quot;}\" data-widget_type=\"video.default\">\n\t\t\t\t<div class=\"elementor-widget-container\">\n\t\t\t\t\t\t\t<div class=\"elementor-wrapper elementor-open-inline\">\n\t\t\t<div class=\"elementor-video\"><\/div>\t\t<\/div>\n\t\t\t\t\t\t<\/div>\n\t\t\t\t<\/div>\n\t\t\t\t\t<\/div>\n\t\t<\/div>\n\t\t\t\t\t<\/div>\n\t\t<\/section>\n\t\t\t\t<section class=\"elementor-section elementor-top-section elementor-element elementor-element-3138cd3 elementor-section-boxed elementor-section-height-default elementor-section-height-default\" data-id=\"3138cd3\" data-element_type=\"section\" data-settings=\"{&quot;jet_parallax_layout_list&quot;:[],&quot;background_background&quot;:&quot;classic&quot;}\">\n\t\t\t\t\t\t<div class=\"elementor-container elementor-column-gap-default\">\n\t\t\t\t\t<div class=\"elementor-column elementor-col-100 elementor-top-column elementor-element elementor-element-a12db22\" data-id=\"a12db22\" data-element_type=\"column\">\n\t\t\t<div class=\"elementor-widget-wrap elementor-element-populated\">\n\t\t\t\t\t\t<div class=\"elementor-element elementor-element-b87a4e1 elementor-widget elementor-widget-text-editor\" data-id=\"b87a4e1\" data-element_type=\"widget\" data-widget_type=\"text-editor.default\">\n\t\t\t\t<div class=\"elementor-widget-container\">\n\t\t\t\t\t\t\t\t\t<p class=\"p1\"><strong style=\"color: var( --e-global-color-primary ); font-family: var( --e-global-typography-text-font-family ), Sans-serif;\">\u00a0<\/strong><\/p><p class=\"p1\"><strong style=\"color: var( --e-global-color-primary ); font-family: var( --e-global-typography-text-font-family ), Sans-serif;\">Musical und Theater<\/strong><\/p><p>Ein Musical ohne B\u00fchne, Publikum und Auff\u00fchrung? Kaum m\u00f6glich, so k\u00f6nnte man meinen. Mit viel Kreativit\u00e4t trotzten die Darstellenden den erschwerten Bedingungen und entwickelten einen Film zum Musical \u00abDie Furtigen\u00bb, das eigentlich f\u00fcr die B\u00fchne gedacht war. Einf\u00fchlsam und vorsichtig bearbeiteten sie Ausz\u00fcge, Situationen und Personen aus der Geschichte des Zweiten Weltkrieges mit einem Schwerpunktbezug zum Rheintal.<\/p>\t\t\t\t\t\t\t\t<\/div>\n\t\t\t\t<\/div>\n\t\t\t\t\t<\/div>\n\t\t<\/div>\n\t\t\t\t\t<\/div>\n\t\t<\/section>\n\t\t\t\t<section class=\"elementor-section elementor-top-section elementor-element elementor-element-a6d4814 elementor-section-boxed elementor-section-height-default elementor-section-height-default\" data-id=\"a6d4814\" data-element_type=\"section\" data-settings=\"{&quot;jet_parallax_layout_list&quot;:[],&quot;background_background&quot;:&quot;classic&quot;}\">\n\t\t\t\t\t\t<div class=\"elementor-container elementor-column-gap-default\">\n\t\t\t\t\t<div class=\"elementor-column elementor-col-100 elementor-top-column elementor-element elementor-element-aa90187\" data-id=\"aa90187\" data-element_type=\"column\">\n\t\t\t<div class=\"elementor-widget-wrap elementor-element-populated\">\n\t\t\t\t\t\t<div class=\"elementor-element elementor-element-28bbdc4 elementor-widget elementor-widget-video\" data-id=\"28bbdc4\" data-element_type=\"widget\" data-settings=\"{&quot;youtube_url&quot;:&quot;https:\\\/\\\/youtu.be\\\/Gf6o0JuXZb4&quot;,&quot;video_type&quot;:&quot;youtube&quot;,&quot;controls&quot;:&quot;yes&quot;}\" data-widget_type=\"video.default\">\n\t\t\t\t<div class=\"elementor-widget-container\">\n\t\t\t\t\t\t\t<div class=\"elementor-wrapper elementor-open-inline\">\n\t\t\t<div class=\"elementor-video\"><\/div>\t\t<\/div>\n\t\t\t\t\t\t<\/div>\n\t\t\t\t<\/div>\n\t\t\t\t\t<\/div>\n\t\t<\/div>\n\t\t\t\t\t<\/div>\n\t\t<\/section>\n\t\t\t\t<section class=\"elementor-section elementor-top-section elementor-element elementor-element-16865c6 elementor-section-boxed elementor-section-height-default elementor-section-height-default\" data-id=\"16865c6\" data-element_type=\"section\" data-settings=\"{&quot;jet_parallax_layout_list&quot;:[],&quot;background_background&quot;:&quot;classic&quot;}\">\n\t\t\t\t\t\t<div class=\"elementor-container elementor-column-gap-default\">\n\t\t\t\t\t<div class=\"elementor-column elementor-col-100 elementor-top-column elementor-element elementor-element-9941abc\" data-id=\"9941abc\" data-element_type=\"column\">\n\t\t\t<div class=\"elementor-widget-wrap elementor-element-populated\">\n\t\t\t\t\t\t<div class=\"elementor-element elementor-element-e2b683b elementor-widget elementor-widget-text-editor\" data-id=\"e2b683b\" data-element_type=\"widget\" data-widget_type=\"text-editor.default\">\n\t\t\t\t<div class=\"elementor-widget-container\">\n\t\t\t\t\t\t\t\t\t<p class=\"p1\"><span style=\"color: var( --e-global-color-primary ); font-family: var( --e-global-typography-text-font-family ), Sans-serif; font-weight: var( --e-global-typography-text-font-weight );\">\u00a0<\/span><\/p><p class=\"p1\"><span style=\"color: var( --e-global-color-primary ); font-family: var( --e-global-typography-text-font-family ), Sans-serif; font-weight: var( --e-global-typography-text-font-weight );\">Im Dezember konnte dann doch noch ein Theaterst\u00fcck vor Publikum aufgef\u00fchrt werden. Die Rahmenbedingungen erlaubten es, dass die Studierenden des Freifachs Theater wieder auftreten durften. Im Theaterst\u00fcck \u00abEins bis drei \u2013 eine Maskerade in verschiedenen Quantit\u00e4ten\u00bb pr\u00e4sentierten sie ihr K\u00f6nnen. Das St\u00fcck ist eine Collage aus Texten des britischen Psychiaters Ronald D. Laing, kombiniert mit kurzen Maskenszenen der Schauspielenden, die unter der Leitung von Kristin Ludin und Bj\u00f6rn Reifler, Co-Leitende der Fachstelle Theater der PHSG, entwickelt wurden.<\/span><\/p>\t\t\t\t\t\t\t\t<\/div>\n\t\t\t\t<\/div>\n\t\t\t\t\t<\/div>\n\t\t<\/div>\n\t\t\t\t\t<\/div>\n\t\t<\/section>\n\t\t\t\t<section class=\"elementor-section elementor-top-section elementor-element elementor-element-edf2851 elementor-section-boxed elementor-section-height-default elementor-section-height-default\" data-id=\"edf2851\" data-element_type=\"section\" data-settings=\"{&quot;jet_parallax_layout_list&quot;:[],&quot;background_background&quot;:&quot;classic&quot;}\">\n\t\t\t\t\t\t<div class=\"elementor-container elementor-column-gap-default\">\n\t\t\t\t\t<div class=\"elementor-column elementor-col-100 elementor-top-column elementor-element elementor-element-6cce7f8\" data-id=\"6cce7f8\" data-element_type=\"column\">\n\t\t\t<div class=\"elementor-widget-wrap elementor-element-populated\">\n\t\t\t\t\t\t<div class=\"elementor-element elementor-element-7f6f23f elementor-widget elementor-widget-image\" data-id=\"7f6f23f\" data-element_type=\"widget\" data-widget_type=\"image.default\">\n\t\t\t\t<div class=\"elementor-widget-container\">\n\t\t\t\t\t\t\t\t\t\t\t\t\t\t\t<img decoding=\"async\" width=\"2160\" height=\"692\" src=\"https:\/\/phsg-jahresbericht.ch\/2021\/wp-content\/uploads\/sites\/2\/Film-Trailer_Theater_eins-bis-drei.jpg\" class=\"attachment-large size-large wp-image-470\" alt=\"\" srcset=\"https:\/\/phsg-jahresbericht.ch\/2021\/wp-content\/uploads\/sites\/2\/Film-Trailer_Theater_eins-bis-drei.jpg 2160w, https:\/\/phsg-jahresbericht.ch\/2021\/wp-content\/uploads\/sites\/2\/Film-Trailer_Theater_eins-bis-drei-768x246.jpg 768w, https:\/\/phsg-jahresbericht.ch\/2021\/wp-content\/uploads\/sites\/2\/Film-Trailer_Theater_eins-bis-drei-1536x492.jpg 1536w, https:\/\/phsg-jahresbericht.ch\/2021\/wp-content\/uploads\/sites\/2\/Film-Trailer_Theater_eins-bis-drei-2048x656.jpg 2048w\" sizes=\"(max-width: 2160px) 100vw, 2160px\" \/>\t\t\t\t\t\t\t\t\t\t\t\t\t\t\t<\/div>\n\t\t\t\t<\/div>\n\t\t\t\t<div class=\"elementor-element elementor-element-f20f695 elementor-widget elementor-widget-video\" data-id=\"f20f695\" data-element_type=\"widget\" data-settings=\"{&quot;youtube_url&quot;:&quot;https:\\\/\\\/youtu.be\\\/0M8WcnOwvl8&quot;,&quot;video_type&quot;:&quot;youtube&quot;,&quot;controls&quot;:&quot;yes&quot;}\" data-widget_type=\"video.default\">\n\t\t\t\t<div class=\"elementor-widget-container\">\n\t\t\t\t\t\t\t<div class=\"elementor-wrapper elementor-open-inline\">\n\t\t\t<div class=\"elementor-video\"><\/div>\t\t<\/div>\n\t\t\t\t\t\t<\/div>\n\t\t\t\t<\/div>\n\t\t\t\t\t<\/div>\n\t\t<\/div>\n\t\t\t\t\t<\/div>\n\t\t<\/section>\n\t\t\t\t<\/div>\n\t\t<\/div>\n\t\t\t\t\t\t\t<\/div>\n\t\t\t\t\t\t<\/div><div class=\" jet-accordion__item jet-toggle jet-toggle-move-up-effect \">\n\t\t\t\t\t\t\t<div id=\"jet-toggle-control-1162\" class=\"jet-toggle__control elementor-menu-anchor\" data-toggle=\"2\" role=\"button\" tabindex=\"0\" aria-controls=\"jet-toggle-content-1162\" aria-expanded=\"false\" data-template-id=\"479\">\n\t\t\t\t\t\t\t\t<div class=\"jet-toggle__label-icon jet-toggle-icon-position-left\"><span class=\"jet-toggle__icon icon-normal jet-tabs-icon\"><i class=\"fas fa-plus\"><\/i><\/span><span class=\"jet-toggle__icon icon-active jet-tabs-icon\"><i class=\"fas fa-minus\"><\/i><\/span><\/div><div class=\"jet-toggle__label-text\">Studiengang Sekundarstufe I<\/div>\t\t\t\t\t\t\t<\/div>\n\t\t\t\t\t\t\t<div id=\"jet-toggle-content-1162\" class=\"jet-toggle__content\" data-toggle=\"2\" role=\"region\" data-template-id=\"479\">\n\t\t\t\t\t\t\t\t<div class=\"jet-toggle__content-inner\">\t\t<div data-elementor-type=\"section\" data-elementor-id=\"479\" class=\"elementor elementor-479\" data-elementor-post-type=\"elementor_library\">\n\t\t\t\t\t<section class=\"elementor-section elementor-top-section elementor-element elementor-element-7fa6519 elementor-section-boxed elementor-section-height-default elementor-section-height-default\" data-id=\"7fa6519\" data-element_type=\"section\" data-settings=\"{&quot;jet_parallax_layout_list&quot;:[],&quot;background_background&quot;:&quot;classic&quot;}\">\n\t\t\t\t\t\t<div class=\"elementor-container elementor-column-gap-default\">\n\t\t\t\t\t<div class=\"elementor-column elementor-col-100 elementor-top-column elementor-element elementor-element-9025653\" data-id=\"9025653\" data-element_type=\"column\">\n\t\t\t<div class=\"elementor-widget-wrap elementor-element-populated\">\n\t\t\t\t\t\t<div class=\"elementor-element elementor-element-a9cffe8 elementor-widget elementor-widget-heading\" data-id=\"a9cffe8\" data-element_type=\"widget\" data-widget_type=\"heading.default\">\n\t\t\t\t<div class=\"elementor-widget-container\">\n\t\t\t\t\t<h4 class=\"elementor-heading-title elementor-size-default\">Einschneidende Ver\u00e4nderungen auf struktureller Ebene, die Durchf\u00fchrung mehrerer Projekte mit grosser Aussenwirkung sowie einige kulturelle Highlights pr\u00e4gten das Jahr 2021. Gleichzeitig stellte sich eine gewisse Routine im Umgang mit pandemiebedingten Anpassungen und den neuen Lehr-Lernsettings ein, welche die teilweise R\u00fcckkehr in den Pr\u00e4senzunterricht erleichterte.<\/h4>\t\t\t\t<\/div>\n\t\t\t\t<\/div>\n\t\t\t\t<div class=\"elementor-element elementor-element-6411d6b elementor-widget elementor-widget-text-editor\" data-id=\"6411d6b\" data-element_type=\"widget\" data-widget_type=\"text-editor.default\">\n\t\t\t\t<div class=\"elementor-widget-container\">\n\t\t\t\t\t\t\t\t\t<p><strong>Mehr Biodiversit\u00e4t in Gossau<\/strong><br \/>Am Standort Gossau fand im Mai zusammen mit dem Oberstufenzentrum Buechenwald die Projektwoche \u00abNature Project\u00bb statt. Dabei wurde das Gel\u00e4nde zwischen dem Hochschulgeb\u00e4ude und dem OZ Buechenwald von den Studierenden, gemeinsam mit den Sch\u00fclerinnen und Sch\u00fclern, \u00f6kologisch aufgewertet. Das Projekt leistet damit einen Beitrag zum Wissens- und Kompetenztransfer sowie zur nachhaltigen Entwicklung, welche auch zwei strategische Schwerpunkte der PHSG sind.<\/p><p>Verantwortlich f\u00fcr das Projekt waren Patrick Kunz, Dozent f\u00fcr Biologie an der PHSG, und Elisabeth Tobler, Klassenlehrerin am OZ Buechenwald. Im Kurs \u00ab\u00d6kologie\u00bb von Patrick Kunz planten die Studierenden eine entsprechende Lektionsreihe, und als Bestandteil davon wurde die Oberstufenklasse von Elisabeth Tobler vorab in das Thema Biodiversit\u00e4t eingef\u00fchrt. Dazu geh\u00f6rte auch, die konkrete Umsetzung des Projekts zu planen.<\/p><p>Beim \u00abNature Project\u00bb handelt es sich um sogenanntes Service Learning. Dabei wird eine Dienstleistung, zum Beispiel f\u00fcr eine Gemeinde, erbracht und gleichzeitig geschieht ein Wissenszuwachs. Das Projekt stellt eine spannende Form praktischen Arbeitens dar. Die Studierenden sammeln Erfahrungen f\u00fcr ihre sp\u00e4tere Karriere als Lehrperson, und die Jugendlichen erhalten die M\u00f6glichkeit, Fragen zu stellen und zu erfahren, wie man die Artenvielfalt f\u00f6rdern kann.<\/p><p><a href=\"http:\/\/www.phsg.ch\/de\/nature-project-fuer-mehr-biodiversitaet\" target=\"_blank\" rel=\"noopener\"><span style=\"color: #fb7d19;\">Mehr erfahren<\/span><\/a><\/p>\t\t\t\t\t\t\t\t<\/div>\n\t\t\t\t<\/div>\n\t\t\t\t\t<\/div>\n\t\t<\/div>\n\t\t\t\t\t<\/div>\n\t\t<\/section>\n\t\t\t\t<section class=\"elementor-section elementor-top-section elementor-element elementor-element-3f45a8f elementor-section-boxed elementor-section-height-default elementor-section-height-default\" data-id=\"3f45a8f\" data-element_type=\"section\" data-settings=\"{&quot;jet_parallax_layout_list&quot;:[],&quot;background_background&quot;:&quot;classic&quot;}\">\n\t\t\t\t\t\t<div class=\"elementor-container elementor-column-gap-default\">\n\t\t\t\t\t<div class=\"elementor-column elementor-col-100 elementor-top-column elementor-element elementor-element-d2732b7\" data-id=\"d2732b7\" data-element_type=\"column\">\n\t\t\t<div class=\"elementor-widget-wrap elementor-element-populated\">\n\t\t\t\t\t\t<div class=\"elementor-element elementor-element-0b4c5dc elementor-widget elementor-widget-image\" data-id=\"0b4c5dc\" data-element_type=\"widget\" data-widget_type=\"image.default\">\n\t\t\t\t<div class=\"elementor-widget-container\">\n\t\t\t\t\t\t\t\t\t\t\t\t\t\t\t<img decoding=\"async\" width=\"2160\" height=\"882\" src=\"https:\/\/phsg-jahresbericht.ch\/2021\/wp-content\/uploads\/sites\/2\/projektwoche-nature-project.jpg\" class=\"attachment-large size-large wp-image-480\" alt=\"\" srcset=\"https:\/\/phsg-jahresbericht.ch\/2021\/wp-content\/uploads\/sites\/2\/projektwoche-nature-project.jpg 2160w, https:\/\/phsg-jahresbericht.ch\/2021\/wp-content\/uploads\/sites\/2\/projektwoche-nature-project-768x314.jpg 768w, https:\/\/phsg-jahresbericht.ch\/2021\/wp-content\/uploads\/sites\/2\/projektwoche-nature-project-1536x627.jpg 1536w, https:\/\/phsg-jahresbericht.ch\/2021\/wp-content\/uploads\/sites\/2\/projektwoche-nature-project-2048x836.jpg 2048w\" sizes=\"(max-width: 2160px) 100vw, 2160px\" \/>\t\t\t\t\t\t\t\t\t\t\t\t\t\t\t<\/div>\n\t\t\t\t<\/div>\n\t\t\t\t\t<\/div>\n\t\t<\/div>\n\t\t\t\t\t<\/div>\n\t\t<\/section>\n\t\t\t\t<section class=\"elementor-section elementor-top-section elementor-element elementor-element-63d3f07 elementor-section-boxed elementor-section-height-default elementor-section-height-default\" data-id=\"63d3f07\" data-element_type=\"section\" data-settings=\"{&quot;jet_parallax_layout_list&quot;:[],&quot;background_background&quot;:&quot;classic&quot;}\">\n\t\t\t\t\t\t<div class=\"elementor-container elementor-column-gap-default\">\n\t\t\t\t\t<div class=\"elementor-column elementor-col-100 elementor-top-column elementor-element elementor-element-00cf349\" data-id=\"00cf349\" data-element_type=\"column\">\n\t\t\t<div class=\"elementor-widget-wrap elementor-element-populated\">\n\t\t\t\t\t\t<div class=\"elementor-element elementor-element-7467c62 elementor-widget elementor-widget-text-editor\" data-id=\"7467c62\" data-element_type=\"widget\" data-widget_type=\"text-editor.default\">\n\t\t\t\t<div class=\"elementor-widget-container\">\n\t\t\t\t\t\t\t\t\t<p class=\"p1\"><span class=\"s1\"><b>An den Kulturtag ankn\u00fcpfen<\/b><\/span><\/p>\n<p class=\"p1\"><span class=\"s1\">Anl\u00e4sslich des f\u00fcnften Jubil\u00e4ums des Kulturtags fand Ende September in Kooperation mit kklick \u2013 Kulturvermittlung Ostschweiz und dem Amt f\u00fcr Kultur des Kantons St.Gallen eine Focus-Veranstaltung zum Thema \u00ab(Hoch-)Schulkultur im Spannungsfeld zwischen Kreativit\u00e4t und Schulalltag\u00bb statt. Die Kulturagentinnen Barbara Tacchini und Bettina Eberhard stellten Kulturprojekte vor, die aktuell an zwei Volksschulen durchgef\u00fchrt werden. Initiiert und gef\u00f6rdert werden solche Projekte von der Mercator Stiftung Schweiz in Zusammenarbeit mit den Kantonen.<\/span><\/p>\n<p class=\"p1\"><span class=\"s1\">Welche Erkenntnisse k\u00f6nnen aus diesen Projekten f\u00fcr Schule und Gesellschaft gewonnen werden? Wo ist ihr Entwicklungspotenzial? Diese Fragen wurden im Anschluss in einem Podium diskutiert. Prof. Dr. Christian Sinn moderierte die Runde mit Prof. Dr. Christian Br\u00fchwiler, Prorektor Forschung, Prof. Rolf Engler, Co-Leiter Berufspraktische Studien und Dozent\/Mentor Sekundarstufe I, Prof. Dr. Doreen Holtsch, Prorektorin Ausbildung, Daniel Schuoler, Dozent Kindergarten- und Primarstufe sowie mit PHSG-Studentin Maria Mannai von der Studierendenorganisation PHSG Sek I und den beiden Kulturagentinnen.<\/span><\/p>\n<p class=\"p1\"><span class=\"s1\">Die anwesenden Studierenden des 7. und 9. Semesters Sek I konnten interessante Ideen f\u00fcr weitere Diskussionen und nicht zuletzt f\u00fcr ihre pers\u00f6nlichen Pl\u00e4ne mitnehmen. Die Debatte zwischen Dozierenden und Forschenden \u00fcber weiterf\u00fchrende M\u00f6glichkeiten in der kulturellen Bildung ist somit angestossen.<\/span><\/p>\n<p class=\"p1\"><span class=\"s1\"><b>\nKulturwerkstatt<\/b><\/span><\/p>\n<p class=\"p1\"><span class=\"s1\">Im Oktober fand f\u00fcr rund 60 Studierende des 7. Semesters erstmals die eint\u00e4gige Kulturwerkstatt statt. Dabei wurden Inhalte und Ziele des Kulturtages, der jeweils zu Beginn des Studiums stattfindet, erneut aufgegriffen und vertieft.<span class=\"Apple-converted-space\">\u00a0<\/span><\/span><\/p>\n<p class=\"p1\"><span class=\"s1\">Die Studierenden erhielten jeweils Einblick in eine von insgesamt neun Werkst\u00e4tten verschiedener Kulturanbieter und Institutionen, die normalerweise f\u00fcr Oberstufensch\u00fclerinnen und Oberstufensch\u00fcler organisiert werden. Im Anschluss f\u00fchrten die Leitenden eine Reflexion anhand vorbereiteter Fragen durch.\u00a0Dadurch setzten sich die Studierenden vertieft mit der Werkstatt auseinander und die Kulturanbietenden erhielten gleichzeitig R\u00fcckmeldung aus der Sicht von zuk\u00fcnftigen\u00a0Lehrpersonen.<\/p>\n<p class=\"p1\"><span class=\"s1\">Das Programm wurde von der PHSG und dem Amt f\u00fcr Kultur in Kooperation mit kklick \u2013 Kulturvermittlung Ostschweiz und den beteiligten Kulturinstitutionen und Kulturschaffenden organisiert.<\/span><\/p>\t\t\t\t\t\t\t\t<\/div>\n\t\t\t\t<\/div>\n\t\t\t\t\t<\/div>\n\t\t<\/div>\n\t\t\t\t\t<\/div>\n\t\t<\/section>\n\t\t\t\t<section class=\"elementor-section elementor-top-section elementor-element elementor-element-0fd671c elementor-section-boxed elementor-section-height-default elementor-section-height-default\" data-id=\"0fd671c\" data-element_type=\"section\" data-settings=\"{&quot;jet_parallax_layout_list&quot;:[],&quot;background_background&quot;:&quot;classic&quot;}\">\n\t\t\t\t\t\t<div class=\"elementor-container elementor-column-gap-default\">\n\t\t\t\t\t<div class=\"elementor-column elementor-col-100 elementor-top-column elementor-element elementor-element-cf99fc0\" data-id=\"cf99fc0\" data-element_type=\"column\">\n\t\t\t<div class=\"elementor-widget-wrap elementor-element-populated\">\n\t\t\t\t\t\t<div class=\"elementor-element elementor-element-f3a3bc6 elementor-widget elementor-widget-image\" data-id=\"f3a3bc6\" data-element_type=\"widget\" data-widget_type=\"image.default\">\n\t\t\t\t<div class=\"elementor-widget-container\">\n\t\t\t\t\t\t\t\t\t\t\t\t\t\t\t<img loading=\"lazy\" decoding=\"async\" width=\"2160\" height=\"1306\" src=\"https:\/\/phsg-jahresbericht.ch\/2021\/wp-content\/uploads\/sites\/2\/kulturwerkstaette.jpg\" class=\"attachment-large size-large wp-image-481\" alt=\"\" srcset=\"https:\/\/phsg-jahresbericht.ch\/2021\/wp-content\/uploads\/sites\/2\/kulturwerkstaette.jpg 2160w, https:\/\/phsg-jahresbericht.ch\/2021\/wp-content\/uploads\/sites\/2\/kulturwerkstaette-768x464.jpg 768w, https:\/\/phsg-jahresbericht.ch\/2021\/wp-content\/uploads\/sites\/2\/kulturwerkstaette-1536x929.jpg 1536w, https:\/\/phsg-jahresbericht.ch\/2021\/wp-content\/uploads\/sites\/2\/kulturwerkstaette-2048x1238.jpg 2048w\" sizes=\"(max-width: 2160px) 100vw, 2160px\" \/>\t\t\t\t\t\t\t\t\t\t\t\t\t\t\t<\/div>\n\t\t\t\t<\/div>\n\t\t\t\t\t<\/div>\n\t\t<\/div>\n\t\t\t\t\t<\/div>\n\t\t<\/section>\n\t\t\t\t<section class=\"elementor-section elementor-top-section elementor-element elementor-element-4e70417 elementor-section-boxed elementor-section-height-default elementor-section-height-default\" data-id=\"4e70417\" data-element_type=\"section\" data-settings=\"{&quot;jet_parallax_layout_list&quot;:[],&quot;background_background&quot;:&quot;classic&quot;}\">\n\t\t\t\t\t\t<div class=\"elementor-container elementor-column-gap-default\">\n\t\t\t\t\t<div class=\"elementor-column elementor-col-100 elementor-top-column elementor-element elementor-element-e02223b\" data-id=\"e02223b\" data-element_type=\"column\">\n\t\t\t<div class=\"elementor-widget-wrap elementor-element-populated\">\n\t\t\t\t\t\t<div class=\"elementor-element elementor-element-d308c8f elementor-widget elementor-widget-text-editor\" data-id=\"d308c8f\" data-element_type=\"widget\" data-widget_type=\"text-editor.default\">\n\t\t\t\t<div class=\"elementor-widget-container\">\n\t\t\t\t\t\t\t\t\t<p class=\"p1\"><span class=\"s1\"><b>Neue Leitung Berufsintegriertes Masterstudium<\/b><\/span><\/p><p class=\"p1\"><span class=\"s1\">Das Berufsintegrierte Masterstudium (BiMa) wurde unter Einbezug der Erfahrungen aus der Pilotdurchf\u00fchrung (Start Herbstsemester 2020) weiterentwickelt und untersteht neu der Leitung von Miriam Moser, Studienbereichsleiterin Erziehungswissenschaften Sek I. R\u00fcckmeldungen der Studierenden zeigen, dass sie gut in der Praxis angekommen sind und es ihnen in diesem Modell sehr gut gelingt, die Br\u00fccke zwischen Theorie und Praxis zu schlagen.<\/span><\/p>\t\t\t\t\t\t\t\t<\/div>\n\t\t\t\t<\/div>\n\t\t\t\t\t<\/div>\n\t\t<\/div>\n\t\t\t\t\t<\/div>\n\t\t<\/section>\n\t\t\t\t<\/div>\n\t\t<\/div>\n\t\t\t\t\t\t\t<\/div>\n\t\t\t\t\t\t<\/div><div class=\" jet-accordion__item jet-toggle jet-toggle-move-up-effect \">\n\t\t\t\t\t\t\t<div id=\"jet-toggle-control-1163\" class=\"jet-toggle__control elementor-menu-anchor\" data-toggle=\"3\" role=\"button\" tabindex=\"0\" aria-controls=\"jet-toggle-content-1163\" aria-expanded=\"false\" data-template-id=\"487\">\n\t\t\t\t\t\t\t\t<div class=\"jet-toggle__label-icon jet-toggle-icon-position-left\"><span class=\"jet-toggle__icon icon-normal jet-tabs-icon\"><i class=\"fas fa-plus\"><\/i><\/span><span class=\"jet-toggle__icon icon-active jet-tabs-icon\"><i class=\"fas fa-minus\"><\/i><\/span><\/div><div class=\"jet-toggle__label-text\">Studieng\u00e4nge Sekundarstufe II \u2013 Berufsbildung<\/div>\t\t\t\t\t\t\t<\/div>\n\t\t\t\t\t\t\t<div id=\"jet-toggle-content-1163\" class=\"jet-toggle__content\" data-toggle=\"3\" role=\"region\" data-template-id=\"487\">\n\t\t\t\t\t\t\t\t<div class=\"jet-toggle__content-inner\">\t\t<div data-elementor-type=\"section\" data-elementor-id=\"487\" class=\"elementor elementor-487\" data-elementor-post-type=\"elementor_library\">\n\t\t\t\t\t<section class=\"elementor-section elementor-top-section elementor-element elementor-element-2cd44dc elementor-section-boxed elementor-section-height-default elementor-section-height-default\" data-id=\"2cd44dc\" data-element_type=\"section\" data-settings=\"{&quot;jet_parallax_layout_list&quot;:[],&quot;background_background&quot;:&quot;classic&quot;}\">\n\t\t\t\t\t\t<div class=\"elementor-container elementor-column-gap-default\">\n\t\t\t\t\t<div class=\"elementor-column elementor-col-100 elementor-top-column elementor-element elementor-element-9c9f79c\" data-id=\"9c9f79c\" data-element_type=\"column\">\n\t\t\t<div class=\"elementor-widget-wrap elementor-element-populated\">\n\t\t\t\t\t\t<div class=\"elementor-element elementor-element-f76b408 elementor-widget elementor-widget-heading\" data-id=\"f76b408\" data-element_type=\"widget\" data-widget_type=\"heading.default\">\n\t\t\t\t<div class=\"elementor-widget-container\">\n\t\t\t\t\t<h4 class=\"elementor-heading-title elementor-size-default\">Auch im Jahr 2021 waren die Studieng\u00e4nge im Bereich des berufskundlichen Unterrichts BKU und des allgemeinbildenden Unterrichts ABU gut besucht. Diese Studieng\u00e4nge umfassen Angebote f\u00fcr Berufsbildungsverantwortliche aller drei Lernorte. Dazu geh\u00f6ren Lehrbetriebe, \u00fcberbetriebliche Kurse und Berufsfachschulen. Zudem konnten neue Produkte und Lehrg\u00e4nge konzipiert werden.<\/h4>\t\t\t\t<\/div>\n\t\t\t\t<\/div>\n\t\t\t\t<div class=\"elementor-element elementor-element-566cc47 elementor-widget elementor-widget-text-editor\" data-id=\"566cc47\" data-element_type=\"widget\" data-widget_type=\"text-editor.default\">\n\t\t\t\t<div class=\"elementor-widget-container\">\n\t\t\t\t\t\t\t\t\t<p class=\"p1\"><span class=\"s1\"><b>Qualifikation f\u00fcr Br\u00fcckenangebote<\/b><\/span><\/p>\n<p class=\"p1\"><span class=\"s1\">Die PHSG hat in Zusammenarbeit mit dem Amt f\u00fcr Berufsbildung St.Gallen einen Weg gefunden, bei dem sich Absolventinnen und Absolventen des Zertifikatsstudiengangs ABU f\u00fcr den Unterricht an gewissen Br\u00fcckenangeboten qualifizieren k\u00f6nnen. Neu erhalten sie diese Qualifikation, wenn sie das Zusatzmodul Berufsorientierung aus dem Studiengang Sek I besuchen. Bislang war der Unterricht an Br\u00fcckenangeboten den Sekundarlehrpersonen vorbehalten.<\/span><\/p>\n<p class=\"p1\"><span class=\"s1\"><b>Neuer Diplomstudiengang BKU<\/b><\/span><\/p>\n<p class=\"p1\"><span class=\"s1\">Damit sich die PHSG als \u00abVollanbieterin\u00bb bei der Ausbildung von Lehrpersonen der Studieng\u00e4nge im Bereich der Sekundarstufe II mit Ausrichtung Berufskunde auf dem Markt pr\u00e4sentieren kann, hat sie ein neues Angebot konzipiert. Der Diplomstudiengang Berufsbildnerin \/ Berufsbildner \u00dcberbetriebliche Kurse und Lehrwerkst\u00e4tten im Hauptberuf schliesst die letzte L\u00fccke im Gesamtangebot. Im Sp\u00e4therbst 2021 wurde der Studiengang erstmals im Rahmen von Informationsveranstaltungen vorgestellt und beworben.<\/span><\/p>\n<p class=\"p3\"><a href=\"http:\/\/www.phsg.ch\/de\/studium\/sekundarstufe-ii\/zertifikats-und-diplomstudiengaenge-sek-ii\/dipl-berufsbildnerinnen\" target=\"_blank\" rel=\"noopener\"><span class=\"s2\" style=\"color: #fb7d19;\">Mehr erfahren<\/span><\/a><\/p>\n<p class=\"p1\"><span class=\"s1\"><b>ICT-Online-Werkstatt<\/b><\/span><\/p>\n<p class=\"p1\"><span class=\"s1\">Im Zertifikatsstudiengang f\u00fcr berufskundlichen Unterricht ist erstmals mit Erfolg eine ICT-Online-Werkstatt eingesetzt worden. Entwickelt wurde sie vom Kooperationspartner der PHSG, der Eidgen\u00f6ssischen Hochschule f\u00fcr Berufsbildung (EHB), unter Mithilfe von Dozierenden der PHSG. Dieses Online-Tool zeichnet sich aus durch eine hohe Flexibilit\u00e4t in der Bearbeitung der Themen und durch die Unterst\u00fctzung der unterschiedlichen F\u00e4higkeiten und Kompetenzen der Studierenden, welche auf ihrem aktuellen Leistungsstand abgeholt werden.<\/span><\/p>\n<p class=\"p1\"><span class=\"s1\"><b>OKB Symposium 2021<\/b><\/span><\/p>\n<p class=\"p1\"><span class=\"s1\">Im Dezember konnte das OKB Symposium 2021 zum Thema \u00abLebenslanges Lernen \u2013 Verheissung oder Verpflichtung?\u00bb durchgef\u00fchrt werden. \u00dcber 220 Personen nahmen an dieser Veranstaltung des Ostschweizer Kompetenzzentrums f\u00fcr Berufsbildung teil und liessen sich durch Referate und in Foren inspirieren.<span class=\"Apple-converted-space\">&nbsp;<\/span><\/span><\/p>\n<p class=\"p3\"><span style=\"color: #fb7d19;\"><a style=\"color: #fb7d19;\" href=\"http:\/\/www.berufsbildung-ost.ch\" target=\"_blank\" rel=\"noopener\"><span class=\"s2\">Mehr erfahren<\/span><\/a><\/span><\/p>\t\t\t\t\t\t\t\t<\/div>\n\t\t\t\t<\/div>\n\t\t\t\t\t<\/div>\n\t\t<\/div>\n\t\t\t\t\t<\/div>\n\t\t<\/section>\n\t\t\t\t<section class=\"elementor-section elementor-top-section elementor-element elementor-element-aeadbef elementor-section-boxed elementor-section-height-default elementor-section-height-default\" data-id=\"aeadbef\" data-element_type=\"section\" data-settings=\"{&quot;jet_parallax_layout_list&quot;:[],&quot;background_background&quot;:&quot;classic&quot;}\">\n\t\t\t\t\t\t<div class=\"elementor-container elementor-column-gap-default\">\n\t\t\t\t\t<div class=\"elementor-column elementor-col-100 elementor-top-column elementor-element elementor-element-ac94459\" data-id=\"ac94459\" data-element_type=\"column\">\n\t\t\t<div class=\"elementor-widget-wrap elementor-element-populated\">\n\t\t\t\t\t\t<div class=\"elementor-element elementor-element-297d4cf elementor-arrows-position-inside elementor-widget elementor-widget-image-carousel\" data-id=\"297d4cf\" data-element_type=\"widget\" data-settings=\"{&quot;slides_to_show&quot;:&quot;1&quot;,&quot;navigation&quot;:&quot;arrows&quot;,&quot;autoplay&quot;:&quot;yes&quot;,&quot;pause_on_hover&quot;:&quot;yes&quot;,&quot;pause_on_interaction&quot;:&quot;yes&quot;,&quot;autoplay_speed&quot;:5000,&quot;infinite&quot;:&quot;yes&quot;,&quot;effect&quot;:&quot;slide&quot;,&quot;speed&quot;:500}\" data-widget_type=\"image-carousel.default\">\n\t\t\t\t<div class=\"elementor-widget-container\">\n\t\t\t\t\t\t\t<div class=\"elementor-image-carousel-wrapper swiper\" role=\"region\" aria-roledescription=\"carousel\" aria-label=\"Bild Karussell\" dir=\"ltr\">\n\t\t\t<div class=\"elementor-image-carousel swiper-wrapper\" aria-live=\"off\">\n\t\t\t\t\t\t\t\t<div class=\"swiper-slide\" role=\"group\" aria-roledescription=\"slide\" aria-label=\"1 von 3\"><figure class=\"swiper-slide-inner\"><img decoding=\"async\" class=\"swiper-slide-image\" src=\"https:\/\/phsg-jahresbericht.ch\/2021\/wp-content\/uploads\/sites\/2\/OKB-Symposium-2021_slider-bild-1.jpg\" alt=\"OKB-Symposium-2021_slider-bild-1\" \/><\/figure><\/div><div class=\"swiper-slide\" role=\"group\" aria-roledescription=\"slide\" aria-label=\"2 von 3\"><figure class=\"swiper-slide-inner\"><img decoding=\"async\" class=\"swiper-slide-image\" src=\"https:\/\/phsg-jahresbericht.ch\/2021\/wp-content\/uploads\/sites\/2\/OKB-Symposium-2021_slider-bild-2.jpg\" alt=\"OKB-Symposium-2021_slider-bild-2\" \/><\/figure><\/div><div class=\"swiper-slide\" role=\"group\" aria-roledescription=\"slide\" aria-label=\"3 von 3\"><figure class=\"swiper-slide-inner\"><img decoding=\"async\" class=\"swiper-slide-image\" src=\"https:\/\/phsg-jahresbericht.ch\/2021\/wp-content\/uploads\/sites\/2\/OKB-Symposium-2021_slider-bild-3.jpg\" alt=\"OKB-Symposium-2021_slider-bild-3\" \/><\/figure><\/div>\t\t\t<\/div>\n\t\t\t\t\t\t\t\t\t\t\t\t<div class=\"elementor-swiper-button elementor-swiper-button-prev\" role=\"button\" tabindex=\"0\">\n\t\t\t\t\t\t<i aria-hidden=\"true\" class=\"eicon-chevron-left\"><\/i>\t\t\t\t\t<\/div>\n\t\t\t\t\t<div class=\"elementor-swiper-button elementor-swiper-button-next\" role=\"button\" tabindex=\"0\">\n\t\t\t\t\t\t<i aria-hidden=\"true\" class=\"eicon-chevron-right\"><\/i>\t\t\t\t\t<\/div>\n\t\t\t\t\n\t\t\t\t\t\t\t\t\t<\/div>\n\t\t\t\t\t\t<\/div>\n\t\t\t\t<\/div>\n\t\t\t\t\t<\/div>\n\t\t<\/div>\n\t\t\t\t\t<\/div>\n\t\t<\/section>\n\t\t\t\t<\/div>\n\t\t<\/div>\n\t\t\t\t\t\t\t<\/div>\n\t\t\t\t\t\t<\/div><div class=\" jet-accordion__item jet-toggle jet-toggle-move-up-effect \">\n\t\t\t\t\t\t\t<div id=\"jet-toggle-control-1164\" class=\"jet-toggle__control elementor-menu-anchor\" data-toggle=\"4\" role=\"button\" tabindex=\"0\" aria-controls=\"jet-toggle-content-1164\" aria-expanded=\"false\" data-template-id=\"495\">\n\t\t\t\t\t\t\t\t<div class=\"jet-toggle__label-icon jet-toggle-icon-position-left\"><span class=\"jet-toggle__icon icon-normal jet-tabs-icon\"><i class=\"fas fa-plus\"><\/i><\/span><span class=\"jet-toggle__icon icon-active jet-tabs-icon\"><i class=\"fas fa-minus\"><\/i><\/span><\/div><div class=\"jet-toggle__label-text\">Master-Programme<\/div>\t\t\t\t\t\t\t<\/div>\n\t\t\t\t\t\t\t<div id=\"jet-toggle-content-1164\" class=\"jet-toggle__content\" data-toggle=\"4\" role=\"region\" data-template-id=\"495\">\n\t\t\t\t\t\t\t\t<div class=\"jet-toggle__content-inner\">\t\t<div data-elementor-type=\"section\" data-elementor-id=\"495\" class=\"elementor elementor-495\" data-elementor-post-type=\"elementor_library\">\n\t\t\t\t\t<section class=\"elementor-section elementor-top-section elementor-element elementor-element-706f821 elementor-section-boxed elementor-section-height-default elementor-section-height-default\" data-id=\"706f821\" data-element_type=\"section\" data-settings=\"{&quot;jet_parallax_layout_list&quot;:[],&quot;background_background&quot;:&quot;classic&quot;}\">\n\t\t\t\t\t\t<div class=\"elementor-container elementor-column-gap-default\">\n\t\t\t\t\t<div class=\"elementor-column elementor-col-100 elementor-top-column elementor-element elementor-element-0394cba\" data-id=\"0394cba\" data-element_type=\"column\">\n\t\t\t<div class=\"elementor-widget-wrap elementor-element-populated\">\n\t\t\t\t\t\t<div class=\"elementor-element elementor-element-4721046 elementor-widget elementor-widget-heading\" data-id=\"4721046\" data-element_type=\"widget\" data-widget_type=\"heading.default\">\n\t\t\t\t<div class=\"elementor-widget-container\">\n\t\t\t\t\t<h4 class=\"elementor-heading-title elementor-size-default\">Die PHSG bietet in unterschiedlichen Kooperationen drei Masterprogramme an: Master of Arts in Schulische Heilp\u00e4dagogik, Master of Arts in Schulentwicklung und Master of Arts in Early Childhood Studies. Lehrpersonen haben so die M\u00f6glichkeit, sich berufsbegleitend in verschiedene Richtungen weiterzubilden.<\/h4>\t\t\t\t<\/div>\n\t\t\t\t<\/div>\n\t\t\t\t<div class=\"elementor-element elementor-element-ba69c7f elementor-widget elementor-widget-text-editor\" data-id=\"ba69c7f\" data-element_type=\"widget\" data-widget_type=\"text-editor.default\">\n\t\t\t\t<div class=\"elementor-widget-container\">\n\t\t\t\t\t\t\t\t\t<p class=\"p1\"><span class=\"s1\"><b>Master of Arts in Schulische Heilp\u00e4dagogik<\/b><\/span><\/p>\n<p class=\"p1\"><span class=\"s1\">In Kooperation mit der&nbsp;<\/span>Interkantonalen Hochschule f\u00fcr Heilp\u00e4dagogik (HfH)&nbsp;<span class=\"s1\">bietet die PHSG Studienprogramme des Masters Schulische Heilp\u00e4dagogik an. Nachdem die HfH im Jahr 2020 das neu \u00fcberarbeitete Curriculum Master 2020 eingef\u00fchrt hat, werden seit dem Herbstsemester 2021 die Studierenden des Studienprogramms MA SHP St.Gallen ebenfalls nach den neuen Vorgaben unterrichtet. Das neue Curriculum f\u00fchrt zu einer konsequenten Orientierung des Studiums an berufsbef\u00e4higenden Kompetenzen. Die Studierenden haben damit die M\u00f6glichkeit zur individuellen Profilbildung und zur Spezialisierung in den Schwerpunkten Lernen und\/oder Verhalten. Das Studium an der PHSG wird weiterhin berufsbegleitend absolviert und dauert in der Regel f\u00fcnf Semester.<\/span><\/p>\n<p class=\"p2\"><span class=\"s1\">Mit dem \u00fcberarbeiteten Curriculum wurden auch neue Module durchgef\u00fchrt: In \u00abBerufspraxis\u00bb und \u00abPortfolio\u00bb stehen die Professions- und Reflexionskompetenz im Zentrum. Die Studierenden lernen die eigene Unterrichtst\u00e4tigkeit zu reflektieren<span class=\"Apple-converted-space\">&nbsp;<\/span><\/span><span class=\"s1\">und zu dokumentieren und dabei den eigenen Kompetenzstand zu beurteilen und Wissensl\u00fccken zu identifizieren. Im Modul \u00abDiagnostik, F\u00f6rderung und Partizipation<span class=\"Apple-converted-space\">&nbsp;<\/span><\/span><span class=\"s1\">bei besonderem Bildungsbedarf\u00bb erwerben die Studierenden Kompetenzen im Zusammenhang mit dem Erfassen von Lern- und Entwicklungsbedingungen sowie<span class=\"Apple-converted-space\">&nbsp;<\/span><\/span><span class=\"s1\">zur Umsetzung eines adaptiven Bildungsangebotes. Ebenfalls neu ist das Modul \u00abGrundfragen der Heilp\u00e4dagogik\u00bb. Dabei geht es insbesondere um die verschiedenen Sichtweisen von Behinderung.<\/span><\/p>\n<p class=\"p1\"><span class=\"s1\"><b><br>Master of Arts in Early Childhood Studies<\/b><\/span><\/p>\n<p class=\"p1\"><span class=\"s1\">Die P\u00e4dagogischen Hochschulen St.Gallen und Weingarten f\u00fchren gemeinsam den Masterstudiengang Early Childhood Studies. Im Oktober 2021 nahmen 19 Studierende das Studium auf, was deutlich \u00fcber dem Durchschnitt der vergangenen Jahre liegt.<span class=\"Apple-converted-space\">&nbsp;<\/span><\/span><\/p>\n<p class=\"p1\"><span class=\"s1\">Die pandemiebedingten Einschr\u00e4nkungen f\u00fchrten wiederum zu Herausforderungen mit den Masterarbeiten, weil Kinder weniger gut oder gar nicht live beobachtet, gefilmt oder getestet werden konnten. Die Folgen waren Verz\u00f6gerungen des Abschlusses der Arbeiten oder ausnahmsweise auch Umwandlungen in theoretische Arbeiten. Zudem gab es w\u00e4hrend der Praxissemester keine M\u00f6glichkeit, Erfahrungen im nicht deutschsprachigen Ausland zu sammeln und die Masterabschlussfeier musste digital durchgef\u00fchrt werden.<span class=\"Apple-converted-space\">&nbsp;<\/span><\/span><\/p>\n<p class=\"p1\"><span class=\"s1\">Nach einer Phase als Stellvertretung hat Prof. Dr. Simone Lehrl die Leitung des Masterstudienganges seitens der PH Weingarten definitiv \u00fcbernommen. Vonseiten der PHSG wird der Studiengang von Prof. Dr. Bernhard Hauser geleitet. Die definitive Besetzung der Leitungsfunktion der PH Weingarten erm\u00f6glicht die Aussicht auf eine weiterhin gelingende Fortf\u00fchrung der Partnerschaft der Hochschule in S\u00fcddeutschland mit der PHSG.<\/span><\/p>\t\t\t\t\t\t\t\t<\/div>\n\t\t\t\t<\/div>\n\t\t\t\t<div class=\"elementor-element elementor-element-509721f elementor-widget elementor-widget-button\" data-id=\"509721f\" data-element_type=\"widget\" data-widget_type=\"button.default\">\n\t\t\t\t<div class=\"elementor-widget-container\">\n\t\t\t\t\t\t\t\t\t<div class=\"elementor-button-wrapper\">\n\t\t\t\t\t<a class=\"elementor-button elementor-button-link elementor-size-sm elementor-animation-grow\" href=\"http:\/\/www.phsg.ch\/de\/studium\/master-schulische-heilpaedagogik\" target=\"_blank\">\n\t\t\t\t\t\t<span class=\"elementor-button-content-wrapper\">\n\t\t\t\t\t\t\t\t\t<span class=\"elementor-button-text\">Master of Arts in Schulische Heilp\u00e4dagogik<\/span>\n\t\t\t\t\t<\/span>\n\t\t\t\t\t<\/a>\n\t\t\t\t<\/div>\n\t\t\t\t\t\t\t\t<\/div>\n\t\t\t\t<\/div>\n\t\t\t\t<div class=\"elementor-element elementor-element-22181d3 elementor-widget elementor-widget-button\" data-id=\"22181d3\" data-element_type=\"widget\" data-widget_type=\"button.default\">\n\t\t\t\t<div class=\"elementor-widget-container\">\n\t\t\t\t\t\t\t\t\t<div class=\"elementor-button-wrapper\">\n\t\t\t\t\t<a class=\"elementor-button elementor-button-link elementor-size-sm elementor-animation-grow\" href=\"http:\/\/www.phsg.ch\/de\/studium\/master-schulentwicklung\" target=\"_blank\">\n\t\t\t\t\t\t<span class=\"elementor-button-content-wrapper\">\n\t\t\t\t\t\t\t\t\t<span class=\"elementor-button-text\">Master of Arts in Schulentwicklung<\/span>\n\t\t\t\t\t<\/span>\n\t\t\t\t\t<\/a>\n\t\t\t\t<\/div>\n\t\t\t\t\t\t\t\t<\/div>\n\t\t\t\t<\/div>\n\t\t\t\t<div class=\"elementor-element elementor-element-64c9a92 elementor-widget elementor-widget-button\" data-id=\"64c9a92\" data-element_type=\"widget\" data-widget_type=\"button.default\">\n\t\t\t\t<div class=\"elementor-widget-container\">\n\t\t\t\t\t\t\t\t\t<div class=\"elementor-button-wrapper\">\n\t\t\t\t\t<a class=\"elementor-button elementor-button-link elementor-size-sm elementor-animation-grow\" href=\"http:\/\/www.phsg.ch\/de\/studium\/master-arts-early-childhood-studies%20\" target=\"_blank\">\n\t\t\t\t\t\t<span class=\"elementor-button-content-wrapper\">\n\t\t\t\t\t\t\t\t\t<span class=\"elementor-button-text\">Master of Arts in Early Childhood Studies<\/span>\n\t\t\t\t\t<\/span>\n\t\t\t\t\t<\/a>\n\t\t\t\t<\/div>\n\t\t\t\t\t\t\t\t<\/div>\n\t\t\t\t<\/div>\n\t\t\t\t\t<\/div>\n\t\t<\/div>\n\t\t\t\t\t<\/div>\n\t\t<\/section>\n\t\t\t\t<\/div>\n\t\t<\/div>\n\t\t\t\t\t\t\t<\/div>\n\t\t\t\t\t\t<\/div>\t\t\t<\/div>\n\t\t<\/div>\n\t\t\t\t\t\t<\/div>\n\t\t\t\t<\/div>\n\t\t\t\t\t<\/div>\n\t\t<\/div>\n\t\t\t\t\t<\/div>\n\t\t<\/section>\n\t\t\t\t<section class=\"elementor-section elementor-top-section elementor-element elementor-element-5777bb23 elementor-section-boxed elementor-section-height-default elementor-section-height-default\" data-id=\"5777bb23\" data-element_type=\"section\" data-settings=\"{&quot;jet_parallax_layout_list&quot;:[]}\">\n\t\t\t\t\t\t<div class=\"elementor-container elementor-column-gap-default\">\n\t\t\t\t\t<div class=\"elementor-column elementor-col-100 elementor-top-column elementor-element elementor-element-4fdf6ddb\" data-id=\"4fdf6ddb\" data-element_type=\"column\">\n\t\t\t<div class=\"elementor-widget-wrap elementor-element-populated\">\n\t\t\t\t\t\t<div class=\"elementor-element elementor-element-cfc61fb elementor-widget elementor-widget-heading\" data-id=\"cfc61fb\" data-element_type=\"widget\" data-widget_type=\"heading.default\">\n\t\t\t\t<div class=\"elementor-widget-container\">\n\t\t\t\t\t<h3 class=\"elementor-heading-title elementor-size-default\">Die Leitungspersonen des Prorektorats Ausbildung<\/h3>\t\t\t\t<\/div>\n\t\t\t\t<\/div>\n\t\t\t\t\t<\/div>\n\t\t<\/div>\n\t\t\t\t\t<\/div>\n\t\t<\/section>\n\t\t\t\t<section class=\"elementor-section elementor-top-section elementor-element elementor-element-2ac225f4 elementor-section-boxed elementor-section-height-default elementor-section-height-default\" data-id=\"2ac225f4\" data-element_type=\"section\" data-settings=\"{&quot;jet_parallax_layout_list&quot;:[]}\">\n\t\t\t\t\t\t<div class=\"elementor-container elementor-column-gap-default\">\n\t\t\t\t\t<div class=\"elementor-column elementor-col-25 elementor-top-column elementor-element elementor-element-4c74864e\" data-id=\"4c74864e\" data-element_type=\"column\">\n\t\t\t<div class=\"elementor-widget-wrap elementor-element-populated\">\n\t\t\t\t\t\t<div class=\"elementor-element elementor-element-8f396fe elementor-widget elementor-widget-jet-team-member\" data-id=\"8f396fe\" data-element_type=\"widget\" data-widget_type=\"jet-team-member.default\">\n\t\t\t\t<div class=\"elementor-widget-container\">\n\t\t\t\t\t<div class=\"elementor-jet-team-member jet-elements\"><div class=\"jet-team-member\">\n\t<div class=\"jet-team-member__inner\">\n\t\t<div class=\"jet-team-member__image\">\n\t\t\t<div class=\"jet-team-member__cover\"><\/div>\n\t\t\t<figure class=\"jet-team-member__figure\"><img loading=\"lazy\" decoding=\"async\" width=\"765\" height=\"840\" src=\"https:\/\/phsg-jahresbericht.ch\/2021\/wp-content\/uploads\/sites\/2\/Doreen-Holtsch-PHSG-Jahresbericht.jpg\" class=\"jet-team-member__img-tag\" alt=\"Doreen Holtsch PHSG Jahresbericht\" \/><\/figure>\t\t<\/div>\n\t\t<div class=\"jet-team-member__content\"><h3 class=\"jet-team-member__name\"><span class=\"jet-team-member__name-first\">Doreen Holtsch<\/span><\/h3><div class=\"jet-team-member__position\"><span>Prorektorin Ausbildung<br>&nbsp;<br>&nbsp;<\/span><\/div><div class=\"jet-team-member__socials\"><div class=\"jet-team-member__socials-item\"><a href=\"#\" aria-label=\"\"><\/a><\/div><\/div><\/div>\n\t<\/div>\n<\/div>\n<\/div>\t\t\t\t<\/div>\n\t\t\t\t<\/div>\n\t\t\t\t\t<\/div>\n\t\t<\/div>\n\t\t\t\t<div class=\"elementor-column elementor-col-25 elementor-top-column elementor-element elementor-element-4956ae85\" data-id=\"4956ae85\" data-element_type=\"column\">\n\t\t\t<div class=\"elementor-widget-wrap elementor-element-populated\">\n\t\t\t\t\t\t<div class=\"elementor-element elementor-element-36026159 elementor-widget elementor-widget-jet-team-member\" data-id=\"36026159\" data-element_type=\"widget\" data-widget_type=\"jet-team-member.default\">\n\t\t\t\t<div class=\"elementor-widget-container\">\n\t\t\t\t\t<div class=\"elementor-jet-team-member jet-elements\"><div class=\"jet-team-member\">\n\t<div class=\"jet-team-member__inner\">\n\t\t<div class=\"jet-team-member__image\">\n\t\t\t<div class=\"jet-team-member__cover\"><\/div>\n\t\t\t<figure class=\"jet-team-member__figure\"><img loading=\"lazy\" decoding=\"async\" width=\"765\" height=\"840\" src=\"https:\/\/phsg-jahresbericht.ch\/2021\/wp-content\/uploads\/sites\/2\/Daniel-German-PHSG-Jahresbericht.jpg\" class=\"jet-team-member__img-tag\" alt=\"Daniel German PHSG Jahresbericht\" \/><\/figure>\t\t<\/div>\n\t\t<div class=\"jet-team-member__content\"><h3 class=\"jet-team-member__name\"><span class=\"jet-team-member__name-first\">Daniel Germann<\/span><\/h3><div class=\"jet-team-member__position\"><span>Leiter Zentrales Studien&shy;management<br>&nbsp;<\/span><\/div><div class=\"jet-team-member__socials\"><div class=\"jet-team-member__socials-item\"><a href=\"#\" aria-label=\"\"><\/a><\/div><\/div><\/div>\n\t<\/div>\n<\/div>\n<\/div>\t\t\t\t<\/div>\n\t\t\t\t<\/div>\n\t\t\t\t\t<\/div>\n\t\t<\/div>\n\t\t\t\t<div class=\"elementor-column elementor-col-25 elementor-top-column elementor-element elementor-element-8b0ea44\" data-id=\"8b0ea44\" data-element_type=\"column\">\n\t\t\t<div class=\"elementor-widget-wrap elementor-element-populated\">\n\t\t\t\t\t\t<div class=\"elementor-element elementor-element-40b2a6fe elementor-widget elementor-widget-jet-team-member\" data-id=\"40b2a6fe\" data-element_type=\"widget\" data-widget_type=\"jet-team-member.default\">\n\t\t\t\t<div class=\"elementor-widget-container\">\n\t\t\t\t\t<div class=\"elementor-jet-team-member jet-elements\"><div class=\"jet-team-member\">\n\t<div class=\"jet-team-member__inner\">\n\t\t<div class=\"jet-team-member__image\">\n\t\t\t<div class=\"jet-team-member__cover\"><\/div>\n\t\t\t<figure class=\"jet-team-member__figure\"><img loading=\"lazy\" decoding=\"async\" width=\"765\" height=\"840\" src=\"https:\/\/phsg-jahresbericht.ch\/2021\/wp-content\/uploads\/sites\/2\/Heidrun-Neukamm-PHSG-Jahresbericht.jpg\" class=\"jet-team-member__img-tag\" alt=\"Heidrun Neukamm PHSG Jahresbericht\" \/><\/figure>\t\t<\/div>\n\t\t<div class=\"jet-team-member__content\"><h3 class=\"jet-team-member__name\"><span class=\"jet-team-member__name-first\">Heidrun Neukamm<\/span><\/h3><div class=\"jet-team-member__position\"><span>Studiengangs&shy;leiterin Kindergarten- und Primarstufe<\/span><\/div><div class=\"jet-team-member__socials\"><div class=\"jet-team-member__socials-item\"><a href=\"#\" aria-label=\"\"><\/a><\/div><\/div><\/div>\n\t<\/div>\n<\/div>\n<\/div>\t\t\t\t<\/div>\n\t\t\t\t<\/div>\n\t\t\t\t\t<\/div>\n\t\t<\/div>\n\t\t\t\t<div class=\"elementor-column elementor-col-25 elementor-top-column elementor-element elementor-element-70778e3f\" data-id=\"70778e3f\" data-element_type=\"column\">\n\t\t\t<div class=\"elementor-widget-wrap elementor-element-populated\">\n\t\t\t\t\t\t<div class=\"elementor-element elementor-element-1dd65393 elementor-widget elementor-widget-jet-team-member\" data-id=\"1dd65393\" data-element_type=\"widget\" data-widget_type=\"jet-team-member.default\">\n\t\t\t\t<div class=\"elementor-widget-container\">\n\t\t\t\t\t<div class=\"elementor-jet-team-member jet-elements\"><div class=\"jet-team-member\">\n\t<div class=\"jet-team-member__inner\">\n\t\t<div class=\"jet-team-member__image\">\n\t\t\t<div class=\"jet-team-member__cover\"><\/div>\n\t\t\t<figure class=\"jet-team-member__figure\"><img loading=\"lazy\" decoding=\"async\" width=\"765\" height=\"840\" src=\"https:\/\/phsg-jahresbericht.ch\/2021\/wp-content\/uploads\/sites\/2\/Larissa-Schuler-PHSG-Jahresbericht.jpg\" class=\"jet-team-member__img-tag\" alt=\"Larissa Schuler PHSG Jahresbericht\" \/><\/figure>\t\t<\/div>\n\t\t<div class=\"jet-team-member__content\"><h3 class=\"jet-team-member__name\"><span class=\"jet-team-member__name-first\">Larissa Schuler<\/span><\/h3><div class=\"jet-team-member__position\"><span>Studiengangs&shy;leiterin Sekundarstufe I<br>&nbsp;<\/span><\/div><div class=\"jet-team-member__socials\"><div class=\"jet-team-member__socials-item\"><a href=\"#\" aria-label=\"\"><\/a><\/div><\/div><\/div>\n\t<\/div>\n<\/div>\n<\/div>\t\t\t\t<\/div>\n\t\t\t\t<\/div>\n\t\t\t\t\t<\/div>\n\t\t<\/div>\n\t\t\t\t\t<\/div>\n\t\t<\/section>\n\t\t\t\t<section class=\"elementor-section elementor-top-section elementor-element elementor-element-5d976fc elementor-section-boxed elementor-section-height-default elementor-section-height-default\" data-id=\"5d976fc\" data-element_type=\"section\" data-settings=\"{&quot;jet_parallax_layout_list&quot;:[]}\">\n\t\t\t\t\t\t<div class=\"elementor-container elementor-column-gap-default\">\n\t\t\t\t\t<div class=\"elementor-column elementor-col-25 elementor-top-column elementor-element elementor-element-4587f1be\" data-id=\"4587f1be\" data-element_type=\"column\">\n\t\t\t<div class=\"elementor-widget-wrap elementor-element-populated\">\n\t\t\t\t\t\t<div class=\"elementor-element elementor-element-100afc74 elementor-widget elementor-widget-jet-team-member\" data-id=\"100afc74\" data-element_type=\"widget\" data-widget_type=\"jet-team-member.default\">\n\t\t\t\t<div class=\"elementor-widget-container\">\n\t\t\t\t\t<div class=\"elementor-jet-team-member jet-elements\"><div class=\"jet-team-member\">\n\t<div class=\"jet-team-member__inner\">\n\t\t<div class=\"jet-team-member__image\">\n\t\t\t<div class=\"jet-team-member__cover\"><\/div>\n\t\t\t<figure class=\"jet-team-member__figure\"><img loading=\"lazy\" decoding=\"async\" width=\"765\" height=\"840\" src=\"https:\/\/phsg-jahresbericht.ch\/2021\/wp-content\/uploads\/sites\/2\/Max-Koch-PHSG-Jahresbericht.jpg\" class=\"jet-team-member__img-tag\" alt=\"Max Koch PHSG Jahresbericht\" \/><\/figure>\t\t<\/div>\n\t\t<div class=\"jet-team-member__content\"><h3 class=\"jet-team-member__name\"><span class=\"jet-team-member__name-first\">Max Koch<\/span><\/h3><div class=\"jet-team-member__position\"><span>Studiengangsleiter Sekundarstufe II \u2013 Berufsbildung<\/span><\/div><div class=\"jet-team-member__socials\"><div class=\"jet-team-member__socials-item\"><a href=\"#\" aria-label=\"\"><\/a><\/div><\/div><\/div>\n\t<\/div>\n<\/div>\n<\/div>\t\t\t\t<\/div>\n\t\t\t\t<\/div>\n\t\t\t\t\t<\/div>\n\t\t<\/div>\n\t\t\t\t<div class=\"elementor-column elementor-col-25 elementor-top-column elementor-element elementor-element-6b0103da\" data-id=\"6b0103da\" data-element_type=\"column\">\n\t\t\t<div class=\"elementor-widget-wrap elementor-element-populated\">\n\t\t\t\t\t\t<div class=\"elementor-element elementor-element-4f2dd556 elementor-widget elementor-widget-jet-team-member\" data-id=\"4f2dd556\" data-element_type=\"widget\" data-widget_type=\"jet-team-member.default\">\n\t\t\t\t<div class=\"elementor-widget-container\">\n\t\t\t\t\t<div class=\"elementor-jet-team-member jet-elements\"><div class=\"jet-team-member\">\n\t<div class=\"jet-team-member__inner\">\n\t\t<div class=\"jet-team-member__image\">\n\t\t\t<div class=\"jet-team-member__cover\"><\/div>\n\t\t\t<figure class=\"jet-team-member__figure\"><img loading=\"lazy\" decoding=\"async\" width=\"765\" height=\"840\" src=\"https:\/\/phsg-jahresbericht.ch\/2021\/wp-content\/uploads\/sites\/2\/Bernhard-Hauser-PHSG-Jahresbericht.jpg\" class=\"jet-team-member__img-tag\" alt=\"Bernhard Hauser PHSG Jahresbericht\" \/><\/figure>\t\t<\/div>\n\t\t<div class=\"jet-team-member__content\"><h3 class=\"jet-team-member__name\"><span class=\"jet-team-member__name-first\">Bernhard Hauser<\/span><\/h3><div class=\"jet-team-member__position\"><span>Studienleiter Master Early Childhood Studies<br>&nbsp;<\/span><\/div><div class=\"jet-team-member__socials\"><div class=\"jet-team-member__socials-item\"><a href=\"#\" aria-label=\"\"><\/a><\/div><\/div><\/div>\n\t<\/div>\n<\/div>\n<\/div>\t\t\t\t<\/div>\n\t\t\t\t<\/div>\n\t\t\t\t\t<\/div>\n\t\t<\/div>\n\t\t\t\t<div class=\"elementor-column elementor-col-25 elementor-top-column elementor-element elementor-element-4c18bd3b\" data-id=\"4c18bd3b\" data-element_type=\"column\">\n\t\t\t<div class=\"elementor-widget-wrap elementor-element-populated\">\n\t\t\t\t\t\t<div class=\"elementor-element elementor-element-1a903873 elementor-widget elementor-widget-jet-team-member\" data-id=\"1a903873\" data-element_type=\"widget\" data-widget_type=\"jet-team-member.default\">\n\t\t\t\t<div class=\"elementor-widget-container\">\n\t\t\t\t\t<div class=\"elementor-jet-team-member jet-elements\"><div class=\"jet-team-member\">\n\t<div class=\"jet-team-member__inner\">\n\t\t<div class=\"jet-team-member__image\">\n\t\t\t<div class=\"jet-team-member__cover\"><\/div>\n\t\t\t<figure class=\"jet-team-member__figure\"><img loading=\"lazy\" decoding=\"async\" width=\"765\" height=\"840\" src=\"https:\/\/phsg-jahresbericht.ch\/2021\/wp-content\/uploads\/sites\/2\/Bea-Zumwald-PHSG-Jahresbericht.jpg\" class=\"jet-team-member__img-tag\" alt=\"Bea Zumwald PHSG Jahresbericht\" \/><\/figure>\t\t<\/div>\n\t\t<div class=\"jet-team-member__content\"><h3 class=\"jet-team-member__name\"><span class=\"jet-team-member__name-first\">Bea Zumwald<\/span><\/h3><div class=\"jet-team-member__position\"><span>Studienleiterin Master Schulische Heilp\u00e4dagogik<br>&nbsp;<\/span><\/div><div class=\"jet-team-member__socials\"><div class=\"jet-team-member__socials-item\"><a href=\"#\" aria-label=\"\"><\/a><\/div><\/div><\/div>\n\t<\/div>\n<\/div>\n<\/div>\t\t\t\t<\/div>\n\t\t\t\t<\/div>\n\t\t\t\t\t<\/div>\n\t\t<\/div>\n\t\t\t\t<div class=\"elementor-column elementor-col-25 elementor-top-column elementor-element elementor-element-381defd0\" data-id=\"381defd0\" data-element_type=\"column\">\n\t\t\t<div class=\"elementor-widget-wrap elementor-element-populated\">\n\t\t\t\t\t\t<div class=\"elementor-element elementor-element-5f8b80fc elementor-widget elementor-widget-jet-team-member\" data-id=\"5f8b80fc\" data-element_type=\"widget\" data-widget_type=\"jet-team-member.default\">\n\t\t\t\t<div class=\"elementor-widget-container\">\n\t\t\t\t\t<div class=\"elementor-jet-team-member jet-elements\"><div class=\"jet-team-member\">\n\t<div class=\"jet-team-member__inner\">\n\t\t<div class=\"jet-team-member__image\">\n\t\t\t<div class=\"jet-team-member__cover\"><\/div>\n\t\t\t<figure class=\"jet-team-member__figure\"><img loading=\"lazy\" decoding=\"async\" width=\"765\" height=\"840\" src=\"https:\/\/phsg-jahresbericht.ch\/2021\/wp-content\/uploads\/sites\/2\/Lucas-Oberholzer-PHSG-Jahresbericht.jpg\" class=\"jet-team-member__img-tag\" alt=\"Lucas Oberholzer PHSG Jahresbericht\" \/><\/figure>\t\t<\/div>\n\t\t<div class=\"jet-team-member__content\"><h3 class=\"jet-team-member__name\"><span class=\"jet-team-member__name-first\">Lucas Oberholzer<\/span><\/h3><div class=\"jet-team-member__position\"><span>Studienleiter Master Schulentwicklung<br>&nbsp;<\/span><\/div><div class=\"jet-team-member__socials\"><div class=\"jet-team-member__socials-item\"><a href=\"#\" aria-label=\"\"><\/a><\/div><\/div><\/div>\n\t<\/div>\n<\/div>\n<\/div>\t\t\t\t<\/div>\n\t\t\t\t<\/div>\n\t\t\t\t\t<\/div>\n\t\t<\/div>\n\t\t\t\t\t<\/div>\n\t\t<\/section>\n\t\t\t\t<section class=\"elementor-section elementor-top-section elementor-element elementor-element-72ca1e84 elementor-section-boxed elementor-section-height-default elementor-section-height-default\" data-id=\"72ca1e84\" data-element_type=\"section\" data-settings=\"{&quot;jet_parallax_layout_list&quot;:[]}\">\n\t\t\t\t\t\t<div class=\"elementor-container elementor-column-gap-default\">\n\t\t\t\t\t<div class=\"elementor-column elementor-col-100 elementor-top-column elementor-element elementor-element-36a0cfa5\" data-id=\"36a0cfa5\" data-element_type=\"column\">\n\t\t\t<div class=\"elementor-widget-wrap elementor-element-populated\">\n\t\t\t\t\t\t<div class=\"elementor-element elementor-element-499db6dd elementor-widget elementor-widget-heading\" data-id=\"499db6dd\" data-element_type=\"widget\" data-widget_type=\"heading.default\">\n\t\t\t\t<div class=\"elementor-widget-container\">\n\t\t\t\t\t<h4 class=\"elementor-heading-title elementor-size-default\">Interview mit Prof. Dr. Doreen Holtsch, \n<br>Prorektorin Ausbildung<\/h4>\t\t\t\t<\/div>\n\t\t\t\t<\/div>\n\t\t\t\t<div class=\"elementor-element elementor-element-4b3146df elementor-widget elementor-widget-text-editor\" data-id=\"4b3146df\" data-element_type=\"widget\" data-widget_type=\"text-editor.default\">\n\t\t\t\t<div class=\"elementor-widget-container\">\n\t\t\t\t\t\t\t\t\t<p><strong>Wie verlief der Start des neuen Prorektorates Ausbildung?<\/strong><\/p>\n<p>Doreen Holtsch: Dank der guten und offenen Zusammenarbeit aller Leitungspersonen und Mitarbeitenden verlief der Start sehr gut. Ein grosser Vorteil in diesem Prozess war sicherlich, dass die neuen Studiengangsleitungen und die Leitung des Zentralen Studienmanagements alle schon l\u00e4nger an der PHSG t\u00e4tig sind. Sie kennen die Strukturen und Prozesse in der Ausbildung bestens und trugen massgeblich zum gelungenen \u00dcbergang bei.<\/p>\n<p><\/p>\n<p><strong>Worin bestanden die gr\u00f6ssten Herausforderungen?<\/strong><\/p>\n<p>Zu Beginn war vor allem herausfordernd, die Gemeinsamkeiten und Unterschiede in der Organisation und in den Prozessen der Studieng\u00e4nge zu analysieren. K\u00fcnftig sollen Prozesse, unter anderem in der Studienadministration, vernetzt organisiert und verst\u00e4rkt digital gest\u00fctzt werden. Eine zentrale Aufgabe wird in der Lancierung einer neuen Studienadministrationssoftware liegen.<\/p>\n<p><\/p>\n<p><strong>Werden auch die Inhalte der Studieng\u00e4nge weiterentwickelt?<\/strong><\/p>\n<p>Ja, dies jedoch nicht nur aufgrund der Zusammenf\u00fchrung der Studieng\u00e4nge in einem Prorektorat, sondern auch durch die Weiterentwicklung der Organisations- und F\u00fchrungsstruktur (WEFO). Mit dem Projekt WEFO werden Strukturen geschaffen, die insbesondere die Lehre unterst\u00fctzen, weil der fachspezifische Austausch \u00fcber alle Leistungsbereiche hinweg gef\u00f6rdert wird.<\/p>\n<p><\/p>\n<p><strong>Mit welchem Ziel?<\/strong><\/p>\n<p>Das Ziel ist, f\u00fcr die Studierenden attraktive Angebote zu entwickeln, die studiengang- und leistungsbereichs\u00fcbergreifende Perspektiven aufgreifen. Diese Angebote sollen zudem vom Schul- und Unterrichtsfeld gesch\u00e4tzt und als nachhaltig erachtet werden. Unsere Mitarbeitenden in den Studien- und Fachbereichen tragen massgeblich zu diesen Entwicklungen bei, indem sie sich in verschiedenen Formaten \u00fcber die Studieng\u00e4nge hinaus austauschen, beispielsweise \u00fcber Curricula, Lehr- und Lernformen sowie Pr\u00fcfungsformen und diese weiterentwickeln.<\/p>\n<p><strong>Was ist der Nutzen f\u00fcr die Studierenden?<\/strong><\/p>\n<p>F\u00fcr die Studierenden sehe ich zwei zentrale Vorteile. Zum einen wird die engere Zusammenf\u00fchrung der Studieng\u00e4nge und der Leistungsbereiche noch st\u00e4rker als bisher dazu beitragen, dass Mitarbeitende in einem Institut oder Zentrum Gelegenheit zum Austausch erhalten, Bew\u00e4hrtes weiter etablieren und neue Impulse f\u00fcr die inhaltliche und methodische Gestaltung der Ausbildung zug\u00e4nglich machen. Zum anderen erwarten wir mittelfristig f\u00fcr die Studierenden einen Mehrwert im Hinblick auf flexible und individualisierte Lehrangebote. Wenn beispielsweise ausgew\u00e4hlte Lehrveranstaltungen \u00fcber die Studieng\u00e4nge hinweg angeboten werden, best\u00fcnde an anderer Stelle die Option, die Vielfalt und die Wahlm\u00f6glichkeiten zu erh\u00f6hen.<\/p>\t\t\t\t\t\t\t\t<\/div>\n\t\t\t\t<\/div>\n\t\t\t\t\t<\/div>\n\t\t<\/div>\n\t\t\t\t\t<\/div>\n\t\t<\/section>\n\t\t\t\t<section class=\"elementor-section elementor-top-section elementor-element elementor-element-11163e1 elementor-section-boxed elementor-section-height-default elementor-section-height-default\" data-id=\"11163e1\" data-element_type=\"section\" data-settings=\"{&quot;jet_parallax_layout_list&quot;:[]}\">\n\t\t\t\t\t\t<div class=\"elementor-container elementor-column-gap-default\">\n\t\t\t\t\t<div class=\"elementor-column elementor-col-100 elementor-top-column elementor-element elementor-element-b06fd37\" data-id=\"b06fd37\" data-element_type=\"column\">\n\t\t\t<div class=\"elementor-widget-wrap elementor-element-populated\">\n\t\t\t\t\t\t<div class=\"elementor-element elementor-element-33b0c92 elementor-widget elementor-widget-template\" data-id=\"33b0c92\" data-element_type=\"widget\" data-widget_type=\"template.default\">\n\t\t\t\t<div class=\"elementor-widget-container\">\n\t\t\t\t\t\t\t<div class=\"elementor-template\">\n\t\t\t\t\t<div data-elementor-type=\"section\" data-elementor-id=\"725\" class=\"elementor elementor-725\" data-elementor-post-type=\"elementor_library\">\n\t\t\t\t\t<section class=\"elementor-section elementor-top-section elementor-element elementor-element-e859500 elementor-hidden-tablet elementor-section-boxed elementor-section-height-default elementor-section-height-default\" data-id=\"e859500\" data-element_type=\"section\" data-settings=\"{&quot;jet_parallax_layout_list&quot;:[]}\">\n\t\t\t\t\t\t<div class=\"elementor-container elementor-column-gap-default\">\n\t\t\t\t\t<div class=\"elementor-column elementor-col-100 elementor-top-column elementor-element elementor-element-3b80195\" data-id=\"3b80195\" data-element_type=\"column\">\n\t\t\t<div class=\"elementor-widget-wrap elementor-element-populated\">\n\t\t\t\t\t\t<div class=\"elementor-element elementor-element-2e5f9a6 elementor-widget elementor-widget-spacer\" data-id=\"2e5f9a6\" data-element_type=\"widget\" data-widget_type=\"spacer.default\">\n\t\t\t\t<div class=\"elementor-widget-container\">\n\t\t\t\t\t\t\t<div class=\"elementor-spacer\">\n\t\t\t<div class=\"elementor-spacer-inner\"><\/div>\n\t\t<\/div>\n\t\t\t\t\t\t<\/div>\n\t\t\t\t<\/div>\n\t\t\t\t<div class=\"elementor-element elementor-element-9a8ad9d elementor-widget elementor-widget-heading\" data-id=\"9a8ad9d\" data-element_type=\"widget\" data-widget_type=\"heading.default\">\n\t\t\t\t<div class=\"elementor-widget-container\">\n\t\t\t\t\t<h3 class=\"elementor-heading-title elementor-size-default\">Weitere Themen, die Sie interessieren k\u00f6nnten<\/h3>\t\t\t\t<\/div>\n\t\t\t\t<\/div>\n\t\t\t\t<div class=\"elementor-element elementor-element-d4120cf elementor-hidden-tablet elementor-widget elementor-widget-raven-posts\" data-id=\"d4120cf\" data-element_type=\"widget\" data-settings=\"{&quot;classic_columns&quot;:&quot;4&quot;,&quot;query_posts_per_page&quot;:4,&quot;_skin&quot;:&quot;classic&quot;,&quot;classic_layout&quot;:&quot;grid&quot;,&quot;classic_columns_tablet&quot;:&quot;2&quot;,&quot;classic_columns_mobile&quot;:&quot;1&quot;,&quot;query_offset&quot;:0}\" data-widget_type=\"raven-posts.classic\">\n\t\t\t\t<div class=\"elementor-widget-container\">\n\t\t\t\t\t\t\t<div class=\"raven-posts raven-grid raven-grid-4 raven-grid-mobile-1 raven-grid-tablet-2\" data-post-id=\"725\" data-archive-query=\"\" data-lang=\"\">\n\t\t\t\t<div class=\"raven-grid-item raven-post-item post-622 page type-page status-publish has-post-thumbnail hentry\">\n\t\t\t<div class=\"raven-post elementor-animation-grow\">\n\t\t\t\t\t\t<div class=\"raven-post-image-wrap\">\n\t\t\t<a class=\"raven-post-image raven-image-fit\" href=\"https:\/\/phsg-jahresbericht.ch\/2021\/leistungsbereiche\/weiterbildung-dienstleistungen\/\"><img loading=\"lazy\" decoding=\"async\" width=\"1200\" height=\"630\" src=\"https:\/\/phsg-jahresbericht.ch\/2021\/wp-content\/uploads\/sites\/2\/Weiterbildung-und-Dienstleistung-PHSG-Jahresbericht-1.jpg\" class=\"attachment-large size-large wp-image-1568\" alt=\"\" srcset=\"https:\/\/phsg-jahresbericht.ch\/2021\/wp-content\/uploads\/sites\/2\/Weiterbildung-und-Dienstleistung-PHSG-Jahresbericht-1.jpg 1200w, https:\/\/phsg-jahresbericht.ch\/2021\/wp-content\/uploads\/sites\/2\/Weiterbildung-und-Dienstleistung-PHSG-Jahresbericht-1-768x403.jpg 768w\" sizes=\"(max-width: 1200px) 100vw, 1200px\" \/> <span class=\"raven-post-image-overlay\"><\/span><\/a>\t\t<\/div>\n\t\t\t\t\t\t<div class=\"raven-post-content\">\n\t\t\t\t\t<h3 class=\"raven-post-title\"><a class=\"raven-post-title-link\" href=\"https:\/\/phsg-jahresbericht.ch\/2021\/leistungsbereiche\/weiterbildung-dienstleistungen\/\">Weiterbildung und Dienstleistungen<\/a><\/h3>\t\t\t\t<\/div>\n\t\t\t<\/div>\n\t\t<\/div>\n\t\t\t\t<div class=\"raven-grid-item raven-post-item post-302 page type-page status-publish has-post-thumbnail hentry\">\n\t\t\t<div class=\"raven-post elementor-animation-grow\">\n\t\t\t\t\t\t<div class=\"raven-post-image-wrap\">\n\t\t\t<a class=\"raven-post-image raven-image-fit\" href=\"https:\/\/phsg-jahresbericht.ch\/2021\/editorial\/\"><img loading=\"lazy\" decoding=\"async\" width=\"1200\" height=\"630\" src=\"https:\/\/phsg-jahresbericht.ch\/2021\/wp-content\/uploads\/sites\/2\/Editorial-PHSG-Jahresbericht.jpg\" class=\"attachment-large size-large wp-image-1025\" alt=\"\" srcset=\"https:\/\/phsg-jahresbericht.ch\/2021\/wp-content\/uploads\/sites\/2\/Editorial-PHSG-Jahresbericht.jpg 1200w, https:\/\/phsg-jahresbericht.ch\/2021\/wp-content\/uploads\/sites\/2\/Editorial-PHSG-Jahresbericht-768x403.jpg 768w\" sizes=\"(max-width: 1200px) 100vw, 1200px\" \/> <span class=\"raven-post-image-overlay\"><\/span><\/a>\t\t<\/div>\n\t\t\t\t\t\t<div class=\"raven-post-content\">\n\t\t\t\t\t<h3 class=\"raven-post-title\"><a class=\"raven-post-title-link\" href=\"https:\/\/phsg-jahresbericht.ch\/2021\/editorial\/\">Editorial<\/a><\/h3>\t\t\t\t<\/div>\n\t\t\t<\/div>\n\t\t<\/div>\n\t\t\t\t<div class=\"raven-grid-item raven-post-item post-1154 page type-page status-publish has-post-thumbnail hentry\">\n\t\t\t<div class=\"raven-post elementor-animation-grow\">\n\t\t\t\t\t\t<div class=\"raven-post-image-wrap\">\n\t\t\t<a class=\"raven-post-image raven-image-fit\" href=\"https:\/\/phsg-jahresbericht.ch\/2021\/zahlen-fakten\/finanzzahlen\/\"><img loading=\"lazy\" decoding=\"async\" width=\"1200\" height=\"630\" src=\"https:\/\/phsg-jahresbericht.ch\/2021\/wp-content\/uploads\/sites\/2\/Finanzzahlen-PHSG-Jahresbericht.jpg\" class=\"attachment-large size-large wp-image-2005\" alt=\"\" srcset=\"https:\/\/phsg-jahresbericht.ch\/2021\/wp-content\/uploads\/sites\/2\/Finanzzahlen-PHSG-Jahresbericht.jpg 1200w, https:\/\/phsg-jahresbericht.ch\/2021\/wp-content\/uploads\/sites\/2\/Finanzzahlen-PHSG-Jahresbericht-768x403.jpg 768w\" sizes=\"(max-width: 1200px) 100vw, 1200px\" \/> <span class=\"raven-post-image-overlay\"><\/span><\/a>\t\t<\/div>\n\t\t\t\t\t\t<div class=\"raven-post-content\">\n\t\t\t\t\t<h3 class=\"raven-post-title\"><a class=\"raven-post-title-link\" href=\"https:\/\/phsg-jahresbericht.ch\/2021\/zahlen-fakten\/finanzzahlen\/\">Finanzzahlen<\/a><\/h3>\t\t\t\t<\/div>\n\t\t\t<\/div>\n\t\t<\/div>\n\t\t\t\t<div class=\"raven-grid-item raven-post-item post-1356 page type-page status-publish has-post-thumbnail hentry\">\n\t\t\t<div class=\"raven-post elementor-animation-grow\">\n\t\t\t\t\t\t<div class=\"raven-post-image-wrap\">\n\t\t\t<a class=\"raven-post-image raven-image-fit\" href=\"https:\/\/phsg-jahresbericht.ch\/2021\/ueber-uns\/\"><img loading=\"lazy\" decoding=\"async\" width=\"1200\" height=\"800\" src=\"https:\/\/phsg-jahresbericht.ch\/2021\/wp-content\/uploads\/sites\/2\/Rektorat-PHSG-Jahresbericht.jpg\" class=\"attachment-large size-large wp-image-1499\" alt=\"\" srcset=\"https:\/\/phsg-jahresbericht.ch\/2021\/wp-content\/uploads\/sites\/2\/Rektorat-PHSG-Jahresbericht.jpg 1200w, https:\/\/phsg-jahresbericht.ch\/2021\/wp-content\/uploads\/sites\/2\/Rektorat-PHSG-Jahresbericht-768x512.jpg 768w\" sizes=\"(max-width: 1200px) 100vw, 1200px\" \/> <span class=\"raven-post-image-overlay\"><\/span><\/a>\t\t<\/div>\n\t\t\t\t\t\t<div class=\"raven-post-content\">\n\t\t\t\t\t<h3 class=\"raven-post-title\"><a class=\"raven-post-title-link\" href=\"https:\/\/phsg-jahresbericht.ch\/2021\/ueber-uns\/\">\u00dcber uns<\/a><\/h3>\t\t\t\t<\/div>\n\t\t\t<\/div>\n\t\t<\/div>\n\t\t\t\t<\/div>\n\t\t\t\t\t\t<\/div>\n\t\t\t\t<\/div>\n\t\t\t\t<div class=\"elementor-element elementor-element-cc3fb93 elementor-widget elementor-widget-spacer\" data-id=\"cc3fb93\" data-element_type=\"widget\" data-widget_type=\"spacer.default\">\n\t\t\t\t<div class=\"elementor-widget-container\">\n\t\t\t\t\t\t\t<div class=\"elementor-spacer\">\n\t\t\t<div class=\"elementor-spacer-inner\"><\/div>\n\t\t<\/div>\n\t\t\t\t\t\t<\/div>\n\t\t\t\t<\/div>\n\t\t\t\t\t<\/div>\n\t\t<\/div>\n\t\t\t\t\t<\/div>\n\t\t<\/section>\n\t\t\t\t<section class=\"elementor-section elementor-top-section elementor-element elementor-element-d79f90a elementor-hidden-desktop elementor-hidden-mobile elementor-section-boxed elementor-section-height-default elementor-section-height-default\" data-id=\"d79f90a\" data-element_type=\"section\" data-settings=\"{&quot;jet_parallax_layout_list&quot;:[]}\">\n\t\t\t\t\t\t<div class=\"elementor-container elementor-column-gap-default\">\n\t\t\t\t\t<div class=\"elementor-column elementor-col-100 elementor-top-column elementor-element elementor-element-26d8139\" data-id=\"26d8139\" data-element_type=\"column\">\n\t\t\t<div class=\"elementor-widget-wrap elementor-element-populated\">\n\t\t\t\t\t\t<div class=\"elementor-element elementor-element-ddeddba elementor-widget elementor-widget-spacer\" data-id=\"ddeddba\" data-element_type=\"widget\" data-widget_type=\"spacer.default\">\n\t\t\t\t<div class=\"elementor-widget-container\">\n\t\t\t\t\t\t\t<div class=\"elementor-spacer\">\n\t\t\t<div class=\"elementor-spacer-inner\"><\/div>\n\t\t<\/div>\n\t\t\t\t\t\t<\/div>\n\t\t\t\t<\/div>\n\t\t\t\t<div class=\"elementor-element elementor-element-e9e4ac2 elementor-widget elementor-widget-heading\" data-id=\"e9e4ac2\" data-element_type=\"widget\" data-widget_type=\"heading.default\">\n\t\t\t\t<div class=\"elementor-widget-container\">\n\t\t\t\t\t<h3 class=\"elementor-heading-title elementor-size-default\">Weitere Themen, die Sie interessieren k\u00f6nnten<\/h3>\t\t\t\t<\/div>\n\t\t\t\t<\/div>\n\t\t\t\t<div class=\"elementor-element elementor-element-f755ef8 elementor-widget elementor-widget-raven-posts\" data-id=\"f755ef8\" data-element_type=\"widget\" data-settings=\"{&quot;classic_columns&quot;:&quot;4&quot;,&quot;query_posts_per_page&quot;:3,&quot;classic_columns_tablet&quot;:&quot;3&quot;,&quot;_skin&quot;:&quot;classic&quot;,&quot;classic_layout&quot;:&quot;grid&quot;,&quot;classic_columns_mobile&quot;:&quot;1&quot;,&quot;query_offset&quot;:0}\" data-widget_type=\"raven-posts.classic\">\n\t\t\t\t<div class=\"elementor-widget-container\">\n\t\t\t\t\t\t\t<div class=\"raven-posts raven-grid raven-grid-4 raven-grid-mobile-1 raven-grid-tablet-3\" data-post-id=\"725\" data-archive-query=\"\" data-lang=\"\">\n\t\t\t\t<div class=\"raven-grid-item raven-post-item post-1138 page type-page status-publish has-post-thumbnail hentry\">\n\t\t\t<div class=\"raven-post elementor-animation-grow\">\n\t\t\t\t\t\t<div class=\"raven-post-image-wrap\">\n\t\t\t<a class=\"raven-post-image raven-image-fit\" href=\"https:\/\/phsg-jahresbericht.ch\/2021\/ueber-uns\/wissenschaftlicher-beirat\/\"><img loading=\"lazy\" decoding=\"async\" width=\"1200\" height=\"630\" src=\"https:\/\/phsg-jahresbericht.ch\/2021\/wp-content\/uploads\/sites\/2\/Wissenschaftlicher-Beirat-PHSG-Jahresbericht.jpg\" class=\"attachment-large size-large wp-image-1490\" alt=\"\" srcset=\"https:\/\/phsg-jahresbericht.ch\/2021\/wp-content\/uploads\/sites\/2\/Wissenschaftlicher-Beirat-PHSG-Jahresbericht.jpg 1200w, https:\/\/phsg-jahresbericht.ch\/2021\/wp-content\/uploads\/sites\/2\/Wissenschaftlicher-Beirat-PHSG-Jahresbericht-768x403.jpg 768w\" sizes=\"(max-width: 1200px) 100vw, 1200px\" \/> <span class=\"raven-post-image-overlay\"><\/span><\/a>\t\t<\/div>\n\t\t\t\t\t\t<div class=\"raven-post-content\">\n\t\t\t\t\t<h3 class=\"raven-post-title\"><a class=\"raven-post-title-link\" href=\"https:\/\/phsg-jahresbericht.ch\/2021\/ueber-uns\/wissenschaftlicher-beirat\/\">Wissenschaftlicher Beirat<\/a><\/h3>\t\t\t\t<\/div>\n\t\t\t<\/div>\n\t\t<\/div>\n\t\t\t\t<div class=\"raven-grid-item raven-post-item post-1310 page type-page status-publish has-post-thumbnail hentry\">\n\t\t\t<div class=\"raven-post elementor-animation-grow\">\n\t\t\t\t\t\t<div class=\"raven-post-image-wrap\">\n\t\t\t<a class=\"raven-post-image raven-image-fit\" href=\"https:\/\/phsg-jahresbericht.ch\/2021\/zahlen-fakten\/\"><img loading=\"lazy\" decoding=\"async\" width=\"1200\" height=\"630\" src=\"https:\/\/phsg-jahresbericht.ch\/2021\/wp-content\/uploads\/sites\/2\/Zahlen-und-Fakten-PHSG-Jahresbericht.jpg\" class=\"attachment-large size-large wp-image-2019\" alt=\"\" srcset=\"https:\/\/phsg-jahresbericht.ch\/2021\/wp-content\/uploads\/sites\/2\/Zahlen-und-Fakten-PHSG-Jahresbericht.jpg 1200w, https:\/\/phsg-jahresbericht.ch\/2021\/wp-content\/uploads\/sites\/2\/Zahlen-und-Fakten-PHSG-Jahresbericht-768x403.jpg 768w\" sizes=\"(max-width: 1200px) 100vw, 1200px\" \/> <span class=\"raven-post-image-overlay\"><\/span><\/a>\t\t<\/div>\n\t\t\t\t\t\t<div class=\"raven-post-content\">\n\t\t\t\t\t<h3 class=\"raven-post-title\"><a class=\"raven-post-title-link\" href=\"https:\/\/phsg-jahresbericht.ch\/2021\/zahlen-fakten\/\">Zahlen &#038; Fakten<\/a><\/h3>\t\t\t\t<\/div>\n\t\t\t<\/div>\n\t\t<\/div>\n\t\t\t\t<div class=\"raven-grid-item raven-post-item post-341 page type-page status-publish has-post-thumbnail hentry\">\n\t\t\t<div class=\"raven-post elementor-animation-grow\">\n\t\t\t\t\t\t<div class=\"raven-post-image-wrap\">\n\t\t\t<a class=\"raven-post-image raven-image-fit\" href=\"https:\/\/phsg-jahresbericht.ch\/2021\/chronik-2021\/\"><img loading=\"lazy\" decoding=\"async\" width=\"1200\" height=\"630\" src=\"https:\/\/phsg-jahresbericht.ch\/2021\/wp-content\/uploads\/sites\/2\/Chronik-PHSG-Jahresbericht.jpg\" class=\"attachment-large size-large wp-image-1028\" alt=\"\" srcset=\"https:\/\/phsg-jahresbericht.ch\/2021\/wp-content\/uploads\/sites\/2\/Chronik-PHSG-Jahresbericht.jpg 1200w, https:\/\/phsg-jahresbericht.ch\/2021\/wp-content\/uploads\/sites\/2\/Chronik-PHSG-Jahresbericht-768x403.jpg 768w\" sizes=\"(max-width: 1200px) 100vw, 1200px\" \/> <span class=\"raven-post-image-overlay\"><\/span><\/a>\t\t<\/div>\n\t\t\t\t\t\t<div class=\"raven-post-content\">\n\t\t\t\t\t<h3 class=\"raven-post-title\"><a class=\"raven-post-title-link\" href=\"https:\/\/phsg-jahresbericht.ch\/2021\/chronik-2021\/\">Chronik 2021<\/a><\/h3>\t\t\t\t<\/div>\n\t\t\t<\/div>\n\t\t<\/div>\n\t\t\t\t<\/div>\n\t\t\t\t\t\t<\/div>\n\t\t\t\t<\/div>\n\t\t\t\t<div class=\"elementor-element elementor-element-8fd49b2 elementor-widget elementor-widget-spacer\" data-id=\"8fd49b2\" data-element_type=\"widget\" data-widget_type=\"spacer.default\">\n\t\t\t\t<div class=\"elementor-widget-container\">\n\t\t\t\t\t\t\t<div class=\"elementor-spacer\">\n\t\t\t<div class=\"elementor-spacer-inner\"><\/div>\n\t\t<\/div>\n\t\t\t\t\t\t<\/div>\n\t\t\t\t<\/div>\n\t\t\t\t\t<\/div>\n\t\t<\/div>\n\t\t\t\t\t<\/div>\n\t\t<\/section>\n\t\t\t\t<\/div>\n\t\t\t\t<\/div>\n\t\t\t\t\t\t<\/div>\n\t\t\t\t<\/div>\n\t\t\t\t\t<\/div>\n\t\t<\/div>\n\t\t\t\t\t<\/div>\n\t\t<\/section>\n\t\t\t\t<\/div>\n\t\t","protected":false},"excerpt":{"rendered":"<p>Leistungsbereiche Im Bereich der Ausbildung wurden an der PHSG strukturelle Anpassungen vorgenommen. S\u00e4mtliche Studieng\u00e4nge sind in einem Prorektorat zusammengef\u00fchrt worden. Im September 2021 konnte das neu gebildete Prorektorat Ausbildung unter der Leitung von Prof. Dr. Doreen Holtsch starten. Darin vereint sind die beiden ehemaligen Prorektorate Kindergarten- und Primarstufe und Sekundarstufe I und II sowie die [&hellip;]<\/p>\n","protected":false},"author":1,"featured_media":1811,"parent":1261,"menu_order":0,"comment_status":"closed","ping_status":"closed","template":"elementor_header_footer","meta":{"_acf_changed":false,"footnotes":""},"class_list":["post-452","page","type-page","status-publish","has-post-thumbnail","hentry"],"acf":[],"_links":{"self":[{"href":"https:\/\/phsg-jahresbericht.ch\/2021\/wp-json\/wp\/v2\/pages\/452","targetHints":{"allow":["GET"]}}],"collection":[{"href":"https:\/\/phsg-jahresbericht.ch\/2021\/wp-json\/wp\/v2\/pages"}],"about":[{"href":"https:\/\/phsg-jahresbericht.ch\/2021\/wp-json\/wp\/v2\/types\/page"}],"author":[{"embeddable":true,"href":"https:\/\/phsg-jahresbericht.ch\/2021\/wp-json\/wp\/v2\/users\/1"}],"replies":[{"embeddable":true,"href":"https:\/\/phsg-jahresbericht.ch\/2021\/wp-json\/wp\/v2\/comments?post=452"}],"version-history":[{"count":149,"href":"https:\/\/phsg-jahresbericht.ch\/2021\/wp-json\/wp\/v2\/pages\/452\/revisions"}],"predecessor-version":[{"id":2698,"href":"https:\/\/phsg-jahresbericht.ch\/2021\/wp-json\/wp\/v2\/pages\/452\/revisions\/2698"}],"up":[{"embeddable":true,"href":"https:\/\/phsg-jahresbericht.ch\/2021\/wp-json\/wp\/v2\/pages\/1261"}],"wp:featuredmedia":[{"embeddable":true,"href":"https:\/\/phsg-jahresbericht.ch\/2021\/wp-json\/wp\/v2\/media\/1811"}],"wp:attachment":[{"href":"https:\/\/phsg-jahresbericht.ch\/2021\/wp-json\/wp\/v2\/media?parent=452"}],"curies":[{"name":"wp","href":"https:\/\/api.w.org\/{rel}","templated":true}]}}