{"id":302,"date":"2022-04-05T16:35:25","date_gmt":"2022-04-05T14:35:25","guid":{"rendered":"https:\/\/phsg-jahresbericht.ch\/2021\/?page_id=302"},"modified":"2023-02-02T13:00:37","modified_gmt":"2023-02-02T12:00:37","slug":"editorial","status":"publish","type":"page","link":"https:\/\/phsg-jahresbericht.ch\/2021\/editorial\/","title":{"rendered":"Editorial"},"content":{"rendered":"\t\t<div data-elementor-type=\"wp-page\" data-elementor-id=\"302\" class=\"elementor elementor-302\" data-elementor-post-type=\"page\">\n\t\t\t\t\t\t<section class=\"elementor-section elementor-top-section elementor-element elementor-element-45a9c11 elementor-section-height-min-height elementor-section-boxed elementor-section-height-default elementor-section-items-middle\" data-id=\"45a9c11\" data-element_type=\"section\" data-settings=\"{&quot;jet_parallax_layout_list&quot;:[]}\">\n\t\t\t\t\t\t<div class=\"elementor-container elementor-column-gap-default\">\n\t\t\t\t\t<div class=\"elementor-column elementor-col-100 elementor-top-column elementor-element elementor-element-9e6c6b6\" data-id=\"9e6c6b6\" data-element_type=\"column\">\n\t\t\t<div class=\"elementor-widget-wrap elementor-element-populated\">\n\t\t\t\t\t\t<div class=\"elementor-element elementor-element-719deeb elementor-widget elementor-widget-heading\" data-id=\"719deeb\" data-element_type=\"widget\" id=\"subtitle-underline\" data-widget_type=\"heading.default\">\n\t\t\t\t<div class=\"elementor-widget-container\">\n\t\t\t\t\t<h3 class=\"elementor-heading-title elementor-size-default\">Editorial 2021<\/h3>\t\t\t\t<\/div>\n\t\t\t\t<\/div>\n\t\t\t\t<div class=\"elementor-element elementor-element-e780e84 elementor-widget elementor-widget-heading\" data-id=\"e780e84\" data-element_type=\"widget\" data-widget_type=\"heading.default\">\n\t\t\t\t<div class=\"elementor-widget-container\">\n\t\t\t\t\t<h3 class=\"elementor-heading-title elementor-size-default\">Ein Blick auf das Jahr 2021 aus der Perspektive des Pr\u00e4sidenten des Hochschulrates der P\u00e4dagogischen Hochschule St.Gallen, Stefan K\u00f6lliker, und Rektor Horst Biedermann.<\/h3>\t\t\t\t<\/div>\n\t\t\t\t<\/div>\n\t\t\t\t\t<\/div>\n\t\t<\/div>\n\t\t\t\t\t<\/div>\n\t\t<\/section>\n\t\t\t\t<section class=\"elementor-section elementor-top-section elementor-element elementor-element-040945e elementor-section-full_width elementor-section-height-default elementor-section-height-default\" data-id=\"040945e\" data-element_type=\"section\" data-settings=\"{&quot;jet_parallax_layout_list&quot;:[]}\">\n\t\t\t\t\t\t<div class=\"elementor-container elementor-column-gap-default\">\n\t\t\t\t\t<div class=\"elementor-column elementor-col-100 elementor-top-column elementor-element elementor-element-be1b5d0\" data-id=\"be1b5d0\" data-element_type=\"column\">\n\t\t\t<div class=\"elementor-widget-wrap elementor-element-populated\">\n\t\t\t\t\t\t<div class=\"elementor-element elementor-element-73b76cc elementor-widget elementor-widget-image\" data-id=\"73b76cc\" data-element_type=\"widget\" data-widget_type=\"image.default\">\n\t\t\t\t<div class=\"elementor-widget-container\">\n\t\t\t\t\t\t\t\t\t\t\t\t\t\t\t\t<a href=\"https:\/\/phsg-jahresbericht.ch\/2021\/wp-content\/uploads\/Editorial-Headerbild-PHSG-Jahresbericht-scaled.jpg\" data-elementor-open-lightbox=\"yes\" data-elementor-lightbox-title=\"Editorial Headerbild PHSG Jahresbericht\" data-e-action-hash=\"#elementor-action%3Aaction%3Dlightbox%26settings%3DeyJpZCI6MTg1MiwidXJsIjoiaHR0cHM6XC9cL3Boc2ctamFocmVzYmVyaWNodC5jaFwvMjAyMVwvd3AtY29udGVudFwvdXBsb2Fkc1wvc2l0ZXNcLzJcL0VkaXRvcmlhbC1IZWFkZXJiaWxkLVBIU0ctSmFocmVzYmVyaWNodC1zY2FsZWQuanBnIn0%3D\">\n\t\t\t\t\t\t\t<img fetchpriority=\"high\" decoding=\"async\" width=\"2560\" height=\"1116\" src=\"https:\/\/phsg-jahresbericht.ch\/2021\/wp-content\/uploads\/sites\/2\/Editorial-Headerbild-PHSG-Jahresbericht-scaled.jpg\" class=\"attachment-large size-large wp-image-1852\" alt=\"\" srcset=\"https:\/\/phsg-jahresbericht.ch\/2021\/wp-content\/uploads\/sites\/2\/Editorial-Headerbild-PHSG-Jahresbericht-scaled.jpg 2560w, https:\/\/phsg-jahresbericht.ch\/2021\/wp-content\/uploads\/sites\/2\/Editorial-Headerbild-PHSG-Jahresbericht-768x335.jpg 768w, https:\/\/phsg-jahresbericht.ch\/2021\/wp-content\/uploads\/sites\/2\/Editorial-Headerbild-PHSG-Jahresbericht-1536x670.jpg 1536w, https:\/\/phsg-jahresbericht.ch\/2021\/wp-content\/uploads\/sites\/2\/Editorial-Headerbild-PHSG-Jahresbericht-2048x893.jpg 2048w\" sizes=\"(max-width: 2560px) 100vw, 2560px\" \/>\t\t\t\t\t\t\t\t<\/a>\n\t\t\t\t\t\t\t\t\t\t\t\t\t\t\t<\/div>\n\t\t\t\t<\/div>\n\t\t\t\t\t<\/div>\n\t\t<\/div>\n\t\t\t\t\t<\/div>\n\t\t<\/section>\n\t\t\t\t<section class=\"elementor-section elementor-top-section elementor-element elementor-element-4eff095 elementor-section-boxed elementor-section-height-default elementor-section-height-default\" data-id=\"4eff095\" data-element_type=\"section\" data-settings=\"{&quot;jet_parallax_layout_list&quot;:[]}\">\n\t\t\t\t\t\t<div class=\"elementor-container elementor-column-gap-default\">\n\t\t\t\t\t<div class=\"elementor-column elementor-col-100 elementor-top-column elementor-element elementor-element-7815453\" data-id=\"7815453\" data-element_type=\"column\">\n\t\t\t<div class=\"elementor-widget-wrap elementor-element-populated\">\n\t\t\t\t\t\t<div class=\"elementor-element elementor-element-edffddb elementor-widget elementor-widget-heading\" data-id=\"edffddb\" data-element_type=\"widget\" data-widget_type=\"heading.default\">\n\t\t\t\t<div class=\"elementor-widget-container\">\n\t\t\t\t\t<p class=\"elementor-heading-title elementor-size-default\">Horst Biedermann, Rektor der PHSG (links), und Stefan K\u00f6lliker, Vorsteher des Bildungsdepartements des Kantons St.Gallen und Pr\u00e4sident des Hochschulrats der PHSG.<\/p>\t\t\t\t<\/div>\n\t\t\t\t<\/div>\n\t\t\t\t<div class=\"elementor-element elementor-element-ef40870 elementor-widget elementor-widget-heading\" data-id=\"ef40870\" data-element_type=\"widget\" data-widget_type=\"heading.default\">\n\t\t\t\t<div class=\"elementor-widget-container\">\n\t\t\t\t\t<h4 class=\"elementor-heading-title elementor-size-default\">Wort des Hochschulratspr\u00e4sidenten<\/h4>\t\t\t\t<\/div>\n\t\t\t\t<\/div>\n\t\t\t\t\t<\/div>\n\t\t<\/div>\n\t\t\t\t\t<\/div>\n\t\t<\/section>\n\t\t\t\t<section class=\"elementor-section elementor-top-section elementor-element elementor-element-c19add7 elementor-section-boxed elementor-section-height-default elementor-section-height-default\" data-id=\"c19add7\" data-element_type=\"section\" data-settings=\"{&quot;jet_parallax_layout_list&quot;:[],&quot;background_background&quot;:&quot;classic&quot;}\">\n\t\t\t\t\t\t<div class=\"elementor-container elementor-column-gap-default\">\n\t\t\t\t\t<div class=\"elementor-column elementor-col-100 elementor-top-column elementor-element elementor-element-efde7e7\" data-id=\"efde7e7\" data-element_type=\"column\">\n\t\t\t<div class=\"elementor-widget-wrap elementor-element-populated\">\n\t\t\t\t\t\t<div class=\"elementor-element elementor-element-bd38611 elementor-widget elementor-widget-heading\" data-id=\"bd38611\" data-element_type=\"widget\" data-widget_type=\"heading.default\">\n\t\t\t\t<div class=\"elementor-widget-container\">\n\t\t\t\t\t<h4 class=\"elementor-heading-title elementor-size-default\">Das vergangene Jahr war gepr\u00e4gt von Ver\u00e4nderungen. Die einen wurden bereits vorgenommen, bei den anderen laufen die Vorbereitungen auf Hochtouren.<\/h4>\t\t\t\t<\/div>\n\t\t\t\t<\/div>\n\t\t\t\t\t<\/div>\n\t\t<\/div>\n\t\t\t\t\t<\/div>\n\t\t<\/section>\n\t\t\t\t<section class=\"elementor-section elementor-top-section elementor-element elementor-element-ea8d176 elementor-section-boxed elementor-section-height-default elementor-section-height-default\" data-id=\"ea8d176\" data-element_type=\"section\" data-settings=\"{&quot;jet_parallax_layout_list&quot;:[]}\">\n\t\t\t\t\t\t<div class=\"elementor-container elementor-column-gap-default\">\n\t\t\t\t\t<div class=\"elementor-column elementor-col-100 elementor-top-column elementor-element elementor-element-075bd8d\" data-id=\"075bd8d\" data-element_type=\"column\">\n\t\t\t<div class=\"elementor-widget-wrap elementor-element-populated\">\n\t\t\t\t\t\t<div class=\"elementor-element elementor-element-f45fd60 elementor-widget elementor-widget-text-editor\" data-id=\"f45fd60\" data-element_type=\"widget\" data-widget_type=\"text-editor.default\">\n\t\t\t\t<div class=\"elementor-widget-container\">\n\t\t\t\t\t\t\t\t\t<p>So bei der Weiterentwicklung der F\u00fchrungs- und Organisationsstruktur (WEFO). Im Rahmen dieses Projekts konnte der Hochschulrat die neu zu gr\u00fcndenden Institute und Zentren diskutieren. Diese Organisationseinheiten sind ein wichtiger Bestandteil der angestrebten Matrixorganisation und ein weiterer Schritt in der Konkretisierung des Vorhabens.<\/p><p>Vollzogen wurde im September 2021 die Zusammenlegung der beiden Prorektorate Ausbildung Kindergarten- und Primarstufe sowie Sekundarstufe I und II zum Prorektorat Ausbildung. Prof. Dr. Doreen Holtsch, Prorektorin Ausbildung, ist tatkr\u00e4ftig in ihr neues Amt gestartet und konnte bereits in kurzer Zeit wichtige Themen angehen.<\/p><p>Inhaltlich befasste sich der Hochschulrat eingehend mit dem neuen Laufbahnmodell, das im M\u00e4rz 2021 verabschiedet wurde. Damit ist an der PHSG die Vergabe des Professorentitels neu geregelt. F\u00fcr das akademische Personal sind so Fachlaufbahnen m\u00f6glich, die eine institutionsinterne Entwicklungsperspektive bieten. Das neue Laufbahnmodell soll ab dem 1. September 2023 angewendet werden.<\/p><p>Trotz anhaltender Pandemiesituation konnte der Hochschulrat im Jahr 2021 seine vier Sitzungen physisch durchf\u00fchren. An der Juni-Sitzung waren zudem die ehemaligen Mitglieder des Hochschulrates zu einem gemeinsamen Mittagessen und Austausch geladen.<\/p>\t\t\t\t\t\t\t\t<\/div>\n\t\t\t\t<\/div>\n\t\t\t\t<div class=\"elementor-element elementor-element-548b01b elementor-widget elementor-widget-heading\" data-id=\"548b01b\" data-element_type=\"widget\" data-widget_type=\"heading.default\">\n\t\t\t\t<div class=\"elementor-widget-container\">\n\t\t\t\t\t<h5 class=\"elementor-heading-title elementor-size-default\">Regierungsrat Stefan K\u00f6lliker, Vorsteher des Bildungsdepartements des Kantons St.Gallen und Pr\u00e4sident des Hochschulrates der P\u00e4dagogischen Hochschule St.Gallen<\/h5>\t\t\t\t<\/div>\n\t\t\t\t<\/div>\n\t\t\t\t\t<\/div>\n\t\t<\/div>\n\t\t\t\t\t<\/div>\n\t\t<\/section>\n\t\t\t\t<section class=\"elementor-section elementor-top-section elementor-element elementor-element-384523b elementor-section-boxed elementor-section-height-default elementor-section-height-default\" data-id=\"384523b\" data-element_type=\"section\" data-settings=\"{&quot;jet_parallax_layout_list&quot;:[]}\">\n\t\t\t\t\t\t<div class=\"elementor-container elementor-column-gap-default\">\n\t\t\t\t\t<div class=\"elementor-column elementor-col-100 elementor-top-column elementor-element elementor-element-b084b53\" data-id=\"b084b53\" data-element_type=\"column\">\n\t\t\t<div class=\"elementor-widget-wrap elementor-element-populated\">\n\t\t\t\t\t\t<div class=\"elementor-element elementor-element-15fc03e elementor-widget elementor-widget-heading\" data-id=\"15fc03e\" data-element_type=\"widget\" data-widget_type=\"heading.default\">\n\t\t\t\t<div class=\"elementor-widget-container\">\n\t\t\t\t\t<h4 class=\"elementor-heading-title elementor-size-default\">Wort des Rektors<\/h4>\t\t\t\t<\/div>\n\t\t\t\t<\/div>\n\t\t\t\t<div class=\"elementor-element elementor-element-bf988df elementor-widget elementor-widget-text-editor\" data-id=\"bf988df\" data-element_type=\"widget\" data-widget_type=\"text-editor.default\">\n\t\t\t\t<div class=\"elementor-widget-container\">\n\t\t\t\t\t\t\t\t\t<p>Die Gesellschaft ist nicht zuletzt auch wegen der fortschreitenden Digitalisierung im Wandel. Unser Alltag und unsere Arbeitswelt ver\u00e4ndern sich und damit auch das Unterrichten an den Schulen. Von den Lehrpersonen wird erwartet, dass sie die nachfolgenden Generationen bestm\u00f6glich auf die Welt von morgen vorbereiten. Doch wie sieht die Welt in 20 oder 30 Jahren aus? Welche F\u00e4higkeiten werden die heutigen Kinder dann gebrauchen, um sich im Leben zurechtzufinden? Fragen, die auch auf Ebene der Lehrerinnen- und Lehrerbildung Ver\u00e4nderungen bedingen.<\/p><p>Diese Ver\u00e4nderungen erfordern eine Weiterentwicklung der P\u00e4dagogischen Hochschule auf allen Ebenen. Dazu geh\u00f6rt auch, die F\u00fchrungs- und Organisationsstruktur weiterzuentwickeln.<\/p>\t\t\t\t\t\t\t\t<\/div>\n\t\t\t\t<\/div>\n\t\t\t\t\t<\/div>\n\t\t<\/div>\n\t\t\t\t\t<\/div>\n\t\t<\/section>\n\t\t\t\t<section class=\"elementor-section elementor-top-section elementor-element elementor-element-8b99f37 elementor-section-boxed elementor-section-height-default elementor-section-height-default\" data-id=\"8b99f37\" data-element_type=\"section\" data-settings=\"{&quot;jet_parallax_layout_list&quot;:[],&quot;background_background&quot;:&quot;classic&quot;}\">\n\t\t\t\t\t\t<div class=\"elementor-container elementor-column-gap-default\">\n\t\t\t\t\t<div class=\"elementor-column elementor-col-100 elementor-top-column elementor-element elementor-element-f2b0d18\" data-id=\"f2b0d18\" data-element_type=\"column\">\n\t\t\t<div class=\"elementor-widget-wrap elementor-element-populated\">\n\t\t\t\t\t\t<div class=\"elementor-element elementor-element-1bec9ec elementor-widget elementor-widget-heading\" data-id=\"1bec9ec\" data-element_type=\"widget\" data-widget_type=\"heading.default\">\n\t\t\t\t<div class=\"elementor-widget-container\">\n\t\t\t\t\t<h4 class=\"elementor-heading-title elementor-size-default\">Zuk\u00fcnftige Strukturen m\u00fcssen zur Bearbeitung bevorstehender Herausforderungen noch agiler und flexibler sein, als sie es jetzt schon sind.<\/h4>\t\t\t\t<\/div>\n\t\t\t\t<\/div>\n\t\t\t\t\t<\/div>\n\t\t<\/div>\n\t\t\t\t\t<\/div>\n\t\t<\/section>\n\t\t\t\t<section class=\"elementor-section elementor-top-section elementor-element elementor-element-958725f elementor-section-boxed elementor-section-height-default elementor-section-height-default\" data-id=\"958725f\" data-element_type=\"section\" data-settings=\"{&quot;jet_parallax_layout_list&quot;:[]}\">\n\t\t\t\t\t\t<div class=\"elementor-container elementor-column-gap-default\">\n\t\t\t\t\t<div class=\"elementor-column elementor-col-100 elementor-top-column elementor-element elementor-element-2c1cf9b\" data-id=\"2c1cf9b\" data-element_type=\"column\">\n\t\t\t<div class=\"elementor-widget-wrap elementor-element-populated\">\n\t\t\t\t\t\t<div class=\"elementor-element elementor-element-afeb2a0 elementor-widget elementor-widget-text-editor\" data-id=\"afeb2a0\" data-element_type=\"widget\" data-widget_type=\"text-editor.default\">\n\t\t\t\t<div class=\"elementor-widget-container\">\n\t\t\t\t\t\t\t\t\t<p>Dabei ist die Wissenszirkulation unter den vier Leistungsbereichen Lehre, Forschung &amp; Entwicklung, Weiterbildung und Dienstleistungen sowie der Austausch zwischen den Studieng\u00e4ngen zentral.<\/p><p>Damit die PHSG die Bed\u00fcrfnisse der k\u00fcnftigen Gesellschaft und Schulen noch besser antizipieren kann und L\u00f6sungen darauf parat hat, muss sie auch selbst neue Erkenntnisse generieren und nach diesen ihre Studienangebote weiterentwickeln. Nur eine vorausschauende und bewegliche Hochschule kann die Lehrpersonen entsprechend aus- und weiterbilden und ist sowohl f\u00fcr aktuelle als auch f\u00fcr zuk\u00fcnftige Herausforderungen gewappnet.<\/p>\t\t\t\t\t\t\t\t<\/div>\n\t\t\t\t<\/div>\n\t\t\t\t<div class=\"elementor-element elementor-element-95b927b elementor-widget elementor-widget-heading\" data-id=\"95b927b\" data-element_type=\"widget\" data-widget_type=\"heading.default\">\n\t\t\t\t<div class=\"elementor-widget-container\">\n\t\t\t\t\t<h5 class=\"elementor-heading-title elementor-size-default\">Horst Biedermann,\u2002Rektor der P\u00e4dagogischen Hochschule St.Gallen<\/h5>\t\t\t\t<\/div>\n\t\t\t\t<\/div>\n\t\t\t\t\t<\/div>\n\t\t<\/div>\n\t\t\t\t\t<\/div>\n\t\t<\/section>\n\t\t\t\t<section class=\"elementor-section elementor-top-section elementor-element elementor-element-d4cb799 elementor-section-boxed elementor-section-height-default elementor-section-height-default\" data-id=\"d4cb799\" data-element_type=\"section\" data-settings=\"{&quot;jet_parallax_layout_list&quot;:[]}\">\n\t\t\t\t\t\t<div class=\"elementor-container elementor-column-gap-default\">\n\t\t\t\t\t<div class=\"elementor-column elementor-col-100 elementor-top-column elementor-element elementor-element-88fd8e4\" data-id=\"88fd8e4\" data-element_type=\"column\">\n\t\t\t<div class=\"elementor-widget-wrap elementor-element-populated\">\n\t\t\t\t\t\t<div class=\"elementor-element elementor-element-1eaf73e elementor-widget elementor-widget-template\" data-id=\"1eaf73e\" data-element_type=\"widget\" data-widget_type=\"template.default\">\n\t\t\t\t<div class=\"elementor-widget-container\">\n\t\t\t\t\t\t\t<div class=\"elementor-template\">\n\t\t\t\t\t<div data-elementor-type=\"section\" data-elementor-id=\"725\" class=\"elementor elementor-725\" data-elementor-post-type=\"elementor_library\">\n\t\t\t\t\t<section class=\"elementor-section elementor-top-section elementor-element elementor-element-e859500 elementor-hidden-tablet elementor-section-boxed elementor-section-height-default elementor-section-height-default\" data-id=\"e859500\" data-element_type=\"section\" data-settings=\"{&quot;jet_parallax_layout_list&quot;:[]}\">\n\t\t\t\t\t\t<div class=\"elementor-container elementor-column-gap-default\">\n\t\t\t\t\t<div class=\"elementor-column elementor-col-100 elementor-top-column elementor-element elementor-element-3b80195\" data-id=\"3b80195\" data-element_type=\"column\">\n\t\t\t<div class=\"elementor-widget-wrap elementor-element-populated\">\n\t\t\t\t\t\t<div class=\"elementor-element elementor-element-2e5f9a6 elementor-widget elementor-widget-spacer\" data-id=\"2e5f9a6\" data-element_type=\"widget\" data-widget_type=\"spacer.default\">\n\t\t\t\t<div class=\"elementor-widget-container\">\n\t\t\t\t\t\t\t<div class=\"elementor-spacer\">\n\t\t\t<div class=\"elementor-spacer-inner\"><\/div>\n\t\t<\/div>\n\t\t\t\t\t\t<\/div>\n\t\t\t\t<\/div>\n\t\t\t\t<div class=\"elementor-element elementor-element-9a8ad9d elementor-widget elementor-widget-heading\" data-id=\"9a8ad9d\" data-element_type=\"widget\" data-widget_type=\"heading.default\">\n\t\t\t\t<div class=\"elementor-widget-container\">\n\t\t\t\t\t<h3 class=\"elementor-heading-title elementor-size-default\">Weitere Themen, die Sie interessieren k\u00f6nnten<\/h3>\t\t\t\t<\/div>\n\t\t\t\t<\/div>\n\t\t\t\t<div class=\"elementor-element elementor-element-d4120cf elementor-hidden-tablet elementor-widget elementor-widget-raven-posts\" data-id=\"d4120cf\" data-element_type=\"widget\" data-settings=\"{&quot;classic_columns&quot;:&quot;4&quot;,&quot;query_posts_per_page&quot;:4,&quot;_skin&quot;:&quot;classic&quot;,&quot;classic_layout&quot;:&quot;grid&quot;,&quot;classic_columns_tablet&quot;:&quot;2&quot;,&quot;classic_columns_mobile&quot;:&quot;1&quot;,&quot;query_offset&quot;:0}\" data-widget_type=\"raven-posts.classic\">\n\t\t\t\t<div class=\"elementor-widget-container\">\n\t\t\t\t\t\t\t<div class=\"raven-posts raven-grid raven-grid-4 raven-grid-mobile-1 raven-grid-tablet-2\" data-post-id=\"725\" data-archive-query=\"\" data-lang=\"\">\n\t\t\t\t<div class=\"raven-grid-item raven-post-item post-762 page type-page status-publish has-post-thumbnail hentry\">\n\t\t\t<div class=\"raven-post elementor-animation-grow\">\n\t\t\t\t\t\t<div class=\"raven-post-image-wrap\">\n\t\t\t<a class=\"raven-post-image raven-image-fit\" href=\"https:\/\/phsg-jahresbericht.ch\/2021\/leistungsbereiche\/internationale-vernetzung\/\"><img decoding=\"async\" width=\"1200\" height=\"630\" src=\"https:\/\/phsg-jahresbericht.ch\/2021\/wp-content\/uploads\/sites\/2\/Internationale-Vernetzung-PHSG-Jahresbericht.jpg\" class=\"attachment-large size-large wp-image-2125\" alt=\"\" srcset=\"https:\/\/phsg-jahresbericht.ch\/2021\/wp-content\/uploads\/sites\/2\/Internationale-Vernetzung-PHSG-Jahresbericht.jpg 1200w, https:\/\/phsg-jahresbericht.ch\/2021\/wp-content\/uploads\/sites\/2\/Internationale-Vernetzung-PHSG-Jahresbericht-768x403.jpg 768w\" sizes=\"(max-width: 1200px) 100vw, 1200px\" \/> <span class=\"raven-post-image-overlay\"><\/span><\/a>\t\t<\/div>\n\t\t\t\t\t\t<div class=\"raven-post-content\">\n\t\t\t\t\t<h3 class=\"raven-post-title\"><a class=\"raven-post-title-link\" href=\"https:\/\/phsg-jahresbericht.ch\/2021\/leistungsbereiche\/internationale-vernetzung\/\">Internationale Vernetzung<\/a><\/h3>\t\t\t\t<\/div>\n\t\t\t<\/div>\n\t\t<\/div>\n\t\t\t\t<div class=\"raven-grid-item raven-post-item post-768 page type-page status-publish has-post-thumbnail hentry\">\n\t\t\t<div class=\"raven-post elementor-animation-grow\">\n\t\t\t\t\t\t<div class=\"raven-post-image-wrap\">\n\t\t\t<a class=\"raven-post-image raven-image-fit\" href=\"https:\/\/phsg-jahresbericht.ch\/2021\/zahlen-fakten\/personalbestand\/\"><img decoding=\"async\" width=\"1200\" height=\"630\" src=\"https:\/\/phsg-jahresbericht.ch\/2021\/wp-content\/uploads\/sites\/2\/Personalbestand-PHSG-Jahresbericht.jpg\" class=\"attachment-large size-large wp-image-2009\" alt=\"\" srcset=\"https:\/\/phsg-jahresbericht.ch\/2021\/wp-content\/uploads\/sites\/2\/Personalbestand-PHSG-Jahresbericht.jpg 1200w, https:\/\/phsg-jahresbericht.ch\/2021\/wp-content\/uploads\/sites\/2\/Personalbestand-PHSG-Jahresbericht-768x403.jpg 768w\" sizes=\"(max-width: 1200px) 100vw, 1200px\" \/> <span class=\"raven-post-image-overlay\"><\/span><\/a>\t\t<\/div>\n\t\t\t\t\t\t<div class=\"raven-post-content\">\n\t\t\t\t\t<h3 class=\"raven-post-title\"><a class=\"raven-post-title-link\" href=\"https:\/\/phsg-jahresbericht.ch\/2021\/zahlen-fakten\/personalbestand\/\">Personalbestand<\/a><\/h3>\t\t\t\t<\/div>\n\t\t\t<\/div>\n\t\t<\/div>\n\t\t\t\t<div class=\"raven-grid-item raven-post-item post-891 page type-page status-publish has-post-thumbnail hentry\">\n\t\t\t<div class=\"raven-post elementor-animation-grow\">\n\t\t\t\t\t\t<div class=\"raven-post-image-wrap\">\n\t\t\t<a class=\"raven-post-image raven-image-fit\" href=\"https:\/\/phsg-jahresbericht.ch\/2021\/organisation\/hochschulentwicklung-qualitaetsmanagement\/\"><img loading=\"lazy\" decoding=\"async\" width=\"1200\" height=\"630\" src=\"https:\/\/phsg-jahresbericht.ch\/2021\/wp-content\/uploads\/sites\/2\/Hochschulentw-QM-PHSG-Jahresbericht.jpg\" class=\"attachment-large size-large wp-image-2006\" alt=\"\" srcset=\"https:\/\/phsg-jahresbericht.ch\/2021\/wp-content\/uploads\/sites\/2\/Hochschulentw-QM-PHSG-Jahresbericht.jpg 1200w, https:\/\/phsg-jahresbericht.ch\/2021\/wp-content\/uploads\/sites\/2\/Hochschulentw-QM-PHSG-Jahresbericht-768x403.jpg 768w\" sizes=\"(max-width: 1200px) 100vw, 1200px\" \/> <span class=\"raven-post-image-overlay\"><\/span><\/a>\t\t<\/div>\n\t\t\t\t\t\t<div class=\"raven-post-content\">\n\t\t\t\t\t<h3 class=\"raven-post-title\"><a class=\"raven-post-title-link\" href=\"https:\/\/phsg-jahresbericht.ch\/2021\/organisation\/hochschulentwicklung-qualitaetsmanagement\/\">Hochschulentwicklung &#038; Qualit\u00e4tsmanagement<\/a><\/h3>\t\t\t\t<\/div>\n\t\t\t<\/div>\n\t\t<\/div>\n\t\t\t\t<div class=\"raven-grid-item raven-post-item post-1114 page type-page status-publish has-post-thumbnail hentry\">\n\t\t\t<div class=\"raven-post elementor-animation-grow\">\n\t\t\t\t\t\t<div class=\"raven-post-image-wrap\">\n\t\t\t<a class=\"raven-post-image raven-image-fit\" href=\"https:\/\/phsg-jahresbericht.ch\/2021\/ueber-uns\/hochschulrat\/\"><img loading=\"lazy\" decoding=\"async\" width=\"1200\" height=\"630\" src=\"https:\/\/phsg-jahresbericht.ch\/2021\/wp-content\/uploads\/sites\/2\/Hochschulrat-PHSG-Jahresbericht-1.jpg\" class=\"attachment-large size-large wp-image-1391\" alt=\"\" srcset=\"https:\/\/phsg-jahresbericht.ch\/2021\/wp-content\/uploads\/sites\/2\/Hochschulrat-PHSG-Jahresbericht-1.jpg 1200w, https:\/\/phsg-jahresbericht.ch\/2021\/wp-content\/uploads\/sites\/2\/Hochschulrat-PHSG-Jahresbericht-1-768x403.jpg 768w\" sizes=\"(max-width: 1200px) 100vw, 1200px\" \/> <span class=\"raven-post-image-overlay\"><\/span><\/a>\t\t<\/div>\n\t\t\t\t\t\t<div class=\"raven-post-content\">\n\t\t\t\t\t<h3 class=\"raven-post-title\"><a class=\"raven-post-title-link\" href=\"https:\/\/phsg-jahresbericht.ch\/2021\/ueber-uns\/hochschulrat\/\">Hochschulrat<\/a><\/h3>\t\t\t\t<\/div>\n\t\t\t<\/div>\n\t\t<\/div>\n\t\t\t\t<\/div>\n\t\t\t\t\t\t<\/div>\n\t\t\t\t<\/div>\n\t\t\t\t<div class=\"elementor-element elementor-element-cc3fb93 elementor-widget elementor-widget-spacer\" data-id=\"cc3fb93\" data-element_type=\"widget\" data-widget_type=\"spacer.default\">\n\t\t\t\t<div class=\"elementor-widget-container\">\n\t\t\t\t\t\t\t<div class=\"elementor-spacer\">\n\t\t\t<div class=\"elementor-spacer-inner\"><\/div>\n\t\t<\/div>\n\t\t\t\t\t\t<\/div>\n\t\t\t\t<\/div>\n\t\t\t\t\t<\/div>\n\t\t<\/div>\n\t\t\t\t\t<\/div>\n\t\t<\/section>\n\t\t\t\t<section class=\"elementor-section elementor-top-section elementor-element elementor-element-d79f90a elementor-hidden-desktop elementor-hidden-mobile elementor-section-boxed elementor-section-height-default elementor-section-height-default\" data-id=\"d79f90a\" data-element_type=\"section\" data-settings=\"{&quot;jet_parallax_layout_list&quot;:[]}\">\n\t\t\t\t\t\t<div class=\"elementor-container elementor-column-gap-default\">\n\t\t\t\t\t<div class=\"elementor-column elementor-col-100 elementor-top-column elementor-element elementor-element-26d8139\" data-id=\"26d8139\" data-element_type=\"column\">\n\t\t\t<div class=\"elementor-widget-wrap elementor-element-populated\">\n\t\t\t\t\t\t<div class=\"elementor-element elementor-element-ddeddba elementor-widget elementor-widget-spacer\" data-id=\"ddeddba\" data-element_type=\"widget\" data-widget_type=\"spacer.default\">\n\t\t\t\t<div class=\"elementor-widget-container\">\n\t\t\t\t\t\t\t<div class=\"elementor-spacer\">\n\t\t\t<div class=\"elementor-spacer-inner\"><\/div>\n\t\t<\/div>\n\t\t\t\t\t\t<\/div>\n\t\t\t\t<\/div>\n\t\t\t\t<div class=\"elementor-element elementor-element-e9e4ac2 elementor-widget elementor-widget-heading\" data-id=\"e9e4ac2\" data-element_type=\"widget\" data-widget_type=\"heading.default\">\n\t\t\t\t<div class=\"elementor-widget-container\">\n\t\t\t\t\t<h3 class=\"elementor-heading-title elementor-size-default\">Weitere Themen, die Sie interessieren k\u00f6nnten<\/h3>\t\t\t\t<\/div>\n\t\t\t\t<\/div>\n\t\t\t\t<div class=\"elementor-element elementor-element-f755ef8 elementor-widget elementor-widget-raven-posts\" data-id=\"f755ef8\" data-element_type=\"widget\" data-settings=\"{&quot;classic_columns&quot;:&quot;4&quot;,&quot;query_posts_per_page&quot;:3,&quot;classic_columns_tablet&quot;:&quot;3&quot;,&quot;_skin&quot;:&quot;classic&quot;,&quot;classic_layout&quot;:&quot;grid&quot;,&quot;classic_columns_mobile&quot;:&quot;1&quot;,&quot;query_offset&quot;:0}\" data-widget_type=\"raven-posts.classic\">\n\t\t\t\t<div class=\"elementor-widget-container\">\n\t\t\t\t\t\t\t<div class=\"raven-posts raven-grid raven-grid-4 raven-grid-mobile-1 raven-grid-tablet-3\" data-post-id=\"725\" data-archive-query=\"\" data-lang=\"\">\n\t\t\t\t<div class=\"raven-grid-item raven-post-item post-1310 page type-page status-publish has-post-thumbnail hentry\">\n\t\t\t<div class=\"raven-post elementor-animation-grow\">\n\t\t\t\t\t\t<div class=\"raven-post-image-wrap\">\n\t\t\t<a class=\"raven-post-image raven-image-fit\" href=\"https:\/\/phsg-jahresbericht.ch\/2021\/zahlen-fakten\/\"><img loading=\"lazy\" decoding=\"async\" width=\"1200\" height=\"630\" src=\"https:\/\/phsg-jahresbericht.ch\/2021\/wp-content\/uploads\/sites\/2\/Zahlen-und-Fakten-PHSG-Jahresbericht.jpg\" class=\"attachment-large size-large wp-image-2019\" alt=\"\" srcset=\"https:\/\/phsg-jahresbericht.ch\/2021\/wp-content\/uploads\/sites\/2\/Zahlen-und-Fakten-PHSG-Jahresbericht.jpg 1200w, https:\/\/phsg-jahresbericht.ch\/2021\/wp-content\/uploads\/sites\/2\/Zahlen-und-Fakten-PHSG-Jahresbericht-768x403.jpg 768w\" sizes=\"(max-width: 1200px) 100vw, 1200px\" \/> <span class=\"raven-post-image-overlay\"><\/span><\/a>\t\t<\/div>\n\t\t\t\t\t\t<div class=\"raven-post-content\">\n\t\t\t\t\t<h3 class=\"raven-post-title\"><a class=\"raven-post-title-link\" href=\"https:\/\/phsg-jahresbericht.ch\/2021\/zahlen-fakten\/\">Zahlen &#038; Fakten<\/a><\/h3>\t\t\t\t<\/div>\n\t\t\t<\/div>\n\t\t<\/div>\n\t\t\t\t<div class=\"raven-grid-item raven-post-item post-891 page type-page status-publish has-post-thumbnail hentry\">\n\t\t\t<div class=\"raven-post elementor-animation-grow\">\n\t\t\t\t\t\t<div class=\"raven-post-image-wrap\">\n\t\t\t<a class=\"raven-post-image raven-image-fit\" href=\"https:\/\/phsg-jahresbericht.ch\/2021\/organisation\/hochschulentwicklung-qualitaetsmanagement\/\"><img loading=\"lazy\" decoding=\"async\" width=\"1200\" height=\"630\" src=\"https:\/\/phsg-jahresbericht.ch\/2021\/wp-content\/uploads\/sites\/2\/Hochschulentw-QM-PHSG-Jahresbericht.jpg\" class=\"attachment-large size-large wp-image-2006\" alt=\"\" srcset=\"https:\/\/phsg-jahresbericht.ch\/2021\/wp-content\/uploads\/sites\/2\/Hochschulentw-QM-PHSG-Jahresbericht.jpg 1200w, https:\/\/phsg-jahresbericht.ch\/2021\/wp-content\/uploads\/sites\/2\/Hochschulentw-QM-PHSG-Jahresbericht-768x403.jpg 768w\" sizes=\"(max-width: 1200px) 100vw, 1200px\" \/> <span class=\"raven-post-image-overlay\"><\/span><\/a>\t\t<\/div>\n\t\t\t\t\t\t<div class=\"raven-post-content\">\n\t\t\t\t\t<h3 class=\"raven-post-title\"><a class=\"raven-post-title-link\" href=\"https:\/\/phsg-jahresbericht.ch\/2021\/organisation\/hochschulentwicklung-qualitaetsmanagement\/\">Hochschulentwicklung &#038; Qualit\u00e4tsmanagement<\/a><\/h3>\t\t\t\t<\/div>\n\t\t\t<\/div>\n\t\t<\/div>\n\t\t\t\t<div class=\"raven-grid-item raven-post-item post-452 page type-page status-publish has-post-thumbnail hentry\">\n\t\t\t<div class=\"raven-post elementor-animation-grow\">\n\t\t\t\t\t\t<div class=\"raven-post-image-wrap\">\n\t\t\t<a class=\"raven-post-image raven-image-fit\" href=\"https:\/\/phsg-jahresbericht.ch\/2021\/leistungsbereiche\/ausbildung\/\"><img loading=\"lazy\" decoding=\"async\" width=\"2560\" height=\"1116\" src=\"https:\/\/phsg-jahresbericht.ch\/2021\/wp-content\/uploads\/sites\/2\/Ausbildung-Headerbild-PHSG-Jahresbericht-3-scaled.jpg\" class=\"attachment-large size-large wp-image-1811\" alt=\"\" srcset=\"https:\/\/phsg-jahresbericht.ch\/2021\/wp-content\/uploads\/sites\/2\/Ausbildung-Headerbild-PHSG-Jahresbericht-3-scaled.jpg 2560w, https:\/\/phsg-jahresbericht.ch\/2021\/wp-content\/uploads\/sites\/2\/Ausbildung-Headerbild-PHSG-Jahresbericht-3-768x335.jpg 768w, https:\/\/phsg-jahresbericht.ch\/2021\/wp-content\/uploads\/sites\/2\/Ausbildung-Headerbild-PHSG-Jahresbericht-3-1536x670.jpg 1536w, https:\/\/phsg-jahresbericht.ch\/2021\/wp-content\/uploads\/sites\/2\/Ausbildung-Headerbild-PHSG-Jahresbericht-3-2048x893.jpg 2048w\" sizes=\"(max-width: 2560px) 100vw, 2560px\" \/> <span class=\"raven-post-image-overlay\"><\/span><\/a>\t\t<\/div>\n\t\t\t\t\t\t<div class=\"raven-post-content\">\n\t\t\t\t\t<h3 class=\"raven-post-title\"><a class=\"raven-post-title-link\" href=\"https:\/\/phsg-jahresbericht.ch\/2021\/leistungsbereiche\/ausbildung\/\">Ausbildung<\/a><\/h3>\t\t\t\t<\/div>\n\t\t\t<\/div>\n\t\t<\/div>\n\t\t\t\t<\/div>\n\t\t\t\t\t\t<\/div>\n\t\t\t\t<\/div>\n\t\t\t\t<div class=\"elementor-element elementor-element-8fd49b2 elementor-widget elementor-widget-spacer\" data-id=\"8fd49b2\" data-element_type=\"widget\" data-widget_type=\"spacer.default\">\n\t\t\t\t<div class=\"elementor-widget-container\">\n\t\t\t\t\t\t\t<div class=\"elementor-spacer\">\n\t\t\t<div class=\"elementor-spacer-inner\"><\/div>\n\t\t<\/div>\n\t\t\t\t\t\t<\/div>\n\t\t\t\t<\/div>\n\t\t\t\t\t<\/div>\n\t\t<\/div>\n\t\t\t\t\t<\/div>\n\t\t<\/section>\n\t\t\t\t<\/div>\n\t\t\t\t<\/div>\n\t\t\t\t\t\t<\/div>\n\t\t\t\t<\/div>\n\t\t\t\t\t<\/div>\n\t\t<\/div>\n\t\t\t\t\t<\/div>\n\t\t<\/section>\n\t\t\t\t<\/div>\n\t\t","protected":false},"excerpt":{"rendered":"<p>Editorial 2021 Ein Blick auf das Jahr 2021 aus der Perspektive des Pr\u00e4sidenten des Hochschulrates der P\u00e4dagogischen Hochschule St.Gallen, Stefan K\u00f6lliker, und Rektor Horst Biedermann. Horst Biedermann, Rektor der PHSG (links), und Stefan K\u00f6lliker, Vorsteher des Bildungsdepartements des Kantons St.Gallen und Pr\u00e4sident des Hochschulrats der PHSG. Wort des Hochschulratspr\u00e4sidenten Das vergangene Jahr war gepr\u00e4gt von [&hellip;]<\/p>\n","protected":false},"author":1,"featured_media":1025,"parent":0,"menu_order":0,"comment_status":"closed","ping_status":"closed","template":"elementor_header_footer","meta":{"_acf_changed":false,"footnotes":""},"class_list":["post-302","page","type-page","status-publish","has-post-thumbnail","hentry"],"acf":[],"_links":{"self":[{"href":"https:\/\/phsg-jahresbericht.ch\/2021\/wp-json\/wp\/v2\/pages\/302","targetHints":{"allow":["GET"]}}],"collection":[{"href":"https:\/\/phsg-jahresbericht.ch\/2021\/wp-json\/wp\/v2\/pages"}],"about":[{"href":"https:\/\/phsg-jahresbericht.ch\/2021\/wp-json\/wp\/v2\/types\/page"}],"author":[{"embeddable":true,"href":"https:\/\/phsg-jahresbericht.ch\/2021\/wp-json\/wp\/v2\/users\/1"}],"replies":[{"embeddable":true,"href":"https:\/\/phsg-jahresbericht.ch\/2021\/wp-json\/wp\/v2\/comments?post=302"}],"version-history":[{"count":108,"href":"https:\/\/phsg-jahresbericht.ch\/2021\/wp-json\/wp\/v2\/pages\/302\/revisions"}],"predecessor-version":[{"id":2689,"href":"https:\/\/phsg-jahresbericht.ch\/2021\/wp-json\/wp\/v2\/pages\/302\/revisions\/2689"}],"wp:featuredmedia":[{"embeddable":true,"href":"https:\/\/phsg-jahresbericht.ch\/2021\/wp-json\/wp\/v2\/media\/1025"}],"wp:attachment":[{"href":"https:\/\/phsg-jahresbericht.ch\/2021\/wp-json\/wp\/v2\/media?parent=302"}],"curies":[{"name":"wp","href":"https:\/\/api.w.org\/{rel}","templated":true}]}}